{"id":2639,"date":"2024-02-16T23:54:34","date_gmt":"2024-02-17T02:54:34","guid":{"rendered":"https:\/\/www.arte.unicen.edu.ar\/tecc\/?page_id=2639"},"modified":"2024-05-28T10:18:39","modified_gmt":"2024-05-28T13:18:39","slug":"consejo-interno","status":"publish","type":"page","link":"https:\/\/www.arte.unicen.edu.ar\/tecc\/institucional\/consejo-interno\/","title":{"rendered":"Consejo Interno"},"content":{"rendered":"\t\t<div data-elementor-type=\"wp-page\" data-elementor-id=\"2639\" class=\"elementor elementor-2639\" data-elementor-post-type=\"page\">\n\t\t\t\t<div class=\"elementor-element elementor-element-d068001 e-flex e-con-boxed wpr-particle-no wpr-jarallax-no wpr-parallax-no wpr-sticky-section-no e-con e-parent\" data-id=\"d068001\" data-element_type=\"container\">\n\t\t\t\t\t<div class=\"e-con-inner\">\n\t\t\t\t<div class=\"elementor-element elementor-element-1192d06 elementor-invisible elementor-widget elementor-widget-heading\" data-id=\"1192d06\" data-element_type=\"widget\" data-settings=\"{&quot;_animation&quot;:&quot;fadeInUp&quot;}\" data-widget_type=\"heading.default\">\n\t\t\t\t<div class=\"elementor-widget-container\">\n\t\t\t\t\t<h1 class=\"elementor-heading-title elementor-size-default\">Consejo Interno<\/h1>\t\t\t\t<\/div>\n\t\t\t\t<\/div>\n\t\t\t\t\t<\/div>\n\t\t\t\t<\/div>\n\t\t<div class=\"elementor-element elementor-element-b935518 e-con-full e-flex wpr-particle-no wpr-jarallax-no wpr-parallax-no wpr-sticky-section-no elementor-invisible e-con e-parent\" data-id=\"b935518\" data-element_type=\"container\" data-settings=\"{&quot;animation&quot;:&quot;fadeInUp&quot;}\">\n\t\t<div class=\"elementor-element elementor-element-f04044d e-con-full e-flex wpr-particle-no wpr-jarallax-no wpr-parallax-no wpr-sticky-section-no e-con e-child\" data-id=\"f04044d\" data-element_type=\"container\" data-settings=\"{&quot;background_background&quot;:&quot;classic&quot;,&quot;animation&quot;:&quot;none&quot;}\">\n\t\t<div class=\"elementor-element elementor-element-ea50fe7 e-con-full e-flex wpr-particle-no wpr-jarallax-no wpr-parallax-no wpr-sticky-section-no e-con e-child\" data-id=\"ea50fe7\" data-element_type=\"container\">\n\t\t\t\t<div class=\"elementor-element elementor-element-5008245 elementor-widget elementor-widget-image\" data-id=\"5008245\" data-element_type=\"widget\" data-widget_type=\"image.default\">\n\t\t\t\t<div class=\"elementor-widget-container\">\n\t\t\t\t\t\t\t\t\t\t\t\t\t\t\t<img fetchpriority=\"high\" decoding=\"async\" width=\"800\" height=\"533\" src=\"https:\/\/www.arte.unicen.edu.ar\/tecc\/wp-content\/uploads\/2023\/11\/Barandiaran.webp\" class=\"attachment-full size-full wp-image-2199\" alt=\"Barandiaran\" srcset=\"https:\/\/www.arte.unicen.edu.ar\/tecc\/wp-content\/uploads\/2023\/11\/Barandiaran.webp 800w, https:\/\/www.arte.unicen.edu.ar\/tecc\/wp-content\/uploads\/2023\/11\/Barandiaran-300x200.webp 300w, https:\/\/www.arte.unicen.edu.ar\/tecc\/wp-content\/uploads\/2023\/11\/Barandiaran-768x512.webp 768w\" sizes=\"(max-width: 800px) 100vw, 800px\" \/>\t\t\t\t\t\t\t\t\t\t\t\t\t\t\t<\/div>\n\t\t\t\t<\/div>\n\t\t\t\t<div class=\"elementor-element elementor-element-3c18263 e-grid-align-left e-grid-align-mobile-center elementor-shape-rounded elementor-grid-0 elementor-widget elementor-widget-social-icons\" data-id=\"3c18263\" data-element_type=\"widget\" data-widget_type=\"social-icons.default\">\n\t\t\t\t<div class=\"elementor-widget-container\">\n\t\t\t\t\t\t\t<div class=\"elementor-social-icons-wrapper elementor-grid\" role=\"list\">\n\t\t\t\t\t\t\t<span class=\"elementor-grid-item\" role=\"listitem\">\n\t\t\t\t\t<a class=\"elementor-icon elementor-social-icon elementor-social-icon-envelope elementor-repeater-item-28ed2db\" target=\"_blank\">\n\t\t\t\t\t\t<span class=\"elementor-screen-only\">Envelope<\/span>\n\t\t\t\t\t\t<svg aria-hidden=\"true\" class=\"e-font-icon-svg e-fas-envelope\" viewBox=\"0 0 512 512\" xmlns=\"http:\/\/www.w3.org\/2000\/svg\"><path d=\"M502.3 190.8c3.9-3.1 9.7-.2 9.7 4.7V400c0 26.5-21.5 48-48 48H48c-26.5 0-48-21.5-48-48V195.6c0-5 5.7-7.8 9.7-4.7 22.4 17.4 52.1 39.5 154.1 113.6 21.1 15.4 56.7 47.8 92.2 47.6 35.7.3 72-32.8 92.3-47.6 102-74.1 131.6-96.3 154-113.7zM256 320c23.2.4 56.6-29.2 73.4-41.4 132.7-96.3 142.8-104.7 173.4-128.7 5.8-4.5 9.2-11.5 9.2-18.9v-19c0-26.5-21.5-48-48-48H48C21.5 64 0 85.5 0 112v19c0 7.4 3.4 14.3 9.2 18.9 30.6 23.9 40.7 32.4 173.4 128.7 16.8 12.2 50.2 41.8 73.4 41.4z\"><\/path><\/svg>\t\t\t\t\t<\/a>\n\t\t\t\t<\/span>\n\t\t\t\t\t\t\t<span class=\"elementor-grid-item\" role=\"listitem\">\n\t\t\t\t\t<a class=\"elementor-icon elementor-social-icon elementor-social-icon-linkedin elementor-repeater-item-f03a68d\" target=\"_blank\">\n\t\t\t\t\t\t<span class=\"elementor-screen-only\">Linkedin<\/span>\n\t\t\t\t\t\t<svg aria-hidden=\"true\" class=\"e-font-icon-svg e-fab-linkedin\" viewBox=\"0 0 448 512\" xmlns=\"http:\/\/www.w3.org\/2000\/svg\"><path d=\"M416 32H31.9C14.3 32 0 46.5 0 64.3v383.4C0 465.5 14.3 480 31.9 480H416c17.6 0 32-14.5 32-32.3V64.3c0-17.8-14.4-32.3-32-32.3zM135.4 416H69V202.2h66.5V416zm-33.2-243c-21.3 0-38.5-17.3-38.5-38.5S80.9 96 102.2 96c21.2 0 38.5 17.3 38.5 38.5 0 21.3-17.2 38.5-38.5 38.5zm282.1 243h-66.4V312c0-24.8-.5-56.7-34.5-56.7-34.6 0-39.9 27-39.9 54.9V416h-66.4V202.2h63.7v29.2h.9c8.9-16.8 30.6-34.5 62.9-34.5 67.2 0 79.7 44.3 79.7 101.9V416z\"><\/path><\/svg>\t\t\t\t\t<\/a>\n\t\t\t\t<\/span>\n\t\t\t\t\t<\/div>\n\t\t\t\t\t\t<\/div>\n\t\t\t\t<\/div>\n\t\t\t\t<\/div>\n\t\t<div class=\"elementor-element elementor-element-9865828 e-con-full e-flex wpr-particle-no wpr-jarallax-no wpr-parallax-no wpr-sticky-section-no e-con e-child\" data-id=\"9865828\" data-element_type=\"container\">\n\t\t\t\t<div class=\"elementor-element elementor-element-a50d2e7 elementor-widget elementor-widget-heading\" data-id=\"a50d2e7\" data-element_type=\"widget\" data-widget_type=\"heading.default\">\n\t\t\t\t<div class=\"elementor-widget-container\">\n\t\t\t\t\t<h5 class=\"elementor-heading-title elementor-size-default\">Dr. Luciano Barandari\u00e1n<\/h5>\t\t\t\t<\/div>\n\t\t\t\t<\/div>\n\t\t\t\t<div class=\"elementor-element elementor-element-a6df375 elementor-widget-divider--view-line elementor-widget elementor-widget-divider\" data-id=\"a6df375\" data-element_type=\"widget\" data-widget_type=\"divider.default\">\n\t\t\t\t<div class=\"elementor-widget-container\">\n\t\t\t\t\t\t\t<div class=\"elementor-divider\">\n\t\t\t<span class=\"elementor-divider-separator\">\n\t\t\t\t\t\t<\/span>\n\t\t<\/div>\n\t\t\t\t\t\t<\/div>\n\t\t\t\t<\/div>\n\t\t\t\t<div class=\"elementor-element elementor-element-d6e0105 elementor-widget elementor-widget-text-editor\" data-id=\"d6e0105\" data-element_type=\"widget\" data-widget_type=\"text-editor.default\">\n\t\t\t\t<div class=\"elementor-widget-container\">\n\t\t\t\t\t\t\t\t\t<p>Profesor, Licenciado y Doctor en Historia, Facultad de Ciencias Humanas, UNICEN. Especialista en Educaci\u00f3n y Nuevas Tecnolog\u00edas, FLACSO Argentina. <br \/>Docente en la asignatura Historia del Cine I, Realizaci\u00f3n Integral en Artes Audiovisuales. Facultad de Arte. UNICEN y en Historia Argentina II, Profesorado y Licenciatura en Historia Facultad de Ciencias Humanas, UNICEN. Investigador Adjunto de CONICET. <br \/>Co-director del proyecto \u201cPr\u00e1cticas art\u00edsticas y memoria social de ciudades medias del centro bonaerense\u201d (03\/G170). Finalizado. Director del proyecto \u201cNeo-extractivismo y pr\u00e1cticas de re(s\/x)istencia. Registro documental y mapa colaborativo sobre experiencias socio-est\u00e9ticas en el centro de la provincia de Buenos Aires (Azul, Tandil, Olavarr\u00eda)\u201d (03-PIO-87D). Vigente.<\/p>\t\t\t\t\t\t\t\t<\/div>\n\t\t\t\t<\/div>\n\t\t\t\t<\/div>\n\t\t\t\t<\/div>\n\t\t<div class=\"elementor-element elementor-element-08ba87a e-con-full e-flex wpr-particle-no wpr-jarallax-no wpr-parallax-no wpr-sticky-section-no e-con e-child\" data-id=\"08ba87a\" data-element_type=\"container\" data-settings=\"{&quot;background_background&quot;:&quot;classic&quot;,&quot;animation&quot;:&quot;none&quot;}\">\n\t\t<div class=\"elementor-element elementor-element-07561af e-con-full e-flex wpr-particle-no wpr-jarallax-no wpr-parallax-no wpr-sticky-section-no e-con e-child\" data-id=\"07561af\" data-element_type=\"container\">\n\t\t\t\t<div class=\"elementor-element elementor-element-310a607 elementor-widget elementor-widget-image\" data-id=\"310a607\" data-element_type=\"widget\" data-widget_type=\"image.default\">\n\t\t\t\t<div class=\"elementor-widget-container\">\n\t\t\t\t\t\t\t\t\t\t\t\t\t\t\t<img decoding=\"async\" width=\"800\" height=\"533\" src=\"https:\/\/www.arte.unicen.edu.ar\/tecc\/wp-content\/uploads\/2023\/11\/Barreyra.webp\" class=\"attachment-full size-full wp-image-2200\" alt=\"Barreyra, Diana Gabriela\" srcset=\"https:\/\/www.arte.unicen.edu.ar\/tecc\/wp-content\/uploads\/2023\/11\/Barreyra.webp 800w, https:\/\/www.arte.unicen.edu.ar\/tecc\/wp-content\/uploads\/2023\/11\/Barreyra-300x200.webp 300w, https:\/\/www.arte.unicen.edu.ar\/tecc\/wp-content\/uploads\/2023\/11\/Barreyra-768x512.webp 768w\" sizes=\"(max-width: 800px) 100vw, 800px\" \/>\t\t\t\t\t\t\t\t\t\t\t\t\t\t\t<\/div>\n\t\t\t\t<\/div>\n\t\t\t\t<div class=\"elementor-element elementor-element-a7ada72 e-grid-align-left e-grid-align-mobile-center elementor-shape-rounded elementor-grid-0 elementor-widget elementor-widget-social-icons\" data-id=\"a7ada72\" data-element_type=\"widget\" data-widget_type=\"social-icons.default\">\n\t\t\t\t<div class=\"elementor-widget-container\">\n\t\t\t\t\t\t\t<div class=\"elementor-social-icons-wrapper elementor-grid\" role=\"list\">\n\t\t\t\t\t\t\t<span class=\"elementor-grid-item\" role=\"listitem\">\n\t\t\t\t\t<a class=\"elementor-icon elementor-social-icon elementor-social-icon-envelope elementor-repeater-item-28ed2db\" target=\"_blank\">\n\t\t\t\t\t\t<span class=\"elementor-screen-only\">Envelope<\/span>\n\t\t\t\t\t\t<svg aria-hidden=\"true\" class=\"e-font-icon-svg e-fas-envelope\" viewBox=\"0 0 512 512\" xmlns=\"http:\/\/www.w3.org\/2000\/svg\"><path d=\"M502.3 190.8c3.9-3.1 9.7-.2 9.7 4.7V400c0 26.5-21.5 48-48 48H48c-26.5 0-48-21.5-48-48V195.6c0-5 5.7-7.8 9.7-4.7 22.4 17.4 52.1 39.5 154.1 113.6 21.1 15.4 56.7 47.8 92.2 47.6 35.7.3 72-32.8 92.3-47.6 102-74.1 131.6-96.3 154-113.7zM256 320c23.2.4 56.6-29.2 73.4-41.4 132.7-96.3 142.8-104.7 173.4-128.7 5.8-4.5 9.2-11.5 9.2-18.9v-19c0-26.5-21.5-48-48-48H48C21.5 64 0 85.5 0 112v19c0 7.4 3.4 14.3 9.2 18.9 30.6 23.9 40.7 32.4 173.4 128.7 16.8 12.2 50.2 41.8 73.4 41.4z\"><\/path><\/svg>\t\t\t\t\t<\/a>\n\t\t\t\t<\/span>\n\t\t\t\t\t\t\t<span class=\"elementor-grid-item\" role=\"listitem\">\n\t\t\t\t\t<a class=\"elementor-icon elementor-social-icon elementor-social-icon-linkedin elementor-repeater-item-f03a68d\" target=\"_blank\">\n\t\t\t\t\t\t<span class=\"elementor-screen-only\">Linkedin<\/span>\n\t\t\t\t\t\t<svg aria-hidden=\"true\" class=\"e-font-icon-svg e-fab-linkedin\" viewBox=\"0 0 448 512\" xmlns=\"http:\/\/www.w3.org\/2000\/svg\"><path d=\"M416 32H31.9C14.3 32 0 46.5 0 64.3v383.4C0 465.5 14.3 480 31.9 480H416c17.6 0 32-14.5 32-32.3V64.3c0-17.8-14.4-32.3-32-32.3zM135.4 416H69V202.2h66.5V416zm-33.2-243c-21.3 0-38.5-17.3-38.5-38.5S80.9 96 102.2 96c21.2 0 38.5 17.3 38.5 38.5 0 21.3-17.2 38.5-38.5 38.5zm282.1 243h-66.4V312c0-24.8-.5-56.7-34.5-56.7-34.6 0-39.9 27-39.9 54.9V416h-66.4V202.2h63.7v29.2h.9c8.9-16.8 30.6-34.5 62.9-34.5 67.2 0 79.7 44.3 79.7 101.9V416z\"><\/path><\/svg>\t\t\t\t\t<\/a>\n\t\t\t\t<\/span>\n\t\t\t\t\t<\/div>\n\t\t\t\t\t\t<\/div>\n\t\t\t\t<\/div>\n\t\t\t\t<\/div>\n\t\t<div class=\"elementor-element elementor-element-5865cd9 e-con-full e-flex wpr-particle-no wpr-jarallax-no wpr-parallax-no wpr-sticky-section-no e-con e-child\" data-id=\"5865cd9\" data-element_type=\"container\">\n\t\t\t\t<div class=\"elementor-element elementor-element-9179b8d elementor-widget elementor-widget-heading\" data-id=\"9179b8d\" data-element_type=\"widget\" data-widget_type=\"heading.default\">\n\t\t\t\t<div class=\"elementor-widget-container\">\n\t\t\t\t\t<h5 class=\"elementor-heading-title elementor-size-default\">Lic. Diana Gabriela Barreyra<\/h5>\t\t\t\t<\/div>\n\t\t\t\t<\/div>\n\t\t\t\t<div class=\"elementor-element elementor-element-f3f2f07 elementor-widget-divider--view-line elementor-widget elementor-widget-divider\" data-id=\"f3f2f07\" data-element_type=\"widget\" data-widget_type=\"divider.default\">\n\t\t\t\t<div class=\"elementor-widget-container\">\n\t\t\t\t\t\t\t<div class=\"elementor-divider\">\n\t\t\t<span class=\"elementor-divider-separator\">\n\t\t\t\t\t\t<\/span>\n\t\t<\/div>\n\t\t\t\t\t\t<\/div>\n\t\t\t\t<\/div>\n\t\t\t\t<div class=\"elementor-element elementor-element-b5cddfa elementor-widget elementor-widget-text-editor\" data-id=\"b5cddfa\" data-element_type=\"widget\" data-widget_type=\"text-editor.default\">\n\t\t\t\t<div class=\"elementor-widget-container\">\n\t\t\t\t\t\t\t\t\t<p>Profesora de Castellano y Literatura, Profesora y Licenciada en Teatro Facultad de Arte UNICEN. <br \/>Profesora Adjunta Historia de las Estructuras Teatrales I. Ayudante Diplomada. Historia de las Estructuras Teatrales II. Profesorado y Licenciatura en Teatro. Facultad de Arte. UNICEN. <br \/>Co-directora del proyecto \u201cArtes esc\u00e9nicas en el campo socio cultural de la regi\u00f3n centro-sudeste de la provincia de Buenos Aires (2000- 2020)\u201d (03\/G168). Finalizado. Codirectora del Proyecto \u201cUna dramaturgia situada: dramaturgxs tandilenses en el siglo XXI\u201d (03\/G182) Vigente.<\/p>\t\t\t\t\t\t\t\t<\/div>\n\t\t\t\t<\/div>\n\t\t\t\t<\/div>\n\t\t\t\t<\/div>\n\t\t\t\t<\/div>\n\t\t<div class=\"elementor-element elementor-element-cfe4f31 e-con-full e-flex wpr-particle-no wpr-jarallax-no wpr-parallax-no wpr-sticky-section-no elementor-invisible e-con e-parent\" data-id=\"cfe4f31\" data-element_type=\"container\" data-settings=\"{&quot;animation&quot;:&quot;fadeInUp&quot;}\">\n\t\t<div class=\"elementor-element elementor-element-ce180ad e-con-full e-flex wpr-particle-no wpr-jarallax-no wpr-parallax-no wpr-sticky-section-no e-con e-child\" data-id=\"ce180ad\" data-element_type=\"container\" data-settings=\"{&quot;background_background&quot;:&quot;classic&quot;,&quot;animation&quot;:&quot;none&quot;}\">\n\t\t<div class=\"elementor-element elementor-element-cd76139 e-con-full e-flex wpr-particle-no wpr-jarallax-no wpr-parallax-no wpr-sticky-section-no e-con e-child\" data-id=\"cd76139\" data-element_type=\"container\">\n\t\t\t\t<div class=\"elementor-element elementor-element-a487cf4 elementor-widget elementor-widget-image\" data-id=\"a487cf4\" data-element_type=\"widget\" data-widget_type=\"image.default\">\n\t\t\t\t<div class=\"elementor-widget-container\">\n\t\t\t\t\t\t\t\t\t\t\t\t\t\t\t<img decoding=\"async\" width=\"800\" height=\"533\" src=\"https:\/\/www.arte.unicen.edu.ar\/tecc\/wp-content\/uploads\/2023\/11\/Bertoldi.webp\" class=\"attachment-full size-full wp-image-2201\" alt=\"Bertoldi, Mar\u00eda Marcela\" srcset=\"https:\/\/www.arte.unicen.edu.ar\/tecc\/wp-content\/uploads\/2023\/11\/Bertoldi.webp 800w, https:\/\/www.arte.unicen.edu.ar\/tecc\/wp-content\/uploads\/2023\/11\/Bertoldi-300x200.webp 300w, https:\/\/www.arte.unicen.edu.ar\/tecc\/wp-content\/uploads\/2023\/11\/Bertoldi-768x512.webp 768w\" sizes=\"(max-width: 800px) 100vw, 800px\" \/>\t\t\t\t\t\t\t\t\t\t\t\t\t\t\t<\/div>\n\t\t\t\t<\/div>\n\t\t\t\t<div class=\"elementor-element elementor-element-f08aed3 e-grid-align-left e-grid-align-mobile-center elementor-shape-rounded elementor-grid-0 elementor-widget elementor-widget-social-icons\" data-id=\"f08aed3\" data-element_type=\"widget\" data-widget_type=\"social-icons.default\">\n\t\t\t\t<div class=\"elementor-widget-container\">\n\t\t\t\t\t\t\t<div class=\"elementor-social-icons-wrapper elementor-grid\" role=\"list\">\n\t\t\t\t\t\t\t<span class=\"elementor-grid-item\" role=\"listitem\">\n\t\t\t\t\t<a class=\"elementor-icon elementor-social-icon elementor-social-icon-envelope elementor-repeater-item-28ed2db\" target=\"_blank\">\n\t\t\t\t\t\t<span class=\"elementor-screen-only\">Envelope<\/span>\n\t\t\t\t\t\t<svg aria-hidden=\"true\" class=\"e-font-icon-svg e-fas-envelope\" viewBox=\"0 0 512 512\" xmlns=\"http:\/\/www.w3.org\/2000\/svg\"><path d=\"M502.3 190.8c3.9-3.1 9.7-.2 9.7 4.7V400c0 26.5-21.5 48-48 48H48c-26.5 0-48-21.5-48-48V195.6c0-5 5.7-7.8 9.7-4.7 22.4 17.4 52.1 39.5 154.1 113.6 21.1 15.4 56.7 47.8 92.2 47.6 35.7.3 72-32.8 92.3-47.6 102-74.1 131.6-96.3 154-113.7zM256 320c23.2.4 56.6-29.2 73.4-41.4 132.7-96.3 142.8-104.7 173.4-128.7 5.8-4.5 9.2-11.5 9.2-18.9v-19c0-26.5-21.5-48-48-48H48C21.5 64 0 85.5 0 112v19c0 7.4 3.4 14.3 9.2 18.9 30.6 23.9 40.7 32.4 173.4 128.7 16.8 12.2 50.2 41.8 73.4 41.4z\"><\/path><\/svg>\t\t\t\t\t<\/a>\n\t\t\t\t<\/span>\n\t\t\t\t\t\t\t<span class=\"elementor-grid-item\" role=\"listitem\">\n\t\t\t\t\t<a class=\"elementor-icon elementor-social-icon elementor-social-icon-linkedin elementor-repeater-item-f03a68d\" target=\"_blank\">\n\t\t\t\t\t\t<span class=\"elementor-screen-only\">Linkedin<\/span>\n\t\t\t\t\t\t<svg aria-hidden=\"true\" class=\"e-font-icon-svg e-fab-linkedin\" viewBox=\"0 0 448 512\" xmlns=\"http:\/\/www.w3.org\/2000\/svg\"><path d=\"M416 32H31.9C14.3 32 0 46.5 0 64.3v383.4C0 465.5 14.3 480 31.9 480H416c17.6 0 32-14.5 32-32.3V64.3c0-17.8-14.4-32.3-32-32.3zM135.4 416H69V202.2h66.5V416zm-33.2-243c-21.3 0-38.5-17.3-38.5-38.5S80.9 96 102.2 96c21.2 0 38.5 17.3 38.5 38.5 0 21.3-17.2 38.5-38.5 38.5zm282.1 243h-66.4V312c0-24.8-.5-56.7-34.5-56.7-34.6 0-39.9 27-39.9 54.9V416h-66.4V202.2h63.7v29.2h.9c8.9-16.8 30.6-34.5 62.9-34.5 67.2 0 79.7 44.3 79.7 101.9V416z\"><\/path><\/svg>\t\t\t\t\t<\/a>\n\t\t\t\t<\/span>\n\t\t\t\t\t<\/div>\n\t\t\t\t\t\t<\/div>\n\t\t\t\t<\/div>\n\t\t\t\t<\/div>\n\t\t<div class=\"elementor-element elementor-element-0d29d6b e-con-full e-flex wpr-particle-no wpr-jarallax-no wpr-parallax-no wpr-sticky-section-no e-con e-child\" data-id=\"0d29d6b\" data-element_type=\"container\">\n\t\t\t\t<div class=\"elementor-element elementor-element-9556b0d elementor-widget elementor-widget-heading\" data-id=\"9556b0d\" data-element_type=\"widget\" data-widget_type=\"heading.default\">\n\t\t\t\t<div class=\"elementor-widget-container\">\n\t\t\t\t\t<h5 class=\"elementor-heading-title elementor-size-default\">Mg. Marcela Bertoldi<\/h5>\t\t\t\t<\/div>\n\t\t\t\t<\/div>\n\t\t\t\t<div class=\"elementor-element elementor-element-3eb3094 elementor-widget-divider--view-line elementor-widget elementor-widget-divider\" data-id=\"3eb3094\" data-element_type=\"widget\" data-widget_type=\"divider.default\">\n\t\t\t\t<div class=\"elementor-widget-container\">\n\t\t\t\t\t\t\t<div class=\"elementor-divider\">\n\t\t\t<span class=\"elementor-divider-separator\">\n\t\t\t\t\t\t<\/span>\n\t\t<\/div>\n\t\t\t\t\t\t<\/div>\n\t\t\t\t<\/div>\n\t\t\t\t<div class=\"elementor-element elementor-element-712003b elementor-widget elementor-widget-text-editor\" data-id=\"712003b\" data-element_type=\"widget\" data-widget_type=\"text-editor.default\">\n\t\t\t\t<div class=\"elementor-widget-container\">\n\t\t\t\t\t\t\t\t\t<p>Profesora Adjunta. Did\u00e1ctica General y Especial del Juego Dram\u00e1tico. Pr\u00e1ctica de la Ense\u00f1anza. Profesorado y Licenciatura en Teatro. Facultad de Arte. UNICEN. Profesora Adjunta. Did\u00e1ctica General. Profesorado en Ciencias Biol\u00f3gicas. Facultad de Agronom\u00eda. UNICEN.<br \/>Codirectora del Proyecto \u201cLa producci\u00f3n de discursos para la Educaci\u00f3n Art\u00edstica en el nivel secundario de la Provincia de Buenos Aires (2011-2021). Las escuelas secundarias orientadas en Arte en la ciudad de Tandil\u201d. C\u00f3digo: 03\/G180.Vigente.<\/p>\t\t\t\t\t\t\t\t<\/div>\n\t\t\t\t<\/div>\n\t\t\t\t<\/div>\n\t\t\t\t<\/div>\n\t\t<div class=\"elementor-element elementor-element-2ba0eac e-con-full e-flex wpr-particle-no wpr-jarallax-no wpr-parallax-no wpr-sticky-section-no e-con e-child\" data-id=\"2ba0eac\" data-element_type=\"container\" data-settings=\"{&quot;background_background&quot;:&quot;classic&quot;,&quot;animation&quot;:&quot;none&quot;}\">\n\t\t<div class=\"elementor-element elementor-element-19ffbc8 e-con-full e-flex wpr-particle-no wpr-jarallax-no wpr-parallax-no wpr-sticky-section-no e-con e-child\" data-id=\"19ffbc8\" data-element_type=\"container\">\n\t\t\t\t<div class=\"elementor-element elementor-element-0bad5e7 elementor-widget elementor-widget-image\" data-id=\"0bad5e7\" data-element_type=\"widget\" data-widget_type=\"image.default\">\n\t\t\t\t<div class=\"elementor-widget-container\">\n\t\t\t\t\t\t\t\t\t\t\t\t\t\t\t<img loading=\"lazy\" decoding=\"async\" width=\"360\" height=\"365\" src=\"https:\/\/www.arte.unicen.edu.ar\/tecc\/wp-content\/uploads\/2024\/02\/campo.webp\" class=\"attachment-full size-full wp-image-3150\" alt=\"Campo\" srcset=\"https:\/\/www.arte.unicen.edu.ar\/tecc\/wp-content\/uploads\/2024\/02\/campo.webp 360w, https:\/\/www.arte.unicen.edu.ar\/tecc\/wp-content\/uploads\/2024\/02\/campo-296x300.webp 296w\" sizes=\"(max-width: 360px) 100vw, 360px\" \/>\t\t\t\t\t\t\t\t\t\t\t\t\t\t\t<\/div>\n\t\t\t\t<\/div>\n\t\t\t\t<div class=\"elementor-element elementor-element-183d1e1 e-grid-align-left e-grid-align-mobile-center elementor-shape-rounded elementor-grid-0 elementor-widget elementor-widget-social-icons\" data-id=\"183d1e1\" data-element_type=\"widget\" data-widget_type=\"social-icons.default\">\n\t\t\t\t<div class=\"elementor-widget-container\">\n\t\t\t\t\t\t\t<div class=\"elementor-social-icons-wrapper elementor-grid\" role=\"list\">\n\t\t\t\t\t\t\t<span class=\"elementor-grid-item\" role=\"listitem\">\n\t\t\t\t\t<a class=\"elementor-icon elementor-social-icon elementor-social-icon-envelope elementor-repeater-item-28ed2db\" target=\"_blank\">\n\t\t\t\t\t\t<span class=\"elementor-screen-only\">Envelope<\/span>\n\t\t\t\t\t\t<svg aria-hidden=\"true\" class=\"e-font-icon-svg e-fas-envelope\" viewBox=\"0 0 512 512\" xmlns=\"http:\/\/www.w3.org\/2000\/svg\"><path d=\"M502.3 190.8c3.9-3.1 9.7-.2 9.7 4.7V400c0 26.5-21.5 48-48 48H48c-26.5 0-48-21.5-48-48V195.6c0-5 5.7-7.8 9.7-4.7 22.4 17.4 52.1 39.5 154.1 113.6 21.1 15.4 56.7 47.8 92.2 47.6 35.7.3 72-32.8 92.3-47.6 102-74.1 131.6-96.3 154-113.7zM256 320c23.2.4 56.6-29.2 73.4-41.4 132.7-96.3 142.8-104.7 173.4-128.7 5.8-4.5 9.2-11.5 9.2-18.9v-19c0-26.5-21.5-48-48-48H48C21.5 64 0 85.5 0 112v19c0 7.4 3.4 14.3 9.2 18.9 30.6 23.9 40.7 32.4 173.4 128.7 16.8 12.2 50.2 41.8 73.4 41.4z\"><\/path><\/svg>\t\t\t\t\t<\/a>\n\t\t\t\t<\/span>\n\t\t\t\t\t\t\t<span class=\"elementor-grid-item\" role=\"listitem\">\n\t\t\t\t\t<a class=\"elementor-icon elementor-social-icon elementor-social-icon-linkedin elementor-repeater-item-f03a68d\" target=\"_blank\">\n\t\t\t\t\t\t<span class=\"elementor-screen-only\">Linkedin<\/span>\n\t\t\t\t\t\t<svg aria-hidden=\"true\" class=\"e-font-icon-svg e-fab-linkedin\" viewBox=\"0 0 448 512\" xmlns=\"http:\/\/www.w3.org\/2000\/svg\"><path d=\"M416 32H31.9C14.3 32 0 46.5 0 64.3v383.4C0 465.5 14.3 480 31.9 480H416c17.6 0 32-14.5 32-32.3V64.3c0-17.8-14.4-32.3-32-32.3zM135.4 416H69V202.2h66.5V416zm-33.2-243c-21.3 0-38.5-17.3-38.5-38.5S80.9 96 102.2 96c21.2 0 38.5 17.3 38.5 38.5 0 21.3-17.2 38.5-38.5 38.5zm282.1 243h-66.4V312c0-24.8-.5-56.7-34.5-56.7-34.6 0-39.9 27-39.9 54.9V416h-66.4V202.2h63.7v29.2h.9c8.9-16.8 30.6-34.5 62.9-34.5 67.2 0 79.7 44.3 79.7 101.9V416z\"><\/path><\/svg>\t\t\t\t\t<\/a>\n\t\t\t\t<\/span>\n\t\t\t\t\t<\/div>\n\t\t\t\t\t\t<\/div>\n\t\t\t\t<\/div>\n\t\t\t\t<\/div>\n\t\t<div class=\"elementor-element elementor-element-6b21a4f e-con-full e-flex wpr-particle-no wpr-jarallax-no wpr-parallax-no wpr-sticky-section-no e-con e-child\" data-id=\"6b21a4f\" data-element_type=\"container\">\n\t\t\t\t<div class=\"elementor-element elementor-element-eb38733 elementor-widget elementor-widget-heading\" data-id=\"eb38733\" data-element_type=\"widget\" data-widget_type=\"heading.default\">\n\t\t\t\t<div class=\"elementor-widget-container\">\n\t\t\t\t\t<h5 class=\"elementor-heading-title elementor-size-default\">Dr. Javier Campo<\/h5>\t\t\t\t<\/div>\n\t\t\t\t<\/div>\n\t\t\t\t<div class=\"elementor-element elementor-element-21f6b94 elementor-widget-divider--view-line elementor-widget elementor-widget-divider\" data-id=\"21f6b94\" data-element_type=\"widget\" data-widget_type=\"divider.default\">\n\t\t\t\t<div class=\"elementor-widget-container\">\n\t\t\t\t\t\t\t<div class=\"elementor-divider\">\n\t\t\t<span class=\"elementor-divider-separator\">\n\t\t\t\t\t\t<\/span>\n\t\t<\/div>\n\t\t\t\t\t\t<\/div>\n\t\t\t\t<\/div>\n\t\t\t\t<div class=\"elementor-element elementor-element-3dd8e1e elementor-widget elementor-widget-text-editor\" data-id=\"3dd8e1e\" data-element_type=\"widget\" data-widget_type=\"text-editor.default\">\n\t\t\t\t<div class=\"elementor-widget-container\">\n\t\t\t\t\t\t\t\t\t<p>Licenciado en Ciencias de la Comunicaci\u00f3n. FCS UBA, Doctor en Ciencias Sociales FCS. UBA.<br \/><br \/>Profesor Adjunto de Est\u00e9tica cinematogr\u00e1fica. Realizaci\u00f3n Integral en Artes Audiovisuales. Facultad de Arte. UNICEN. Investigador Adjunto de CONICET.<br \/><br \/>Director del proyecto PICT \u201cMemoria de culturas argentinas. Recopilaci\u00f3n y estudio de la obra de Jorge Prelor\u00e1n\u201d. Subsidio de la Agencia Nacional de Promoci\u00f3n Cient\u00edfica y Tecnol\u00f3gica. PICT-2015-. Vigente.<br \/><br \/>Director del proyecto &#8220;Modos de ver y o\u00edr lo local. Estudio del audiovisual documental del centro de la provincia de Buenos Aires.\u201d. JOVIN- Proyectos J\u00f3venes Investigadores 2019\/2020. C\u00f3digo 03-JOVIN-04G. Finalizado. Co-Director del proyecto \u201cProblem\u00e1ticas del cine y el audiovisual documental. Teor\u00eda, historia, est\u00e9tica y nuevos dispositivos: el caso argentino (1958-2017)\u201d (03\/G169). Finalizado. Director del proyecto Historia cr\u00edtico-tecnol\u00f3gica del cine documental argentino. PICT-2019-03988. Vigente.<\/p>\t\t\t\t\t\t\t\t<\/div>\n\t\t\t\t<\/div>\n\t\t\t\t<\/div>\n\t\t\t\t<\/div>\n\t\t\t\t<\/div>\n\t\t<div class=\"elementor-element elementor-element-74da603 e-con-full e-flex wpr-particle-no wpr-jarallax-no wpr-parallax-no wpr-sticky-section-no elementor-invisible e-con e-parent\" data-id=\"74da603\" data-element_type=\"container\" data-settings=\"{&quot;animation&quot;:&quot;fadeInUp&quot;}\">\n\t\t<div class=\"elementor-element elementor-element-7bed9f4 e-con-full e-flex wpr-particle-no wpr-jarallax-no wpr-parallax-no wpr-sticky-section-no e-con e-child\" data-id=\"7bed9f4\" data-element_type=\"container\" data-settings=\"{&quot;background_background&quot;:&quot;classic&quot;,&quot;animation&quot;:&quot;none&quot;}\">\n\t\t<div class=\"elementor-element elementor-element-dc19d3a e-con-full e-flex wpr-particle-no wpr-jarallax-no wpr-parallax-no wpr-sticky-section-no e-con e-child\" data-id=\"dc19d3a\" data-element_type=\"container\">\n\t\t\t\t<div class=\"elementor-element elementor-element-33073f2 elementor-widget elementor-widget-image\" data-id=\"33073f2\" data-element_type=\"widget\" data-widget_type=\"image.default\">\n\t\t\t\t<div class=\"elementor-widget-container\">\n\t\t\t\t\t\t\t\t\t\t\t\t\t\t\t<img loading=\"lazy\" decoding=\"async\" width=\"800\" height=\"533\" src=\"https:\/\/www.arte.unicen.edu.ar\/tecc\/wp-content\/uploads\/2023\/11\/Fuentes.webp\" class=\"attachment-full size-full wp-image-2204\" alt=\"Fuentes, Teresita M. Victoria\" srcset=\"https:\/\/www.arte.unicen.edu.ar\/tecc\/wp-content\/uploads\/2023\/11\/Fuentes.webp 800w, https:\/\/www.arte.unicen.edu.ar\/tecc\/wp-content\/uploads\/2023\/11\/Fuentes-300x200.webp 300w, https:\/\/www.arte.unicen.edu.ar\/tecc\/wp-content\/uploads\/2023\/11\/Fuentes-768x512.webp 768w\" sizes=\"(max-width: 800px) 100vw, 800px\" \/>\t\t\t\t\t\t\t\t\t\t\t\t\t\t\t<\/div>\n\t\t\t\t<\/div>\n\t\t\t\t<div class=\"elementor-element elementor-element-b757f4b e-grid-align-left e-grid-align-mobile-center elementor-shape-rounded elementor-grid-0 elementor-widget elementor-widget-social-icons\" data-id=\"b757f4b\" data-element_type=\"widget\" data-widget_type=\"social-icons.default\">\n\t\t\t\t<div class=\"elementor-widget-container\">\n\t\t\t\t\t\t\t<div class=\"elementor-social-icons-wrapper elementor-grid\" role=\"list\">\n\t\t\t\t\t\t\t<span class=\"elementor-grid-item\" role=\"listitem\">\n\t\t\t\t\t<a class=\"elementor-icon elementor-social-icon elementor-social-icon-envelope elementor-repeater-item-28ed2db\" target=\"_blank\">\n\t\t\t\t\t\t<span class=\"elementor-screen-only\">Envelope<\/span>\n\t\t\t\t\t\t<svg aria-hidden=\"true\" class=\"e-font-icon-svg e-fas-envelope\" viewBox=\"0 0 512 512\" xmlns=\"http:\/\/www.w3.org\/2000\/svg\"><path d=\"M502.3 190.8c3.9-3.1 9.7-.2 9.7 4.7V400c0 26.5-21.5 48-48 48H48c-26.5 0-48-21.5-48-48V195.6c0-5 5.7-7.8 9.7-4.7 22.4 17.4 52.1 39.5 154.1 113.6 21.1 15.4 56.7 47.8 92.2 47.6 35.7.3 72-32.8 92.3-47.6 102-74.1 131.6-96.3 154-113.7zM256 320c23.2.4 56.6-29.2 73.4-41.4 132.7-96.3 142.8-104.7 173.4-128.7 5.8-4.5 9.2-11.5 9.2-18.9v-19c0-26.5-21.5-48-48-48H48C21.5 64 0 85.5 0 112v19c0 7.4 3.4 14.3 9.2 18.9 30.6 23.9 40.7 32.4 173.4 128.7 16.8 12.2 50.2 41.8 73.4 41.4z\"><\/path><\/svg>\t\t\t\t\t<\/a>\n\t\t\t\t<\/span>\n\t\t\t\t\t\t\t<span class=\"elementor-grid-item\" role=\"listitem\">\n\t\t\t\t\t<a class=\"elementor-icon elementor-social-icon elementor-social-icon-linkedin elementor-repeater-item-f03a68d\" target=\"_blank\">\n\t\t\t\t\t\t<span class=\"elementor-screen-only\">Linkedin<\/span>\n\t\t\t\t\t\t<svg aria-hidden=\"true\" class=\"e-font-icon-svg e-fab-linkedin\" viewBox=\"0 0 448 512\" xmlns=\"http:\/\/www.w3.org\/2000\/svg\"><path d=\"M416 32H31.9C14.3 32 0 46.5 0 64.3v383.4C0 465.5 14.3 480 31.9 480H416c17.6 0 32-14.5 32-32.3V64.3c0-17.8-14.4-32.3-32-32.3zM135.4 416H69V202.2h66.5V416zm-33.2-243c-21.3 0-38.5-17.3-38.5-38.5S80.9 96 102.2 96c21.2 0 38.5 17.3 38.5 38.5 0 21.3-17.2 38.5-38.5 38.5zm282.1 243h-66.4V312c0-24.8-.5-56.7-34.5-56.7-34.6 0-39.9 27-39.9 54.9V416h-66.4V202.2h63.7v29.2h.9c8.9-16.8 30.6-34.5 62.9-34.5 67.2 0 79.7 44.3 79.7 101.9V416z\"><\/path><\/svg>\t\t\t\t\t<\/a>\n\t\t\t\t<\/span>\n\t\t\t\t\t<\/div>\n\t\t\t\t\t\t<\/div>\n\t\t\t\t<\/div>\n\t\t\t\t<\/div>\n\t\t<div class=\"elementor-element elementor-element-41285f8 e-con-full e-flex wpr-particle-no wpr-jarallax-no wpr-parallax-no wpr-sticky-section-no e-con e-child\" data-id=\"41285f8\" data-element_type=\"container\">\n\t\t\t\t<div class=\"elementor-element elementor-element-6945e73 elementor-widget elementor-widget-heading\" data-id=\"6945e73\" data-element_type=\"widget\" data-widget_type=\"heading.default\">\n\t\t\t\t<div class=\"elementor-widget-container\">\n\t\t\t\t\t<h5 class=\"elementor-heading-title elementor-size-default\">Mg. Teresita Mar\u00eda Victoria Fuentes<\/h5>\t\t\t\t<\/div>\n\t\t\t\t<\/div>\n\t\t\t\t<div class=\"elementor-element elementor-element-8905d74 elementor-widget-divider--view-line elementor-widget elementor-widget-divider\" data-id=\"8905d74\" data-element_type=\"widget\" data-widget_type=\"divider.default\">\n\t\t\t\t<div class=\"elementor-widget-container\">\n\t\t\t\t\t\t\t<div class=\"elementor-divider\">\n\t\t\t<span class=\"elementor-divider-separator\">\n\t\t\t\t\t\t<\/span>\n\t\t<\/div>\n\t\t\t\t\t\t<\/div>\n\t\t\t\t<\/div>\n\t\t\t\t<div class=\"elementor-element elementor-element-0b0669d elementor-widget elementor-widget-text-editor\" data-id=\"0b0669d\" data-element_type=\"widget\" data-widget_type=\"text-editor.default\">\n\t\t\t\t<div class=\"elementor-widget-container\">\n\t\t\t\t\t\t\t\t\t<p>Prof. Castellano y Literatura. Lic. en Teatro. Mg. en Historia del Teatro Argentino y Latinoamericano (UBA). Prof. Titular Historia de las Estructuras Teatrales II y Seminario de Investigaci\u00f3n e Integraci\u00f3n Teatral. Profesorado y Licenciatura en Teatro. Literatura Latinoamericana y Argentina. Realizaci\u00f3n Integral en Artes Audiovisuales. Facultad de Arte. UNICEN.<\/p><p>Directora del Proyecto \u201cArtes esc\u00e9nicas en el campo socio cultural de la regi\u00f3n centro-sudeste de la provincia de Buenos Aires (2000- 2020)\u201d (03\/G168). Finalizado. Directora del Proyecto \u201cUna dramaturgia situada: dramaturgxs tandilenses en el siglo XXI\u201d (03\/G182) Vigente.<\/p>\t\t\t\t\t\t\t\t<\/div>\n\t\t\t\t<\/div>\n\t\t\t\t<\/div>\n\t\t\t\t<\/div>\n\t\t<div class=\"elementor-element elementor-element-8913a2d e-con-full e-flex wpr-particle-no wpr-jarallax-no wpr-parallax-no wpr-sticky-section-no e-con e-child\" data-id=\"8913a2d\" data-element_type=\"container\" data-settings=\"{&quot;background_background&quot;:&quot;classic&quot;,&quot;animation&quot;:&quot;none&quot;}\">\n\t\t<div class=\"elementor-element elementor-element-080d3ec e-con-full e-flex wpr-particle-no wpr-jarallax-no wpr-parallax-no wpr-sticky-section-no e-con e-child\" data-id=\"080d3ec\" data-element_type=\"container\">\n\t\t\t\t<div class=\"elementor-element elementor-element-db5674b elementor-widget elementor-widget-image\" data-id=\"db5674b\" data-element_type=\"widget\" data-widget_type=\"image.default\">\n\t\t\t\t<div class=\"elementor-widget-container\">\n\t\t\t\t\t\t\t\t\t\t\t\t\t\t\t<img loading=\"lazy\" decoding=\"async\" width=\"360\" height=\"365\" src=\"https:\/\/www.arte.unicen.edu.ar\/tecc\/wp-content\/uploads\/2024\/02\/Hojsgaard.webp\" class=\"attachment-full size-full wp-image-3163\" alt=\"Hojsgaard\" srcset=\"https:\/\/www.arte.unicen.edu.ar\/tecc\/wp-content\/uploads\/2024\/02\/Hojsgaard.webp 360w, https:\/\/www.arte.unicen.edu.ar\/tecc\/wp-content\/uploads\/2024\/02\/Hojsgaard-296x300.webp 296w\" sizes=\"(max-width: 360px) 100vw, 360px\" \/>\t\t\t\t\t\t\t\t\t\t\t\t\t\t\t<\/div>\n\t\t\t\t<\/div>\n\t\t\t\t<div class=\"elementor-element elementor-element-1b0f1f9 e-grid-align-left e-grid-align-mobile-center elementor-shape-rounded elementor-grid-0 elementor-widget elementor-widget-social-icons\" data-id=\"1b0f1f9\" data-element_type=\"widget\" data-widget_type=\"social-icons.default\">\n\t\t\t\t<div class=\"elementor-widget-container\">\n\t\t\t\t\t\t\t<div class=\"elementor-social-icons-wrapper elementor-grid\" role=\"list\">\n\t\t\t\t\t\t\t<span class=\"elementor-grid-item\" role=\"listitem\">\n\t\t\t\t\t<a class=\"elementor-icon elementor-social-icon elementor-social-icon-envelope elementor-repeater-item-28ed2db\" target=\"_blank\">\n\t\t\t\t\t\t<span class=\"elementor-screen-only\">Envelope<\/span>\n\t\t\t\t\t\t<svg aria-hidden=\"true\" class=\"e-font-icon-svg e-fas-envelope\" viewBox=\"0 0 512 512\" xmlns=\"http:\/\/www.w3.org\/2000\/svg\"><path d=\"M502.3 190.8c3.9-3.1 9.7-.2 9.7 4.7V400c0 26.5-21.5 48-48 48H48c-26.5 0-48-21.5-48-48V195.6c0-5 5.7-7.8 9.7-4.7 22.4 17.4 52.1 39.5 154.1 113.6 21.1 15.4 56.7 47.8 92.2 47.6 35.7.3 72-32.8 92.3-47.6 102-74.1 131.6-96.3 154-113.7zM256 320c23.2.4 56.6-29.2 73.4-41.4 132.7-96.3 142.8-104.7 173.4-128.7 5.8-4.5 9.2-11.5 9.2-18.9v-19c0-26.5-21.5-48-48-48H48C21.5 64 0 85.5 0 112v19c0 7.4 3.4 14.3 9.2 18.9 30.6 23.9 40.7 32.4 173.4 128.7 16.8 12.2 50.2 41.8 73.4 41.4z\"><\/path><\/svg>\t\t\t\t\t<\/a>\n\t\t\t\t<\/span>\n\t\t\t\t\t\t\t<span class=\"elementor-grid-item\" role=\"listitem\">\n\t\t\t\t\t<a class=\"elementor-icon elementor-social-icon elementor-social-icon-linkedin elementor-repeater-item-f03a68d\" target=\"_blank\">\n\t\t\t\t\t\t<span class=\"elementor-screen-only\">Linkedin<\/span>\n\t\t\t\t\t\t<svg aria-hidden=\"true\" class=\"e-font-icon-svg e-fab-linkedin\" viewBox=\"0 0 448 512\" xmlns=\"http:\/\/www.w3.org\/2000\/svg\"><path d=\"M416 32H31.9C14.3 32 0 46.5 0 64.3v383.4C0 465.5 14.3 480 31.9 480H416c17.6 0 32-14.5 32-32.3V64.3c0-17.8-14.4-32.3-32-32.3zM135.4 416H69V202.2h66.5V416zm-33.2-243c-21.3 0-38.5-17.3-38.5-38.5S80.9 96 102.2 96c21.2 0 38.5 17.3 38.5 38.5 0 21.3-17.2 38.5-38.5 38.5zm282.1 243h-66.4V312c0-24.8-.5-56.7-34.5-56.7-34.6 0-39.9 27-39.9 54.9V416h-66.4V202.2h63.7v29.2h.9c8.9-16.8 30.6-34.5 62.9-34.5 67.2 0 79.7 44.3 79.7 101.9V416z\"><\/path><\/svg>\t\t\t\t\t<\/a>\n\t\t\t\t<\/span>\n\t\t\t\t\t<\/div>\n\t\t\t\t\t\t<\/div>\n\t\t\t\t<\/div>\n\t\t\t\t<\/div>\n\t\t<div class=\"elementor-element elementor-element-5a0d7f3 e-con-full e-flex wpr-particle-no wpr-jarallax-no wpr-parallax-no wpr-sticky-section-no e-con e-child\" data-id=\"5a0d7f3\" data-element_type=\"container\">\n\t\t\t\t<div class=\"elementor-element elementor-element-f9486b7 elementor-widget elementor-widget-heading\" data-id=\"f9486b7\" data-element_type=\"widget\" data-widget_type=\"heading.default\">\n\t\t\t\t<div class=\"elementor-widget-container\">\n\t\t\t\t\t<h5 class=\"elementor-heading-title elementor-size-default\">Mg. Luz Hojsgaard<\/h5>\t\t\t\t<\/div>\n\t\t\t\t<\/div>\n\t\t\t\t<div class=\"elementor-element elementor-element-5d5321f elementor-widget-divider--view-line elementor-widget elementor-widget-divider\" data-id=\"5d5321f\" data-element_type=\"widget\" data-widget_type=\"divider.default\">\n\t\t\t\t<div class=\"elementor-widget-container\">\n\t\t\t\t\t\t\t<div class=\"elementor-divider\">\n\t\t\t<span class=\"elementor-divider-separator\">\n\t\t\t\t\t\t<\/span>\n\t\t<\/div>\n\t\t\t\t\t\t<\/div>\n\t\t\t\t<\/div>\n\t\t\t\t<div class=\"elementor-element elementor-element-8f01d65 elementor-widget elementor-widget-text-editor\" data-id=\"8f01d65\" data-element_type=\"widget\" data-widget_type=\"text-editor.default\">\n\t\t\t\t<div class=\"elementor-widget-container\">\n\t\t\t\t\t\t\t\t\t<p><span style=\"font-weight: 400;\">Profesora y Licenciada en Teatro. Facultad de Arte. UNICEN. Magister en Teatro. Facultad de Arte. UNICEN.\u00a0<\/span><\/p><p><span style=\"font-weight: 400;\">Jefa de Trabajos Pr\u00e1cticos Educaci\u00f3n de la voz III, Semi\u00f3tica I y II. Profesorado y Licenciatura en Teatro. Facultad de Arte. UNICEN.<\/span><\/p><p><span style=\"font-weight: 400;\">Directora del Proyecto JOVIN \u201cIntegralidad e interdisciplina. Lo audiovisual en la escena contempor\u00e1nea local y regional. Relevamiento, an\u00e1lisis y generaci\u00f3n de contenidos art\u00edstico-pedag\u00f3gicos.\u201d Vigente.<\/span><\/p>\t\t\t\t\t\t\t\t<\/div>\n\t\t\t\t<\/div>\n\t\t\t\t<\/div>\n\t\t\t\t<\/div>\n\t\t\t\t<\/div>\n\t\t<div class=\"elementor-element elementor-element-b4ebb70 e-con-full e-flex wpr-particle-no wpr-jarallax-no wpr-parallax-no wpr-sticky-section-no elementor-invisible e-con e-parent\" data-id=\"b4ebb70\" data-element_type=\"container\" data-settings=\"{&quot;animation&quot;:&quot;fadeInUp&quot;}\">\n\t\t<div class=\"elementor-element elementor-element-01c9050 e-con-full e-flex wpr-particle-no wpr-jarallax-no wpr-parallax-no wpr-sticky-section-no e-con e-child\" data-id=\"01c9050\" data-element_type=\"container\" data-settings=\"{&quot;background_background&quot;:&quot;classic&quot;,&quot;animation&quot;:&quot;none&quot;}\">\n\t\t<div class=\"elementor-element elementor-element-c661779 e-con-full e-flex wpr-particle-no wpr-jarallax-no wpr-parallax-no wpr-sticky-section-no e-con e-child\" data-id=\"c661779\" data-element_type=\"container\">\n\t\t\t\t<div class=\"elementor-element elementor-element-370e45e elementor-widget elementor-widget-image\" data-id=\"370e45e\" data-element_type=\"widget\" data-widget_type=\"image.default\">\n\t\t\t\t<div class=\"elementor-widget-container\">\n\t\t\t\t\t\t\t\t\t\t\t\t\t\t\t<img loading=\"lazy\" decoding=\"async\" width=\"360\" height=\"365\" src=\"https:\/\/www.arte.unicen.edu.ar\/tecc\/wp-content\/uploads\/2024\/02\/Iturralde.webp\" class=\"attachment-full size-full wp-image-3171\" alt=\"Iturralde\" srcset=\"https:\/\/www.arte.unicen.edu.ar\/tecc\/wp-content\/uploads\/2024\/02\/Iturralde.webp 360w, https:\/\/www.arte.unicen.edu.ar\/tecc\/wp-content\/uploads\/2024\/02\/Iturralde-296x300.webp 296w\" sizes=\"(max-width: 360px) 100vw, 360px\" \/>\t\t\t\t\t\t\t\t\t\t\t\t\t\t\t<\/div>\n\t\t\t\t<\/div>\n\t\t\t\t<div class=\"elementor-element elementor-element-da47785 e-grid-align-left elementor-shape-rounded elementor-grid-0 elementor-widget elementor-widget-social-icons\" data-id=\"da47785\" data-element_type=\"widget\" data-widget_type=\"social-icons.default\">\n\t\t\t\t<div class=\"elementor-widget-container\">\n\t\t\t\t\t\t\t<div class=\"elementor-social-icons-wrapper elementor-grid\" role=\"list\">\n\t\t\t\t\t\t\t<span class=\"elementor-grid-item\" role=\"listitem\">\n\t\t\t\t\t<a class=\"elementor-icon elementor-social-icon elementor-social-icon-envelope elementor-repeater-item-28ed2db\" target=\"_blank\">\n\t\t\t\t\t\t<span class=\"elementor-screen-only\">Envelope<\/span>\n\t\t\t\t\t\t<svg aria-hidden=\"true\" class=\"e-font-icon-svg e-fas-envelope\" viewBox=\"0 0 512 512\" xmlns=\"http:\/\/www.w3.org\/2000\/svg\"><path d=\"M502.3 190.8c3.9-3.1 9.7-.2 9.7 4.7V400c0 26.5-21.5 48-48 48H48c-26.5 0-48-21.5-48-48V195.6c0-5 5.7-7.8 9.7-4.7 22.4 17.4 52.1 39.5 154.1 113.6 21.1 15.4 56.7 47.8 92.2 47.6 35.7.3 72-32.8 92.3-47.6 102-74.1 131.6-96.3 154-113.7zM256 320c23.2.4 56.6-29.2 73.4-41.4 132.7-96.3 142.8-104.7 173.4-128.7 5.8-4.5 9.2-11.5 9.2-18.9v-19c0-26.5-21.5-48-48-48H48C21.5 64 0 85.5 0 112v19c0 7.4 3.4 14.3 9.2 18.9 30.6 23.9 40.7 32.4 173.4 128.7 16.8 12.2 50.2 41.8 73.4 41.4z\"><\/path><\/svg>\t\t\t\t\t<\/a>\n\t\t\t\t<\/span>\n\t\t\t\t\t\t\t<span class=\"elementor-grid-item\" role=\"listitem\">\n\t\t\t\t\t<a class=\"elementor-icon elementor-social-icon elementor-social-icon-linkedin elementor-repeater-item-f03a68d\" target=\"_blank\">\n\t\t\t\t\t\t<span class=\"elementor-screen-only\">Linkedin<\/span>\n\t\t\t\t\t\t<svg aria-hidden=\"true\" class=\"e-font-icon-svg e-fab-linkedin\" viewBox=\"0 0 448 512\" xmlns=\"http:\/\/www.w3.org\/2000\/svg\"><path d=\"M416 32H31.9C14.3 32 0 46.5 0 64.3v383.4C0 465.5 14.3 480 31.9 480H416c17.6 0 32-14.5 32-32.3V64.3c0-17.8-14.4-32.3-32-32.3zM135.4 416H69V202.2h66.5V416zm-33.2-243c-21.3 0-38.5-17.3-38.5-38.5S80.9 96 102.2 96c21.2 0 38.5 17.3 38.5 38.5 0 21.3-17.2 38.5-38.5 38.5zm282.1 243h-66.4V312c0-24.8-.5-56.7-34.5-56.7-34.6 0-39.9 27-39.9 54.9V416h-66.4V202.2h63.7v29.2h.9c8.9-16.8 30.6-34.5 62.9-34.5 67.2 0 79.7 44.3 79.7 101.9V416z\"><\/path><\/svg>\t\t\t\t\t<\/a>\n\t\t\t\t<\/span>\n\t\t\t\t\t<\/div>\n\t\t\t\t\t\t<\/div>\n\t\t\t\t<\/div>\n\t\t\t\t<\/div>\n\t\t<div class=\"elementor-element elementor-element-58b1cb6 e-con-full e-flex wpr-particle-no wpr-jarallax-no wpr-parallax-no wpr-sticky-section-no e-con e-child\" data-id=\"58b1cb6\" data-element_type=\"container\">\n\t\t\t\t<div class=\"elementor-element elementor-element-6fcbedd elementor-widget elementor-widget-heading\" data-id=\"6fcbedd\" data-element_type=\"widget\" data-widget_type=\"heading.default\">\n\t\t\t\t<div class=\"elementor-widget-container\">\n\t\t\t\t\t<h5 class=\"elementor-heading-title elementor-size-default\">Dra. Mar\u00eda Eugenia Iturralde<\/h5>\t\t\t\t<\/div>\n\t\t\t\t<\/div>\n\t\t\t\t<div class=\"elementor-element elementor-element-6fac1ab elementor-widget-divider--view-line elementor-widget elementor-widget-divider\" data-id=\"6fac1ab\" data-element_type=\"widget\" data-widget_type=\"divider.default\">\n\t\t\t\t<div class=\"elementor-widget-container\">\n\t\t\t\t\t\t\t<div class=\"elementor-divider\">\n\t\t\t<span class=\"elementor-divider-separator\">\n\t\t\t\t\t\t<\/span>\n\t\t<\/div>\n\t\t\t\t\t\t<\/div>\n\t\t\t\t<\/div>\n\t\t\t\t<div class=\"elementor-element elementor-element-64661cc elementor-widget elementor-widget-text-editor\" data-id=\"64661cc\" data-element_type=\"widget\" data-widget_type=\"text-editor.default\">\n\t\t\t\t<div class=\"elementor-widget-container\">\n\t\t\t\t\t\t\t\t\t<p><span style=\"font-weight: 400;\">Licenciada en Comunicaci\u00f3n Social UNICEN. Doctora en Comunicaci\u00f3n UNLP.\u00a0<\/span><\/p><p><span style=\"font-weight: 400;\">Jefa de Trabajos Pr\u00e1cticos Taller de Gesti\u00f3n de Medios Comunitarios. Licenciatura en Comunicaci\u00f3n Social. Facultad de Ciencias Sociales UNICEN.\u00a0<\/span><\/p><p><span style=\"font-weight: 400;\">Directora del proyecto: \u201cArchivos digitales de acceso abierto. Preservaci\u00f3n de fuentes documentales en investigaciones sociales y art\u00edsticas y con fines de divulgaci\u00f3n cient\u00edfica en la UNICEN\u201d. (03-JOVIN-82G). Vigente<\/span><\/p>\t\t\t\t\t\t\t\t<\/div>\n\t\t\t\t<\/div>\n\t\t\t\t<\/div>\n\t\t\t\t<\/div>\n\t\t<div class=\"elementor-element elementor-element-1ac29c1 e-con-full e-flex wpr-particle-no wpr-jarallax-no wpr-parallax-no wpr-sticky-section-no e-con e-child\" data-id=\"1ac29c1\" data-element_type=\"container\" data-settings=\"{&quot;background_background&quot;:&quot;classic&quot;,&quot;animation&quot;:&quot;none&quot;}\">\n\t\t<div class=\"elementor-element elementor-element-2741abc e-con-full e-flex wpr-particle-no wpr-jarallax-no wpr-parallax-no wpr-sticky-section-no e-con e-child\" data-id=\"2741abc\" data-element_type=\"container\">\n\t\t\t\t<div class=\"elementor-element elementor-element-8e3c13e elementor-widget elementor-widget-image\" data-id=\"8e3c13e\" data-element_type=\"widget\" data-widget_type=\"image.default\">\n\t\t\t\t<div class=\"elementor-widget-container\">\n\t\t\t\t\t\t\t\t\t\t\t\t\t\t\t<img loading=\"lazy\" decoding=\"async\" width=\"360\" height=\"365\" src=\"https:\/\/www.arte.unicen.edu.ar\/tecc\/wp-content\/uploads\/2024\/02\/Padron.webp\" class=\"attachment-full size-full wp-image-3145\" alt=\"Padron\" srcset=\"https:\/\/www.arte.unicen.edu.ar\/tecc\/wp-content\/uploads\/2024\/02\/Padron.webp 360w, https:\/\/www.arte.unicen.edu.ar\/tecc\/wp-content\/uploads\/2024\/02\/Padron-296x300.webp 296w\" sizes=\"(max-width: 360px) 100vw, 360px\" \/>\t\t\t\t\t\t\t\t\t\t\t\t\t\t\t<\/div>\n\t\t\t\t<\/div>\n\t\t\t\t<div class=\"elementor-element elementor-element-615e059 e-grid-align-left elementor-shape-rounded elementor-grid-0 elementor-widget elementor-widget-social-icons\" data-id=\"615e059\" data-element_type=\"widget\" data-widget_type=\"social-icons.default\">\n\t\t\t\t<div class=\"elementor-widget-container\">\n\t\t\t\t\t\t\t<div class=\"elementor-social-icons-wrapper elementor-grid\" role=\"list\">\n\t\t\t\t\t\t\t<span class=\"elementor-grid-item\" role=\"listitem\">\n\t\t\t\t\t<a class=\"elementor-icon elementor-social-icon elementor-social-icon-envelope elementor-repeater-item-28ed2db\" target=\"_blank\">\n\t\t\t\t\t\t<span class=\"elementor-screen-only\">Envelope<\/span>\n\t\t\t\t\t\t<svg aria-hidden=\"true\" class=\"e-font-icon-svg e-fas-envelope\" viewBox=\"0 0 512 512\" xmlns=\"http:\/\/www.w3.org\/2000\/svg\"><path d=\"M502.3 190.8c3.9-3.1 9.7-.2 9.7 4.7V400c0 26.5-21.5 48-48 48H48c-26.5 0-48-21.5-48-48V195.6c0-5 5.7-7.8 9.7-4.7 22.4 17.4 52.1 39.5 154.1 113.6 21.1 15.4 56.7 47.8 92.2 47.6 35.7.3 72-32.8 92.3-47.6 102-74.1 131.6-96.3 154-113.7zM256 320c23.2.4 56.6-29.2 73.4-41.4 132.7-96.3 142.8-104.7 173.4-128.7 5.8-4.5 9.2-11.5 9.2-18.9v-19c0-26.5-21.5-48-48-48H48C21.5 64 0 85.5 0 112v19c0 7.4 3.4 14.3 9.2 18.9 30.6 23.9 40.7 32.4 173.4 128.7 16.8 12.2 50.2 41.8 73.4 41.4z\"><\/path><\/svg>\t\t\t\t\t<\/a>\n\t\t\t\t<\/span>\n\t\t\t\t\t\t\t<span class=\"elementor-grid-item\" role=\"listitem\">\n\t\t\t\t\t<a class=\"elementor-icon elementor-social-icon elementor-social-icon-linkedin elementor-repeater-item-f03a68d\" target=\"_blank\">\n\t\t\t\t\t\t<span class=\"elementor-screen-only\">Linkedin<\/span>\n\t\t\t\t\t\t<svg aria-hidden=\"true\" class=\"e-font-icon-svg e-fab-linkedin\" viewBox=\"0 0 448 512\" xmlns=\"http:\/\/www.w3.org\/2000\/svg\"><path d=\"M416 32H31.9C14.3 32 0 46.5 0 64.3v383.4C0 465.5 14.3 480 31.9 480H416c17.6 0 32-14.5 32-32.3V64.3c0-17.8-14.4-32.3-32-32.3zM135.4 416H69V202.2h66.5V416zm-33.2-243c-21.3 0-38.5-17.3-38.5-38.5S80.9 96 102.2 96c21.2 0 38.5 17.3 38.5 38.5 0 21.3-17.2 38.5-38.5 38.5zm282.1 243h-66.4V312c0-24.8-.5-56.7-34.5-56.7-34.6 0-39.9 27-39.9 54.9V416h-66.4V202.2h63.7v29.2h.9c8.9-16.8 30.6-34.5 62.9-34.5 67.2 0 79.7 44.3 79.7 101.9V416z\"><\/path><\/svg>\t\t\t\t\t<\/a>\n\t\t\t\t<\/span>\n\t\t\t\t\t<\/div>\n\t\t\t\t\t\t<\/div>\n\t\t\t\t<\/div>\n\t\t\t\t<\/div>\n\t\t<div class=\"elementor-element elementor-element-f537f43 e-con-full e-flex wpr-particle-no wpr-jarallax-no wpr-parallax-no wpr-sticky-section-no e-con e-child\" data-id=\"f537f43\" data-element_type=\"container\">\n\t\t\t\t<div class=\"elementor-element elementor-element-c8ff92b elementor-widget elementor-widget-heading\" data-id=\"c8ff92b\" data-element_type=\"widget\" data-widget_type=\"heading.default\">\n\t\t\t\t<div class=\"elementor-widget-container\">\n\t\t\t\t\t<h5 class=\"elementor-heading-title elementor-size-default\">Dr. Juan Manuel Padr\u00f3n<\/h5>\t\t\t\t<\/div>\n\t\t\t\t<\/div>\n\t\t\t\t<div class=\"elementor-element elementor-element-364e601 elementor-widget-divider--view-line elementor-widget elementor-widget-divider\" data-id=\"364e601\" data-element_type=\"widget\" data-widget_type=\"divider.default\">\n\t\t\t\t<div class=\"elementor-widget-container\">\n\t\t\t\t\t\t\t<div class=\"elementor-divider\">\n\t\t\t<span class=\"elementor-divider-separator\">\n\t\t\t\t\t\t<\/span>\n\t\t<\/div>\n\t\t\t\t\t\t<\/div>\n\t\t\t\t<\/div>\n\t\t\t\t<div class=\"elementor-element elementor-element-c0b70e7 elementor-widget elementor-widget-text-editor\" data-id=\"c0b70e7\" data-element_type=\"widget\" data-widget_type=\"text-editor.default\">\n\t\t\t\t<div class=\"elementor-widget-container\">\n\t\t\t\t\t\t\t\t\t<p>Profesor,<span style=\"font-weight: 400;\"> Licenciado y Doctor en Historia. Facultad de Ciencias Humanas. UNICEN.<\/span><\/p><p><span style=\"font-weight: 400;\">Profesor Adjunto. Historia del Cine II. Arte y Pensamiento Contempor\u00e1neo. Realizaci\u00f3n Integral en Artes Audiovisuales. Metodolog\u00eda de la Investigaci\u00f3n. Profesorado y Licenciatura en Teatro. Facultad de Arte. UNICEN\u00a0<\/span><\/p><p><span style=\"font-weight: 400;\">Director del proyecto de incentivos \u201cP\u00fablicos, exhibici\u00f3n y distribuci\u00f3n cinematogr\u00e1fica en el sur bonaerense\u201d (c. 1950-c.1990). <\/span><\/p>\t\t\t\t\t\t\t\t<\/div>\n\t\t\t\t<\/div>\n\t\t\t\t<\/div>\n\t\t\t\t<\/div>\n\t\t\t\t<\/div>\n\t\t<div class=\"elementor-element elementor-element-0c6ff82 e-con-full e-flex wpr-particle-no wpr-jarallax-no wpr-parallax-no wpr-sticky-section-no elementor-invisible e-con e-parent\" data-id=\"0c6ff82\" data-element_type=\"container\" data-settings=\"{&quot;animation&quot;:&quot;fadeInUp&quot;}\">\n\t\t<div class=\"elementor-element elementor-element-53f0901 e-con-full e-flex wpr-particle-no wpr-jarallax-no wpr-parallax-no wpr-sticky-section-no e-con e-child\" data-id=\"53f0901\" data-element_type=\"container\" data-settings=\"{&quot;background_background&quot;:&quot;classic&quot;,&quot;animation&quot;:&quot;none&quot;}\">\n\t\t<div class=\"elementor-element elementor-element-b8c80e5 e-con-full e-flex wpr-particle-no wpr-jarallax-no wpr-parallax-no wpr-sticky-section-no e-con e-child\" data-id=\"b8c80e5\" data-element_type=\"container\">\n\t\t\t\t<div class=\"elementor-element elementor-element-dd7bfc6 elementor-widget elementor-widget-image\" data-id=\"dd7bfc6\" data-element_type=\"widget\" data-widget_type=\"image.default\">\n\t\t\t\t<div class=\"elementor-widget-container\">\n\t\t\t\t\t\t\t\t\t\t\t\t\t\t\t<img loading=\"lazy\" decoding=\"async\" width=\"360\" height=\"365\" src=\"https:\/\/www.arte.unicen.edu.ar\/tecc\/wp-content\/uploads\/2024\/02\/Pinero.webp\" class=\"attachment-full size-full wp-image-3148\" alt=\"Pi\u00f1ero\" srcset=\"https:\/\/www.arte.unicen.edu.ar\/tecc\/wp-content\/uploads\/2024\/02\/Pinero.webp 360w, https:\/\/www.arte.unicen.edu.ar\/tecc\/wp-content\/uploads\/2024\/02\/Pinero-296x300.webp 296w\" sizes=\"(max-width: 360px) 100vw, 360px\" \/>\t\t\t\t\t\t\t\t\t\t\t\t\t\t\t<\/div>\n\t\t\t\t<\/div>\n\t\t\t\t<div class=\"elementor-element elementor-element-a485f78 e-grid-align-left elementor-shape-rounded elementor-grid-0 elementor-widget elementor-widget-social-icons\" data-id=\"a485f78\" data-element_type=\"widget\" data-widget_type=\"social-icons.default\">\n\t\t\t\t<div class=\"elementor-widget-container\">\n\t\t\t\t\t\t\t<div class=\"elementor-social-icons-wrapper elementor-grid\" role=\"list\">\n\t\t\t\t\t\t\t<span class=\"elementor-grid-item\" role=\"listitem\">\n\t\t\t\t\t<a class=\"elementor-icon elementor-social-icon elementor-social-icon-envelope elementor-repeater-item-28ed2db\" target=\"_blank\">\n\t\t\t\t\t\t<span class=\"elementor-screen-only\">Envelope<\/span>\n\t\t\t\t\t\t<svg aria-hidden=\"true\" class=\"e-font-icon-svg e-fas-envelope\" viewBox=\"0 0 512 512\" xmlns=\"http:\/\/www.w3.org\/2000\/svg\"><path d=\"M502.3 190.8c3.9-3.1 9.7-.2 9.7 4.7V400c0 26.5-21.5 48-48 48H48c-26.5 0-48-21.5-48-48V195.6c0-5 5.7-7.8 9.7-4.7 22.4 17.4 52.1 39.5 154.1 113.6 21.1 15.4 56.7 47.8 92.2 47.6 35.7.3 72-32.8 92.3-47.6 102-74.1 131.6-96.3 154-113.7zM256 320c23.2.4 56.6-29.2 73.4-41.4 132.7-96.3 142.8-104.7 173.4-128.7 5.8-4.5 9.2-11.5 9.2-18.9v-19c0-26.5-21.5-48-48-48H48C21.5 64 0 85.5 0 112v19c0 7.4 3.4 14.3 9.2 18.9 30.6 23.9 40.7 32.4 173.4 128.7 16.8 12.2 50.2 41.8 73.4 41.4z\"><\/path><\/svg>\t\t\t\t\t<\/a>\n\t\t\t\t<\/span>\n\t\t\t\t\t\t\t<span class=\"elementor-grid-item\" role=\"listitem\">\n\t\t\t\t\t<a class=\"elementor-icon elementor-social-icon elementor-social-icon-linkedin elementor-repeater-item-f03a68d\" target=\"_blank\">\n\t\t\t\t\t\t<span class=\"elementor-screen-only\">Linkedin<\/span>\n\t\t\t\t\t\t<svg aria-hidden=\"true\" class=\"e-font-icon-svg e-fab-linkedin\" viewBox=\"0 0 448 512\" xmlns=\"http:\/\/www.w3.org\/2000\/svg\"><path d=\"M416 32H31.9C14.3 32 0 46.5 0 64.3v383.4C0 465.5 14.3 480 31.9 480H416c17.6 0 32-14.5 32-32.3V64.3c0-17.8-14.4-32.3-32-32.3zM135.4 416H69V202.2h66.5V416zm-33.2-243c-21.3 0-38.5-17.3-38.5-38.5S80.9 96 102.2 96c21.2 0 38.5 17.3 38.5 38.5 0 21.3-17.2 38.5-38.5 38.5zm282.1 243h-66.4V312c0-24.8-.5-56.7-34.5-56.7-34.6 0-39.9 27-39.9 54.9V416h-66.4V202.2h63.7v29.2h.9c8.9-16.8 30.6-34.5 62.9-34.5 67.2 0 79.7 44.3 79.7 101.9V416z\"><\/path><\/svg>\t\t\t\t\t<\/a>\n\t\t\t\t<\/span>\n\t\t\t\t\t<\/div>\n\t\t\t\t\t\t<\/div>\n\t\t\t\t<\/div>\n\t\t\t\t<\/div>\n\t\t<div class=\"elementor-element elementor-element-e08fa73 e-con-full e-flex wpr-particle-no wpr-jarallax-no wpr-parallax-no wpr-sticky-section-no e-con e-child\" data-id=\"e08fa73\" data-element_type=\"container\">\n\t\t\t\t<div class=\"elementor-element elementor-element-6c8a025 elementor-widget elementor-widget-heading\" data-id=\"6c8a025\" data-element_type=\"widget\" data-widget_type=\"heading.default\">\n\t\t\t\t<div class=\"elementor-widget-container\">\n\t\t\t\t\t<h5 class=\"elementor-heading-title elementor-size-default\">Dra. Gabriela Pi\u00f1ero<\/h5>\t\t\t\t<\/div>\n\t\t\t\t<\/div>\n\t\t\t\t<div class=\"elementor-element elementor-element-39415d6 elementor-widget-divider--view-line elementor-widget elementor-widget-divider\" data-id=\"39415d6\" data-element_type=\"widget\" data-widget_type=\"divider.default\">\n\t\t\t\t<div class=\"elementor-widget-container\">\n\t\t\t\t\t\t\t<div class=\"elementor-divider\">\n\t\t\t<span class=\"elementor-divider-separator\">\n\t\t\t\t\t\t<\/span>\n\t\t<\/div>\n\t\t\t\t\t\t<\/div>\n\t\t\t\t<\/div>\n\t\t\t\t<div class=\"elementor-element elementor-element-012064a elementor-widget elementor-widget-text-editor\" data-id=\"012064a\" data-element_type=\"widget\" data-widget_type=\"text-editor.default\">\n\t\t\t\t<div class=\"elementor-widget-container\">\n\t\t\t\t\t\t\t\t\t<p><span style=\"font-weight: 400;\">Licenciada en Artes (Universidad de Buenos Aires). Doctora y Mag\u00edster en Historia del Arte (Universidad Nacional Aut\u00f3noma de M\u00e9xico)<\/span><\/p><p><span style=\"font-weight: 400;\">Jefa de Trabajos Pr\u00e1cticos en Semi\u00f3tica I y II, carrera de Profesorado y Licenciatura en Teatro, Facultad de Arte UNICEN.<\/span><\/p><p><span style=\"font-weight: 400;\">Codirectora del proyecto \u201cNeo-extractivismo y pr\u00e1cticas de re(s\/x)istencia. Registro documental y mapa colaborativo sobre experiencias socio-est\u00e9ticas en el centro de la provincia de Buenos Aires (Azul, Tandil, Olavarr\u00eda)\u201d (03-PIO-87D). Vigente.<\/span><\/p>\t\t\t\t\t\t\t\t<\/div>\n\t\t\t\t<\/div>\n\t\t\t\t<\/div>\n\t\t\t\t<\/div>\n\t\t<div class=\"elementor-element elementor-element-99a2d6f e-con-full e-flex wpr-particle-no wpr-jarallax-no wpr-parallax-no wpr-sticky-section-no e-con e-child\" data-id=\"99a2d6f\" data-element_type=\"container\" data-settings=\"{&quot;animation&quot;:&quot;none&quot;}\">\n\t\t\t\t<\/div>\n\t\t\t\t<\/div>\n\t\t\t\t<\/div>\n\t\t","protected":false},"excerpt":{"rendered":"<p>Consejo Interno Envelope Linkedin Dr. Luciano Barandari\u00e1n Profesor, Licenciado y Doctor en Historia, Facultad de Ciencias Humanas, UNICEN. Especialista en Educaci\u00f3n y Nuevas Tecnolog\u00edas, FLACSO Argentina. Docente en la asignatura Historia del Cine I, Realizaci\u00f3n Integral en Artes Audiovisuales. Facultad de Arte. UNICEN y en Historia Argentina II, Profesorado y Licenciatura en Historia Facultad de Ciencias Humanas, UNICEN. Investigador Adjunto de CONICET. Co-director del proyecto \u201cPr\u00e1cticas art\u00edsticas y memoria social de ciudades medias del centro bonaerense\u201d (03\/G170). Finalizado. Director del proyecto \u201cNeo-extractivismo y pr\u00e1cticas de re(s\/x)istencia. Registro documental y mapa colaborativo sobre experiencias socio-est\u00e9ticas en el centro de la provincia de Buenos Aires (Azul, Tandil, Olavarr\u00eda)\u201d (03-PIO-87D). Vigente. Envelope Linkedin Lic. Diana Gabriela Barreyra Profesora de Castellano y Literatura, Profesora y Licenciada en Teatro Facultad de Arte UNICEN. Profesora Adjunta Historia de las Estructuras Teatrales I. Ayudante Diplomada. Historia de las Estructuras Teatrales II. Profesorado y Licenciatura en Teatro. Facultad de Arte. UNICEN. Co-directora del proyecto \u201cArtes esc\u00e9nicas en el campo socio cultural de la regi\u00f3n centro-sudeste de la provincia de Buenos Aires (2000- 2020)\u201d (03\/G168). Finalizado. Codirectora del Proyecto \u201cUna dramaturgia situada: dramaturgxs tandilenses en el siglo XXI\u201d (03\/G182) Vigente. Envelope Linkedin Mg. Marcela Bertoldi Profesora Adjunta. Did\u00e1ctica General y Especial del Juego Dram\u00e1tico. Pr\u00e1ctica de la Ense\u00f1anza. Profesorado y Licenciatura en Teatro. Facultad de Arte. UNICEN. Profesora Adjunta. Did\u00e1ctica General. Profesorado en Ciencias Biol\u00f3gicas. Facultad de Agronom\u00eda. UNICEN.Codirectora del Proyecto \u201cLa producci\u00f3n de discursos para la Educaci\u00f3n Art\u00edstica en el nivel secundario de la Provincia de Buenos Aires (2011-2021). Las escuelas secundarias orientadas en Arte en la ciudad de Tandil\u201d. C\u00f3digo: 03\/G180.Vigente. Envelope Linkedin Dr. Javier Campo Licenciado en Ciencias de la Comunicaci\u00f3n. FCS UBA, Doctor en Ciencias Sociales FCS. UBA. Profesor Adjunto de Est\u00e9tica cinematogr\u00e1fica. Realizaci\u00f3n Integral en Artes Audiovisuales. Facultad de Arte. UNICEN. Investigador Adjunto de CONICET. Director del proyecto PICT \u201cMemoria de culturas argentinas. Recopilaci\u00f3n y estudio de la obra de Jorge Prelor\u00e1n\u201d. Subsidio de la Agencia Nacional de Promoci\u00f3n Cient\u00edfica y Tecnol\u00f3gica. PICT-2015-. Vigente. Director del proyecto &#8220;Modos de ver y o\u00edr lo local. Estudio del audiovisual documental del centro de la provincia de Buenos Aires.\u201d. JOVIN- Proyectos J\u00f3venes Investigadores 2019\/2020. C\u00f3digo 03-JOVIN-04G. Finalizado. Co-Director del proyecto \u201cProblem\u00e1ticas del cine y el audiovisual documental. Teor\u00eda, historia, est\u00e9tica y nuevos dispositivos: el caso argentino (1958-2017)\u201d (03\/G169). Finalizado. Director del proyecto Historia cr\u00edtico-tecnol\u00f3gica del cine documental argentino. PICT-2019-03988. Vigente. Envelope Linkedin Mg. Teresita Mar\u00eda Victoria Fuentes Prof. Castellano y Literatura. Lic. en Teatro. Mg. en Historia del Teatro Argentino y Latinoamericano (UBA). Prof. Titular Historia de las Estructuras Teatrales II y Seminario de Investigaci\u00f3n e Integraci\u00f3n Teatral. Profesorado y Licenciatura en Teatro. Literatura Latinoamericana y Argentina. Realizaci\u00f3n Integral en Artes Audiovisuales. Facultad de Arte. UNICEN. Directora del Proyecto \u201cArtes esc\u00e9nicas en el campo socio cultural de la regi\u00f3n centro-sudeste de la provincia de Buenos Aires (2000- 2020)\u201d (03\/G168). Finalizado. Directora del Proyecto \u201cUna dramaturgia situada: dramaturgxs tandilenses en el siglo XXI\u201d (03\/G182) Vigente. Envelope Linkedin Mg. Luz Hojsgaard Profesora y Licenciada en Teatro. Facultad de Arte. UNICEN. Magister en Teatro. Facultad de Arte. UNICEN.\u00a0 Jefa de Trabajos Pr\u00e1cticos Educaci\u00f3n de la voz III, Semi\u00f3tica I y II. Profesorado y Licenciatura en Teatro. Facultad de Arte. UNICEN. Directora del Proyecto JOVIN \u201cIntegralidad e interdisciplina. Lo audiovisual en la escena contempor\u00e1nea local y regional. Relevamiento, an\u00e1lisis y generaci\u00f3n de contenidos art\u00edstico-pedag\u00f3gicos.\u201d Vigente. Envelope Linkedin Dra. Mar\u00eda Eugenia Iturralde Licenciada en Comunicaci\u00f3n Social UNICEN. Doctora en Comunicaci\u00f3n UNLP.\u00a0 Jefa de Trabajos Pr\u00e1cticos Taller de Gesti\u00f3n de Medios Comunitarios. Licenciatura en Comunicaci\u00f3n Social. Facultad de Ciencias Sociales UNICEN.\u00a0 Directora del proyecto: \u201cArchivos digitales de acceso abierto. Preservaci\u00f3n de fuentes documentales en investigaciones sociales y art\u00edsticas y con fines de divulgaci\u00f3n cient\u00edfica en la UNICEN\u201d. (03-JOVIN-82G). Vigente Envelope Linkedin Dr. Juan Manuel Padr\u00f3n Profesor, Licenciado y Doctor en Historia. Facultad de Ciencias Humanas. UNICEN. Profesor Adjunto. Historia del Cine II. Arte y Pensamiento Contempor\u00e1neo. Realizaci\u00f3n Integral en Artes Audiovisuales. Metodolog\u00eda de la Investigaci\u00f3n. Profesorado y Licenciatura en Teatro. Facultad de Arte. UNICEN\u00a0 Director del proyecto de incentivos \u201cP\u00fablicos, exhibici\u00f3n y distribuci\u00f3n cinematogr\u00e1fica en el sur bonaerense\u201d (c. 1950-c.1990). Envelope Linkedin Dra. Gabriela Pi\u00f1ero Licenciada en Artes (Universidad de Buenos Aires). Doctora y Mag\u00edster en Historia del Arte (Universidad Nacional Aut\u00f3noma de M\u00e9xico) Jefa de Trabajos Pr\u00e1cticos en Semi\u00f3tica I y II, carrera de Profesorado y Licenciatura en Teatro, Facultad de Arte UNICEN. Codirectora del proyecto \u201cNeo-extractivismo y pr\u00e1cticas de re(s\/x)istencia. Registro documental y mapa colaborativo sobre experiencias socio-est\u00e9ticas en el centro de la provincia de Buenos Aires (Azul, Tandil, Olavarr\u00eda)\u201d (03-PIO-87D). Vigente.<\/p>\n","protected":false},"author":2,"featured_media":0,"parent":149,"menu_order":0,"comment_status":"closed","ping_status":"closed","template":"","meta":{"_acf_changed":false,"site-sidebar-layout":"default","site-content-layout":"","ast-site-content-layout":"default","site-content-style":"default","site-sidebar-style":"default","ast-global-header-display":"","ast-banner-title-visibility":"","ast-main-header-display":"","ast-hfb-above-header-display":"","ast-hfb-below-header-display":"","ast-hfb-mobile-header-display":"","site-post-title":"","ast-breadcrumbs-content":"","ast-featured-img":"","footer-sml-layout":"","theme-transparent-header-meta":"default","adv-header-id-meta":"","stick-header-meta":"","header-above-stick-meta":"","header-main-stick-meta":"","header-below-stick-meta":"","astra-migrate-meta-layouts":"set","ast-page-background-enabled":"default","ast-page-background-meta":{"desktop":{"background-color":"var(--ast-global-color-4)","background-image":"","background-repeat":"repeat","background-position":"center center","background-size":"auto","background-attachment":"scroll","background-type":"","background-media":"","overlay-type":"","overlay-color":"","overlay-opacity":"","overlay-gradient":""},"tablet":{"background-color":"","background-image":"","background-repeat":"repeat","background-position":"center center","background-size":"auto","background-attachment":"scroll","background-type":"","background-media":"","overlay-type":"","overlay-color":"","overlay-opacity":"","overlay-gradient":""},"mobile":{"background-color":"","background-image":"","background-repeat":"repeat","background-position":"center center","background-size":"auto","background-attachment":"scroll","background-type":"","background-media":"","overlay-type":"","overlay-color":"","overlay-opacity":"","overlay-gradient":""}},"ast-content-background-meta":{"desktop":{"background-color":"var(--ast-global-color-5)","background-image":"","background-repeat":"repeat","background-position":"center center","background-size":"auto","background-attachment":"scroll","background-type":"","background-media":"","overlay-type":"","overlay-color":"","overlay-opacity":"","overlay-gradient":""},"tablet":{"background-color":"var(--ast-global-color-5)","background-image":"","background-repeat":"repeat","background-position":"center center","background-size":"auto","background-attachment":"scroll","background-type":"","background-media":"","overlay-type":"","overlay-color":"","overlay-opacity":"","overlay-gradient":""},"mobile":{"background-color":"var(--ast-global-color-5)","background-image":"","background-repeat":"repeat","background-position":"center center","background-size":"auto","background-attachment":"scroll","background-type":"","background-media":"","overlay-type":"","overlay-color":"","overlay-opacity":"","overlay-gradient":""}},"footnotes":""},"class_list":["post-2639","page","type-page","status-publish","hentry"],"acf":[],"yoast_head":"<!-- This site is optimized with the Yoast SEO plugin v26.3 - https:\/\/yoast.com\/wordpress\/plugins\/seo\/ -->\n<title>Consejo Interno - TECC<\/title>\n<meta name=\"robots\" content=\"index, follow, max-snippet:-1, max-image-preview:large, max-video-preview:-1\" \/>\n<link rel=\"canonical\" href=\"https:\/\/www.arte.unicen.edu.ar\/tecc\/institucional\/consejo-interno\/\" \/>\n<meta property=\"og:locale\" content=\"es_ES\" \/>\n<meta property=\"og:type\" content=\"article\" \/>\n<meta property=\"og:title\" content=\"Consejo Interno - TECC\" \/>\n<meta property=\"og:description\" content=\"Consejo Interno Envelope Linkedin Dr. Luciano Barandari\u00e1n Profesor, Licenciado y Doctor en Historia, Facultad de Ciencias Humanas, UNICEN. Especialista en Educaci\u00f3n y Nuevas Tecnolog\u00edas, FLACSO Argentina. Docente en la asignatura Historia del Cine I, Realizaci\u00f3n Integral en Artes Audiovisuales. Facultad de Arte. UNICEN y en Historia Argentina II, Profesorado y Licenciatura en Historia Facultad de Ciencias Humanas, UNICEN. Investigador Adjunto de CONICET. Co-director del proyecto \u201cPr\u00e1cticas art\u00edsticas y memoria social de ciudades medias del centro bonaerense\u201d (03\/G170). Finalizado. Director del proyecto \u201cNeo-extractivismo y pr\u00e1cticas de re(s\/x)istencia. Registro documental y mapa colaborativo sobre experiencias socio-est\u00e9ticas en el centro de la provincia de Buenos Aires (Azul, Tandil, Olavarr\u00eda)\u201d (03-PIO-87D). Vigente. Envelope Linkedin Lic. Diana Gabriela Barreyra Profesora de Castellano y Literatura, Profesora y Licenciada en Teatro Facultad de Arte UNICEN. Profesora Adjunta Historia de las Estructuras Teatrales I. Ayudante Diplomada. Historia de las Estructuras Teatrales II. Profesorado y Licenciatura en Teatro. Facultad de Arte. UNICEN. Co-directora del proyecto \u201cArtes esc\u00e9nicas en el campo socio cultural de la regi\u00f3n centro-sudeste de la provincia de Buenos Aires (2000- 2020)\u201d (03\/G168). Finalizado. Codirectora del Proyecto \u201cUna dramaturgia situada: dramaturgxs tandilenses en el siglo XXI\u201d (03\/G182) Vigente. Envelope Linkedin Mg. Marcela Bertoldi Profesora Adjunta. Did\u00e1ctica General y Especial del Juego Dram\u00e1tico. Pr\u00e1ctica de la Ense\u00f1anza. Profesorado y Licenciatura en Teatro. Facultad de Arte. UNICEN. Profesora Adjunta. Did\u00e1ctica General. Profesorado en Ciencias Biol\u00f3gicas. Facultad de Agronom\u00eda. UNICEN.Codirectora del Proyecto \u201cLa producci\u00f3n de discursos para la Educaci\u00f3n Art\u00edstica en el nivel secundario de la Provincia de Buenos Aires (2011-2021). Las escuelas secundarias orientadas en Arte en la ciudad de Tandil\u201d. C\u00f3digo: 03\/G180.Vigente. Envelope Linkedin Dr. Javier Campo Licenciado en Ciencias de la Comunicaci\u00f3n. FCS UBA, Doctor en Ciencias Sociales FCS. UBA. Profesor Adjunto de Est\u00e9tica cinematogr\u00e1fica. Realizaci\u00f3n Integral en Artes Audiovisuales. Facultad de Arte. UNICEN. Investigador Adjunto de CONICET. Director del proyecto PICT \u201cMemoria de culturas argentinas. Recopilaci\u00f3n y estudio de la obra de Jorge Prelor\u00e1n\u201d. Subsidio de la Agencia Nacional de Promoci\u00f3n Cient\u00edfica y Tecnol\u00f3gica. PICT-2015-. Vigente. Director del proyecto &#8220;Modos de ver y o\u00edr lo local. Estudio del audiovisual documental del centro de la provincia de Buenos Aires.\u201d. JOVIN- Proyectos J\u00f3venes Investigadores 2019\/2020. C\u00f3digo 03-JOVIN-04G. Finalizado. Co-Director del proyecto \u201cProblem\u00e1ticas del cine y el audiovisual documental. Teor\u00eda, historia, est\u00e9tica y nuevos dispositivos: el caso argentino (1958-2017)\u201d (03\/G169). Finalizado. Director del proyecto Historia cr\u00edtico-tecnol\u00f3gica del cine documental argentino. PICT-2019-03988. Vigente. Envelope Linkedin Mg. Teresita Mar\u00eda Victoria Fuentes Prof. Castellano y Literatura. Lic. en Teatro. Mg. en Historia del Teatro Argentino y Latinoamericano (UBA). Prof. Titular Historia de las Estructuras Teatrales II y Seminario de Investigaci\u00f3n e Integraci\u00f3n Teatral. Profesorado y Licenciatura en Teatro. Literatura Latinoamericana y Argentina. Realizaci\u00f3n Integral en Artes Audiovisuales. Facultad de Arte. UNICEN. Directora del Proyecto \u201cArtes esc\u00e9nicas en el campo socio cultural de la regi\u00f3n centro-sudeste de la provincia de Buenos Aires (2000- 2020)\u201d (03\/G168). Finalizado. Directora del Proyecto \u201cUna dramaturgia situada: dramaturgxs tandilenses en el siglo XXI\u201d (03\/G182) Vigente. Envelope Linkedin Mg. Luz Hojsgaard Profesora y Licenciada en Teatro. Facultad de Arte. UNICEN. Magister en Teatro. Facultad de Arte. UNICEN.\u00a0 Jefa de Trabajos Pr\u00e1cticos Educaci\u00f3n de la voz III, Semi\u00f3tica I y II. Profesorado y Licenciatura en Teatro. Facultad de Arte. UNICEN. Directora del Proyecto JOVIN \u201cIntegralidad e interdisciplina. Lo audiovisual en la escena contempor\u00e1nea local y regional. Relevamiento, an\u00e1lisis y generaci\u00f3n de contenidos art\u00edstico-pedag\u00f3gicos.\u201d Vigente. Envelope Linkedin Dra. Mar\u00eda Eugenia Iturralde Licenciada en Comunicaci\u00f3n Social UNICEN. Doctora en Comunicaci\u00f3n UNLP.\u00a0 Jefa de Trabajos Pr\u00e1cticos Taller de Gesti\u00f3n de Medios Comunitarios. Licenciatura en Comunicaci\u00f3n Social. Facultad de Ciencias Sociales UNICEN.\u00a0 Directora del proyecto: \u201cArchivos digitales de acceso abierto. Preservaci\u00f3n de fuentes documentales en investigaciones sociales y art\u00edsticas y con fines de divulgaci\u00f3n cient\u00edfica en la UNICEN\u201d. (03-JOVIN-82G). Vigente Envelope Linkedin Dr. Juan Manuel Padr\u00f3n Profesor, Licenciado y Doctor en Historia. Facultad de Ciencias Humanas. UNICEN. Profesor Adjunto. Historia del Cine II. Arte y Pensamiento Contempor\u00e1neo. Realizaci\u00f3n Integral en Artes Audiovisuales. Metodolog\u00eda de la Investigaci\u00f3n. Profesorado y Licenciatura en Teatro. Facultad de Arte. UNICEN\u00a0 Director del proyecto de incentivos \u201cP\u00fablicos, exhibici\u00f3n y distribuci\u00f3n cinematogr\u00e1fica en el sur bonaerense\u201d (c. 1950-c.1990). Envelope Linkedin Dra. Gabriela Pi\u00f1ero Licenciada en Artes (Universidad de Buenos Aires). Doctora y Mag\u00edster en Historia del Arte (Universidad Nacional Aut\u00f3noma de M\u00e9xico) Jefa de Trabajos Pr\u00e1cticos en Semi\u00f3tica I y II, carrera de Profesorado y Licenciatura en Teatro, Facultad de Arte UNICEN. Codirectora del proyecto \u201cNeo-extractivismo y pr\u00e1cticas de re(s\/x)istencia. Registro documental y mapa colaborativo sobre experiencias socio-est\u00e9ticas en el centro de la provincia de Buenos Aires (Azul, Tandil, Olavarr\u00eda)\u201d (03-PIO-87D). Vigente.\" \/>\n<meta property=\"og:url\" content=\"https:\/\/www.arte.unicen.edu.ar\/tecc\/institucional\/consejo-interno\/\" \/>\n<meta property=\"og:site_name\" content=\"TECC\" \/>\n<meta property=\"article:publisher\" content=\"https:\/\/www.facebook.com\/tecc.fa.unicen\" \/>\n<meta property=\"article:modified_time\" content=\"2024-05-28T13:18:39+00:00\" \/>\n<meta property=\"og:image\" content=\"https:\/\/www.arte.unicen.edu.ar\/tecc\/wp-content\/uploads\/2023\/11\/Barandiaran.webp\" \/>\n<meta name=\"twitter:card\" content=\"summary_large_image\" \/>\n<meta name=\"twitter:label1\" content=\"Tiempo de lectura\" \/>\n\t<meta name=\"twitter:data1\" content=\"6 minutos\" \/>\n<script type=\"application\/ld+json\" class=\"yoast-schema-graph\">{\"@context\":\"https:\/\/schema.org\",\"@graph\":[{\"@type\":\"WebPage\",\"@id\":\"https:\/\/www.arte.unicen.edu.ar\/tecc\/institucional\/consejo-interno\/\",\"url\":\"https:\/\/www.arte.unicen.edu.ar\/tecc\/institucional\/consejo-interno\/\",\"name\":\"Consejo Interno - TECC\",\"isPartOf\":{\"@id\":\"https:\/\/www.arte.unicen.edu.ar\/tecc\/#website\"},\"primaryImageOfPage\":{\"@id\":\"https:\/\/www.arte.unicen.edu.ar\/tecc\/institucional\/consejo-interno\/#primaryimage\"},\"image\":{\"@id\":\"https:\/\/www.arte.unicen.edu.ar\/tecc\/institucional\/consejo-interno\/#primaryimage\"},\"thumbnailUrl\":\"https:\/\/www.arte.unicen.edu.ar\/tecc\/wp-content\/uploads\/2023\/11\/Barandiaran.webp\",\"datePublished\":\"2024-02-17T02:54:34+00:00\",\"dateModified\":\"2024-05-28T13:18:39+00:00\",\"breadcrumb\":{\"@id\":\"https:\/\/www.arte.unicen.edu.ar\/tecc\/institucional\/consejo-interno\/#breadcrumb\"},\"inLanguage\":\"es-AR\",\"potentialAction\":[{\"@type\":\"ReadAction\",\"target\":[\"https:\/\/www.arte.unicen.edu.ar\/tecc\/institucional\/consejo-interno\/\"]}]},{\"@type\":\"ImageObject\",\"inLanguage\":\"es-AR\",\"@id\":\"https:\/\/www.arte.unicen.edu.ar\/tecc\/institucional\/consejo-interno\/#primaryimage\",\"url\":\"https:\/\/www.arte.unicen.edu.ar\/tecc\/wp-content\/uploads\/2023\/11\/Barandiaran.webp\",\"contentUrl\":\"https:\/\/www.arte.unicen.edu.ar\/tecc\/wp-content\/uploads\/2023\/11\/Barandiaran.webp\",\"width\":800,\"height\":533,\"caption\":\"Barandiaran\"},{\"@type\":\"BreadcrumbList\",\"@id\":\"https:\/\/www.arte.unicen.edu.ar\/tecc\/institucional\/consejo-interno\/#breadcrumb\",\"itemListElement\":[{\"@type\":\"ListItem\",\"position\":1,\"name\":\"Institucional\",\"item\":\"https:\/\/www.arte.unicen.edu.ar\/tecc\/institucional\/\"},{\"@type\":\"ListItem\",\"position\":2,\"name\":\"Consejo Interno\"}]},{\"@type\":\"WebSite\",\"@id\":\"https:\/\/www.arte.unicen.edu.ar\/tecc\/#website\",\"url\":\"https:\/\/www.arte.unicen.edu.ar\/tecc\/\",\"name\":\"TECC\",\"description\":\"Centro de Estudios de Teatro, Educaci\u00f3n y Consumos Culturales\",\"publisher\":{\"@id\":\"https:\/\/www.arte.unicen.edu.ar\/tecc\/#organization\"},\"potentialAction\":[{\"@type\":\"SearchAction\",\"target\":{\"@type\":\"EntryPoint\",\"urlTemplate\":\"https:\/\/www.arte.unicen.edu.ar\/tecc\/?s={search_term_string}\"},\"query-input\":{\"@type\":\"PropertyValueSpecification\",\"valueRequired\":true,\"valueName\":\"search_term_string\"}}],\"inLanguage\":\"es-AR\"},{\"@type\":\"Organization\",\"@id\":\"https:\/\/www.arte.unicen.edu.ar\/tecc\/#organization\",\"name\":\"TECC\",\"url\":\"https:\/\/www.arte.unicen.edu.ar\/tecc\/\",\"logo\":{\"@type\":\"ImageObject\",\"inLanguage\":\"es-AR\",\"@id\":\"https:\/\/www.arte.unicen.edu.ar\/tecc\/#\/schema\/logo\/image\/\",\"url\":\"https:\/\/www.arte.unicen.edu.ar\/tecc\/wp-content\/uploads\/2023\/11\/logoTecc.webp\",\"contentUrl\":\"https:\/\/www.arte.unicen.edu.ar\/tecc\/wp-content\/uploads\/2023\/11\/logoTecc.webp\",\"width\":540,\"height\":180,\"caption\":\"TECC\"},\"image\":{\"@id\":\"https:\/\/www.arte.unicen.edu.ar\/tecc\/#\/schema\/logo\/image\/\"},\"sameAs\":[\"https:\/\/www.facebook.com\/tecc.fa.unicen\"]}]}<\/script>\n<!-- \/ Yoast SEO plugin. -->","yoast_head_json":{"title":"Consejo Interno - TECC","robots":{"index":"index","follow":"follow","max-snippet":"max-snippet:-1","max-image-preview":"max-image-preview:large","max-video-preview":"max-video-preview:-1"},"canonical":"https:\/\/www.arte.unicen.edu.ar\/tecc\/institucional\/consejo-interno\/","og_locale":"es_ES","og_type":"article","og_title":"Consejo Interno - TECC","og_description":"Consejo Interno Envelope Linkedin Dr. Luciano Barandari\u00e1n Profesor, Licenciado y Doctor en Historia, Facultad de Ciencias Humanas, UNICEN. Especialista en Educaci\u00f3n y Nuevas Tecnolog\u00edas, FLACSO Argentina. Docente en la asignatura Historia del Cine I, Realizaci\u00f3n Integral en Artes Audiovisuales. Facultad de Arte. UNICEN y en Historia Argentina II, Profesorado y Licenciatura en Historia Facultad de Ciencias Humanas, UNICEN. Investigador Adjunto de CONICET. Co-director del proyecto \u201cPr\u00e1cticas art\u00edsticas y memoria social de ciudades medias del centro bonaerense\u201d (03\/G170). Finalizado. Director del proyecto \u201cNeo-extractivismo y pr\u00e1cticas de re(s\/x)istencia. Registro documental y mapa colaborativo sobre experiencias socio-est\u00e9ticas en el centro de la provincia de Buenos Aires (Azul, Tandil, Olavarr\u00eda)\u201d (03-PIO-87D). Vigente. Envelope Linkedin Lic. Diana Gabriela Barreyra Profesora de Castellano y Literatura, Profesora y Licenciada en Teatro Facultad de Arte UNICEN. Profesora Adjunta Historia de las Estructuras Teatrales I. Ayudante Diplomada. Historia de las Estructuras Teatrales II. Profesorado y Licenciatura en Teatro. Facultad de Arte. UNICEN. Co-directora del proyecto \u201cArtes esc\u00e9nicas en el campo socio cultural de la regi\u00f3n centro-sudeste de la provincia de Buenos Aires (2000- 2020)\u201d (03\/G168). Finalizado. Codirectora del Proyecto \u201cUna dramaturgia situada: dramaturgxs tandilenses en el siglo XXI\u201d (03\/G182) Vigente. Envelope Linkedin Mg. Marcela Bertoldi Profesora Adjunta. Did\u00e1ctica General y Especial del Juego Dram\u00e1tico. Pr\u00e1ctica de la Ense\u00f1anza. Profesorado y Licenciatura en Teatro. Facultad de Arte. UNICEN. Profesora Adjunta. Did\u00e1ctica General. Profesorado en Ciencias Biol\u00f3gicas. Facultad de Agronom\u00eda. UNICEN.Codirectora del Proyecto \u201cLa producci\u00f3n de discursos para la Educaci\u00f3n Art\u00edstica en el nivel secundario de la Provincia de Buenos Aires (2011-2021). Las escuelas secundarias orientadas en Arte en la ciudad de Tandil\u201d. C\u00f3digo: 03\/G180.Vigente. Envelope Linkedin Dr. Javier Campo Licenciado en Ciencias de la Comunicaci\u00f3n. FCS UBA, Doctor en Ciencias Sociales FCS. UBA. Profesor Adjunto de Est\u00e9tica cinematogr\u00e1fica. Realizaci\u00f3n Integral en Artes Audiovisuales. Facultad de Arte. UNICEN. Investigador Adjunto de CONICET. Director del proyecto PICT \u201cMemoria de culturas argentinas. Recopilaci\u00f3n y estudio de la obra de Jorge Prelor\u00e1n\u201d. Subsidio de la Agencia Nacional de Promoci\u00f3n Cient\u00edfica y Tecnol\u00f3gica. PICT-2015-. Vigente. Director del proyecto &#8220;Modos de ver y o\u00edr lo local. Estudio del audiovisual documental del centro de la provincia de Buenos Aires.\u201d. JOVIN- Proyectos J\u00f3venes Investigadores 2019\/2020. C\u00f3digo 03-JOVIN-04G. Finalizado. Co-Director del proyecto \u201cProblem\u00e1ticas del cine y el audiovisual documental. Teor\u00eda, historia, est\u00e9tica y nuevos dispositivos: el caso argentino (1958-2017)\u201d (03\/G169). Finalizado. Director del proyecto Historia cr\u00edtico-tecnol\u00f3gica del cine documental argentino. PICT-2019-03988. Vigente. Envelope Linkedin Mg. Teresita Mar\u00eda Victoria Fuentes Prof. Castellano y Literatura. Lic. en Teatro. Mg. en Historia del Teatro Argentino y Latinoamericano (UBA). Prof. Titular Historia de las Estructuras Teatrales II y Seminario de Investigaci\u00f3n e Integraci\u00f3n Teatral. Profesorado y Licenciatura en Teatro. Literatura Latinoamericana y Argentina. Realizaci\u00f3n Integral en Artes Audiovisuales. Facultad de Arte. UNICEN. Directora del Proyecto \u201cArtes esc\u00e9nicas en el campo socio cultural de la regi\u00f3n centro-sudeste de la provincia de Buenos Aires (2000- 2020)\u201d (03\/G168). Finalizado. Directora del Proyecto \u201cUna dramaturgia situada: dramaturgxs tandilenses en el siglo XXI\u201d (03\/G182) Vigente. Envelope Linkedin Mg. Luz Hojsgaard Profesora y Licenciada en Teatro. Facultad de Arte. UNICEN. Magister en Teatro. Facultad de Arte. UNICEN.\u00a0 Jefa de Trabajos Pr\u00e1cticos Educaci\u00f3n de la voz III, Semi\u00f3tica I y II. Profesorado y Licenciatura en Teatro. Facultad de Arte. UNICEN. Directora del Proyecto JOVIN \u201cIntegralidad e interdisciplina. Lo audiovisual en la escena contempor\u00e1nea local y regional. Relevamiento, an\u00e1lisis y generaci\u00f3n de contenidos art\u00edstico-pedag\u00f3gicos.\u201d Vigente. Envelope Linkedin Dra. Mar\u00eda Eugenia Iturralde Licenciada en Comunicaci\u00f3n Social UNICEN. Doctora en Comunicaci\u00f3n UNLP.\u00a0 Jefa de Trabajos Pr\u00e1cticos Taller de Gesti\u00f3n de Medios Comunitarios. Licenciatura en Comunicaci\u00f3n Social. Facultad de Ciencias Sociales UNICEN.\u00a0 Directora del proyecto: \u201cArchivos digitales de acceso abierto. Preservaci\u00f3n de fuentes documentales en investigaciones sociales y art\u00edsticas y con fines de divulgaci\u00f3n cient\u00edfica en la UNICEN\u201d. (03-JOVIN-82G). Vigente Envelope Linkedin Dr. Juan Manuel Padr\u00f3n Profesor, Licenciado y Doctor en Historia. Facultad de Ciencias Humanas. UNICEN. Profesor Adjunto. Historia del Cine II. Arte y Pensamiento Contempor\u00e1neo. Realizaci\u00f3n Integral en Artes Audiovisuales. Metodolog\u00eda de la Investigaci\u00f3n. Profesorado y Licenciatura en Teatro. Facultad de Arte. UNICEN\u00a0 Director del proyecto de incentivos \u201cP\u00fablicos, exhibici\u00f3n y distribuci\u00f3n cinematogr\u00e1fica en el sur bonaerense\u201d (c. 1950-c.1990). Envelope Linkedin Dra. Gabriela Pi\u00f1ero Licenciada en Artes (Universidad de Buenos Aires). Doctora y Mag\u00edster en Historia del Arte (Universidad Nacional Aut\u00f3noma de M\u00e9xico) Jefa de Trabajos Pr\u00e1cticos en Semi\u00f3tica I y II, carrera de Profesorado y Licenciatura en Teatro, Facultad de Arte UNICEN. Codirectora del proyecto \u201cNeo-extractivismo y pr\u00e1cticas de re(s\/x)istencia. Registro documental y mapa colaborativo sobre experiencias socio-est\u00e9ticas en el centro de la provincia de Buenos Aires (Azul, Tandil, Olavarr\u00eda)\u201d (03-PIO-87D). Vigente.","og_url":"https:\/\/www.arte.unicen.edu.ar\/tecc\/institucional\/consejo-interno\/","og_site_name":"TECC","article_publisher":"https:\/\/www.facebook.com\/tecc.fa.unicen","article_modified_time":"2024-05-28T13:18:39+00:00","og_image":[{"url":"https:\/\/www.arte.unicen.edu.ar\/tecc\/wp-content\/uploads\/2023\/11\/Barandiaran.webp","type":"","width":"","height":""}],"twitter_card":"summary_large_image","twitter_misc":{"Tiempo de lectura":"6 minutos"},"schema":{"@context":"https:\/\/schema.org","@graph":[{"@type":"WebPage","@id":"https:\/\/www.arte.unicen.edu.ar\/tecc\/institucional\/consejo-interno\/","url":"https:\/\/www.arte.unicen.edu.ar\/tecc\/institucional\/consejo-interno\/","name":"Consejo Interno - TECC","isPartOf":{"@id":"https:\/\/www.arte.unicen.edu.ar\/tecc\/#website"},"primaryImageOfPage":{"@id":"https:\/\/www.arte.unicen.edu.ar\/tecc\/institucional\/consejo-interno\/#primaryimage"},"image":{"@id":"https:\/\/www.arte.unicen.edu.ar\/tecc\/institucional\/consejo-interno\/#primaryimage"},"thumbnailUrl":"https:\/\/www.arte.unicen.edu.ar\/tecc\/wp-content\/uploads\/2023\/11\/Barandiaran.webp","datePublished":"2024-02-17T02:54:34+00:00","dateModified":"2024-05-28T13:18:39+00:00","breadcrumb":{"@id":"https:\/\/www.arte.unicen.edu.ar\/tecc\/institucional\/consejo-interno\/#breadcrumb"},"inLanguage":"es-AR","potentialAction":[{"@type":"ReadAction","target":["https:\/\/www.arte.unicen.edu.ar\/tecc\/institucional\/consejo-interno\/"]}]},{"@type":"ImageObject","inLanguage":"es-AR","@id":"https:\/\/www.arte.unicen.edu.ar\/tecc\/institucional\/consejo-interno\/#primaryimage","url":"https:\/\/www.arte.unicen.edu.ar\/tecc\/wp-content\/uploads\/2023\/11\/Barandiaran.webp","contentUrl":"https:\/\/www.arte.unicen.edu.ar\/tecc\/wp-content\/uploads\/2023\/11\/Barandiaran.webp","width":800,"height":533,"caption":"Barandiaran"},{"@type":"BreadcrumbList","@id":"https:\/\/www.arte.unicen.edu.ar\/tecc\/institucional\/consejo-interno\/#breadcrumb","itemListElement":[{"@type":"ListItem","position":1,"name":"Institucional","item":"https:\/\/www.arte.unicen.edu.ar\/tecc\/institucional\/"},{"@type":"ListItem","position":2,"name":"Consejo Interno"}]},{"@type":"WebSite","@id":"https:\/\/www.arte.unicen.edu.ar\/tecc\/#website","url":"https:\/\/www.arte.unicen.edu.ar\/tecc\/","name":"TECC","description":"Centro de Estudios de Teatro, Educaci\u00f3n y Consumos Culturales","publisher":{"@id":"https:\/\/www.arte.unicen.edu.ar\/tecc\/#organization"},"potentialAction":[{"@type":"SearchAction","target":{"@type":"EntryPoint","urlTemplate":"https:\/\/www.arte.unicen.edu.ar\/tecc\/?s={search_term_string}"},"query-input":{"@type":"PropertyValueSpecification","valueRequired":true,"valueName":"search_term_string"}}],"inLanguage":"es-AR"},{"@type":"Organization","@id":"https:\/\/www.arte.unicen.edu.ar\/tecc\/#organization","name":"TECC","url":"https:\/\/www.arte.unicen.edu.ar\/tecc\/","logo":{"@type":"ImageObject","inLanguage":"es-AR","@id":"https:\/\/www.arte.unicen.edu.ar\/tecc\/#\/schema\/logo\/image\/","url":"https:\/\/www.arte.unicen.edu.ar\/tecc\/wp-content\/uploads\/2023\/11\/logoTecc.webp","contentUrl":"https:\/\/www.arte.unicen.edu.ar\/tecc\/wp-content\/uploads\/2023\/11\/logoTecc.webp","width":540,"height":180,"caption":"TECC"},"image":{"@id":"https:\/\/www.arte.unicen.edu.ar\/tecc\/#\/schema\/logo\/image\/"},"sameAs":["https:\/\/www.facebook.com\/tecc.fa.unicen"]}]}},"_links":{"self":[{"href":"https:\/\/www.arte.unicen.edu.ar\/tecc\/wp-json\/wp\/v2\/pages\/2639","targetHints":{"allow":["GET"]}}],"collection":[{"href":"https:\/\/www.arte.unicen.edu.ar\/tecc\/wp-json\/wp\/v2\/pages"}],"about":[{"href":"https:\/\/www.arte.unicen.edu.ar\/tecc\/wp-json\/wp\/v2\/types\/page"}],"author":[{"embeddable":true,"href":"https:\/\/www.arte.unicen.edu.ar\/tecc\/wp-json\/wp\/v2\/users\/2"}],"replies":[{"embeddable":true,"href":"https:\/\/www.arte.unicen.edu.ar\/tecc\/wp-json\/wp\/v2\/comments?post=2639"}],"version-history":[{"count":12,"href":"https:\/\/www.arte.unicen.edu.ar\/tecc\/wp-json\/wp\/v2\/pages\/2639\/revisions"}],"predecessor-version":[{"id":3429,"href":"https:\/\/www.arte.unicen.edu.ar\/tecc\/wp-json\/wp\/v2\/pages\/2639\/revisions\/3429"}],"up":[{"embeddable":true,"href":"https:\/\/www.arte.unicen.edu.ar\/tecc\/wp-json\/wp\/v2\/pages\/149"}],"wp:attachment":[{"href":"https:\/\/www.arte.unicen.edu.ar\/tecc\/wp-json\/wp\/v2\/media?parent=2639"}],"curies":[{"name":"wp","href":"https:\/\/api.w.org\/{rel}","templated":true}]}}