{"id":150,"date":"2023-11-14T08:51:06","date_gmt":"2023-11-14T11:51:06","guid":{"rendered":"http:\/\/tecc.chilaproducciones.com.ar\/?page_id=7"},"modified":"2024-05-28T10:17:39","modified_gmt":"2024-05-28T13:17:39","slug":"autoridades","status":"publish","type":"page","link":"https:\/\/www.arte.unicen.edu.ar\/tecc\/institucional\/autoridades\/","title":{"rendered":"Direcci\u00f3n"},"content":{"rendered":"\t\t<div data-elementor-type=\"wp-page\" data-elementor-id=\"150\" class=\"elementor elementor-150\" data-elementor-post-type=\"page\">\n\t\t\t\t<div class=\"elementor-element elementor-element-d068001 e-flex e-con-boxed wpr-particle-no wpr-jarallax-no wpr-parallax-no wpr-sticky-section-no e-con e-parent\" data-id=\"d068001\" data-element_type=\"container\">\n\t\t\t\t\t<div class=\"e-con-inner\">\n\t\t\t\t<div class=\"elementor-element elementor-element-1192d06 elementor-invisible elementor-widget elementor-widget-heading\" data-id=\"1192d06\" data-element_type=\"widget\" data-settings=\"{&quot;_animation&quot;:&quot;fadeInUp&quot;}\" data-widget_type=\"heading.default\">\n\t\t\t\t<div class=\"elementor-widget-container\">\n\t\t\t\t\t<h1 class=\"elementor-heading-title elementor-size-default\">Autoridades<\/h1>\t\t\t\t<\/div>\n\t\t\t\t<\/div>\n\t\t\t\t\t<\/div>\n\t\t\t\t<\/div>\n\t\t<div class=\"elementor-element elementor-element-b935518 e-flex e-con-boxed wpr-particle-no wpr-jarallax-no wpr-parallax-no wpr-sticky-section-no e-con e-parent\" data-id=\"b935518\" data-element_type=\"container\">\n\t\t\t\t\t<div class=\"e-con-inner\">\n\t\t<div class=\"elementor-element elementor-element-4a30c13 e-con-full e-flex wpr-particle-no wpr-jarallax-no wpr-parallax-no wpr-sticky-section-no elementor-invisible e-con e-child\" data-id=\"4a30c13\" data-element_type=\"container\" data-settings=\"{&quot;animation&quot;:&quot;fadeInLeft&quot;,&quot;animation_delay&quot;:200}\">\n\t\t\t\t<div class=\"elementor-element elementor-element-338e5a1 elementor-widget elementor-widget-image\" data-id=\"338e5a1\" data-element_type=\"widget\" data-widget_type=\"image.default\">\n\t\t\t\t<div class=\"elementor-widget-container\">\n\t\t\t\t\t\t\t\t\t\t\t\t\t\t\t<img fetchpriority=\"high\" decoding=\"async\" width=\"800\" height=\"921\" src=\"https:\/\/www.arte.unicen.edu.ar\/tecc\/wp-content\/uploads\/2024\/02\/Dimatteo2.webp\" class=\"attachment-full size-full wp-image-2596\" alt=\"Di Matteo\" srcset=\"https:\/\/www.arte.unicen.edu.ar\/tecc\/wp-content\/uploads\/2024\/02\/Dimatteo2.webp 800w, https:\/\/www.arte.unicen.edu.ar\/tecc\/wp-content\/uploads\/2024\/02\/Dimatteo2-261x300.webp 261w, https:\/\/www.arte.unicen.edu.ar\/tecc\/wp-content\/uploads\/2024\/02\/Dimatteo2-768x884.webp 768w\" sizes=\"(max-width: 800px) 100vw, 800px\" \/>\t\t\t\t\t\t\t\t\t\t\t\t\t\t\t<\/div>\n\t\t\t\t<\/div>\n\t\t\t\t<\/div>\n\t\t<div class=\"elementor-element elementor-element-f04044d e-con-full e-flex wpr-particle-no wpr-jarallax-no wpr-parallax-no wpr-sticky-section-no elementor-invisible e-con e-child\" data-id=\"f04044d\" data-element_type=\"container\" data-settings=\"{&quot;background_background&quot;:&quot;classic&quot;,&quot;animation&quot;:&quot;fadeInRight&quot;}\">\n\t\t\t\t<div class=\"elementor-element elementor-element-d8e520e elementor-widget elementor-widget-heading\" data-id=\"d8e520e\" data-element_type=\"widget\" data-widget_type=\"heading.default\">\n\t\t\t\t<div class=\"elementor-widget-container\">\n\t\t\t\t\t<h4 class=\"elementor-heading-title elementor-size-default\">Directora<\/h4>\t\t\t\t<\/div>\n\t\t\t\t<\/div>\n\t\t\t\t<div class=\"elementor-element elementor-element-a50d2e7 elementor-widget elementor-widget-heading\" data-id=\"a50d2e7\" data-element_type=\"widget\" data-widget_type=\"heading.default\">\n\t\t\t\t<div class=\"elementor-widget-container\">\n\t\t\t\t\t<h2 class=\"elementor-heading-title elementor-size-default\">Dra. Mar\u00eda Cristina Dimatteo<\/h2>\t\t\t\t<\/div>\n\t\t\t\t<\/div>\n\t\t\t\t<div class=\"elementor-element elementor-element-a6df375 elementor-widget-divider--view-line elementor-widget elementor-widget-divider\" data-id=\"a6df375\" data-element_type=\"widget\" data-widget_type=\"divider.default\">\n\t\t\t\t<div class=\"elementor-widget-container\">\n\t\t\t\t\t\t\t<div class=\"elementor-divider\">\n\t\t\t<span class=\"elementor-divider-separator\">\n\t\t\t\t\t\t<\/span>\n\t\t<\/div>\n\t\t\t\t\t\t<\/div>\n\t\t\t\t<\/div>\n\t\t\t\t<div class=\"elementor-element elementor-element-d6e0105 elementor-widget elementor-widget-text-editor\" data-id=\"d6e0105\" data-element_type=\"widget\" data-widget_type=\"text-editor.default\">\n\t\t\t\t<div class=\"elementor-widget-container\">\n\t\t\t\t\t\t\t\t\t<p>Prof. en Ciencias de la Educaci\u00f3n. Magister en Educaci\u00f3n con orientaci\u00f3n en Ciencias Sociales (FCH \u2013 UNICEN). Dra. En Ciencias de la Educaci\u00f3n (FFyH \u2013Universidad Nacional de C\u00f3rdoba). Prof. Titular de Introducci\u00f3n a la Educaci\u00f3n. Planeamiento y Conducci\u00f3n de la Ense\u00f1anza Superior. Profesorado de Teatro. Facultad de Arte. UNICEN. <br><br>Directora de los Proyectos \u201cPr\u00e1cticas de ense\u00f1anza del Teatro. Saberes y habilidades en contexto\u201d (03\/G161). Finalizado. Y 03\/G176 \u201cPol\u00edticas educativas emergentes. Interjuego de lo macro y lo micro pol\u00edtico en el gobierno de la Educaci\u00f3n Art\u00edstica local (2008-2018)\u201d (03\/G176). Finalizado. Directora del Proyecto \u201cLa producci\u00f3n de discursos para la Educaci\u00f3n Art\u00edstica en el nivel secundario de la Provincia de Buenos Aires (2011-2021). Las escuelas secundarias orientadas en Arte en la ciudad de Tandil\u201d. C\u00f3digo: 03\/G180.Vigente.<\/p>\t\t\t\t\t\t\t\t<\/div>\n\t\t\t\t<\/div>\n\t\t\t\t<div class=\"elementor-element elementor-element-9d9a3ee e-grid-align-left elementor-shape-rounded elementor-grid-0 elementor-widget elementor-widget-social-icons\" data-id=\"9d9a3ee\" data-element_type=\"widget\" data-widget_type=\"social-icons.default\">\n\t\t\t\t<div class=\"elementor-widget-container\">\n\t\t\t\t\t\t\t<div class=\"elementor-social-icons-wrapper elementor-grid\" role=\"list\">\n\t\t\t\t\t\t\t<span class=\"elementor-grid-item\" role=\"listitem\">\n\t\t\t\t\t<a class=\"elementor-icon elementor-social-icon elementor-social-icon-envelope elementor-repeater-item-28ed2db\" target=\"_blank\">\n\t\t\t\t\t\t<span class=\"elementor-screen-only\">Envelope<\/span>\n\t\t\t\t\t\t<svg aria-hidden=\"true\" class=\"e-font-icon-svg e-fas-envelope\" viewBox=\"0 0 512 512\" xmlns=\"http:\/\/www.w3.org\/2000\/svg\"><path d=\"M502.3 190.8c3.9-3.1 9.7-.2 9.7 4.7V400c0 26.5-21.5 48-48 48H48c-26.5 0-48-21.5-48-48V195.6c0-5 5.7-7.8 9.7-4.7 22.4 17.4 52.1 39.5 154.1 113.6 21.1 15.4 56.7 47.8 92.2 47.6 35.7.3 72-32.8 92.3-47.6 102-74.1 131.6-96.3 154-113.7zM256 320c23.2.4 56.6-29.2 73.4-41.4 132.7-96.3 142.8-104.7 173.4-128.7 5.8-4.5 9.2-11.5 9.2-18.9v-19c0-26.5-21.5-48-48-48H48C21.5 64 0 85.5 0 112v19c0 7.4 3.4 14.3 9.2 18.9 30.6 23.9 40.7 32.4 173.4 128.7 16.8 12.2 50.2 41.8 73.4 41.4z\"><\/path><\/svg>\t\t\t\t\t<\/a>\n\t\t\t\t<\/span>\n\t\t\t\t\t\t\t<span class=\"elementor-grid-item\" role=\"listitem\">\n\t\t\t\t\t<a class=\"elementor-icon elementor-social-icon elementor-social-icon-linkedin elementor-repeater-item-f03a68d\" target=\"_blank\">\n\t\t\t\t\t\t<span class=\"elementor-screen-only\">Linkedin<\/span>\n\t\t\t\t\t\t<svg aria-hidden=\"true\" class=\"e-font-icon-svg e-fab-linkedin\" viewBox=\"0 0 448 512\" xmlns=\"http:\/\/www.w3.org\/2000\/svg\"><path d=\"M416 32H31.9C14.3 32 0 46.5 0 64.3v383.4C0 465.5 14.3 480 31.9 480H416c17.6 0 32-14.5 32-32.3V64.3c0-17.8-14.4-32.3-32-32.3zM135.4 416H69V202.2h66.5V416zm-33.2-243c-21.3 0-38.5-17.3-38.5-38.5S80.9 96 102.2 96c21.2 0 38.5 17.3 38.5 38.5 0 21.3-17.2 38.5-38.5 38.5zm282.1 243h-66.4V312c0-24.8-.5-56.7-34.5-56.7-34.6 0-39.9 27-39.9 54.9V416h-66.4V202.2h63.7v29.2h.9c8.9-16.8 30.6-34.5 62.9-34.5 67.2 0 79.7 44.3 79.7 101.9V416z\"><\/path><\/svg>\t\t\t\t\t<\/a>\n\t\t\t\t<\/span>\n\t\t\t\t\t<\/div>\n\t\t\t\t\t\t<\/div>\n\t\t\t\t<\/div>\n\t\t\t\t<\/div>\n\t\t\t\t\t<\/div>\n\t\t\t\t<\/div>\n\t\t<div class=\"elementor-element elementor-element-20c307d e-flex e-con-boxed wpr-particle-no wpr-jarallax-no wpr-parallax-no wpr-sticky-section-no e-con e-parent\" data-id=\"20c307d\" data-element_type=\"container\">\n\t\t\t\t\t<div class=\"e-con-inner\">\n\t\t<div class=\"elementor-element elementor-element-243f39a e-con-full e-flex wpr-particle-no wpr-jarallax-no wpr-parallax-no wpr-sticky-section-no elementor-invisible e-con e-child\" data-id=\"243f39a\" data-element_type=\"container\" data-settings=\"{&quot;animation&quot;:&quot;fadeInRight&quot;,&quot;animation_delay&quot;:300}\">\n\t\t\t\t<div class=\"elementor-element elementor-element-f9730ff elementor-widget elementor-widget-image\" data-id=\"f9730ff\" data-element_type=\"widget\" data-widget_type=\"image.default\">\n\t\t\t\t<div class=\"elementor-widget-container\">\n\t\t\t\t\t\t\t\t\t\t\t\t\t\t\t<img decoding=\"async\" width=\"800\" height=\"921\" src=\"https:\/\/www.arte.unicen.edu.ar\/tecc\/wp-content\/uploads\/2024\/02\/Ana2.webp\" class=\"attachment-full size-full wp-image-2597\" alt=\"Ana Silva\" srcset=\"https:\/\/www.arte.unicen.edu.ar\/tecc\/wp-content\/uploads\/2024\/02\/Ana2.webp 800w, https:\/\/www.arte.unicen.edu.ar\/tecc\/wp-content\/uploads\/2024\/02\/Ana2-261x300.webp 261w, https:\/\/www.arte.unicen.edu.ar\/tecc\/wp-content\/uploads\/2024\/02\/Ana2-768x884.webp 768w\" sizes=\"(max-width: 800px) 100vw, 800px\" \/>\t\t\t\t\t\t\t\t\t\t\t\t\t\t\t<\/div>\n\t\t\t\t<\/div>\n\t\t\t\t<\/div>\n\t\t<div class=\"elementor-element elementor-element-562c251 e-con-full e-flex wpr-particle-no wpr-jarallax-no wpr-parallax-no wpr-sticky-section-no elementor-invisible e-con e-child\" data-id=\"562c251\" data-element_type=\"container\" data-settings=\"{&quot;background_background&quot;:&quot;classic&quot;,&quot;animation&quot;:&quot;fadeInLeft&quot;}\">\n\t\t\t\t<div class=\"elementor-element elementor-element-bf89222 elementor-widget elementor-widget-heading\" data-id=\"bf89222\" data-element_type=\"widget\" data-widget_type=\"heading.default\">\n\t\t\t\t<div class=\"elementor-widget-container\">\n\t\t\t\t\t<h4 class=\"elementor-heading-title elementor-size-default\">Vicedirectora<\/h4>\t\t\t\t<\/div>\n\t\t\t\t<\/div>\n\t\t\t\t<div class=\"elementor-element elementor-element-3f46c7a elementor-widget elementor-widget-heading\" data-id=\"3f46c7a\" data-element_type=\"widget\" data-widget_type=\"heading.default\">\n\t\t\t\t<div class=\"elementor-widget-container\">\n\t\t\t\t\t<h2 class=\"elementor-heading-title elementor-size-default\">Dra. Ana Cecilia Silva<\/h2>\t\t\t\t<\/div>\n\t\t\t\t<\/div>\n\t\t\t\t<div class=\"elementor-element elementor-element-0deeaf1 elementor-widget-divider--view-line elementor-widget elementor-widget-divider\" data-id=\"0deeaf1\" data-element_type=\"widget\" data-widget_type=\"divider.default\">\n\t\t\t\t<div class=\"elementor-widget-container\">\n\t\t\t\t\t\t\t<div class=\"elementor-divider\">\n\t\t\t<span class=\"elementor-divider-separator\">\n\t\t\t\t\t\t<\/span>\n\t\t<\/div>\n\t\t\t\t\t\t<\/div>\n\t\t\t\t<\/div>\n\t\t\t\t<div class=\"elementor-element elementor-element-6746a2a elementor-widget elementor-widget-text-editor\" data-id=\"6746a2a\" data-element_type=\"widget\" data-widget_type=\"text-editor.default\">\n\t\t\t\t<div class=\"elementor-widget-container\">\n\t\t\t\t\t\t\t\t\t<p>Lic. en Comunicaci\u00f3n Social (UNICEN). Dra. en Antropolog\u00eda Social (UBA).\u00a0<\/p><p>Prof. Adjunta de Teor\u00edas de la Comunicaci\u00f3n y la Cultura. Realizaci\u00f3n Integral en Artes Audiovisuales. Facultad de Arte. UNICEN. Investigadora Adjunta CONICET.\u00a0<\/p><p>Directora del proyecto \u201cMemorias y digitalizaci\u00f3n de archivos en ciudades medias bonaerenses, Posibilidades de la gesti\u00f3n digital de datos para la investigaci\u00f3n social y art\u00edstica\u201d. SPU\/SECAT, UNICEN. Tipo de proyecto: PIO &#8211; Proyectos Interdisciplinarios Orientados 2019\/2020. C\u00f3digo: 03-PIO-24G. Finalizado. Directora del proyecto \u201cPr\u00e1cticas art\u00edsticas y memoria social de ciudades medias del centro bonaerense\u201d (03\/G170). Finalizado.<\/p><p>Directora del proyecto \u201cMemorias del trabajo, movilizaciones de la \u2018cultura\u2019 y procesos colectivos. Transformaciones socioproductivas en el pasado reciente de ciudades medias de la<\/p><p>Provincia de Buenos Aires.\u201d PICT-2021-GRF-TI-00597. Vigente.<\/p>\t\t\t\t\t\t\t\t<\/div>\n\t\t\t\t<\/div>\n\t\t\t\t<div class=\"elementor-element elementor-element-e72185c e-grid-align-left elementor-shape-rounded elementor-grid-0 elementor-widget elementor-widget-social-icons\" data-id=\"e72185c\" data-element_type=\"widget\" data-widget_type=\"social-icons.default\">\n\t\t\t\t<div class=\"elementor-widget-container\">\n\t\t\t\t\t\t\t<div class=\"elementor-social-icons-wrapper elementor-grid\" role=\"list\">\n\t\t\t\t\t\t\t<span class=\"elementor-grid-item\" role=\"listitem\">\n\t\t\t\t\t<a class=\"elementor-icon elementor-social-icon elementor-social-icon-envelope elementor-repeater-item-28ed2db\" target=\"_blank\">\n\t\t\t\t\t\t<span class=\"elementor-screen-only\">Envelope<\/span>\n\t\t\t\t\t\t<svg aria-hidden=\"true\" class=\"e-font-icon-svg e-fas-envelope\" viewBox=\"0 0 512 512\" xmlns=\"http:\/\/www.w3.org\/2000\/svg\"><path d=\"M502.3 190.8c3.9-3.1 9.7-.2 9.7 4.7V400c0 26.5-21.5 48-48 48H48c-26.5 0-48-21.5-48-48V195.6c0-5 5.7-7.8 9.7-4.7 22.4 17.4 52.1 39.5 154.1 113.6 21.1 15.4 56.7 47.8 92.2 47.6 35.7.3 72-32.8 92.3-47.6 102-74.1 131.6-96.3 154-113.7zM256 320c23.2.4 56.6-29.2 73.4-41.4 132.7-96.3 142.8-104.7 173.4-128.7 5.8-4.5 9.2-11.5 9.2-18.9v-19c0-26.5-21.5-48-48-48H48C21.5 64 0 85.5 0 112v19c0 7.4 3.4 14.3 9.2 18.9 30.6 23.9 40.7 32.4 173.4 128.7 16.8 12.2 50.2 41.8 73.4 41.4z\"><\/path><\/svg>\t\t\t\t\t<\/a>\n\t\t\t\t<\/span>\n\t\t\t\t\t\t\t<span class=\"elementor-grid-item\" role=\"listitem\">\n\t\t\t\t\t<a class=\"elementor-icon elementor-social-icon elementor-social-icon-linkedin elementor-repeater-item-f03a68d\" target=\"_blank\">\n\t\t\t\t\t\t<span class=\"elementor-screen-only\">Linkedin<\/span>\n\t\t\t\t\t\t<svg aria-hidden=\"true\" class=\"e-font-icon-svg e-fab-linkedin\" viewBox=\"0 0 448 512\" xmlns=\"http:\/\/www.w3.org\/2000\/svg\"><path d=\"M416 32H31.9C14.3 32 0 46.5 0 64.3v383.4C0 465.5 14.3 480 31.9 480H416c17.6 0 32-14.5 32-32.3V64.3c0-17.8-14.4-32.3-32-32.3zM135.4 416H69V202.2h66.5V416zm-33.2-243c-21.3 0-38.5-17.3-38.5-38.5S80.9 96 102.2 96c21.2 0 38.5 17.3 38.5 38.5 0 21.3-17.2 38.5-38.5 38.5zm282.1 243h-66.4V312c0-24.8-.5-56.7-34.5-56.7-34.6 0-39.9 27-39.9 54.9V416h-66.4V202.2h63.7v29.2h.9c8.9-16.8 30.6-34.5 62.9-34.5 67.2 0 79.7 44.3 79.7 101.9V416z\"><\/path><\/svg>\t\t\t\t\t<\/a>\n\t\t\t\t<\/span>\n\t\t\t\t\t<\/div>\n\t\t\t\t\t\t<\/div>\n\t\t\t\t<\/div>\n\t\t\t\t<\/div>\n\t\t\t\t\t<\/div>\n\t\t\t\t<\/div>\n\t\t\t\t<\/div>\n\t\t","protected":false},"excerpt":{"rendered":"<p>Autoridades Directora Dra. Mar\u00eda Cristina Dimatteo Prof. en Ciencias de la Educaci\u00f3n. Magister en Educaci\u00f3n con orientaci\u00f3n en Ciencias Sociales (FCH \u2013 UNICEN). Dra. En Ciencias de la Educaci\u00f3n (FFyH \u2013Universidad Nacional de C\u00f3rdoba). Prof. Titular de Introducci\u00f3n a la Educaci\u00f3n. Planeamiento y Conducci\u00f3n de la Ense\u00f1anza Superior. Profesorado de Teatro. Facultad de Arte. UNICEN. Directora de los Proyectos \u201cPr\u00e1cticas de ense\u00f1anza del Teatro. Saberes y habilidades en contexto\u201d (03\/G161). Finalizado. Y 03\/G176 \u201cPol\u00edticas educativas emergentes. Interjuego de lo macro y lo micro pol\u00edtico en el gobierno de la Educaci\u00f3n Art\u00edstica local (2008-2018)\u201d (03\/G176). Finalizado. Directora del Proyecto \u201cLa producci\u00f3n de discursos para la Educaci\u00f3n Art\u00edstica en el nivel secundario de la Provincia de Buenos Aires (2011-2021). Las escuelas secundarias orientadas en Arte en la ciudad de Tandil\u201d. C\u00f3digo: 03\/G180.Vigente. Envelope Linkedin Vicedirectora Dra. Ana Cecilia Silva Lic. en Comunicaci\u00f3n Social (UNICEN). Dra. en Antropolog\u00eda Social (UBA).\u00a0 Prof. Adjunta de Teor\u00edas de la Comunicaci\u00f3n y la Cultura. Realizaci\u00f3n Integral en Artes Audiovisuales. Facultad de Arte. UNICEN. Investigadora Adjunta CONICET.\u00a0 Directora del proyecto \u201cMemorias y digitalizaci\u00f3n de archivos en ciudades medias bonaerenses, Posibilidades de la gesti\u00f3n digital de datos para la investigaci\u00f3n social y art\u00edstica\u201d. SPU\/SECAT, UNICEN. Tipo de proyecto: PIO &#8211; Proyectos Interdisciplinarios Orientados 2019\/2020. C\u00f3digo: 03-PIO-24G. Finalizado. Directora del proyecto \u201cPr\u00e1cticas art\u00edsticas y memoria social de ciudades medias del centro bonaerense\u201d (03\/G170). Finalizado. Directora del proyecto \u201cMemorias del trabajo, movilizaciones de la \u2018cultura\u2019 y procesos colectivos. Transformaciones socioproductivas en el pasado reciente de ciudades medias de la Provincia de Buenos Aires.\u201d PICT-2021-GRF-TI-00597. Vigente. Envelope Linkedin<\/p>\n","protected":false},"author":3,"featured_media":0,"parent":149,"menu_order":0,"comment_status":"closed","ping_status":"closed","template":"","meta":{"_acf_changed":false,"site-sidebar-layout":"default","site-content-layout":"","ast-site-content-layout":"default","site-content-style":"default","site-sidebar-style":"default","ast-global-header-display":"","ast-banner-title-visibility":"","ast-main-header-display":"","ast-hfb-above-header-display":"","ast-hfb-below-header-display":"","ast-hfb-mobile-header-display":"","site-post-title":"","ast-breadcrumbs-content":"","ast-featured-img":"","footer-sml-layout":"","theme-transparent-header-meta":"default","adv-header-id-meta":"","stick-header-meta":"","header-above-stick-meta":"","header-main-stick-meta":"","header-below-stick-meta":"","astra-migrate-meta-layouts":"set","ast-page-background-enabled":"default","ast-page-background-meta":{"desktop":{"background-color":"var(--ast-global-color-4)","background-image":"","background-repeat":"repeat","background-position":"center center","background-size":"auto","background-attachment":"scroll","background-type":"","background-media":"","overlay-type":"","overlay-color":"","overlay-opacity":"","overlay-gradient":""},"tablet":{"background-color":"","background-image":"","background-repeat":"repeat","background-position":"center center","background-size":"auto","background-attachment":"scroll","background-type":"","background-media":"","overlay-type":"","overlay-color":"","overlay-opacity":"","overlay-gradient":""},"mobile":{"background-color":"","background-image":"","background-repeat":"repeat","background-position":"center center","background-size":"auto","background-attachment":"scroll","background-type":"","background-media":"","overlay-type":"","overlay-color":"","overlay-opacity":"","overlay-gradient":""}},"ast-content-background-meta":{"desktop":{"background-color":"var(--ast-global-color-5)","background-image":"","background-repeat":"repeat","background-position":"center center","background-size":"auto","background-attachment":"scroll","background-type":"","background-media":"","overlay-type":"","overlay-color":"","overlay-opacity":"","overlay-gradient":""},"tablet":{"background-color":"var(--ast-global-color-5)","background-image":"","background-repeat":"repeat","background-position":"center center","background-size":"auto","background-attachment":"scroll","background-type":"","background-media":"","overlay-type":"","overlay-color":"","overlay-opacity":"","overlay-gradient":""},"mobile":{"background-color":"var(--ast-global-color-5)","background-image":"","background-repeat":"repeat","background-position":"center center","background-size":"auto","background-attachment":"scroll","background-type":"","background-media":"","overlay-type":"","overlay-color":"","overlay-opacity":"","overlay-gradient":""}},"footnotes":""},"class_list":["post-150","page","type-page","status-publish","hentry"],"acf":[],"yoast_head":"<!-- This site is optimized with the Yoast SEO plugin v26.3 - https:\/\/yoast.com\/wordpress\/plugins\/seo\/ -->\n<title>Direcci\u00f3n - TECC<\/title>\n<meta name=\"robots\" content=\"index, follow, max-snippet:-1, max-image-preview:large, max-video-preview:-1\" \/>\n<link rel=\"canonical\" href=\"https:\/\/www.arte.unicen.edu.ar\/tecc\/institucional\/autoridades\/\" \/>\n<meta property=\"og:locale\" content=\"es_ES\" \/>\n<meta property=\"og:type\" content=\"article\" \/>\n<meta property=\"og:title\" content=\"Direcci\u00f3n - TECC\" \/>\n<meta property=\"og:description\" content=\"Autoridades Directora Dra. Mar\u00eda Cristina Dimatteo Prof. en Ciencias de la Educaci\u00f3n. Magister en Educaci\u00f3n con orientaci\u00f3n en Ciencias Sociales (FCH \u2013 UNICEN). Dra. En Ciencias de la Educaci\u00f3n (FFyH \u2013Universidad Nacional de C\u00f3rdoba). Prof. Titular de Introducci\u00f3n a la Educaci\u00f3n. Planeamiento y Conducci\u00f3n de la Ense\u00f1anza Superior. Profesorado de Teatro. Facultad de Arte. UNICEN. Directora de los Proyectos \u201cPr\u00e1cticas de ense\u00f1anza del Teatro. Saberes y habilidades en contexto\u201d (03\/G161). Finalizado. Y 03\/G176 \u201cPol\u00edticas educativas emergentes. Interjuego de lo macro y lo micro pol\u00edtico en el gobierno de la Educaci\u00f3n Art\u00edstica local (2008-2018)\u201d (03\/G176). Finalizado. Directora del Proyecto \u201cLa producci\u00f3n de discursos para la Educaci\u00f3n Art\u00edstica en el nivel secundario de la Provincia de Buenos Aires (2011-2021). Las escuelas secundarias orientadas en Arte en la ciudad de Tandil\u201d. C\u00f3digo: 03\/G180.Vigente. Envelope Linkedin Vicedirectora Dra. Ana Cecilia Silva Lic. en Comunicaci\u00f3n Social (UNICEN). Dra. en Antropolog\u00eda Social (UBA).\u00a0 Prof. Adjunta de Teor\u00edas de la Comunicaci\u00f3n y la Cultura. Realizaci\u00f3n Integral en Artes Audiovisuales. Facultad de Arte. UNICEN. Investigadora Adjunta CONICET.\u00a0 Directora del proyecto \u201cMemorias y digitalizaci\u00f3n de archivos en ciudades medias bonaerenses, Posibilidades de la gesti\u00f3n digital de datos para la investigaci\u00f3n social y art\u00edstica\u201d. SPU\/SECAT, UNICEN. Tipo de proyecto: PIO &#8211; Proyectos Interdisciplinarios Orientados 2019\/2020. C\u00f3digo: 03-PIO-24G. Finalizado. Directora del proyecto \u201cPr\u00e1cticas art\u00edsticas y memoria social de ciudades medias del centro bonaerense\u201d (03\/G170). Finalizado. Directora del proyecto \u201cMemorias del trabajo, movilizaciones de la \u2018cultura\u2019 y procesos colectivos. Transformaciones socioproductivas en el pasado reciente de ciudades medias de la Provincia de Buenos Aires.\u201d PICT-2021-GRF-TI-00597. Vigente. Envelope Linkedin\" \/>\n<meta property=\"og:url\" content=\"https:\/\/www.arte.unicen.edu.ar\/tecc\/institucional\/autoridades\/\" \/>\n<meta property=\"og:site_name\" content=\"TECC\" \/>\n<meta property=\"article:publisher\" content=\"https:\/\/www.facebook.com\/tecc.fa.unicen\" \/>\n<meta property=\"article:modified_time\" content=\"2024-05-28T13:17:39+00:00\" \/>\n<meta property=\"og:image\" content=\"https:\/\/www.arte.unicen.edu.ar\/tecc\/wp-content\/uploads\/2024\/02\/Dimatteo2.webp\" \/>\n<meta name=\"twitter:card\" content=\"summary_large_image\" \/>\n<meta name=\"twitter:label1\" content=\"Tiempo de lectura\" \/>\n\t<meta name=\"twitter:data1\" content=\"2 minutos\" \/>\n<script type=\"application\/ld+json\" class=\"yoast-schema-graph\">{\"@context\":\"https:\/\/schema.org\",\"@graph\":[{\"@type\":\"WebPage\",\"@id\":\"https:\/\/www.arte.unicen.edu.ar\/tecc\/institucional\/autoridades\/\",\"url\":\"https:\/\/www.arte.unicen.edu.ar\/tecc\/institucional\/autoridades\/\",\"name\":\"Direcci\u00f3n - TECC\",\"isPartOf\":{\"@id\":\"https:\/\/www.arte.unicen.edu.ar\/tecc\/#website\"},\"primaryImageOfPage\":{\"@id\":\"https:\/\/www.arte.unicen.edu.ar\/tecc\/institucional\/autoridades\/#primaryimage\"},\"image\":{\"@id\":\"https:\/\/www.arte.unicen.edu.ar\/tecc\/institucional\/autoridades\/#primaryimage\"},\"thumbnailUrl\":\"https:\/\/www.arte.unicen.edu.ar\/tecc\/wp-content\/uploads\/2024\/02\/Dimatteo2.webp\",\"datePublished\":\"2023-11-14T11:51:06+00:00\",\"dateModified\":\"2024-05-28T13:17:39+00:00\",\"breadcrumb\":{\"@id\":\"https:\/\/www.arte.unicen.edu.ar\/tecc\/institucional\/autoridades\/#breadcrumb\"},\"inLanguage\":\"es-AR\",\"potentialAction\":[{\"@type\":\"ReadAction\",\"target\":[\"https:\/\/www.arte.unicen.edu.ar\/tecc\/institucional\/autoridades\/\"]}]},{\"@type\":\"ImageObject\",\"inLanguage\":\"es-AR\",\"@id\":\"https:\/\/www.arte.unicen.edu.ar\/tecc\/institucional\/autoridades\/#primaryimage\",\"url\":\"https:\/\/www.arte.unicen.edu.ar\/tecc\/wp-content\/uploads\/2024\/02\/Dimatteo2.webp\",\"contentUrl\":\"https:\/\/www.arte.unicen.edu.ar\/tecc\/wp-content\/uploads\/2024\/02\/Dimatteo2.webp\",\"width\":800,\"height\":921,\"caption\":\"Di Matteo\"},{\"@type\":\"BreadcrumbList\",\"@id\":\"https:\/\/www.arte.unicen.edu.ar\/tecc\/institucional\/autoridades\/#breadcrumb\",\"itemListElement\":[{\"@type\":\"ListItem\",\"position\":1,\"name\":\"Institucional\",\"item\":\"https:\/\/www.arte.unicen.edu.ar\/tecc\/institucional\/\"},{\"@type\":\"ListItem\",\"position\":2,\"name\":\"Direcci\u00f3n\"}]},{\"@type\":\"WebSite\",\"@id\":\"https:\/\/www.arte.unicen.edu.ar\/tecc\/#website\",\"url\":\"https:\/\/www.arte.unicen.edu.ar\/tecc\/\",\"name\":\"TECC\",\"description\":\"Centro de Estudios de Teatro, Educaci\u00f3n y Consumos Culturales\",\"publisher\":{\"@id\":\"https:\/\/www.arte.unicen.edu.ar\/tecc\/#organization\"},\"potentialAction\":[{\"@type\":\"SearchAction\",\"target\":{\"@type\":\"EntryPoint\",\"urlTemplate\":\"https:\/\/www.arte.unicen.edu.ar\/tecc\/?s={search_term_string}\"},\"query-input\":{\"@type\":\"PropertyValueSpecification\",\"valueRequired\":true,\"valueName\":\"search_term_string\"}}],\"inLanguage\":\"es-AR\"},{\"@type\":\"Organization\",\"@id\":\"https:\/\/www.arte.unicen.edu.ar\/tecc\/#organization\",\"name\":\"TECC\",\"url\":\"https:\/\/www.arte.unicen.edu.ar\/tecc\/\",\"logo\":{\"@type\":\"ImageObject\",\"inLanguage\":\"es-AR\",\"@id\":\"https:\/\/www.arte.unicen.edu.ar\/tecc\/#\/schema\/logo\/image\/\",\"url\":\"https:\/\/www.arte.unicen.edu.ar\/tecc\/wp-content\/uploads\/2023\/11\/logoTecc.webp\",\"contentUrl\":\"https:\/\/www.arte.unicen.edu.ar\/tecc\/wp-content\/uploads\/2023\/11\/logoTecc.webp\",\"width\":540,\"height\":180,\"caption\":\"TECC\"},\"image\":{\"@id\":\"https:\/\/www.arte.unicen.edu.ar\/tecc\/#\/schema\/logo\/image\/\"},\"sameAs\":[\"https:\/\/www.facebook.com\/tecc.fa.unicen\"]}]}<\/script>\n<!-- \/ Yoast SEO plugin. -->","yoast_head_json":{"title":"Direcci\u00f3n - TECC","robots":{"index":"index","follow":"follow","max-snippet":"max-snippet:-1","max-image-preview":"max-image-preview:large","max-video-preview":"max-video-preview:-1"},"canonical":"https:\/\/www.arte.unicen.edu.ar\/tecc\/institucional\/autoridades\/","og_locale":"es_ES","og_type":"article","og_title":"Direcci\u00f3n - TECC","og_description":"Autoridades Directora Dra. Mar\u00eda Cristina Dimatteo Prof. en Ciencias de la Educaci\u00f3n. Magister en Educaci\u00f3n con orientaci\u00f3n en Ciencias Sociales (FCH \u2013 UNICEN). Dra. En Ciencias de la Educaci\u00f3n (FFyH \u2013Universidad Nacional de C\u00f3rdoba). Prof. Titular de Introducci\u00f3n a la Educaci\u00f3n. Planeamiento y Conducci\u00f3n de la Ense\u00f1anza Superior. Profesorado de Teatro. Facultad de Arte. UNICEN. Directora de los Proyectos \u201cPr\u00e1cticas de ense\u00f1anza del Teatro. Saberes y habilidades en contexto\u201d (03\/G161). Finalizado. Y 03\/G176 \u201cPol\u00edticas educativas emergentes. Interjuego de lo macro y lo micro pol\u00edtico en el gobierno de la Educaci\u00f3n Art\u00edstica local (2008-2018)\u201d (03\/G176). Finalizado. Directora del Proyecto \u201cLa producci\u00f3n de discursos para la Educaci\u00f3n Art\u00edstica en el nivel secundario de la Provincia de Buenos Aires (2011-2021). Las escuelas secundarias orientadas en Arte en la ciudad de Tandil\u201d. C\u00f3digo: 03\/G180.Vigente. Envelope Linkedin Vicedirectora Dra. Ana Cecilia Silva Lic. en Comunicaci\u00f3n Social (UNICEN). Dra. en Antropolog\u00eda Social (UBA).\u00a0 Prof. Adjunta de Teor\u00edas de la Comunicaci\u00f3n y la Cultura. Realizaci\u00f3n Integral en Artes Audiovisuales. Facultad de Arte. UNICEN. Investigadora Adjunta CONICET.\u00a0 Directora del proyecto \u201cMemorias y digitalizaci\u00f3n de archivos en ciudades medias bonaerenses, Posibilidades de la gesti\u00f3n digital de datos para la investigaci\u00f3n social y art\u00edstica\u201d. SPU\/SECAT, UNICEN. Tipo de proyecto: PIO &#8211; Proyectos Interdisciplinarios Orientados 2019\/2020. C\u00f3digo: 03-PIO-24G. Finalizado. Directora del proyecto \u201cPr\u00e1cticas art\u00edsticas y memoria social de ciudades medias del centro bonaerense\u201d (03\/G170). Finalizado. Directora del proyecto \u201cMemorias del trabajo, movilizaciones de la \u2018cultura\u2019 y procesos colectivos. Transformaciones socioproductivas en el pasado reciente de ciudades medias de la Provincia de Buenos Aires.\u201d PICT-2021-GRF-TI-00597. Vigente. Envelope Linkedin","og_url":"https:\/\/www.arte.unicen.edu.ar\/tecc\/institucional\/autoridades\/","og_site_name":"TECC","article_publisher":"https:\/\/www.facebook.com\/tecc.fa.unicen","article_modified_time":"2024-05-28T13:17:39+00:00","og_image":[{"url":"https:\/\/www.arte.unicen.edu.ar\/tecc\/wp-content\/uploads\/2024\/02\/Dimatteo2.webp","type":"","width":"","height":""}],"twitter_card":"summary_large_image","twitter_misc":{"Tiempo de lectura":"2 minutos"},"schema":{"@context":"https:\/\/schema.org","@graph":[{"@type":"WebPage","@id":"https:\/\/www.arte.unicen.edu.ar\/tecc\/institucional\/autoridades\/","url":"https:\/\/www.arte.unicen.edu.ar\/tecc\/institucional\/autoridades\/","name":"Direcci\u00f3n - TECC","isPartOf":{"@id":"https:\/\/www.arte.unicen.edu.ar\/tecc\/#website"},"primaryImageOfPage":{"@id":"https:\/\/www.arte.unicen.edu.ar\/tecc\/institucional\/autoridades\/#primaryimage"},"image":{"@id":"https:\/\/www.arte.unicen.edu.ar\/tecc\/institucional\/autoridades\/#primaryimage"},"thumbnailUrl":"https:\/\/www.arte.unicen.edu.ar\/tecc\/wp-content\/uploads\/2024\/02\/Dimatteo2.webp","datePublished":"2023-11-14T11:51:06+00:00","dateModified":"2024-05-28T13:17:39+00:00","breadcrumb":{"@id":"https:\/\/www.arte.unicen.edu.ar\/tecc\/institucional\/autoridades\/#breadcrumb"},"inLanguage":"es-AR","potentialAction":[{"@type":"ReadAction","target":["https:\/\/www.arte.unicen.edu.ar\/tecc\/institucional\/autoridades\/"]}]},{"@type":"ImageObject","inLanguage":"es-AR","@id":"https:\/\/www.arte.unicen.edu.ar\/tecc\/institucional\/autoridades\/#primaryimage","url":"https:\/\/www.arte.unicen.edu.ar\/tecc\/wp-content\/uploads\/2024\/02\/Dimatteo2.webp","contentUrl":"https:\/\/www.arte.unicen.edu.ar\/tecc\/wp-content\/uploads\/2024\/02\/Dimatteo2.webp","width":800,"height":921,"caption":"Di Matteo"},{"@type":"BreadcrumbList","@id":"https:\/\/www.arte.unicen.edu.ar\/tecc\/institucional\/autoridades\/#breadcrumb","itemListElement":[{"@type":"ListItem","position":1,"name":"Institucional","item":"https:\/\/www.arte.unicen.edu.ar\/tecc\/institucional\/"},{"@type":"ListItem","position":2,"name":"Direcci\u00f3n"}]},{"@type":"WebSite","@id":"https:\/\/www.arte.unicen.edu.ar\/tecc\/#website","url":"https:\/\/www.arte.unicen.edu.ar\/tecc\/","name":"TECC","description":"Centro de Estudios de Teatro, Educaci\u00f3n y Consumos Culturales","publisher":{"@id":"https:\/\/www.arte.unicen.edu.ar\/tecc\/#organization"},"potentialAction":[{"@type":"SearchAction","target":{"@type":"EntryPoint","urlTemplate":"https:\/\/www.arte.unicen.edu.ar\/tecc\/?s={search_term_string}"},"query-input":{"@type":"PropertyValueSpecification","valueRequired":true,"valueName":"search_term_string"}}],"inLanguage":"es-AR"},{"@type":"Organization","@id":"https:\/\/www.arte.unicen.edu.ar\/tecc\/#organization","name":"TECC","url":"https:\/\/www.arte.unicen.edu.ar\/tecc\/","logo":{"@type":"ImageObject","inLanguage":"es-AR","@id":"https:\/\/www.arte.unicen.edu.ar\/tecc\/#\/schema\/logo\/image\/","url":"https:\/\/www.arte.unicen.edu.ar\/tecc\/wp-content\/uploads\/2023\/11\/logoTecc.webp","contentUrl":"https:\/\/www.arte.unicen.edu.ar\/tecc\/wp-content\/uploads\/2023\/11\/logoTecc.webp","width":540,"height":180,"caption":"TECC"},"image":{"@id":"https:\/\/www.arte.unicen.edu.ar\/tecc\/#\/schema\/logo\/image\/"},"sameAs":["https:\/\/www.facebook.com\/tecc.fa.unicen"]}]}},"_links":{"self":[{"href":"https:\/\/www.arte.unicen.edu.ar\/tecc\/wp-json\/wp\/v2\/pages\/150","targetHints":{"allow":["GET"]}}],"collection":[{"href":"https:\/\/www.arte.unicen.edu.ar\/tecc\/wp-json\/wp\/v2\/pages"}],"about":[{"href":"https:\/\/www.arte.unicen.edu.ar\/tecc\/wp-json\/wp\/v2\/types\/page"}],"author":[{"embeddable":true,"href":"https:\/\/www.arte.unicen.edu.ar\/tecc\/wp-json\/wp\/v2\/users\/3"}],"replies":[{"embeddable":true,"href":"https:\/\/www.arte.unicen.edu.ar\/tecc\/wp-json\/wp\/v2\/comments?post=150"}],"version-history":[{"count":6,"href":"https:\/\/www.arte.unicen.edu.ar\/tecc\/wp-json\/wp\/v2\/pages\/150\/revisions"}],"predecessor-version":[{"id":3426,"href":"https:\/\/www.arte.unicen.edu.ar\/tecc\/wp-json\/wp\/v2\/pages\/150\/revisions\/3426"}],"up":[{"embeddable":true,"href":"https:\/\/www.arte.unicen.edu.ar\/tecc\/wp-json\/wp\/v2\/pages\/149"}],"wp:attachment":[{"href":"https:\/\/www.arte.unicen.edu.ar\/tecc\/wp-json\/wp\/v2\/media?parent=150"}],"curies":[{"name":"wp","href":"https:\/\/api.w.org\/{rel}","templated":true}]}}