{"version":"1.0","provider_name":"TECC","provider_url":"https:\/\/www.arte.unicen.edu.ar\/tecc","author_name":"Carlos Delgado","author_url":"https:\/\/www.arte.unicen.edu.ar\/tecc\/author\/carlosdelgado\/","title":"Direcci\u00f3n - TECC","type":"rich","width":600,"height":338,"html":"<blockquote class=\"wp-embedded-content\" data-secret=\"uX4b7FXfQq\"><a href=\"https:\/\/www.arte.unicen.edu.ar\/tecc\/institucional\/autoridades\/\">Direcci\u00f3n<\/a><\/blockquote><iframe sandbox=\"allow-scripts\" security=\"restricted\" src=\"https:\/\/www.arte.unicen.edu.ar\/tecc\/institucional\/autoridades\/embed\/#?secret=uX4b7FXfQq\" width=\"600\" height=\"338\" title=\"&#8220;Direcci\u00f3n&#8221; &#8212; TECC\" data-secret=\"uX4b7FXfQq\" frameborder=\"0\" marginwidth=\"0\" marginheight=\"0\" scrolling=\"no\" class=\"wp-embedded-content\"><\/iframe><script>\n\/*! This file is auto-generated *\/\n!function(d,l){\"use strict\";l.querySelector&&d.addEventListener&&\"undefined\"!=typeof URL&&(d.wp=d.wp||{},d.wp.receiveEmbedMessage||(d.wp.receiveEmbedMessage=function(e){var t=e.data;if((t||t.secret||t.message||t.value)&&!\/[^a-zA-Z0-9]\/.test(t.secret)){for(var s,r,n,a=l.querySelectorAll('iframe[data-secret=\"'+t.secret+'\"]'),o=l.querySelectorAll('blockquote[data-secret=\"'+t.secret+'\"]'),c=new RegExp(\"^https?:$\",\"i\"),i=0;i<o.length;i++)o[i].style.display=\"none\";for(i=0;i<a.length;i++)s=a[i],e.source===s.contentWindow&&(s.removeAttribute(\"style\"),\"height\"===t.message?(1e3<(r=parseInt(t.value,10))?r=1e3:~~r<200&&(r=200),s.height=r):\"link\"===t.message&&(r=new URL(s.getAttribute(\"src\")),n=new URL(t.value),c.test(n.protocol))&&n.host===r.host&&l.activeElement===s&&(d.top.location.href=t.value))}},d.addEventListener(\"message\",d.wp.receiveEmbedMessage,!1),l.addEventListener(\"DOMContentLoaded\",function(){for(var e,t,s=l.querySelectorAll(\"iframe.wp-embedded-content\"),r=0;r<s.length;r++)(t=(e=s[r]).getAttribute(\"data-secret\"))||(t=Math.random().toString(36).substring(2,12),e.src+=\"#?secret=\"+t,e.setAttribute(\"data-secret\",t)),e.contentWindow.postMessage({message:\"ready\",secret:t},\"*\")},!1)))}(window,document);\n<\/script>\n","description":"Autoridades Directora Dra. Mar\u00eda Cristina Dimatteo Prof. en Ciencias de la Educaci\u00f3n. Magister en Educaci\u00f3n con orientaci\u00f3n en Ciencias Sociales (FCH \u2013 UNICEN). Dra. En Ciencias de la Educaci\u00f3n (FFyH \u2013Universidad Nacional de C\u00f3rdoba). Prof. Titular de Introducci\u00f3n a la Educaci\u00f3n. Planeamiento y Conducci\u00f3n de la Ense\u00f1anza Superior. Profesorado de Teatro. Facultad de Arte. UNICEN. Directora de los Proyectos \u201cPr\u00e1cticas de ense\u00f1anza del Teatro. Saberes y habilidades en contexto\u201d (03\/G161). Finalizado. Y 03\/G176 \u201cPol\u00edticas educativas emergentes. Interjuego de lo macro y lo micro pol\u00edtico en el gobierno de la Educaci\u00f3n Art\u00edstica local (2008-2018)\u201d (03\/G176). Finalizado. Directora del Proyecto \u201cLa producci\u00f3n de discursos para la Educaci\u00f3n Art\u00edstica en el nivel secundario de la Provincia de Buenos Aires (2011-2021). Las escuelas secundarias orientadas en Arte en la ciudad de Tandil\u201d. C\u00f3digo: 03\/G180.Vigente. Envelope Linkedin Vicedirectora Dra. Ana Cecilia Silva Lic. en Comunicaci\u00f3n Social (UNICEN). Dra. en Antropolog\u00eda Social (UBA).\u00a0 Prof. Adjunta de Teor\u00edas de la Comunicaci\u00f3n y la Cultura. Realizaci\u00f3n Integral en Artes Audiovisuales. Facultad de Arte. UNICEN. Investigadora Adjunta CONICET.\u00a0 Directora del proyecto \u201cMemorias y digitalizaci\u00f3n de archivos en ciudades medias bonaerenses, Posibilidades de la gesti\u00f3n digital de datos para la investigaci\u00f3n social y art\u00edstica\u201d. SPU\/SECAT, UNICEN. Tipo de proyecto: PIO &#8211; Proyectos Interdisciplinarios Orientados 2019\/2020. C\u00f3digo: 03-PIO-24G. Finalizado. Directora del proyecto \u201cPr\u00e1cticas art\u00edsticas y memoria social de ciudades medias del centro bonaerense\u201d (03\/G170). Finalizado. Directora del proyecto \u201cMemorias del trabajo, movilizaciones de la \u2018cultura\u2019 y procesos colectivos. Transformaciones socioproductivas en el pasado reciente de ciudades medias de la Provincia de Buenos Aires.\u201d PICT-2021-GRF-TI-00597. Vigente. Envelope Linkedin","thumbnail_url":"https:\/\/www.arte.unicen.edu.ar\/tecc\/wp-content\/uploads\/2024\/02\/Dimatteo2.webp"}