{"id":948,"date":"2018-11-28T11:41:30","date_gmt":"2018-11-28T14:41:30","guid":{"rendered":"https:\/\/www.arte.unicen.edu.ar\/sustentarte\/?page_id=948"},"modified":"2018-11-28T11:46:07","modified_gmt":"2018-11-28T14:46:07","slug":"asesoramiento-realizados","status":"publish","type":"page","link":"https:\/\/www.arte.unicen.edu.ar\/sustentarte\/index.php\/servicios\/asesoramiento\/asesoramiento-realizados\/","title":{"rendered":"Asesoramiento realizados"},"content":{"rendered":"<p>&nbsp;<\/p>\n<table style=\"height: 38px;\" width=\"785\">\n<tbody>\n<tr>\n<td style=\"width: 390px;\"><img decoding=\"async\" loading=\"lazy\" class=\"aligncenter wp-image-562\" src=\"https:\/\/www.arte.unicen.edu.ar\/sustentarte\/wp-content\/uploads\/2018\/10\/Foto-Olimpiadas-culturales-1-300x201.jpg\" alt=\"\" width=\"400\" height=\"268\" srcset=\"https:\/\/www.arte.unicen.edu.ar\/sustentarte\/wp-content\/uploads\/2018\/10\/Foto-Olimpiadas-culturales-1-300x200.jpg 300w, https:\/\/www.arte.unicen.edu.ar\/sustentarte\/wp-content\/uploads\/2018\/10\/Foto-Olimpiadas-culturales-1-768x514.jpg 768w, https:\/\/www.arte.unicen.edu.ar\/sustentarte\/wp-content\/uploads\/2018\/10\/Foto-Olimpiadas-culturales-1-600x400.jpg 600w, https:\/\/www.arte.unicen.edu.ar\/sustentarte\/wp-content\/uploads\/2018\/10\/Foto-Olimpiadas-culturales-1.jpg 1000w\" sizes=\"(max-width: 400px) 100vw, 400px\" \/><\/td>\n<td style=\"width: 390px; vertical-align: top;\">\n<p style=\"text-align: justify;\"><span style=\"font-size: 14pt;\"><strong>Se realizaron las Olimp\u00edadas Culturales<br \/>\n<\/strong><\/span>Del 3 al 5 de octubre de 2018 se realizaron las Olimpiadas culturales de la UNICEN, coordinadas por la Secretar\u00eda de Extensi\u00f3n y desarrolladas en paralelo a los juegos deportivos. <strong><a href=\"https:\/\/www.arte.unicen.edu.ar\/sustentarte\/index.php\/servicios\/asesoramiento\/se-realizaron-las-olimpiadas-culturales\/\">(Mas informaci\u00f3n)<\/a><\/strong><\/p>\n<\/td>\n<\/tr>\n<\/tbody>\n<\/table>\n<table style=\"height: 290px;\" width=\"785\">\n<tbody>\n<tr>\n<td style=\"width: 384.205px;\"><img decoding=\"async\" loading=\"lazy\" class=\"wp-image-499 aligncenter\" src=\"https:\/\/www.arte.unicen.edu.ar\/sustentarte\/wp-content\/uploads\/2018\/10\/Afiche-15-tandil-cine-300x175.jpg\" alt=\"\" width=\"388\" height=\"235\" \/><\/td>\n<td style=\"width: 386.932px; vertical-align: top;\">\n<p style=\"text-align: justify;\"><span style=\"font-size: 14pt;\"><strong>15\u00b0 Edici\u00f3n del Tandil Cine<br \/>\n<\/strong><\/span>El jurado estuvo compuesto por Tamae Garateguy por Directores Argentinos Cinematogr\u00e1ficos (DAC); Valeria Racioppi por la Sociedad Argentina de Editores (SAE); Marcelo Lavintman por la Asociaci\u00f3n de Directores de Fotograf\u00eda; Pablo D\u2019Alo Abba por la Asociaci\u00f3n de Directores de Cine; Juan Leyrado por la Sociedad Argentina de Gesti\u00f3n de Actores Int\u00e9rpretes (SAGGAI) y Pepo Sanzano de la Incubadora Sustentarte (UNICEN) <a href=\"https:\/\/www.arte.unicen.edu.ar\/sustentarte\/index.php\/15-edicion-tandil-cine\/\" target=\"_blank\" rel=\"noopener\">(M\u00e1s informaci\u00f3n)<\/a><\/p>\n<\/td>\n<\/tr>\n<\/tbody>\n<\/table>\n<table style=\"height: 290px;\" width=\"785\">\n<tbody>\n<tr>\n<td style=\"width: 384.205px;\"><img decoding=\"async\" loading=\"lazy\" class=\"size-medium wp-image-563 aligncenter\" src=\"https:\/\/www.arte.unicen.edu.ar\/sustentarte\/wp-content\/uploads\/2018\/10\/Foto-olimpiadas-culturales-2-200x300.jpg\" alt=\"\" width=\"200\" height=\"300\" srcset=\"https:\/\/www.arte.unicen.edu.ar\/sustentarte\/wp-content\/uploads\/2018\/10\/Foto-olimpiadas-culturales-2-200x300.jpg 200w, https:\/\/www.arte.unicen.edu.ar\/sustentarte\/wp-content\/uploads\/2018\/10\/Foto-olimpiadas-culturales-2.jpg 533w\" sizes=\"(max-width: 200px) 100vw, 200px\" \/><\/td>\n<td style=\"width: 386.932px; vertical-align: top; text-align: justify;\"><span style=\"font-size: 14pt;\"><strong>Olimpiadas Interfacultades Deportivas y Culturales UNICEN<\/strong><\/span><\/p>\n<p><span style=\"font-size: 12pt;\">Del 4 al 7 de octubre 2017 se desarrollaron las 34\u00ba Olimp\u00edadas Interfacultades Deportivas y Culturales UNICEN en la ciudad de Tandil.<\/span><span style=\"font-size: 12pt;\">El coordinador de la incubadora Sustentarte Pedro Sanzano estuvo presente como miembro del jurado en el rubro \u201cArtes esc\u00e9nicas\u201d. <a href=\"https:\/\/www.youtube.com\/watch?v=OJv3sO1mzSA\" target=\"_blank\" rel=\"noopener\">(M\u00e1s informaci\u00f3n)<\/a><\/span><\/td>\n<\/tr>\n<\/tbody>\n<\/table>\n<table style=\"height: 294px;\" width=\"785\">\n<tbody>\n<tr>\n<td style=\"width: 383.295px;\"><img decoding=\"async\" loading=\"lazy\" class=\" wp-image-263 aligncenter\" src=\"https:\/\/www.arte.unicen.edu.ar\/sustentarte\/wp-content\/uploads\/2018\/10\/blanco_costados_log_30anos-300x173.png\" alt=\"\" width=\"368\" height=\"212\" srcset=\"https:\/\/www.arte.unicen.edu.ar\/sustentarte\/wp-content\/uploads\/2018\/10\/blanco_costados_log_30anos-300x173.png 300w, https:\/\/www.arte.unicen.edu.ar\/sustentarte\/wp-content\/uploads\/2018\/10\/blanco_costados_log_30anos-768x442.png 768w, https:\/\/www.arte.unicen.edu.ar\/sustentarte\/wp-content\/uploads\/2018\/10\/blanco_costados_log_30anos-1024x589.png 1024w, https:\/\/www.arte.unicen.edu.ar\/sustentarte\/wp-content\/uploads\/2018\/10\/blanco_costados_log_30anos.png 1200w\" sizes=\"(max-width: 368px) 100vw, 368px\" \/><\/td>\n<td style=\"width: 385.114px; vertical-align: top;\">\n<p style=\"text-align: justify;\"><span style=\"font-size: 14pt;\"><strong>Jornadas de Promoci\u00f3n<\/strong><\/span><\/p>\n<p style=\"text-align: justify;\"><span style=\"font-size: 14pt;\"><strong>\u00a0<\/strong><\/span>La Facultad de Arte llevara a cabo varias jornadas de promoci\u00f3n y divulgaci\u00f3n del programa de estudio que ofrecen a trav\u00e9s de las carreras de RIAA y Teatro, destinadas a estudiantes que se encuentran finalizando el nivel secundario. Las mismas se desarrollaran en el edificio de 9 de julio 430 coordinadas por la Secretaria de extensi\u00f3n (Ruben Maidana) y la intervenci\u00f3n de la Incubadora Sustenarte (Pedro Sanzano) <a href=\"https:\/\/www.arte.unicen.edu.ar\/escuela-no25-paraje-el-molino-en-el-teatrola-fabrica\/\" target=\"_blank\" rel=\"noopener\">(M\u00e1s informaci\u00f3n)<\/a><\/p>\n<\/td>\n<\/tr>\n<\/tbody>\n<\/table>\n","protected":false},"excerpt":{"rendered":"<p>&nbsp; Se realizaron las Olimp\u00edadas Culturales Del 3 al 5 de octubre de 2018 se realizaron las Olimpiadas culturales de la UNICEN, coordinadas por la Secretar\u00eda de Extensi\u00f3n y desarrolladas [&hellip;]<\/p>\n","protected":false},"author":1,"featured_media":0,"parent":620,"menu_order":0,"comment_status":"closed","ping_status":"closed","template":"","meta":{"_mi_skip_tracking":false,"_exactmetrics_sitenote_active":false,"_exactmetrics_sitenote_note":"","_exactmetrics_sitenote_category":0},"_links":{"self":[{"href":"https:\/\/www.arte.unicen.edu.ar\/sustentarte\/index.php\/wp-json\/wp\/v2\/pages\/948"}],"collection":[{"href":"https:\/\/www.arte.unicen.edu.ar\/sustentarte\/index.php\/wp-json\/wp\/v2\/pages"}],"about":[{"href":"https:\/\/www.arte.unicen.edu.ar\/sustentarte\/index.php\/wp-json\/wp\/v2\/types\/page"}],"author":[{"embeddable":true,"href":"https:\/\/www.arte.unicen.edu.ar\/sustentarte\/index.php\/wp-json\/wp\/v2\/users\/1"}],"replies":[{"embeddable":true,"href":"https:\/\/www.arte.unicen.edu.ar\/sustentarte\/index.php\/wp-json\/wp\/v2\/comments?post=948"}],"version-history":[{"count":2,"href":"https:\/\/www.arte.unicen.edu.ar\/sustentarte\/index.php\/wp-json\/wp\/v2\/pages\/948\/revisions"}],"predecessor-version":[{"id":951,"href":"https:\/\/www.arte.unicen.edu.ar\/sustentarte\/index.php\/wp-json\/wp\/v2\/pages\/948\/revisions\/951"}],"up":[{"embeddable":true,"href":"https:\/\/www.arte.unicen.edu.ar\/sustentarte\/index.php\/wp-json\/wp\/v2\/pages\/620"}],"wp:attachment":[{"href":"https:\/\/www.arte.unicen.edu.ar\/sustentarte\/index.php\/wp-json\/wp\/v2\/media?parent=948"}],"curies":[{"name":"wp","href":"https:\/\/api.w.org\/{rel}","templated":true}]}}