{"id":894,"date":"2018-11-22T13:26:54","date_gmt":"2018-11-22T16:26:54","guid":{"rendered":"https:\/\/www.arte.unicen.edu.ar\/sustentarte\/?page_id=894"},"modified":"2018-11-22T13:43:21","modified_gmt":"2018-11-22T16:43:21","slug":"se-realizaron-las-olimpiadas-culturales","status":"publish","type":"page","link":"https:\/\/www.arte.unicen.edu.ar\/sustentarte\/index.php\/servicios\/asesoramiento\/se-realizaron-las-olimpiadas-culturales\/","title":{"rendered":"Se realizaron las Olimp\u00edadas Culturales"},"content":{"rendered":"<p style=\"text-align: justify;\">Del <strong>3 al 5 de octubre de 2018<\/strong> se realizaron las Olimpiadas culturales de la UNICEN, coordinadas por la Secretar\u00eda de Extensi\u00f3n y desarrolladas en paralelo a los juegos deportivos.<\/p>\n<p style=\"text-align: justify;\">El jurado estuvo integrado por German Romero, Silvia Saad y <strong>Pedro Sanzano\u00a0 (Incubadora Sustentarte)<\/strong>.<\/p>\n<p style=\"text-align: justify;\">De car\u00e1cter no competitivo, se iniciaron con trabajos de Pintura, en el Sal\u00f3n de\u00a0los Espejos del Centro Cultural Universitario, para luego proseguir con\u00a0un taller de\u00a0Introducci\u00f3n y recursos de escritura, dictado por el profesor V\u00edctor Torres y efectuado en el marco del encuentro de narraci\u00f3n colectiva.<\/p>\n<p style=\"text-align: justify;\">La m\u00fasica tambi\u00e9n estuvo presente con participaci\u00f3n de varias bandas en distintos estilos que desfilaron por el auditorium del CCU, siendo nueve en total y representando a distintas unidades acad\u00e9micas.En ese mismo lugar se llev\u00f3 a cabo la ya tradicional Variet\u00e9 en la que los estudiantes intervinieron\u00a0en teatro, danza y canciones para d\u00fao o solistas.<\/p>\n<p style=\"text-align: justify;\">En el cierre se expusieron\u00a0las obras realizadas en el rubro pl\u00e1stico-literario, en tanto que fue importante adem\u00e1s\u00a0el registro fotogr\u00e1fico que realizaron los propios j\u00f3venes\u00a0de \u00a0todo el desarrollo ol\u00edmpico.<\/p>\n<p><img decoding=\"async\" loading=\"lazy\" class=\"aligncenter wp-image-562 size-full\" src=\"https:\/\/www.arte.unicen.edu.ar\/sustentarte\/wp-content\/uploads\/2018\/10\/Foto-Olimpiadas-culturales-1.jpg\" alt=\"\" width=\"1000\" height=\"669\" srcset=\"https:\/\/www.arte.unicen.edu.ar\/sustentarte\/wp-content\/uploads\/2018\/10\/Foto-Olimpiadas-culturales-1.jpg 1000w, https:\/\/www.arte.unicen.edu.ar\/sustentarte\/wp-content\/uploads\/2018\/10\/Foto-Olimpiadas-culturales-1-300x200.jpg 300w, https:\/\/www.arte.unicen.edu.ar\/sustentarte\/wp-content\/uploads\/2018\/10\/Foto-Olimpiadas-culturales-1-768x514.jpg 768w, https:\/\/www.arte.unicen.edu.ar\/sustentarte\/wp-content\/uploads\/2018\/10\/Foto-Olimpiadas-culturales-1-600x400.jpg 600w\" sizes=\"(max-width: 1000px) 100vw, 1000px\" \/><\/p>\n<p><img decoding=\"async\" loading=\"lazy\" class=\"aligncenter wp-image-563 size-full\" src=\"https:\/\/www.arte.unicen.edu.ar\/sustentarte\/wp-content\/uploads\/2018\/10\/Foto-olimpiadas-culturales-2.jpg\" alt=\"\" width=\"533\" height=\"800\" srcset=\"https:\/\/www.arte.unicen.edu.ar\/sustentarte\/wp-content\/uploads\/2018\/10\/Foto-olimpiadas-culturales-2.jpg 533w, https:\/\/www.arte.unicen.edu.ar\/sustentarte\/wp-content\/uploads\/2018\/10\/Foto-olimpiadas-culturales-2-200x300.jpg 200w\" sizes=\"(max-width: 533px) 100vw, 533px\" \/><\/p>\n","protected":false},"excerpt":{"rendered":"<p>Del 3 al 5 de octubre de 2018 se realizaron las Olimpiadas culturales de la UNICEN, coordinadas por la Secretar\u00eda de Extensi\u00f3n y desarrolladas en paralelo a los juegos deportivos. [&hellip;]<\/p>\n","protected":false},"author":1,"featured_media":0,"parent":620,"menu_order":0,"comment_status":"closed","ping_status":"closed","template":"","meta":{"_mi_skip_tracking":false,"_exactmetrics_sitenote_active":false,"_exactmetrics_sitenote_note":"","_exactmetrics_sitenote_category":0},"_links":{"self":[{"href":"https:\/\/www.arte.unicen.edu.ar\/sustentarte\/index.php\/wp-json\/wp\/v2\/pages\/894"}],"collection":[{"href":"https:\/\/www.arte.unicen.edu.ar\/sustentarte\/index.php\/wp-json\/wp\/v2\/pages"}],"about":[{"href":"https:\/\/www.arte.unicen.edu.ar\/sustentarte\/index.php\/wp-json\/wp\/v2\/types\/page"}],"author":[{"embeddable":true,"href":"https:\/\/www.arte.unicen.edu.ar\/sustentarte\/index.php\/wp-json\/wp\/v2\/users\/1"}],"replies":[{"embeddable":true,"href":"https:\/\/www.arte.unicen.edu.ar\/sustentarte\/index.php\/wp-json\/wp\/v2\/comments?post=894"}],"version-history":[{"count":3,"href":"https:\/\/www.arte.unicen.edu.ar\/sustentarte\/index.php\/wp-json\/wp\/v2\/pages\/894\/revisions"}],"predecessor-version":[{"id":901,"href":"https:\/\/www.arte.unicen.edu.ar\/sustentarte\/index.php\/wp-json\/wp\/v2\/pages\/894\/revisions\/901"}],"up":[{"embeddable":true,"href":"https:\/\/www.arte.unicen.edu.ar\/sustentarte\/index.php\/wp-json\/wp\/v2\/pages\/620"}],"wp:attachment":[{"href":"https:\/\/www.arte.unicen.edu.ar\/sustentarte\/index.php\/wp-json\/wp\/v2\/media?parent=894"}],"curies":[{"name":"wp","href":"https:\/\/api.w.org\/{rel}","templated":true}]}}