{"id":765,"date":"2018-11-08T12:17:23","date_gmt":"2018-11-08T15:17:23","guid":{"rendered":"https:\/\/www.arte.unicen.edu.ar\/sustentarte\/?page_id=765"},"modified":"2018-11-08T12:20:29","modified_gmt":"2018-11-08T15:20:29","slug":"gringo-golondro-se-presento-en-la-escuela-de-san-antonio","status":"publish","type":"page","link":"https:\/\/www.arte.unicen.edu.ar\/sustentarte\/index.php\/formacion-de-nuevxs-espectadores\/2017-2\/gringo-golondro-se-presento-en-la-escuela-de-san-antonio\/","title":{"rendered":"Gringo Golondro se present\u00f3 en la Escuela de San Antonio"},"content":{"rendered":"<p><span style=\"text-align: justify;\">El Proyecto de extensi\u00f3n \u201cFormaci\u00f3n de nuevos p\u00fablicos\u201d sigue en marcha y el viernes 30 de junio se present\u00f3 la segunda funci\u00f3n teatral en la Escuela T\u00e9cnica San Antonio (Ruta Nacional 226, km 132, San Benito. Tandil). En esta oportunidad, se present\u00f3 el espect\u00e1culo \u201cGringo Golondo\u201d de la Compa\u00f1\u00eda teatral El Templo; dicho elenco se encuentra integrado por Javier Lester en actuaci\u00f3n, Esteban Calvo en la t\u00e9cnica y Sergio Saltape en la direcci\u00f3n.<\/span><\/p>\n<p><span style=\"text-align: justify;\">Luego de la puesta en escena, que sucedi\u00f3 en el SUM de la Escuela, se realiz\u00f3 un desmontaje de la obra para que los alumnos y los artistas expresaran sus ideas, sentimientos e inquietudes referidas al momento teatral y a lo que la obra propuso y despert\u00f3. Entre las palabras del p\u00fablico se pudo apreciar: \u201cel personaje hablo todo el tiempo en italiano, pero entendimos toda la historia\u201d (joven estudiante espectador).<\/span><\/p>\n<p><span style=\"text-align: justify;\">En el mes de agosto continuar\u00e1n las funciones destinadas a escuelas secundarias rurales y semi urbanas de la ciudad de Tandil, estimulando en los j\u00f3venes el acceso y consumo de producciones teatrales.<\/span><\/p>\n<p><span style=\"text-align: justify;\">El proyecto \u201cFormaci\u00f3n de nuevos p\u00fablicos\u201d se encuentra financiado por la Secretaria de Pol\u00edticas Universitarias (SPU) del Ministerio de Educaci\u00f3n y Deportes de la Naci\u00f3n en su l\u00ednea de convocatoria 2016 para la presentaci\u00f3n de proyectos de extensi\u00f3n universitaria \u201cUniversidad, Cultura y Sociedad\u201d. Organizado por la Incubadora SustenArte (CICE) y la Secretar\u00eda de Extensi\u00f3n de la Facultad de Arte.<\/span><\/p>\n<p><img decoding=\"async\" loading=\"lazy\" class=\"aligncenter wp-image-345 size-large\" src=\"https:\/\/www.arte.unicen.edu.ar\/sustentarte\/wp-content\/uploads\/2018\/10\/Foto-gringo-en-san-antonio-1024x576.jpg\" alt=\"\" width=\"640\" height=\"360\" srcset=\"https:\/\/www.arte.unicen.edu.ar\/sustentarte\/wp-content\/uploads\/2018\/10\/Foto-gringo-en-san-antonio-1024x576.jpg 1024w, https:\/\/www.arte.unicen.edu.ar\/sustentarte\/wp-content\/uploads\/2018\/10\/Foto-gringo-en-san-antonio-300x169.jpg 300w, https:\/\/www.arte.unicen.edu.ar\/sustentarte\/wp-content\/uploads\/2018\/10\/Foto-gringo-en-san-antonio-768x432.jpg 768w\" sizes=\"(max-width: 640px) 100vw, 640px\" \/><\/p>\n<p><img decoding=\"async\" loading=\"lazy\" class=\"aligncenter wp-image-346 size-large\" src=\"https:\/\/www.arte.unicen.edu.ar\/sustentarte\/wp-content\/uploads\/2018\/10\/Gringo-en-san-antonio-1024x576.jpg\" alt=\"\" width=\"640\" height=\"360\" srcset=\"https:\/\/www.arte.unicen.edu.ar\/sustentarte\/wp-content\/uploads\/2018\/10\/Gringo-en-san-antonio-1024x576.jpg 1024w, https:\/\/www.arte.unicen.edu.ar\/sustentarte\/wp-content\/uploads\/2018\/10\/Gringo-en-san-antonio-300x169.jpg 300w, https:\/\/www.arte.unicen.edu.ar\/sustentarte\/wp-content\/uploads\/2018\/10\/Gringo-en-san-antonio-768x432.jpg 768w\" sizes=\"(max-width: 640px) 100vw, 640px\" \/><\/p>\n","protected":false},"excerpt":{"rendered":"<p>El Proyecto de extensi\u00f3n \u201cFormaci\u00f3n de nuevos p\u00fablicos\u201d sigue en marcha y el viernes 30 de junio se present\u00f3 la segunda funci\u00f3n teatral en la Escuela T\u00e9cnica San Antonio (Ruta [&hellip;]<\/p>\n","protected":false},"author":1,"featured_media":0,"parent":315,"menu_order":0,"comment_status":"closed","ping_status":"closed","template":"","meta":{"_mi_skip_tracking":false,"_exactmetrics_sitenote_active":false,"_exactmetrics_sitenote_note":"","_exactmetrics_sitenote_category":0},"_links":{"self":[{"href":"https:\/\/www.arte.unicen.edu.ar\/sustentarte\/index.php\/wp-json\/wp\/v2\/pages\/765"}],"collection":[{"href":"https:\/\/www.arte.unicen.edu.ar\/sustentarte\/index.php\/wp-json\/wp\/v2\/pages"}],"about":[{"href":"https:\/\/www.arte.unicen.edu.ar\/sustentarte\/index.php\/wp-json\/wp\/v2\/types\/page"}],"author":[{"embeddable":true,"href":"https:\/\/www.arte.unicen.edu.ar\/sustentarte\/index.php\/wp-json\/wp\/v2\/users\/1"}],"replies":[{"embeddable":true,"href":"https:\/\/www.arte.unicen.edu.ar\/sustentarte\/index.php\/wp-json\/wp\/v2\/comments?post=765"}],"version-history":[{"count":1,"href":"https:\/\/www.arte.unicen.edu.ar\/sustentarte\/index.php\/wp-json\/wp\/v2\/pages\/765\/revisions"}],"predecessor-version":[{"id":766,"href":"https:\/\/www.arte.unicen.edu.ar\/sustentarte\/index.php\/wp-json\/wp\/v2\/pages\/765\/revisions\/766"}],"up":[{"embeddable":true,"href":"https:\/\/www.arte.unicen.edu.ar\/sustentarte\/index.php\/wp-json\/wp\/v2\/pages\/315"}],"wp:attachment":[{"href":"https:\/\/www.arte.unicen.edu.ar\/sustentarte\/index.php\/wp-json\/wp\/v2\/media?parent=765"}],"curies":[{"name":"wp","href":"https:\/\/api.w.org\/{rel}","templated":true}]}}