{"id":645,"date":"2018-10-31T13:11:09","date_gmt":"2018-10-31T16:11:09","guid":{"rendered":"https:\/\/www.arte.unicen.edu.ar\/sustentarte\/?page_id=645"},"modified":"2020-07-07T11:07:49","modified_gmt":"2020-07-07T14:07:49","slug":"audiovisuales","status":"publish","type":"page","link":"https:\/\/www.arte.unicen.edu.ar\/sustentarte\/index.php\/convocatorias-subsidios\/audiovisuales\/","title":{"rendered":"Audiovisuales"},"content":{"rendered":"<p>&nbsp;<\/p>\n<table style=\"height: 16px\" width=\"807\">\n<tbody>\n<tr>\n<td style=\"width: 395.111px\"><strong>18\u00b0 BOGOT\u00c1 SHORT FILM FESTIVAL \/ FESTIVAL DE CORTOS DE BOGOT\u00c1 \u2013 BOGOSHORTS<\/strong><strong>\u00a0<\/strong><\/p>\n<p style=\"text-align: justify\">El festival tiene como objetivo la difusi\u00f3n y promoci\u00f3n de los cortometrajes que, por su calidad est\u00e9tica, t\u00e9cnica y narrativa, son susceptibles de obtener una mayor divulgaci\u00f3n dentro del \u00e1mbito cinematogr\u00e1fico y cultural colombiano e internacional. El festival se concibe como una ventana de lanzamiento y promoci\u00f3n de directores alrededor del mundo que desean alcanzar un mayor impacto para sus obras audiovisuales en formato corto.<\/p>\n<p><strong>Cierre:<\/strong> 6 de agosto<\/p>\n<p><a href=\"http:\/\/festival.bogoshorts.com\/\">M\u00e1s Informaci\u00f3n <\/a><\/p>\n<p><a href=\"http:\/\/www.bogoshorts.com\/docs\/18BSFF_Reglamento_ESP.pdf\">Reglamento<\/a><\/td>\n<td style=\"width: 396px\">&nbsp;<\/p>\n<p>&nbsp;<\/p>\n<p>&nbsp;<\/p>\n<p><img decoding=\"async\" loading=\"lazy\" class=\"alignnone wp-image-1470\" src=\"https:\/\/www.arte.unicen.edu.ar\/sustentarte\/wp-content\/uploads\/2020\/07\/bogota-cortos-julio-300x158.jpg\" alt=\"\" width=\"418\" height=\"233\" \/><\/p>\n<p>&nbsp;<\/p>\n<p>&nbsp;<\/td>\n<\/tr>\n<\/tbody>\n<\/table>\n<table style=\"height: 30px\" width=\"808\">\n<tbody>\n<tr>\n<td style=\"width: 396px;text-align: justify\"><img decoding=\"async\" loading=\"lazy\" class=\"size-medium wp-image-1460 aligncenter\" src=\"https:\/\/www.arte.unicen.edu.ar\/sustentarte\/wp-content\/uploads\/2020\/07\/festival-de-nari\u00f1o-julio-300x300.png\" alt=\"\" width=\"300\" height=\"300\" srcset=\"https:\/\/www.arte.unicen.edu.ar\/sustentarte\/wp-content\/uploads\/2020\/07\/festival-de-nari\u00f1o-julio-300x300.png 300w, https:\/\/www.arte.unicen.edu.ar\/sustentarte\/wp-content\/uploads\/2020\/07\/festival-de-nari\u00f1o-julio-150x150.png 150w, https:\/\/www.arte.unicen.edu.ar\/sustentarte\/wp-content\/uploads\/2020\/07\/festival-de-nari\u00f1o-julio-768x768.png 768w, https:\/\/www.arte.unicen.edu.ar\/sustentarte\/wp-content\/uploads\/2020\/07\/festival-de-nari\u00f1o-julio-750x750.png 750w, https:\/\/www.arte.unicen.edu.ar\/sustentarte\/wp-content\/uploads\/2020\/07\/festival-de-nari\u00f1o-julio.png 960w\" sizes=\"(max-width: 300px) 100vw, 300px\" \/><\/td>\n<td style=\"width: 396.889px\"><strong>\u00a0<\/strong><\/p>\n<p><strong>FESTIVAL INTERNACIONAL\u00a0<\/strong><strong>DE CINE DE PASTO<\/strong><\/p>\n<p>Ficpa en sus 16 a\u00f1os tiene abierta la convocatoria de: Largometrajes y cortometrajes internacionales.<\/p>\n<p>&nbsp;<\/p>\n<p><strong>Cierre:<\/strong> 31 de Julio<\/p>\n<p><a href=\"http:\/\/www.ficpa.co\">M\u00e1s Informaci\u00f3n <\/a><\/td>\n<\/tr>\n<\/tbody>\n<\/table>\n<table style=\"height: 29px\" width=\"809\">\n<tbody>\n<tr>\n<td style=\"width: 396.8px;text-align: justify\">&nbsp;<\/p>\n<p>&nbsp;<\/p>\n<p><strong>1000 GRITOS<\/strong><\/p>\n<p><span style=\"font-size: 14pt\">Festival Nacional de\u00a0<\/span><span style=\"font-size: 14pt;font-family: inherit\">Cine Fant\u00e1stico y de Terror d<\/span><span style=\"font-size: 14pt\">e Punta Alta, Buenos Aires, Argentina 2020<\/span><\/p>\n<p><strong>cierre:<\/strong> 2 de agosto<\/p>\n<p><a href=\"https:\/\/1000gritosfest.wordpress.com\/convocatoria-abierta\/?fbclid=IwAR16t_-3vXMRZ8mH1bRIx5qmMVLyYrCSWGi9M_EVOEfV1woM8L-KKcSioGs\">Bases <\/a><\/p>\n<p>&nbsp;<\/td>\n<td style=\"width: 397.6px\"><img decoding=\"async\" loading=\"lazy\" class=\"size-medium wp-image-1432 aligncenter\" src=\"https:\/\/www.arte.unicen.edu.ar\/sustentarte\/wp-content\/uploads\/2020\/07\/Festival-1000-Gritos-agosto-300x300.jpg\" alt=\"\" width=\"300\" height=\"300\" srcset=\"https:\/\/www.arte.unicen.edu.ar\/sustentarte\/wp-content\/uploads\/2020\/07\/Festival-1000-Gritos-agosto-300x300.jpg 300w, https:\/\/www.arte.unicen.edu.ar\/sustentarte\/wp-content\/uploads\/2020\/07\/Festival-1000-Gritos-agosto-150x150.jpg 150w, https:\/\/www.arte.unicen.edu.ar\/sustentarte\/wp-content\/uploads\/2020\/07\/Festival-1000-Gritos-agosto-768x768.jpg 768w, https:\/\/www.arte.unicen.edu.ar\/sustentarte\/wp-content\/uploads\/2020\/07\/Festival-1000-Gritos-agosto-750x750.jpg 750w, https:\/\/www.arte.unicen.edu.ar\/sustentarte\/wp-content\/uploads\/2020\/07\/Festival-1000-Gritos-agosto.jpg 960w\" sizes=\"(max-width: 300px) 100vw, 300px\" \/><\/td>\n<\/tr>\n<\/tbody>\n<\/table>\n<table style=\"height: 41px\" width=\"811\">\n<tbody>\n<tr>\n<td style=\"width: 396.8px\">&nbsp;<\/p>\n<p>&nbsp;<\/p>\n<p><img decoding=\"async\" loading=\"lazy\" class=\"alignnone wp-image-1407\" src=\"https:\/\/www.arte.unicen.edu.ar\/sustentarte\/wp-content\/uploads\/2020\/07\/concurso-de-cortometraje-1-300x244.jpg\" alt=\"\" width=\"406\" height=\"318\" \/><\/p>\n<p>&nbsp;<\/td>\n<td style=\"width: 399.2px\">\n<p style=\"text-align: left\"><strong>34\u00b0 CONCURSO DE CORTOMETRAJES \u201cGEORGES-M\u00c9LI\u00c8S\u201d A\u00f1o 2020<\/strong><\/p>\n<p style=\"text-align: justify\">Con el objetivo de incentivar y apoyar j\u00f3venes talentos del cine del Cono Sur as\u00ed como para favorecer la producci\u00f3n y difusi\u00f3n de pel\u00edculas de fuerte identidad cultural, la Embajada de Francia en Argentina\/Institut fran\u00e7ais d\u2019Argentine y Uncipar, con el apoyo del INCAA, el Festival Internacional de Cine de Mar del Plata, la Alianza Francesa de Buenos Aires, Festival Cin\u00e9latino, Rencontres d\u2019Am\u00e9rique Latine de Toulouse (Francia), LatAm Cinema, Edgard Allan Post, Ala Norte y PCI lanzan conjuntamente la 34\u00b0 edici\u00f3n del concurso de cortometrajes &#8220;Georges M\u00e9li\u00e8s&#8221;<\/p>\n<p>Cierre de convocatoria: 30 de octubre del 2020<\/p>\n<p><a href=\"https:\/\/ifargentine.com.ar\/wp-content\/uploads\/2020\/06\/1592591647.pdf\">Reglamento<\/a><\/td>\n<\/tr>\n<\/tbody>\n<\/table>\n<table style=\"height: 48px\" width=\"812\">\n<tbody>\n<tr>\n<td style=\"width: 398.4px\"><strong>Concurso Federal de Desarrollo de Proyectos de Largometraje Raymundo Gleyzer<\/strong><\/p>\n<p style=\"text-align: justify\">El 12\u00ba Concurso Federal para el Desarrollo de Proyectos de Largometrajes \u201cRaymundo Gleyzer\u201d 2020 tiene como objetivo fomentar la producci\u00f3n cinematogr\u00e1fica en las distintas regiones del pa\u00eds e impulsar el surgimiento de nuevos profesionales en todo el territorio nacional.<\/p>\n<p>Cierra el 31 de julio del 2020<\/p>\n<p><a href=\"http:\/\/www.incaa.gov.ar\/concursos-y-convocatorias-cine\">Convocatoria<\/a><\/td>\n<td style=\"width: 399.2px\"><img decoding=\"async\" loading=\"lazy\" class=\"wp-image-1397 aligncenter\" src=\"https:\/\/www.arte.unicen.edu.ar\/sustentarte\/wp-content\/uploads\/2020\/06\/concurso_gleyzer-e1593044191815-300x200.jpg\" alt=\"\" width=\"489\" height=\"326\" srcset=\"https:\/\/www.arte.unicen.edu.ar\/sustentarte\/wp-content\/uploads\/2020\/06\/concurso_gleyzer-e1593044191815-300x200.jpg 300w, https:\/\/www.arte.unicen.edu.ar\/sustentarte\/wp-content\/uploads\/2020\/06\/concurso_gleyzer-e1593044191815.jpg 702w\" sizes=\"(max-width: 489px) 100vw, 489px\" \/><\/td>\n<\/tr>\n<\/tbody>\n<\/table>\n<table style=\"height: 34px\" width=\"814\">\n<tbody>\n<tr>\n<td style=\"width: 399.2px\"><img decoding=\"async\" loading=\"lazy\" class=\"alignnone wp-image-1355\" src=\"https:\/\/www.arte.unicen.edu.ar\/sustentarte\/wp-content\/uploads\/2020\/06\/93305476_10158217274937962_8821341511443546112_o-300x169.png\" alt=\"\" width=\"539\" height=\"304\" srcset=\"https:\/\/www.arte.unicen.edu.ar\/sustentarte\/wp-content\/uploads\/2020\/06\/93305476_10158217274937962_8821341511443546112_o-300x169.png 300w, https:\/\/www.arte.unicen.edu.ar\/sustentarte\/wp-content\/uploads\/2020\/06\/93305476_10158217274937962_8821341511443546112_o-768x432.png 768w, https:\/\/www.arte.unicen.edu.ar\/sustentarte\/wp-content\/uploads\/2020\/06\/93305476_10158217274937962_8821341511443546112_o-1024x576.png 1024w, https:\/\/www.arte.unicen.edu.ar\/sustentarte\/wp-content\/uploads\/2020\/06\/93305476_10158217274937962_8821341511443546112_o-750x422.png 750w, https:\/\/www.arte.unicen.edu.ar\/sustentarte\/wp-content\/uploads\/2020\/06\/93305476_10158217274937962_8821341511443546112_o.png 2048w\" sizes=\"(max-width: 539px) 100vw, 539px\" \/><\/td>\n<td style=\"width: 400px\">Festival Internacional de Cine Independiente de La Plata &#8211; FestiFreak se realizar\u00e1 del\u00a03 al 13 de septiembre de 2020<\/p>\n<p>Convocatoria para\u00a0 largometrajes y cortometrajes.<\/p>\n<p>Cierre: 3 de julio<\/p>\n<p><a href=\"http:\/\/www.festifreak.com.ar\/\">Convocatoria<\/a><\/td>\n<\/tr>\n<\/tbody>\n<\/table>\n<table style=\"height: 23px\" width=\"814\">\n<tbody>\n<tr>\n<td style=\"width: 399.2px\">&nbsp;<\/p>\n<p>CONVOCATORIA | 11\u00b0 FESTIVAL CINEMATOGR\u00c1FICO VISI\u00d3N RIBERE\u00d1A<\/p>\n<p>CONCURSO NACIONAL DE CORTOMETRAJES<\/p>\n<p>La actividad principal del Festival es el concurso nacional de cortometrajes, dirigido a realizadores audiovisuales profesionales, estudiantes y aficionados, argentinos o extranjeros con residencia en la Rep\u00fablica Argentina.<\/p>\n<div class=\"text_exposed_show\">\n<p>Cierre de convocatoria: viernes 17 de julio<\/p>\n<p><a href=\"http:\/\/villaconstitucion.gob.ar\/?p=35011\">M\u00e1s Informaci\u00f3n <\/a><\/p>\n<\/div>\n<\/td>\n<td style=\"width: 400px\"><img decoding=\"async\" loading=\"lazy\" class=\"size-medium wp-image-1349 aligncenter\" src=\"https:\/\/www.arte.unicen.edu.ar\/sustentarte\/wp-content\/uploads\/2020\/06\/festival-vision-ribere\u00f1a-298x300.jpg\" alt=\"\" width=\"298\" height=\"300\" srcset=\"https:\/\/www.arte.unicen.edu.ar\/sustentarte\/wp-content\/uploads\/2020\/06\/festival-vision-ribere\u00f1a-298x300.jpg 298w, https:\/\/www.arte.unicen.edu.ar\/sustentarte\/wp-content\/uploads\/2020\/06\/festival-vision-ribere\u00f1a-150x150.jpg 150w, https:\/\/www.arte.unicen.edu.ar\/sustentarte\/wp-content\/uploads\/2020\/06\/festival-vision-ribere\u00f1a.jpg 612w\" sizes=\"(max-width: 298px) 100vw, 298px\" \/><\/td>\n<\/tr>\n<\/tbody>\n<\/table>\n<table style=\"height: 95px\" width=\"815\">\n<tbody>\n<tr>\n<td style=\"width: 400px\"><img decoding=\"async\" loading=\"lazy\" class=\" wp-image-1345 aligncenter\" src=\"https:\/\/www.arte.unicen.edu.ar\/sustentarte\/wp-content\/uploads\/2020\/06\/foto-240x300.jpg\" alt=\"\" width=\"383\" height=\"479\" srcset=\"https:\/\/www.arte.unicen.edu.ar\/sustentarte\/wp-content\/uploads\/2020\/06\/foto-240x300.jpg 240w, https:\/\/www.arte.unicen.edu.ar\/sustentarte\/wp-content\/uploads\/2020\/06\/foto.jpg 450w\" sizes=\"(max-width: 383px) 100vw, 383px\" \/><\/td>\n<td style=\"width: 400px;text-align: justify\">&#8220;Im\u00e1genes en tiempos de pandemia&#8221;, nuevo concurso de fotograf\u00eda y video.<\/p>\n<p>La <strong>Fundaci\u00f3n Bunge y Born<\/strong> lanza el concurso \u2014de alcance federal\u2014 de fotograf\u00eda y video \u201cIm\u00e1genes en tiempos de pandemia\u201d, con el que busca destacar el rol de los artistas y su mirada sobre el contexto actual: los cambios y la vertiginosa transformaci\u00f3n en los h\u00e1bitos a partir del encierro, y el valor de la solidaridad, la comunidad, la empat\u00eda y el trabajo colaborativo.<\/p>\n<p>Cierre de convocatoria: 31 de julio de 2020<\/p>\n<p><a href=\"https:\/\/www.fundacionbyb.org\/post\/im%C3%A1genes-en-tiempos-de-pandemia-nuevo-concurso-de-fotograf%C3%ADa-y-video\">M\u00e1s Informaci\u00f3n <\/a><\/td>\n<\/tr>\n<\/tbody>\n<\/table>\n<table style=\"height: 241px\" width=\"817\">\n<tbody>\n<tr style=\"height: 210.4px\">\n<td style=\"width: 399.2px;height: 210.4px\">\n<div class=\"\">\n<div class=\"_1mf _1mj\">FESTIVAL INTERNACIONAL DE CINE DE TERROR, FANT\u00c1STICO Y BIZARRO<\/div>\n<div><\/div>\n<\/div>\n<div class=\"\">\n<div class=\"_1mf _1mj\">Convocatoria XXI Festival Buenos Aires Rojo Sangre<\/div>\n<\/div>\n<div class=\"\">\n<div class=\"_1mf _1mj\">TBA 2020 &#8211;<\/div>\n<div><\/div>\n<div class=\"_1mf _1mj\">Cierre de convocatoria: 1 de agosto de 2020<\/div>\n<\/div>\n<div><\/div>\n<div class=\"\">\n<div class=\"_1mf _1mj\"><a style=\"font-family: inherit;font-size: inherit\" href=\"http:\/\/rojosangre.quintadimension.com\/2.0\/convocatoria\/\">Convocatoria<\/a><\/div>\n<\/div>\n<\/td>\n<td style=\"width: 403.2px;height: 210.4px\"><img decoding=\"async\" loading=\"lazy\" class=\"wp-image-1333 aligncenter\" src=\"https:\/\/www.arte.unicen.edu.ar\/sustentarte\/wp-content\/uploads\/2020\/06\/buenos-aires-sangre-roja-275x300.jpeg\" alt=\"\" width=\"258\" height=\"281\" srcset=\"https:\/\/www.arte.unicen.edu.ar\/sustentarte\/wp-content\/uploads\/2020\/06\/buenos-aires-sangre-roja-275x300.jpeg 275w, https:\/\/www.arte.unicen.edu.ar\/sustentarte\/wp-content\/uploads\/2020\/06\/buenos-aires-sangre-roja.jpeg 347w\" sizes=\"(max-width: 258px) 100vw, 258px\" \/><\/td>\n<\/tr>\n<\/tbody>\n<\/table>\n<table style=\"height: 5px\" width=\"812\">\n<tbody>\n<tr>\n<td style=\"width: 398.4px\"><img decoding=\"async\" loading=\"lazy\" class=\" wp-image-1318 aligncenter\" src=\"https:\/\/www.arte.unicen.edu.ar\/sustentarte\/wp-content\/uploads\/2020\/06\/Captura-300x122.jpg\" alt=\"\" width=\"357\" height=\"145\" srcset=\"https:\/\/www.arte.unicen.edu.ar\/sustentarte\/wp-content\/uploads\/2020\/06\/Captura-300x122.jpg 300w, https:\/\/www.arte.unicen.edu.ar\/sustentarte\/wp-content\/uploads\/2020\/06\/Captura-768x312.jpg 768w, https:\/\/www.arte.unicen.edu.ar\/sustentarte\/wp-content\/uploads\/2020\/06\/Captura-750x305.jpg 750w, https:\/\/www.arte.unicen.edu.ar\/sustentarte\/wp-content\/uploads\/2020\/06\/Captura.jpg 871w\" sizes=\"(max-width: 357px) 100vw, 357px\" \/><\/td>\n<td style=\"width: 399.2px\">\n<p style=\"text-align: left\">CONVOCATORIA RECONTAR EL PORVENIR. PR\u00c1CTICA EXPERIMENTAL Y CONCURSO INTERNACIONAL DE CORTOMETRAJE<\/p>\n<p>Cierra el 2 de agosto del 2020<\/p>\n<p><a href=\"https:\/\/www.filmoteca.unam.mx\/convocatoria\/convocatoria-recontar-el-porvenir-practica-experimental-y-concurso-internacional-de-cortometraje\/\">M\u00e1s Informaci\u00f3n <\/a><\/td>\n<\/tr>\n<\/tbody>\n<\/table>\n<p>&nbsp;<\/p>\n","protected":false},"excerpt":{"rendered":"<p>&nbsp; 18\u00b0 BOGOT\u00c1 SHORT FILM FESTIVAL \/ FESTIVAL DE CORTOS DE BOGOT\u00c1 \u2013 BOGOSHORTS\u00a0 El festival tiene como objetivo la difusi\u00f3n y promoci\u00f3n de los cortometrajes que, por su calidad [&hellip;]<\/p>\n","protected":false},"author":1,"featured_media":0,"parent":221,"menu_order":0,"comment_status":"closed","ping_status":"closed","template":"","meta":{"_mi_skip_tracking":false,"_exactmetrics_sitenote_active":false,"_exactmetrics_sitenote_note":"","_exactmetrics_sitenote_category":0},"_links":{"self":[{"href":"https:\/\/www.arte.unicen.edu.ar\/sustentarte\/index.php\/wp-json\/wp\/v2\/pages\/645"}],"collection":[{"href":"https:\/\/www.arte.unicen.edu.ar\/sustentarte\/index.php\/wp-json\/wp\/v2\/pages"}],"about":[{"href":"https:\/\/www.arte.unicen.edu.ar\/sustentarte\/index.php\/wp-json\/wp\/v2\/types\/page"}],"author":[{"embeddable":true,"href":"https:\/\/www.arte.unicen.edu.ar\/sustentarte\/index.php\/wp-json\/wp\/v2\/users\/1"}],"replies":[{"embeddable":true,"href":"https:\/\/www.arte.unicen.edu.ar\/sustentarte\/index.php\/wp-json\/wp\/v2\/comments?post=645"}],"version-history":[{"count":2,"href":"https:\/\/www.arte.unicen.edu.ar\/sustentarte\/index.php\/wp-json\/wp\/v2\/pages\/645\/revisions"}],"predecessor-version":[{"id":1475,"href":"https:\/\/www.arte.unicen.edu.ar\/sustentarte\/index.php\/wp-json\/wp\/v2\/pages\/645\/revisions\/1475"}],"up":[{"embeddable":true,"href":"https:\/\/www.arte.unicen.edu.ar\/sustentarte\/index.php\/wp-json\/wp\/v2\/pages\/221"}],"wp:attachment":[{"href":"https:\/\/www.arte.unicen.edu.ar\/sustentarte\/index.php\/wp-json\/wp\/v2\/media?parent=645"}],"curies":[{"name":"wp","href":"https:\/\/api.w.org\/{rel}","templated":true}]}}