{"id":1782,"date":"2020-08-13T00:51:39","date_gmt":"2020-08-13T03:51:39","guid":{"rendered":"https:\/\/www.arte.unicen.edu.ar\/sustentarte\/?page_id=1782"},"modified":"2020-09-01T15:42:55","modified_gmt":"2020-09-01T18:42:55","slug":"2019-2","status":"publish","type":"page","link":"https:\/\/www.arte.unicen.edu.ar\/sustentarte\/index.php\/2019-2\/","title":{"rendered":"2019"},"content":{"rendered":"<table style=\"height: 27px\" width=\"826\">\n<tbody>\n<tr>\n<td style=\"width: 405px\"><img decoding=\"async\" loading=\"lazy\" class=\" wp-image-1776 aligncenter\" src=\"https:\/\/www.arte.unicen.edu.ar\/sustentarte\/wp-content\/uploads\/2020\/08\/mabelos-1-300x200.jpg\" alt=\"\" width=\"383\" height=\"255\" srcset=\"https:\/\/www.arte.unicen.edu.ar\/sustentarte\/wp-content\/uploads\/2020\/08\/mabelos-1-300x200.jpg 300w, https:\/\/www.arte.unicen.edu.ar\/sustentarte\/wp-content\/uploads\/2020\/08\/mabelos-1-768x512.jpg 768w, https:\/\/www.arte.unicen.edu.ar\/sustentarte\/wp-content\/uploads\/2020\/08\/mabelos-1-750x500.jpg 750w, https:\/\/www.arte.unicen.edu.ar\/sustentarte\/wp-content\/uploads\/2020\/08\/mabelos-1.jpg 960w\" sizes=\"(max-width: 383px) 100vw, 383px\" \/><\/td>\n<td style=\"width: 405px\">\n<p style=\"text-align: center\"><span style=\"color: #ff0000;font-size: 14pt\"><strong><u>MABELOS GOOD SHOW<\/u><\/strong><\/span><\/p>\n<p style=\"text-align: justify\">Comenz\u00f3 el proyecto SPU: Formaci\u00f3n de nuevos p\u00fablicos 2019.<br \/>\nLa primer funci\u00f3n del a\u00f1o se dio lugar en la escuela n\u00ba 18, de la ciudad de Tandil. Antes de que lxs artistas lleguen a la escuela, los nuevos espectadores que ser\u00e1n parte de la funci\u00f3n tienen un encuentro previo con docentes de teatro, en el cual establecen las pautas b\u00e1sicas del hacer teatral en s\u00ed.<\/p>\n<p><a href=\"https:\/\/www.arte.unicen.edu.ar\/sustentarte\/index.php\/2020\/08\/13\/mabelos-good-show\/\">(Leer mas&#8230;)<\/a><\/p>\n<p>&nbsp;<\/td>\n<\/tr>\n<\/tbody>\n<\/table>\n<table style=\"height: 51px\" width=\"824\">\n<tbody>\n<tr>\n<td style=\"width: 404px\"><span style=\"color: #ff0000\">DESCONEXI\u00d2N: EL AMOR EN TIEMPOS DE INTERNET<\/span><\/p>\n<p>20\/05\/2019 Escuela n\u00ba 18, Tandil Direcci\u00f2n: Mat\u00edas<\/p>\n<p>Zarini.<br \/>\nOtra ma\u00f1ana fr\u00eda de teatro. Otra ma\u00f1ana de compartir lo que elegimos y amamos con lxs alumnxs de la Escuela n\u00ba 18 de la ciudad de Tandil. Segunda funci\u00f3n que acercamos a la misma escuela, y nos ayuda, lxs chicxs ya nos conocen las caras; y se nota a la hora de &#8220;desmontar&#8221; lo que vimos juntxs.<\/p>\n<p><a href=\"https:\/\/www.arte.unicen.edu.ar\/sustentarte\/index.php\/2020\/09\/01\/desconexion-de-matias-zarini\/\">(Leer mas&#8230;)<\/a><\/td>\n<td style=\"width: 404px\"><img decoding=\"async\" loading=\"lazy\" class=\" wp-image-2070 aligncenter\" src=\"https:\/\/www.arte.unicen.edu.ar\/sustentarte\/wp-content\/uploads\/2020\/09\/aa-300x200.jpg\" alt=\"\" width=\"392\" height=\"261\" srcset=\"https:\/\/www.arte.unicen.edu.ar\/sustentarte\/wp-content\/uploads\/2020\/09\/aa-300x200.jpg 300w, https:\/\/www.arte.unicen.edu.ar\/sustentarte\/wp-content\/uploads\/2020\/09\/aa-768x511.jpg 768w, https:\/\/www.arte.unicen.edu.ar\/sustentarte\/wp-content\/uploads\/2020\/09\/aa-750x499.jpg 750w, https:\/\/www.arte.unicen.edu.ar\/sustentarte\/wp-content\/uploads\/2020\/09\/aa.jpg 960w\" sizes=\"(max-width: 392px) 100vw, 392px\" \/><\/td>\n<\/tr>\n<\/tbody>\n<\/table>\n<table style=\"height: 57px\" width=\"824\">\n<tbody>\n<tr>\n<td style=\"width: 404px\"><img decoding=\"async\" loading=\"lazy\" class=\" wp-image-2075 aligncenter\" src=\"https:\/\/www.arte.unicen.edu.ar\/sustentarte\/wp-content\/uploads\/2020\/09\/BB-300x200.jpg\" alt=\"\" width=\"399\" height=\"266\" srcset=\"https:\/\/www.arte.unicen.edu.ar\/sustentarte\/wp-content\/uploads\/2020\/09\/BB-300x200.jpg 300w, https:\/\/www.arte.unicen.edu.ar\/sustentarte\/wp-content\/uploads\/2020\/09\/BB-768x512.jpg 768w, https:\/\/www.arte.unicen.edu.ar\/sustentarte\/wp-content\/uploads\/2020\/09\/BB-750x500.jpg 750w, https:\/\/www.arte.unicen.edu.ar\/sustentarte\/wp-content\/uploads\/2020\/09\/BB.jpg 960w\" sizes=\"(max-width: 399px) 100vw, 399px\" \/><\/td>\n<td style=\"width: 404px\"><span style=\"color: #ff0000\"><strong><u>BALANDRAJO PRESENTADA EN FULTON Y EN SAN ANTONIO<\/u><\/strong><\/span><\/p>\n<p>VIERNES 7 DE JUNIO DE 2019<\/p>\n<p>Otra ma\u00f1ana de ruta que nos acerca a Fulton rebalsada de sol, ese sol inmenso, hermoso y c\u00e1lido. As\u00ed tambi\u00e9n nos reciben en la escuela. Ya nos conocen, y eso, es la mitad de un camino allanado. El mate, los bizcochitos, las galletitas que compartimos antes de la funci\u00f3n, es nuestra rutina cuando llevamos teatro a las escuelas.<\/p>\n<p><a href=\"https:\/\/www.arte.unicen.edu.ar\/sustentarte\/index.php\/2020\/09\/01\/balandrajo-en-fulton-y-san-antonio\/\">(Leer mas&#8230;)<\/a><\/td>\n<\/tr>\n<\/tbody>\n<\/table>\n<table style=\"height: 42px\" width=\"822\">\n<tbody>\n<tr>\n<td style=\"width: 403px\"><span style=\"color: #ff0000\"><strong><u>DESCONEXION EN SAN ANTONIO<\/u><\/strong><\/span><\/p>\n<p>Lunes 10 de junio, aun es de noche y el elenco viaja para hacer la presentaci\u00f3n teatral.<br \/>\nMa\u00f1anas heladas, son las que se comparten en esta \u00e9poca, pero todo se transforma cuando el<br \/>\nespect\u00e1culo empieza y se oyen las risitas c\u00f3mplices de los alumnos de la Escuela de San<br \/>\nAntonio que reciben al elenco de Parmil con \u201cDesconexi\u00f3n, el amor en tiempos de internet\u201d<br \/>\nde Matias Zarini, Delfina Pissani y Diego Balero.<\/p>\n<p><a href=\"https:\/\/www.arte.unicen.edu.ar\/sustentarte\/index.php\/2020\/09\/01\/desconexion-en-san-antonio\/\">(Leer mas&#8230;)<\/a><\/td>\n<td style=\"width: 403px\"><img decoding=\"async\" loading=\"lazy\" class=\" wp-image-2079 aligncenter\" src=\"https:\/\/www.arte.unicen.edu.ar\/sustentarte\/wp-content\/uploads\/2020\/09\/CC-300x169.jpg\" alt=\"\" width=\"400\" height=\"226\" srcset=\"https:\/\/www.arte.unicen.edu.ar\/sustentarte\/wp-content\/uploads\/2020\/09\/CC-300x169.jpg 300w, https:\/\/www.arte.unicen.edu.ar\/sustentarte\/wp-content\/uploads\/2020\/09\/CC-768x432.jpg 768w, https:\/\/www.arte.unicen.edu.ar\/sustentarte\/wp-content\/uploads\/2020\/09\/CC-750x422.jpg 750w, https:\/\/www.arte.unicen.edu.ar\/sustentarte\/wp-content\/uploads\/2020\/09\/CC.jpg 960w\" sizes=\"(max-width: 400px) 100vw, 400px\" \/><\/td>\n<\/tr>\n<\/tbody>\n<\/table>\n<table style=\"height: 42px\" width=\"821\">\n<tbody>\n<tr>\n<td style=\"width: 402px\"><img decoding=\"async\" loading=\"lazy\" class=\" wp-image-2083 aligncenter\" src=\"https:\/\/www.arte.unicen.edu.ar\/sustentarte\/wp-content\/uploads\/2020\/09\/DD-300x200.jpg\" alt=\"\" width=\"396\" height=\"264\" srcset=\"https:\/\/www.arte.unicen.edu.ar\/sustentarte\/wp-content\/uploads\/2020\/09\/DD-300x200.jpg 300w, https:\/\/www.arte.unicen.edu.ar\/sustentarte\/wp-content\/uploads\/2020\/09\/DD-768x512.jpg 768w, https:\/\/www.arte.unicen.edu.ar\/sustentarte\/wp-content\/uploads\/2020\/09\/DD-750x500.jpg 750w, https:\/\/www.arte.unicen.edu.ar\/sustentarte\/wp-content\/uploads\/2020\/09\/DD.jpg 960w\" sizes=\"(max-width: 396px) 100vw, 396px\" \/><\/td>\n<td style=\"width: 403px\"><span style=\"color: #ff0000\"><strong><u>IR YENDO PRESENTADA EN ESC. N\u00ba 20 Y EN TECNICA 2<\/u><\/strong><\/span><\/p>\n<p>Compartimos una ma\u00f1ana a puro teatro con lxs alumnxs de la Esc N\u00ba 20, en la Casa del Deporte.<br \/>\nLa compa\u00f1\u00eda de teatro TOC, nos acerca \u201cIR YENDO\u201d. Dirigida por Javier Lester Abalsamo, e interpretada por Marianela Vallazza, Lara Nicole Buena, Norberto Lanfranqui, Oscar Larregain, Lautaro R\u00edos y su director.<\/p>\n<p><a href=\"https:\/\/www.arte.unicen.edu.ar\/sustentarte\/index.php\/2020\/09\/01\/ir-yendo-en-esc-tecnica-2-y-esc-no-20\/\">(Leer mas&#8230;)<\/a><\/td>\n<\/tr>\n<\/tbody>\n<\/table>\n","protected":false},"excerpt":{"rendered":"<p>MABELOS GOOD SHOW Comenz\u00f3 el proyecto SPU: Formaci\u00f3n de nuevos p\u00fablicos 2019. La primer funci\u00f3n del a\u00f1o se dio lugar en la escuela n\u00ba 18, de la ciudad de Tandil. [&hellip;]<\/p>\n","protected":false},"author":2,"featured_media":0,"parent":0,"menu_order":0,"comment_status":"closed","ping_status":"closed","template":"","meta":{"_mi_skip_tracking":false,"_exactmetrics_sitenote_active":false,"_exactmetrics_sitenote_note":"","_exactmetrics_sitenote_category":0},"_links":{"self":[{"href":"https:\/\/www.arte.unicen.edu.ar\/sustentarte\/index.php\/wp-json\/wp\/v2\/pages\/1782"}],"collection":[{"href":"https:\/\/www.arte.unicen.edu.ar\/sustentarte\/index.php\/wp-json\/wp\/v2\/pages"}],"about":[{"href":"https:\/\/www.arte.unicen.edu.ar\/sustentarte\/index.php\/wp-json\/wp\/v2\/types\/page"}],"author":[{"embeddable":true,"href":"https:\/\/www.arte.unicen.edu.ar\/sustentarte\/index.php\/wp-json\/wp\/v2\/users\/2"}],"replies":[{"embeddable":true,"href":"https:\/\/www.arte.unicen.edu.ar\/sustentarte\/index.php\/wp-json\/wp\/v2\/comments?post=1782"}],"version-history":[{"count":2,"href":"https:\/\/www.arte.unicen.edu.ar\/sustentarte\/index.php\/wp-json\/wp\/v2\/pages\/1782\/revisions"}],"predecessor-version":[{"id":2097,"href":"https:\/\/www.arte.unicen.edu.ar\/sustentarte\/index.php\/wp-json\/wp\/v2\/pages\/1782\/revisions\/2097"}],"wp:attachment":[{"href":"https:\/\/www.arte.unicen.edu.ar\/sustentarte\/index.php\/wp-json\/wp\/v2\/media?parent=1782"}],"curies":[{"name":"wp","href":"https:\/\/api.w.org\/{rel}","templated":true}]}}