{"id":1629,"date":"2020-07-16T07:23:27","date_gmt":"2020-07-16T10:23:27","guid":{"rendered":"https:\/\/www.arte.unicen.edu.ar\/sustentarte\/?page_id=1629"},"modified":"2025-12-01T11:37:38","modified_gmt":"2025-12-01T14:37:38","slug":"convocatorias","status":"publish","type":"page","link":"https:\/\/www.arte.unicen.edu.ar\/sustentarte\/index.php\/artes-audiovisuales\/convocatorias\/","title":{"rendered":"Convocatorias"},"content":{"rendered":"<p><img decoding=\"async\" loading=\"lazy\" src=\"https:\/\/www.arte.unicen.edu.ar\/sustentarte\/wp-content\/uploads\/2020\/07\/medioliston_arte_audiovisuales.png\" alt=\"\" width=\"1649\" height=\"36\" \/><\/p>\n<table style=\"height: 400px;\" width=\"835\">\n<tbody>\n<tr>\n<td style=\"width: 409.5px; text-align: center;\"><img decoding=\"async\" loading=\"lazy\" class=\" wp-image-11487 aligncenter\" src=\"https:\/\/www.arte.unicen.edu.ar\/sustentarte\/wp-content\/uploads\/2025\/09\/sonyFutureFilmmakerAwrd-300x268.png\" alt=\"\" width=\"358\" height=\"320\" srcset=\"https:\/\/www.arte.unicen.edu.ar\/sustentarte\/wp-content\/uploads\/2025\/09\/sonyFutureFilmmakerAwrd-300x268.png 300w, https:\/\/www.arte.unicen.edu.ar\/sustentarte\/wp-content\/uploads\/2025\/09\/sonyFutureFilmmakerAwrd.png 472w\" sizes=\"(max-width: 358px) 100vw, 358px\" \/><\/td>\n<td style=\"width: 409.5px; text-align: center;\"><strong>SONY FUTURE FILMMAKER AWARDS<\/strong><\/p>\n<p style=\"text-align: center;\">Dirigido a cineastas independientes de todo el mundo, que est\u00e1n dando forma al panorama cinematogr\u00e1fico del ma\u00f1ana.<\/p>\n<p style=\"text-align: center;\">Con preinscripci\u00f3n gratuita, el programa consta de cinco categor\u00edas:<br \/>\nFicci\u00f3n, No ficci\u00f3n, Animaci\u00f3n, Estudiantes y Formato Futuro.<\/p>\n<p style=\"text-align: center;\">CIERRE: 16 de Diciembre de 2025.<\/p>\n<p style=\"text-align: center;\"><a href=\"https:\/\/www.sonyfuturefilmmakerawards.com\/es\/competition\/enter\">M\u00e1s informaci\u00f3n<\/a><\/p>\n<\/td>\n<\/tr>\n<\/tbody>\n<\/table>\n<table style=\"height: 307px;\" width=\"833\">\n<tbody>\n<tr>\n<td style=\"width: 408.5px; text-align: center;\"><strong>BAFICI 2026<\/strong><\/p>\n<p>El Buenos Aires Festival Internacional de Cine Independiente abre la convocatoria para artistas que quieran presentar sus pel\u00edculas en su edici\u00f3n n\u00famero 27.<\/p>\n<p>\u00a1No dejes pasar esta oportunidad \u00fanica!<\/p>\n<p>CIERRE: 18 de Diciembre 2025<\/p>\n<p><a href=\"https:\/\/bafici.org\/forma-parte-del-bafici-2026\/\">M\u00e1s informaci\u00f3n<\/a><\/td>\n<td style=\"width: 408.5px;\"><img decoding=\"async\" loading=\"lazy\" class=\"size-medium wp-image-11570 aligncenter\" src=\"https:\/\/www.arte.unicen.edu.ar\/sustentarte\/wp-content\/uploads\/2025\/10\/bafici-241x300.png\" alt=\"\" width=\"241\" height=\"300\" srcset=\"https:\/\/www.arte.unicen.edu.ar\/sustentarte\/wp-content\/uploads\/2025\/10\/bafici-241x300.png 241w, https:\/\/www.arte.unicen.edu.ar\/sustentarte\/wp-content\/uploads\/2025\/10\/bafici.png 340w\" sizes=\"(max-width: 241px) 100vw, 241px\" \/><\/td>\n<\/tr>\n<\/tbody>\n<\/table>\n<table style=\"height: 5px;\" width=\"836\">\n<tbody>\n<tr>\n<td style=\"width: 410px; text-align: center;\"><img decoding=\"async\" loading=\"lazy\" class=\"alignnone size-medium wp-image-11728\" src=\"https:\/\/www.arte.unicen.edu.ar\/sustentarte\/wp-content\/uploads\/2025\/11\/Captura-6-290x300.jpg\" alt=\"\" width=\"290\" height=\"300\" srcset=\"https:\/\/www.arte.unicen.edu.ar\/sustentarte\/wp-content\/uploads\/2025\/11\/Captura-6-290x300.jpg 290w, https:\/\/www.arte.unicen.edu.ar\/sustentarte\/wp-content\/uploads\/2025\/11\/Captura-6.jpg 367w\" sizes=\"(max-width: 290px) 100vw, 290px\" \/><\/td>\n<td style=\"width: 410px; text-align: center;\"><strong>CONVOCATORIA PARA ARTISTAS VISUALES<\/strong><\/p>\n<p>\u00bfSos artistas visual y queres vender tus obras?<br \/>\nBADA es una feria de artistas que proyectan su carrera, ampl\u00edan su visibilidad y se vinculan directamente con el p\u00fablico.<\/p>\n<p>CONVOCATORIA ABIERTA TODO EL A\u00d1O 2025<\/p>\n<p><a href=\"https:\/\/bada.com.ar\/convocatoria-2026\/\" target=\"_blank\" rel=\"noopener\">M\u00e1s informaci\u00f3n<\/a><\/td>\n<\/tr>\n<\/tbody>\n<\/table>\n<table style=\"height: 5px;\" width=\"835\">\n<tbody>\n<tr>\n<td style=\"width: 409.5px; text-align: center;\"><img decoding=\"async\" loading=\"lazy\" class=\"alignnone size-medium wp-image-11652\" src=\"https:\/\/www.arte.unicen.edu.ar\/sustentarte\/wp-content\/uploads\/2025\/10\/Beijing-International-Film-Festival-300x169.jpg\" alt=\"\" width=\"300\" height=\"169\" srcset=\"https:\/\/www.arte.unicen.edu.ar\/sustentarte\/wp-content\/uploads\/2025\/10\/Beijing-International-Film-Festival-300x169.jpg 300w, https:\/\/www.arte.unicen.edu.ar\/sustentarte\/wp-content\/uploads\/2025\/10\/Beijing-International-Film-Festival.jpg 702w\" sizes=\"(max-width: 300px) 100vw, 300px\" \/><\/td>\n<td style=\"width: 409.5px; text-align: center;\"><strong>CONVOCATORIA PARA EL BEIJING INTERNATIONAL FILM FESTIVAL 2026<\/strong><\/p>\n<p>El 16\u00ba Festival Internacional de cine de Pek\u00edn abre su convocatoria para largometrajes y cortometrajes en las diferentes categor\u00edas del festival que tendr\u00e1 lugar en abril del 2026.<\/p>\n<p>CIERRE: 25 de Enero de 2026<\/p>\n<p><a href=\"https:\/\/drive.google.com\/drive\/folders\/1yn9tM3_4INfzqs6tiORSG359k86dlAIN\" target=\"_blank\" rel=\"noopener\">Documento, bases y m\u00e1s informaci\u00f3n<\/a><\/td>\n<\/tr>\n<\/tbody>\n<\/table>\n<table style=\"height: 320px;\" width=\"836\">\n<tbody>\n<tr>\n<td style=\"width: 410px;\"><img decoding=\"async\" loading=\"lazy\" class=\" wp-image-11815 aligncenter\" src=\"https:\/\/www.arte.unicen.edu.ar\/sustentarte\/wp-content\/uploads\/2025\/12\/syncroFilmFest-237x300.png\" alt=\"\" width=\"291\" height=\"368\" srcset=\"https:\/\/www.arte.unicen.edu.ar\/sustentarte\/wp-content\/uploads\/2025\/12\/syncroFilmFest-237x300.png 237w, https:\/\/www.arte.unicen.edu.ar\/sustentarte\/wp-content\/uploads\/2025\/12\/syncroFilmFest.png 357w\" sizes=\"(max-width: 291px) 100vw, 291px\" \/><\/td>\n<td style=\"width: 410px; text-align: center;\"><strong>SYNCRO FILM FEST<\/strong><\/p>\n<p>Syncro Film Fest, el Festival Internacional de Cortometrajes de la Ciudad de Buenos Aires anunci\u00f3 la apertura de la convocatoria para su cuarta edici\u00f3n.<\/p>\n<p>El festival invita a realizadores nacionales e internacionales a presentar sus obras y formar parte de uno de los espacios de referencia para el cortometraje en la regi\u00f3n.<\/p>\n<p>CIERRE: 17 Marzo 2026.<\/p>\n<p><a href=\"https:\/\/syncrofilmfest.com\/convocatoria\/\">M\u00e1s informaci\u00f3n<\/a><\/td>\n<\/tr>\n<\/tbody>\n<\/table>\n<table style=\"height: 5px;\" width=\"837\">\n<tbody>\n<tr>\n<td style=\"width: 410.5px; text-align: center;\"><strong>CONVOCATORIA DE CORTOS PARA LA GUARIMBA INTERNATIONAL FILM FESTIVAL<\/strong><\/p>\n<p>La Guarimba es un festival de cortometrajes y una organizaci\u00f3n cultural situada en el sur de Italia, en la regi\u00f3n de Calabria, que tiene como objetivo devolver el cine al pueblo y el pueblo al cine.<\/p>\n<p>CIERRE: 31 de Marzo de 2026<\/p>\n<p><a href=\"https:\/\/www.recursosculturales.com\/la-guarimba-film-festival\/\" target=\"_blank\" rel=\"noopener\">M\u00e1s informaci\u00f3n<\/a><\/td>\n<td style=\"width: 410.5px; text-align: center;\"><img decoding=\"async\" loading=\"lazy\" class=\"alignnone size-medium wp-image-11379\" src=\"https:\/\/www.arte.unicen.edu.ar\/sustentarte\/wp-content\/uploads\/2025\/08\/La-Guarimba-Film-Festival-300x212.jpeg\" alt=\"\" width=\"300\" height=\"212\" srcset=\"https:\/\/www.arte.unicen.edu.ar\/sustentarte\/wp-content\/uploads\/2025\/08\/La-Guarimba-Film-Festival-300x212.jpeg 300w, https:\/\/www.arte.unicen.edu.ar\/sustentarte\/wp-content\/uploads\/2025\/08\/La-Guarimba-Film-Festival-768x543.jpeg 768w, https:\/\/www.arte.unicen.edu.ar\/sustentarte\/wp-content\/uploads\/2025\/08\/La-Guarimba-Film-Festival-750x530.jpeg 750w, https:\/\/www.arte.unicen.edu.ar\/sustentarte\/wp-content\/uploads\/2025\/08\/La-Guarimba-Film-Festival.jpeg 788w\" sizes=\"(max-width: 300px) 100vw, 300px\" \/><\/td>\n<\/tr>\n<\/tbody>\n<\/table>\n<table style=\"height: 64px;\" width=\"837\">\n<tbody>\n<tr>\n<td style=\"width: 410.5px;\"><img decoding=\"async\" loading=\"lazy\" class=\"size-medium wp-image-11563 aligncenter\" src=\"https:\/\/www.arte.unicen.edu.ar\/sustentarte\/wp-content\/uploads\/2025\/10\/guayaquil-214x300.png\" alt=\"\" width=\"214\" height=\"300\" srcset=\"https:\/\/www.arte.unicen.edu.ar\/sustentarte\/wp-content\/uploads\/2025\/10\/guayaquil-214x300.png 214w, https:\/\/www.arte.unicen.edu.ar\/sustentarte\/wp-content\/uploads\/2025\/10\/guayaquil.png 390w\" sizes=\"(max-width: 214px) 100vw, 214px\" \/><\/td>\n<td style=\"width: 410.5px; text-align: center;\">\n<div id=\"48667f78709479a8\" class=\"conversation-container message-actions-hover-boundary ng-star-inserted\">\n<div class=\"response-container ng-tns-c1898079620-10 response-container-with-gpi is-mobile ng-star-inserted response-container-has-multiple-responses\" data-hveid=\"1\">\n<div class=\"presented-response-container ng-tns-c1898079620-10\">\n<div class=\"response-container-content ng-tns-c1898079620-10 is-mobile\">\n<div class=\"response-content ng-tns-c1898079620-10\">\n<div id=\"model-response-message-contentr_48667f78709479a8\" class=\"markdown markdown-main-panel enable-updated-hr-color\" dir=\"ltr\">\n<p><b>12\u00ba FESTIVAL INTERNACIONAL DE CINE DE GUAYAQUIL<\/b><\/p>\n<\/div>\n<div class=\"response-footer is-mobile gap complete\">La fundaci\u00f3n FestiCineGye, abre sus puertas a nuevas historias.<\/div>\n<div>Cineastas de todo el mundo ya pueden enviar sus cortometrajes y largometrajes de ficci\u00f3n, documentales, animaci\u00f3n y videoclips.<\/div>\n<div>Inscripci\u00f3n arancelada.<\/div>\n<\/div>\n<\/div>\n<\/div>\n<\/div>\n<\/div>\n<p>CIERRE: 30 de Mayo 2026<\/p>\n<p><a href=\"https:\/\/filmmakers.festhome.com\/es\/festival\/festival-internacional-de-cine-de-guayaquil\">M\u00e1s informaci\u00f3n<\/a><\/td>\n<\/tr>\n<\/tbody>\n<\/table>\n","protected":false},"excerpt":{"rendered":"<p>SONY FUTURE FILMMAKER AWARDS Dirigido a cineastas independientes de todo el mundo, que est\u00e1n dando forma al panorama cinematogr\u00e1fico del ma\u00f1ana. Con preinscripci\u00f3n gratuita, el programa consta de cinco categor\u00edas: [&hellip;]<\/p>\n","protected":false},"author":1,"featured_media":0,"parent":1580,"menu_order":0,"comment_status":"closed","ping_status":"closed","template":"","meta":{"_mi_skip_tracking":false,"_exactmetrics_sitenote_active":false,"_exactmetrics_sitenote_note":"","_exactmetrics_sitenote_category":0},"_links":{"self":[{"href":"https:\/\/www.arte.unicen.edu.ar\/sustentarte\/index.php\/wp-json\/wp\/v2\/pages\/1629"}],"collection":[{"href":"https:\/\/www.arte.unicen.edu.ar\/sustentarte\/index.php\/wp-json\/wp\/v2\/pages"}],"about":[{"href":"https:\/\/www.arte.unicen.edu.ar\/sustentarte\/index.php\/wp-json\/wp\/v2\/types\/page"}],"author":[{"embeddable":true,"href":"https:\/\/www.arte.unicen.edu.ar\/sustentarte\/index.php\/wp-json\/wp\/v2\/users\/1"}],"replies":[{"embeddable":true,"href":"https:\/\/www.arte.unicen.edu.ar\/sustentarte\/index.php\/wp-json\/wp\/v2\/comments?post=1629"}],"version-history":[{"count":1,"href":"https:\/\/www.arte.unicen.edu.ar\/sustentarte\/index.php\/wp-json\/wp\/v2\/pages\/1629\/revisions"}],"predecessor-version":[{"id":11816,"href":"https:\/\/www.arte.unicen.edu.ar\/sustentarte\/index.php\/wp-json\/wp\/v2\/pages\/1629\/revisions\/11816"}],"up":[{"embeddable":true,"href":"https:\/\/www.arte.unicen.edu.ar\/sustentarte\/index.php\/wp-json\/wp\/v2\/pages\/1580"}],"wp:attachment":[{"href":"https:\/\/www.arte.unicen.edu.ar\/sustentarte\/index.php\/wp-json\/wp\/v2\/media?parent=1629"}],"curies":[{"name":"wp","href":"https:\/\/api.w.org\/{rel}","templated":true}]}}