{"id":2524,"date":"2026-05-28T09:55:48","date_gmt":"2026-05-28T12:55:48","guid":{"rendered":"https:\/\/www.arte.unicen.edu.ar\/investigacionyposgrado\/?page_id=2524"},"modified":"2026-07-16T09:16:06","modified_gmt":"2026-07-16T12:16:06","slug":"2025-2","status":"publish","type":"page","link":"https:\/\/www.arte.unicen.edu.ar\/investigacionyposgrado\/reuniones-cientificas-y-congresos-2024-2025\/2025-2\/","title":{"rendered":"2025"},"content":{"rendered":"<div id=\"pl-2524\"  class=\"panel-layout\" ><div id=\"pg-2524-0\"  class=\"panel-grid panel-no-style\" ><div id=\"pgc-2524-0-0\"  class=\"panel-grid-cell\" ><div id=\"panel-2524-0-0-0\" class=\"so-panel widget widget_sow-editor panel-first-child panel-last-child\" data-index=\"0\" ><div\n\t\t\t\n\t\t\tclass=\"so-widget-sow-editor so-widget-sow-editor-base\"\n\t\t\t\n\t\t>\n<div class=\"siteorigin-widget-tinymce textwidget\">\n\t<p><a href=\"https:\/\/www.arte.unicen.edu.ar\/investigacionyposgrado\/reuniones-cientificas-y-congresos-2024-2025\/\">&lt;&lt;&lt;&lt;Volver<\/a><\/p>\n<p><span style=\"font-family: arial, helvetica, sans-serif; font-size: 14px;\"><strong>XVI Jornadas Internacionales\/Nacionales de Historia, Arte y Pol\u00edtica<br \/>\n<\/strong><\/span><span style=\"font-family: arial, helvetica, sans-serif; font-size: 14px;\">8, 9 y 10 de octubre de 2025 en la ciudad de Tandil.<\/span><\/p>\n<p><strong>\u00a0<\/strong><\/p>\n<p class=\"\" data-start=\"389\" data-end=\"503\"><span style=\"font-family: arial, helvetica, sans-serif; font-size: 14px;\"><span class=\"relative -mx-px my-[-0.2rem] rounded px-px py-[0.2rem] transition-colors duration-100 ease-in-out\">Estas Jornadas, organizadas por el Departamento de Historia y Teor\u00eda del Arte, tienen como objetivo promover el di\u00e1logo acad\u00e9mico y la reflexi\u00f3n cr\u00edtica en torno a las relaciones entre arte y pol\u00edtica en las sociedades contempor\u00e1neas.<\/span>\u00a0<span class=\"relative -mx-px my-[-0.2rem] rounded px-px py-[0.2rem] transition-colors duration-100 ease-in-out\">Desde su creaci\u00f3n en 2010, han consolidado un espacio de encuentro y debate para docentes investigadores de las artes y las ciencias sociales, artistas y comunidad acad\u00e9mica en general.\u00a0<\/span><\/span><\/p>\n<p class=\"\" data-start=\"505\" data-end=\"535\"><span style=\"font-family: arial, helvetica, sans-serif; font-size: 14px;\"><strong data-start=\"505\" data-end=\"535\">Ejes tem\u00e1ticos:<\/strong><\/span><\/p>\n<ol data-start=\"537\" data-end=\"833\">\n<li class=\"\" data-start=\"537\" data-end=\"579\">\n<p class=\"\" data-start=\"540\" data-end=\"579\"><span class=\"relative -mx-px my-[-0.2rem] rounded px-px py-[0.2rem] transition-colors duration-100 ease-in-out\" style=\"font-family: arial, helvetica, sans-serif; font-size: 14px;\">La construcci\u00f3n de identidades, sujetos e instituciones en el mundo de las artes.<\/span><\/p>\n<\/li>\n<li class=\"\" data-start=\"580\" data-end=\"622\">\n<p class=\"\" data-start=\"583\" data-end=\"622\"><span class=\"relative -mx-px my-[-0.2rem] rounded px-px py-[0.2rem] transition-colors duration-100 ease-in-out\" style=\"font-family: arial, helvetica, sans-serif; font-size: 14px;\">Im\u00e1genes de lo real: los registros visuales, audiovisuales y perform\u00e1ticos.<\/span><\/p>\n<\/li>\n<li class=\"\" data-start=\"623\" data-end=\"665\">\n<p class=\"\" data-start=\"626\" data-end=\"665\"><span class=\"relative -mx-px my-[-0.2rem] rounded px-px py-[0.2rem] transition-colors duration-100 ease-in-out\" style=\"font-family: arial, helvetica, sans-serif; font-size: 14px;\">Arte, memoria y g\u00e9nero.<\/span><\/p>\n<\/li>\n<li class=\"\" data-start=\"666\" data-end=\"708\">\n<p class=\"\" data-start=\"669\" data-end=\"708\"><span class=\"relative -mx-px my-[-0.2rem] rounded px-px py-[0.2rem] transition-colors duration-100 ease-in-out\" style=\"font-family: arial, helvetica, sans-serif; font-size: 14px;\">Patrimonio, gesti\u00f3n cultural y pol\u00edticas culturales.<\/span><\/p>\n<\/li>\n<li class=\"\" data-start=\"709\" data-end=\"751\">\n<p class=\"\" data-start=\"712\" data-end=\"751\"><span class=\"relative -mx-px my-[-0.2rem] rounded px-px py-[0.2rem] transition-colors duration-100 ease-in-out\" style=\"font-family: arial, helvetica, sans-serif; font-size: 14px;\">Transmedialidad en las artes: cruces entre medios, narrativas, pol\u00edticas y p\u00fablicos.<\/span><\/p>\n<\/li>\n<li class=\"\" data-start=\"752\" data-end=\"833\">\n<p class=\"\" data-start=\"755\" data-end=\"833\"><span class=\"relative -mx-px my-[-0.2rem] rounded px-px py-[0.2rem] transition-colors duration-100 ease-in-out\" style=\"font-family: arial, helvetica, sans-serif; font-size: 14px;\">Historia, teor\u00eda y filosof\u00eda de las artes.<\/span><\/p>\n<\/li>\n<\/ol>\n<ul data-start=\"860\" data-end=\"1076\">\n<li class=\"\" data-start=\"860\" data-end=\"948\">\n<p class=\"\" data-start=\"862\" data-end=\"948\"><span style=\"font-family: arial, helvetica, sans-serif; font-size: 14px;\"><strong data-start=\"862\" data-end=\"908\">Fecha l\u00edmite para la entrega de res\u00famenes:<\/strong>\u00a0<span class=\"relative -mx-px my-[-0.2rem] rounded px-px py-[0.2rem] transition-colors duration-100 ease-in-out\">lunes 18 de agosto de 2025.<\/span><\/span><\/p>\n<\/li>\n<li class=\"\" data-start=\"949\" data-end=\"1076\">\n<p class=\"\" data-start=\"951\" data-end=\"1076\"><span style=\"font-family: arial, helvetica, sans-serif; font-size: 14px;\"><strong data-start=\"951\" data-end=\"997\">Fecha l\u00edmite para la entrega de ponencias:<\/strong>\u00a0<span class=\"relative -mx-px my-[-0.2rem] rounded px-px py-[0.2rem] transition-colors duration-100 ease-in-out\">lunes 8 de septiembre de 2025.<\/span><\/span><\/p>\n<\/li>\n<\/ul>\n<p class=\"\" data-start=\"1078\" data-end=\"1156\"><span class=\"relative -mx-px my-[-0.2rem] rounded px-px py-[0.2rem] transition-colors duration-100 ease-in-out\" style=\"font-family: arial, helvetica, sans-serif; font-size: 14px;\">Las propuestas deber\u00e1n enviarse por correo electr\u00f3nico a la direcci\u00f3n:\u00a0<a href=\"mailto:jnhap.unicen@gmail.com\" data-start=\"71\" data-end=\"126\">jnhap.unicen@gmail.com<\/a>, indicando en el asunto:\u00a0<em data-start=\"152\" data-end=\"189\">APELLIDO, NOMBRE \u2013 Resumen \u2013 N\u00b0 Mesa\/Eje\u00a0<\/em><\/span><\/p>\n<p class=\"\" data-start=\"1158\" data-end=\"1325\"><span style=\"font-family: arial, helvetica, sans-serif; font-size: 14px;\">Para m\u00e1s informaci\u00f3n y detalles sobre la convocatoria, pueden\u00a0<a href=\"https:\/\/www.arte.unicen.edu.ar\/investigacionyposgrado\/wp-content\/uploads\/2025\/12\/XVI-JIHAP-Tandil-Primera-Circular.pdf\" target=\"_blank\" rel=\"noopener\"><strong>consultar la primera circular.<\/strong><\/a><\/span><\/p>\n<p data-start=\"1158\" data-end=\"1325\"><strong>III JORNADAS INTERNACIONALES sobre la ENSE\u00d1ANZA de la ESCENOGRAF\u00cdA y la DIRECCI\u00d3N de ARTE<\/strong><br \/>\n27 y 28 de marzo de 2025 - modalidad virtual<br \/>\nOrganizadas desde el Instituto de Estudios Escenogr\u00e1ficos en Artes Esc\u00e9nicas y Audiovisuales (INDEES), dependiente del Centro de Investigaciones Dram\u00e1ticas de la Facultad de Arte, con el acompa\u00f1amiento del Programa INNOVART.<br \/>\n<a href=\"https:\/\/www.arte.unicen.edu.ar\/investigacionyposgrado\/wp-content\/uploads\/2025\/12\/PRIMERA-CIRCULAR-III-JORNADAS-INTERNACIONALES-sobre-la-ENSENANZA-de-la-ESCENOGRAFIA-y-la-DIRECCION-de-ARTE.pdf\" target=\"_blank\" rel=\"noopener\">Primera circular<\/a><\/p>\n<\/div>\n<\/div><\/div><\/div><\/div><\/div>","protected":false},"excerpt":{"rendered":"<p>&lt;&lt;&lt;&lt;Volver XVI Jornadas Internacionales\/Nacionales de Historia, Arte y Pol\u00edtica 8, 9 y 10 de octubre<span class=\"more-link\"><a href=\"https:\/\/www.arte.unicen.edu.ar\/investigacionyposgrado\/reuniones-cientificas-y-congresos-2024-2025\/2025-2\/\">M\u00e1s informaci\u00f3n<\/a><\/span><\/p>\n","protected":false},"author":2,"featured_media":0,"parent":1965,"menu_order":0,"comment_status":"closed","ping_status":"closed","template":"","meta":{"footnotes":""},"class_list":["entry","author-cdelgado","post-2524","page","type-page","status-publish"],"_links":{"self":[{"href":"https:\/\/www.arte.unicen.edu.ar\/investigacionyposgrado\/wp-json\/wp\/v2\/pages\/2524","targetHints":{"allow":["GET"]}}],"collection":[{"href":"https:\/\/www.arte.unicen.edu.ar\/investigacionyposgrado\/wp-json\/wp\/v2\/pages"}],"about":[{"href":"https:\/\/www.arte.unicen.edu.ar\/investigacionyposgrado\/wp-json\/wp\/v2\/types\/page"}],"author":[{"embeddable":true,"href":"https:\/\/www.arte.unicen.edu.ar\/investigacionyposgrado\/wp-json\/wp\/v2\/users\/2"}],"replies":[{"embeddable":true,"href":"https:\/\/www.arte.unicen.edu.ar\/investigacionyposgrado\/wp-json\/wp\/v2\/comments?post=2524"}],"version-history":[{"count":3,"href":"https:\/\/www.arte.unicen.edu.ar\/investigacionyposgrado\/wp-json\/wp\/v2\/pages\/2524\/revisions"}],"predecessor-version":[{"id":2634,"href":"https:\/\/www.arte.unicen.edu.ar\/investigacionyposgrado\/wp-json\/wp\/v2\/pages\/2524\/revisions\/2634"}],"up":[{"embeddable":true,"href":"https:\/\/www.arte.unicen.edu.ar\/investigacionyposgrado\/wp-json\/wp\/v2\/pages\/1965"}],"wp:attachment":[{"href":"https:\/\/www.arte.unicen.edu.ar\/investigacionyposgrado\/wp-json\/wp\/v2\/media?parent=2524"}],"curies":[{"name":"wp","href":"https:\/\/api.w.org\/{rel}","templated":true}]}}