{"id":2348,"date":"2026-05-11T12:58:14","date_gmt":"2026-05-11T15:58:14","guid":{"rendered":"https:\/\/www.arte.unicen.edu.ar\/investigacionyposgrado\/?page_id=2348"},"modified":"2026-08-20T08:58:03","modified_gmt":"2026-08-20T11:58:03","slug":"proximas-convocatorias","status":"publish","type":"page","link":"https:\/\/www.arte.unicen.edu.ar\/investigacionyposgrado\/becas-de-investigacion\/proximas-convocatorias\/","title":{"rendered":"Pr\u00f3ximas convocatorias"},"content":{"rendered":"<div id=\"pl-2348\"  class=\"panel-layout\" ><div id=\"pg-2348-0\"  class=\"panel-grid panel-no-style\" ><div id=\"pgc-2348-0-0\"  class=\"panel-grid-cell\" ><div id=\"panel-2348-0-0-0\" class=\"so-panel widget widget_sow-editor panel-first-child panel-last-child\" data-index=\"0\" ><div\n\t\t\t\n\t\t\tclass=\"so-widget-sow-editor so-widget-sow-editor-base\"\n\t\t\t\n\t\t>\n<div class=\"siteorigin-widget-tinymce textwidget\">\n\t<p>En este espacio difundiremos las convocatorias vigentes.<\/p>\n<p>Mapeo de Convenios de colaboraci\u00f3n UNICEN<a href=\"https:\/\/internacionales.unicen.edu.ar\/?page_id=3959\"> (clic aqu\u00ed)<\/a><\/p>\n<p><strong>BECAS FORMACI\u00d3N DOCTORAL CIENT\u00cdFICO-TECNOL\u00d3GICAS (BDOC27)<\/strong><br \/>\nLa Comisi\u00f3n de Investigaciones Cient\u00edficas (CIC) de la Provincia de Buenos Aires abre la convocatoria a Becas de Formaci\u00f3n Doctoral Cient\u00edfico-Tecnol\u00f3gicas 2027 destinada a graduadas y graduados universitarios que residan en la Provincia.<\/p>\n<p>Cierre de la convocatoria: domingo 30\/08\/2026<\/p>\n<p>Para acceder a la informaci\u00f3n completa: <a href=\"https:\/\/www.cic.gba.gob.ar\/convocatorias\/becas-formacion-doctoral-cientifico-tecnologicas-bdoc27\/\">(clic aqu\u00ed)<\/a><\/p>\n<p>Consultas: becas.doctorales@cic.gba.gob.ar, o telef\u00f3nicamente de lunes a viernes de 9 a 14 horas al 0221- 421-7374 interno 115 y 136.<\/p>\n<p><strong>Becas Leonardo Latinoam\u00e9rica 2026 \u2013 Argentina, Colombia y Per\u00fa<\/strong><\/p>\n<p>El programa Becas Leonardo contribuye a la promoci\u00f3n y fomento cultural, art\u00edstico, cient\u00edfico y tecnol\u00f3gico, mediante el impulso del trabajo de investigadores y creadores que, encontr\u00e1ndose en proceso intermedio de consolidaci\u00f3n de su carrera, se caracterizan por una trayectoria altamente innovadora.<\/p>\n<p>Para acceder a las bases y m\u00e1s informaci\u00f3n <a href=\"https:\/\/www.redleonardo.es\/becas\/becas-leonardo-latinoamerica-2026-argentina-colombia-peru\/\">(clic aqu\u00ed)<\/a><br \/>\n<a href=\"https:\/\/www.arte.unicen.edu.ar\/investigacionyposgrado\/wp-content\/uploads\/2026\/08\/Becas-Leonardo.jpg\">Flyer<\/a><\/p>\n<p>PLAZO DE PRESENTACI\u00d3N:<br \/>\nHasta el 21 de septiembre de 2026, 17hs (horario Argentina)<\/p>\n<p><strong>Convocatoria 2026 de las Becas de Est\u00edmulo a las Vocaciones Cient\u00edficas (Becas EVC\u2013CIN)<\/strong><\/p>\n<p>El Consejo Interuniversitario Nacional (CIN) convoca a estudiantes universitarios\/as de grado que deseen iniciar su formaci\u00f3n en investigaci\u00f3n, en el marco de proyectos de investigaci\u00f3n acreditados que se desarrollen en instituciones universitarias p\u00fablicas y cuenten con financiamiento, en disciplinas cient\u00edficas, human\u00edsticas, tecnol\u00f3gicas o art\u00edsticas.<\/p>\n<p>Cronograma de la convocatoria:<\/p>\n<p>Apertura: 6 de julio de 2026.<br \/>\nCierre: 12 de agosto de 2026 a las 13:00 hs.<br \/>\nPresentaci\u00f3n ante Facultad de Arte: Hasta el 13\u00a0 de agosto, 13hs.<\/p>\n<p>Video de la charla informativa <a href=\"https:\/\/drive.google.com\/file\/d\/1gHBqZztxcMQky8iyN_n_Qcgfu3sFZCWI\/view\">(clic aqu\u00ed)<\/a><br \/>\nMaterial en pdf de la charla informativa<a href=\"https:\/\/www.arte.unicen.edu.ar\/investigacionyposgrado\/wp-content\/uploads\/2026\/08\/Presentacion-Charla-Informativa-BECAS-EVC-CIN-2026_.pdf\"> (clic aqu\u00ed)<\/a><\/p>\n<p>Toda la informaci\u00f3n de la convocatoria, incluyendo las bases, el instructivo de postulaci\u00f3n, la resoluci\u00f3n, el cronograma y las preguntas frecuentes, se encuentra disponible en el micrositio de las Becas EVC-CIN: https:\/\/evc.cin.edu.ar\/.<br \/>\nAnte cualquier consulta, deben comunicarse a secat_becas@rec.unicen.edu.ar.<\/p>\n<p><strong>5ta convocatoria del Fondo de Innovaci\u00f3n Tecnol\u00f3gica de Buenos Aires (FITBA)<br \/>\n<\/strong>El Ministerio de Producci\u00f3n, Ciencia e Innovaci\u00f3n Tecnol\u00f3gica bonaerense, a trav\u00e9s de la Subsecretar\u00eda de Ciencia, Tecnolog\u00eda e Innovaci\u00f3n lanz\u00f3 la quinta convocatoria del Fondo de Innovaci\u00f3n Tecnol\u00f3gica de Buenos Aires (FITBA). La iniciativa cuenta, en esta edici\u00f3n, con 4 l\u00edneas y est\u00e1 orientada a financiar proyectos de desarrollo tecnol\u00f3gico conjuntos entre universidades e instituciones p\u00fablicas de ciencia y tecnolog\u00eda con mipymes y cooperativas (l\u00ednea A), con otros organismos p\u00fablicos de la Provincia (l\u00ednea B), con municipios bonaerenses (l\u00ednea C) as\u00ed como tambi\u00e9n proyectos que fortalezcan las capacidades de las instituciones p\u00fablicas de ciencia y tecnolog\u00eda y universidades nacionales y provinciales para brindar servicios tecnol\u00f3gicos a pymes industriales (l\u00ednea D).<\/p>\n<p>El Fondo de Innovaci\u00f3n Tecnol\u00f3gica de Buenos Aires es una activa pol\u00edtica de impulso al desarrollo cient\u00edfico y tecnol\u00f3gico que lleva adelante el Gobernador Axel Kicillof, a trav\u00e9s del ministro de Producci\u00f3n, Ciencia e Innovaci\u00f3n Tecnol\u00f3gica bonaerense, Augusto Costa.<\/p>\n<p>A trav\u00e9s del FITBA, desde 2022, la Provincia lleva financiados 284 proyectos de desarrollo tecnol\u00f3gico, que beneficiaron a 184 mipymes y cooperativas y fortalecieron 100 pol\u00edticas p\u00fablicas provinciales y municipales en 68 municipios. Hasta el momento, 38 instituciones cient\u00edficas fueron beneficiadas con esta convocatoria que ya lleva invertidos, a valores de hoy, 10.000 millones de pesos en el sector cient\u00edfico y tecnol\u00f3gico. Adem\u00e1s, se movilizaron m\u00e1s de 3.000 cient\u00edficos\/as para resolver problem\u00e1ticas concretas.<\/p>\n<p>Los proyectos financiados ayudaron a las mipymes industriales de la provincia de Buenos Aires a sustituir importaciones de insumos, implementar soluciones de inteligencia artificial en sus l\u00edneas productivas, incorporar nanotecnolog\u00eda en sus productos y desarrollar nuevas maquinarias industriales mejorando su productividad y su competitividad y obteniendo resultados econ\u00f3micos concretos.<\/p>\n<p>Esta nueva convocatoria permanecer\u00e1 abierta hasta el 20 de julio de 2026 y otorgar\u00e1 Aportes No Reembolsables (ANRs) por hasta 150 millones de pesos a trav\u00e9s de recursos asignados a la Provincia por el Consejo Federal de Inversiones (CFI), para la ejecuci\u00f3n de cada uno de los proyectos que resulten adjudicados. Al igual que en sus cuatro ediciones anteriores, las instituciones de ciencia y tecnolog\u00eda ser\u00e1n las beneficiarias de los fondos y estar\u00e1n a cargo de desarrollar y transferir las innovaciones. Por su parte, las empresas, organismos p\u00fablicos o municipios recibir\u00e1n una soluci\u00f3n tecnol\u00f3gica dise\u00f1ada a la medida de sus necesidades.<\/p>\n<p>Los ANRs financiar\u00e1n hasta el 80% del valor total de los proyectos, con un m\u00e1ximo de 150.000.000 de pesos para aquellos que correspondan a la tem\u00e1tica Fortalecimiento de Capacidades Tecnol\u00f3gicas (l\u00ednea D), por hasta 46.000.000 de pesos para la tem\u00e1tica Desarrollo Productivo (l\u00ednea A) y por hasta 23.000.000 de pesos para Desaf\u00edos Provinciales (l\u00ednea B) y Gobiernos Locales (l\u00ednea C). En todos los casos, los adoptantes y beneficiarios tendr\u00e1n que realizar un aporte en concepto de contraparte de al menos el 20% del monto total del proyecto.<\/p>\n<p>Cabe destacar que los proyectos deber\u00e1n elaborarse de manera conjunta entre las instituciones p\u00fablicas de ciencia y tecnolog\u00eda y los adoptantes, seg\u00fan la tem\u00e1tica correspondiente. A su vez, ambas instituciones deber\u00e1n estar ubicadas en la provincia de Buenos Aires. Asimismo los proyectos de las L\u00edneas A, B y C tendr\u00e1n una duraci\u00f3n de hasta diez (10) meses y los proyectos de la L\u00ednea D tendr\u00e1n una duraci\u00f3n m\u00e1xima de seis (6) meses. Los plazos de ejecuci\u00f3n comenzar\u00e1n a partir de la fecha de aceptaci\u00f3n de la adjudicaci\u00f3n a trav\u00e9s de la presentaci\u00f3n de la correspondiente \u201cDeclaraci\u00f3n Jurada de aceptaci\u00f3n de adjudicaci\u00f3n\u201d.<\/p>\n<p>A trav\u00e9s de esta quinta convocatoria del FITBA, el Ministerio de Producci\u00f3n, Ciencia e Innovaci\u00f3n Tecnol\u00f3gica contin\u00faa fortaleciendo el sistema cient\u00edfico-tecnol\u00f3gico bonaerense, promoviendo proyectos de innovaci\u00f3n junto al sector productivo y los organismos p\u00fablicos, y potenciando las capacidades de investigaci\u00f3n mediante la incorporaci\u00f3n, actualizaci\u00f3n y reparaci\u00f3n de equipamiento tecnol\u00f3gico. De esta manera, sigue impulsando una ciencia y una tecnolog\u00eda al servicio del desarrollo provincial y del bienestar de las y los bonaerenses.<\/p>\n<p>Se podr\u00e1 acceder a las bases y condiciones de la convocatoria en https:\/\/www.gba.gob.ar\/node\/53603<\/p>\n<p>Todas las consultas y comunicaciones vinculadas con el presente llamado se efectuar\u00e1n a la direcci\u00f3n de correo electr\u00f3nico: proyectos.cyt@mp.gba.gov.ar y en el correo de la Subsecretar\u00eda de Vinculaci\u00f3n y Transferencia de la SECAT: vinculacion@secat.unicen.edu.ar<\/p>\n<div>\n<div><strong>Cronograma Convocatoria de Becas 2026 CONICET<\/strong><\/div>\n<div>Se informa que el Directorio del CONICET estableci\u00f3 las siguientes fechas para la recepci\u00f3n de las solicitudes de la Convocatoria de Becas 2026:<\/div>\n<div><\/div>\n<div>Becas internas Doctorales: del\u00a0<span id=\"OBJ_PREFIX_DWT229_com_zimbra_date\" class=\"Object\" role=\"link\">27 de julio<\/span>\u00a0al\u00a0<span id=\"OBJ_PREFIX_DWT230_com_zimbra_date\" class=\"Object\" role=\"link\">21 de agosto<\/span>\u00a0de 2026<\/div>\n<div>Becas internas de Finalizaci\u00f3n de Doctorado: del\u00a0<span id=\"OBJ_PREFIX_DWT231_com_zimbra_date\" class=\"Object\" role=\"link\">27 de julio<\/span>\u00a0al\u00a0<span id=\"OBJ_PREFIX_DWT232_com_zimbra_date\" class=\"Object\" role=\"link\">14 de agosto<\/span>\u00a0de 2026<\/div>\n<div>Becas internas Postdoctorales: del\u00a0<span id=\"OBJ_PREFIX_DWT233_com_zimbra_date\" class=\"Object\" role=\"link\">18 de febrero<\/span>\u00a0al\u00a0<span id=\"OBJ_PREFIX_DWT234_com_zimbra_date\" class=\"Object\" role=\"link\">5 de marzo<\/span>\u00a0de 2027<\/div>\n<div><\/div>\n<div>Las bases y condiciones, as\u00ed como los instructivos de presentaci\u00f3n, se estar\u00e1n publicando en <span id=\"OBJ_PREFIX_DWT235_com_zimbra_url\" class=\"Object\" role=\"link\"><a href=\"https:\/\/convocatorias.conicet.gov.ar\/convocatoria-2025\/\" target=\"_blank\" rel=\"noopener\">su respectiva web<\/a><\/span>.<\/div>\n<div><\/div>\n<div>\n<div><strong>Convocatoria de Becas 2025<\/strong><\/div>\n<div>En la presente convocatoria, tanto para las Becas Internas Doctorales como las Postdoctorales, se asignar\u00e1n las mismas priorizando los planes de trabajo que se enmarquen en el listado de Temas Priorizados\u00a0<span id=\"OBJ_PREFIX_DWT236_com_zimbra_url\" class=\"Object\" role=\"link\"><a href=\"https:\/\/convocatorias.conicet.gov.ar\/wp-content\/uploads\/sites\/3\/publico\/convocatoria-becas-2025\/becas-2025\/Temas-priorizados-Becas-2025_a819d9a467b6ba1dd9.pdf\" target=\"_blank\" rel=\"noopener\">(ver temas)<\/a><\/span>\u00a0que fuera elaborado teniendo en cuenta los sectores econ\u00f3micos estrat\u00e9gicos del pa\u00eds y las \u00e1reas del conocimiento que \u00e9ste Consejo Nacional propone impulsar.<\/div>\n<div><\/div>\n<div>Con ese objetivo, el 70% de las becas a asignar ser\u00e1 otorgado a proyectos correspondientes a los Temas Priorizados o que se desarrollen en las regiones geogr\u00e1ficas establecidas en la convocatoria, mientras que se destinar\u00e1 el 30% restante a proyectos de Temas Abiertos. La convocatoria tiene en cuenta tanto la investigaci\u00f3n b\u00e1sica y\/o aplicada como los desarrollos tecnol\u00f3gicos.<\/div>\n<\/div>\n<div><\/div>\n<div>\n<p>Para mayor informaci\u00f3n:\u00a0<span id=\"OBJ_PREFIX_DWT237_com_zimbra_url\" class=\"Object\" role=\"link\"><a href=\"https:\/\/share.google\/XuKLClOOpWwEiPtEl\" target=\"_blank\" rel=\"noopener\">CLIC AQU\u00cd<\/a><\/span><\/p>\n<p><strong>Convocatoria BENTRE27<br \/>\n<\/strong>Fecha de cierre es 26 de Junio.<\/p>\n<\/div>\n<\/div>\n<p>Recomendaciones en relaci\u00f3n con la presentaci\u00f3n de becaries:<\/p>\n<blockquote class=\"wp-embedded-content\" data-secret=\"zCQKeaCfMT\"><p><a href=\"https:\/\/www.cic.gba.gob.ar\/convocatorias\/becas-de-entrenamiento-2027-bentre27\/\">BECAS DE ENTRENAMIENTO 2027 (BENTRE27)<\/a><\/p><\/blockquote>\n<p><iframe loading=\"lazy\" class=\"wp-embedded-content\" sandbox=\"allow-scripts\" security=\"restricted\" style=\"position: absolute; visibility: hidden;\" title=\"\u201cBECAS DE ENTRENAMIENTO 2027 (BENTRE27)\u201d \u2014 CIC\" src=\"https:\/\/www.cic.gba.gob.ar\/convocatorias\/becas-de-entrenamiento-2027-bentre27\/embed\/#?secret=wmO757xOIQ#?secret=zCQKeaCfMT\" data-secret=\"zCQKeaCfMT\" width=\"600\" height=\"338\" frameborder=\"0\" marginwidth=\"0\" marginheight=\"0\" scrolling=\"no\"><\/iframe><\/p>\n<p>ACLARACI\u00d3N SOBRE FIRMAS:<\/p>\n<p>1. No se deben agregar im\u00e1genes de firmas a las planillas digitales.<br \/>\n2. Una vez completada \u00edntegramente la planilla en formato digital se debe imprimir *SOLAMENTE* la car\u00e1tula, las declaraciones juradas, y la autorizaci\u00f3n a dirigir beca (en caso de ser necesaria).<br \/>\n3. \u2060Asegurarse que el c\u00f3digo de verificaci\u00f3n que figure en la car\u00e1tula impresa coincida con la versi\u00f3n digital. Este c\u00f3digo var\u00eda ante cualquier cambio en el contenido. *Si no coinciden en la planilla y en la car\u00e1tula firmada, la presentaci\u00f3n no se considerar\u00e1 v\u00e1lida*.<br \/>\n4. \u2060La car\u00e1tula y las declaraciones juradas impresas deben firmarse y escanearse. Si alguno de los firmantes tiene firma digital puede incluirla en este documento escaneado que ya contenga el resto de las firmas ol\u00f3grafas.<br \/>\n5. \u2060Al SIGEVA deber\u00e1n subir: la planilla en formato digital SIN FIRMAS y los documentos firmados y escaneados en el punto anterior.<\/p>\n<p><strong>FONDO DE FINANCIAMIENTO A PROYECTOS CULTURALES 2026<\/strong><\/p>\n<p>Por cuarto a\u00f1o consecutivo, el Municipio impulsa un fondo de financiamiento destinado a proyectos culturales, el cual consiste en apoyos econ\u00f3micos para acompa\u00f1ar y visibilizar proyectos del Partido de Tandil.<\/p>\n<p>En total se seleccionar\u00e1n 20 proyectos que recibir\u00e1n un total de $15.000.000 (pesos quince millones).<\/p>\n<p>La convocatoria est\u00e1 dirigida a artistas, grupos art\u00edsticos, gestores y espacios culturales. Los seleccionados en cada disciplina contar\u00e1n con un Apoyo Econ\u00f3mico Extraordinario que constar\u00e1 de un pago \u00fanico de: $750.000 (pesos setecientos cincuenta mil) a cada proyecto.<\/p>\n<p>El prop\u00f3sito del Fondo de Financiamiento a proyectos culturales es promover las iniciativas art\u00edsticas y potenciar las diferentes disciplinas en su instancia de creaci\u00f3n y producci\u00f3n, as\u00ed como fortalecer su circulaci\u00f3n en el entramado local.<\/p>\n<p>CRONOGRAMA:<\/p>\n<p>Inscripci\u00f3n v\u00eda formulario online disponible en la web de la Subsecretar\u00eda de Cultura y Educaci\u00f3n: www.cultura.tandil.gov.ar, desde el 19 de junio al 31 de julio inclusive.<\/p>\n<p>El cronograma es el siguiente:<\/p>\n<p>Apertura de inscripci\u00f3n: 19 de junio de 2026<\/p>\n<p>Cierre de inscripci\u00f3n: 31 de julio de 2026<\/p>\n<p>Anuncio de resultados: a partir del 7 de septiembre de 2026<\/p>\n<p>DISCIPLINAS:<\/p>\n<p>Los proyectos culturales podr\u00e1n enmarcarse en las siguientes disciplinas:<\/p>\n<p>M\u00fasica en todas sus expresiones (Canto, Composici\u00f3n, Ejecuci\u00f3n de instrumentos e interpretaci\u00f3n, Producci\u00f3n musical; en todos los g\u00e9neros musicales tanto el\u00e9ctricos como ac\u00fasticos).<br \/>\nArtes audiovisuales y multimedia en todas sus expresiones (Cine, Documentales, Animaci\u00f3n, Video, Videojuego).<br \/>\nArtes visuales en todas sus expresiones (Fotograf\u00eda, Pintura, Dibujo, Escultura, Grabado, Textil, Arte Digital, Mural, Comic).<br \/>\nArtes Esc\u00e9nicas en todas sus expresiones (Teatro, Danza, Comedia musical, Clown, Stand Up, Circo, Murga).<br \/>\nArtesan\u00edas en todas sus expresiones (Producci\u00f3n artesanal)<br \/>\nLetras en todas sus expresiones. (Literatura, Ensayo, Poes\u00eda, Cuento corto, Gui\u00f3n, Narrativa, Novela)<br \/>\nPublicaciones, dise\u00f1o, radio, televisi\u00f3n y sitios de internet con contenido cultural<br \/>\nPatrimonio Cultural (material e inmaterial, proyectos de restauraci\u00f3n de bienes muebles, proyectos de todas las disciplinas art\u00edsticas cuyos ejes sean la identidad de la comunidad en diversos soportes: documentos, fotos, archivos o cortos audiovisuales, historia, relatos, entre otros)<br \/>\nEspacios culturales registrados en la ordenanza N\u00b0 16.703<br \/>\nEn cada disciplina se seleccionar\u00e1n, al menos, dos proyectos. Si el jurado considera que en una disciplina los proyectos no cumplen con los requisitos, la o las disciplinas podr\u00edan quedar vacantes.<\/p>\n<p>BASES Y CONDICIONES<\/p>\n<p>Podr\u00e1n participar todas las personas mayores de 18 a\u00f1os argentinas y\/o extranjeras, cualquiera sea la disciplina art\u00edstica que desarrollen, que tenga una residencia permanente y comprobable en la ciudad de Tandil por m\u00e1s de dos a\u00f1os. Solo se podr\u00e1 efectuar una \u00fanica postulaci\u00f3n por persona o grupo art\u00edstico, siendo una persona la responsable del grupo, quien deber\u00e1 llenar los formularios y cumplir con los requisitos planteados en el reglamento. Asimismo, la persona responsable del proyecto seleccionado deber\u00e1 contar con una cuenta bancaria a su nombre para que el municipio pueda realizar la transferencia. En caso de no contar con una, ser\u00e1 responsabilidad del beneficiario\/a la creaci\u00f3n de la misma.<\/p>\n<p>En el formulario de inscripci\u00f3n deber\u00e1 figurar un detalle descriptivo de c\u00f3mo se utilizar\u00e1 el monto asignado en el desarrollo del proyecto. La justificaci\u00f3n del gasto ser\u00e1 considerada al momento de evaluar la sustentabilidad del mismo. Los importes deber\u00e1n ser expresados en pesos argentinos.<\/p>\n<p>El pago del apoyo ser\u00e1 efectuado en un plazo no mayor a 20 d\u00edas h\u00e1biles de la publicaci\u00f3n de los proyectos seleccionados por medio de transferencia bancaria, quedando excluido cualquier otro medio de pago. Una vez efectuado el pago, cada proyecto seleccionado tendr\u00e1 hasta 90 d\u00edas para ser desarrollado. Cumplido este plazo, el proyecto podr\u00e1 no estar finalizado pero se deber\u00e1 presentar un registro que d\u00e9 cuenta de su proceso creativo (parte de la creaci\u00f3n, filmaciones del proceso, relato audiovisual, etc.). Los plazos establecidos son improrrogables, no acept\u00e1ndose en consecuencia participaciones posteriores a su finalizaci\u00f3n. Adem\u00e1s, junto con la rendici\u00f3n econ\u00f3mica del subsidio, los seleccionados deber\u00e1n presentar un informe final que deber\u00e1 contener una s\u00edntesis sobre el desarrollo de los contenidos y actividades realizadas (recursos gestionados, presupuesto total del proyecto), desde su comienzo hasta la finalizaci\u00f3n, pudiendo incluir material, fotos, videos, etc.<\/p>\n<p>El registro del proceso creativo deber\u00e1 cumplir los siguientes requisitos t\u00e9cnicos: Filmaci\u00f3n con luz diurna en formato full HD 1920 x 1080 25 fps o 30 fps con Extensi\u00f3n del v\u00eddeo.MP4 o .Mov y una duraci\u00f3n no mayor a 25 minutos. El mismo ser\u00e1 puesto a disposici\u00f3n del Municipio de Tandil para su difusi\u00f3n en coordinaci\u00f3n con el\/la autor\/a ya sea a trav\u00e9s de alguna de sus p\u00e1ginas oficiales o en formato a convenir. Los proyectos seleccionados deber\u00e1n contener en su difusi\u00f3n el logo del Municipio de Tandil, as\u00ed como mencionar que es un proyecto seleccionado por el Fondo de Financiamiento Municipal 2026. Los proyectos no podr\u00e1n infringir derechos de autor de otras personas humanas o jur\u00eddicas, asumiendo los participantes cualquier responsabilidad que pueda surgir de cualquier reclamo efectuado por terceros relacionado con cualquier derecho vinculado a la originalidad y\/o car\u00e1cter in\u00e9dito de los contenidos, manteniendo indemne al Municipio de Tandil. El Municipio tambi\u00e9n se reserva el derecho de rechazar todas aquellas creaciones cuyo contenido incluya escenas violentas, sexistas, racistas o que vulneren los derechos integrales de las personas.<\/p>\n<p>Todos los datos requeridos deber\u00e1n ser presentados en el formulario online y de acuerdo con lo que determina el reglamento.<\/p>\n<p>Se podr\u00e1n adjuntar links de youtube\/instagram\/facebook que den cuenta de trabajos realizados anteriormente, caso contrario no podr\u00e1n ser evaluados.<\/p>\n<p>El no cumplir con todos los requisitos podr\u00e1 implicar el rechazo del proyecto.<\/p>\n<p>Los datos presentados tendr\u00e1n car\u00e1cter de declaraci\u00f3n jurada.<\/p>\n<p>No podr\u00e1n ser beneficiarias del Fondo de Financiamiento a Proyectos Culturales aquellas personas que hayan sido ganadoras de l\u00edneas de financiamiento de convocatorias del a\u00f1o calendario de orden municipal en los \u00faltimos 90 d\u00edas<\/p>\n<p>SELECCI\u00d3N<\/p>\n<p>Un jurado especializado en cada disciplina y designado por la Subsecretar\u00eda de Cultura y Educaci\u00f3n del Municipio de Tandil, realizar\u00e1 la selecci\u00f3n de las propuestas de acuerdo con un orden de m\u00e9rito por disciplina, para que luego la organizaci\u00f3n realice la entrega de los apoyos econ\u00f3micos conforme al orden de m\u00e9rito establecido.<\/p>\n<p>Los resultados se publicar\u00e1n por los medios oficiales del Municipio de Tandil y no podr\u00e1n ser apelados.<\/p>\n<p>Municipio de Tandil \u2013 Subsecretar\u00eda de Cultura y Educaci\u00f3n<br \/>\nCorreo electr\u00f3nico: culturayeducacion@tandil.gov.ar Web: www.cultura.tandil.gov.ar<br \/>\nFb: Subsecretar\u00eda de Cultura y Educaci\u00f3n Tandil \/\/ Ig: @culturatandil<\/p>\n<p><em><strong>Convocatoria del Fondo de Innovaci\u00f3n en Ciencias Sociales y Humanidades (FONICS) <\/strong>perteneciente al Ministerio de Producci\u00f3n, Ciencia e Innovaci\u00f3n Tecnol\u00f3gica, a trav\u00e9s de la Subsecretar\u00eda de Ciencia, Tecnolog\u00eda e Innovaci\u00f3n de la Provincia de Buenos<\/em><\/p>\n<p><strong>-\u00a0<em><u>Fecha l\u00edmite para la recepci\u00f3n de documentaci\u00f3n<\/u><\/em>: 23 de Junio de 2026, inclusive.\u00a0<\/strong><\/p>\n<p><strong><em><u>- Modalidad de presentaci\u00f3n:<\/u>\u00a0<\/em><em>La documentaci\u00f3n completa de cada proyecto de acuerdo a lo informado y bases y condiciones deber\u00e1 ser enviada a\u00a0<a href=\"mailto:vinculacion%40secat.unicen.edu.ar\">vinculacion@secat.unicen.edu.ar<\/a>\u00a0- \"Asunto: FONICS - LINEA (indicar l\u00ednea a la que se presenta I,II,III) - Nombre director\/a del proyecto\"\u00a0<\/em><\/strong><\/p>\n<p><em>\u00a0Se aclara que el l\u00edmite de plazo corresponde a posterior firma del Sr. Rector y carga interna por parte de la subsecretar\u00eda VyT a la\u00a0<\/em><em>Plataforma de Administraci\u00f3n Digital, a trav\u00e9s del Portal de Servicios de la PBA.<\/em><\/p>\n<p><em>FONICS_Planilla presupuestaria <a href=\"https:\/\/www.arte.unicen.edu.ar\/investigacionyposgrado\/wp-content\/uploads\/2026\/05\/FONICS_Planilla-presupuestaria.xlsx\">(clic aqu\u00ed)<\/a><br \/>\nFONICS 1ra edici\u00f3n Anexo I <a href=\"https:\/\/www.arte.unicen.edu.ar\/investigacionyposgrado\/wp-content\/uploads\/2026\/05\/FONICS-1ra-edicion-Anexo-I.pdf\">(clic aqu\u00ed)<\/a><br \/>\nFONICS 1ra edici\u00f3n Anexo II <a href=\"https:\/\/www.arte.unicen.edu.ar\/investigacionyposgrado\/wp-content\/uploads\/2026\/05\/FONICS-1ra-edicion-Anexo-II.pdf\">(clic aqu\u00ed)<\/a><br \/>\nFONICS 1ra edici\u00f3n Anexo III <a href=\"https:\/\/www.arte.unicen.edu.ar\/investigacionyposgrado\/wp-content\/uploads\/2026\/05\/FONICS-1ra-edicion-Anexo-III.pdf\">(clic aqu\u00ed)<\/a><br \/>\n<\/em><\/p>\n<p><em><strong><u>INSTITUCI\u00d3N BENEFICIARIA:<\/u><\/strong><\/em><\/p>\n<p><em><strong><u>Nombre:<\/u><\/strong><strong>\u00a0<\/strong>Universidad Nacional del Centro de la Provincia de Buenos Aires (UNCPBA) - Facultad (completar en caso de que corresponda) y\/o Instituto (completar en caso de que corresponda)\u00a0<\/em><\/p>\n<p><em><strong><u>CUIT:<\/u><\/strong>\u00a0<a href=\"callto:30-58676141-9\">30-58676141-9<\/a><br \/>\n<strong><u>Direcci\u00f3n (CP):<\/u>\u00a0<\/strong>Pinto 399 - Tandil - CP 7000<strong><br \/>\n<u>Municipio:<\/u>\u00a0<\/strong>Tandil<br \/>\n<strong><u>Referente ante la SSCTI<\/u>\u00a0(nombre y apellido):\u00a0<\/strong>Marcelo A. ABA<strong><br \/>\n<u>Correo electr\u00f3nico:\u00a0<\/u><\/strong><a href=\"mailto:abamarcelo@gmail.com\">abamarcelo@gmail.com<\/a>\u00a0\/\u00a0<a href=\"mailto:vinculacion@secat.unicen.edu.ar\">vinculacion@secat.unicen.du.ar<\/a>\u00a0\/\u00a0<a href=\"mailto:vinculacionytransferencia@rec.unicen.edu.ar\">vinculacionytransferencia@rec.unicen.edu.ar<\/a>\u00a0<\/em><\/p>\n<p><em><strong><u>Tel\u00e9fono de contacto:<\/u><\/strong>\u00a0<a href=\"callto:(0249) 4385600\">(0249) 4385600<\/a>\u00a0Int. 1518 \/ 1519<\/em><\/p>\n<p><strong><u><em>DATOS\u00a0UVT:<\/em><\/u><\/strong><\/p>\n<p><em><strong><u>UNIDAD DE VINCULACI\u00d3N TECNOL\u00d3GICA (UVT)<\/u><\/strong><strong>\u00a0<\/strong><\/em><\/p>\n<p><em><strong><u>Nombre:<\/u><\/strong><strong>\u00a0<\/strong>Universidad Nacional del Centro de la Provincia de Buenos Aires<br \/>\n<strong><u>CUIT:<\/u>\u00a0<\/strong><a href=\"callto:30-58676141-9\">30-58676141-9<\/a><br \/>\n<strong><u>Direcci\u00f3n (CP):<\/u>\u00a0<\/strong>Pinto 399 - Tandil - CP 7000<br \/>\n<strong><u>Municipio:<\/u>\u00a0<\/strong>Tandil<strong><u><br \/>\nReferente ante la SSCTI (nombre y apellido):<\/u>\u00a0\u00a0<\/strong>Marcelo A. ABA<strong><br \/>\n<u>Correo electr\u00f3nico:\u00a0<\/u><\/strong><a href=\"mailto:abamarcelo@gmail.com\">abamarcelo@gmail.com<\/a>\/\u00a0<a href=\"mailto:vinculacion@secat.unicen.edu.ar\">vinculacion@secat.unicen.du.ar<\/a>\u00a0\/\u00a0<a href=\"mailto:vinculacionytransferencia@rec.unicen.edu.ar\">vinculacionytransferencia@rec.unicen.edu.ar<\/a>\u00a0<\/em><\/p>\n<p><em><strong><u>Tel\u00e9fono de contacto:<\/u><\/strong><strong>\u00a0<\/strong><a href=\"callto:(0249) 4385600\">(0249) 4385600<\/a>\u00a0Int. 1518 \/ 1519<\/em><\/p>\n<p><strong><u><em>ANEXO I DESARROLLO PRODUCTIVO\u00a0 -DOCUMENTACI\u00d3N A PRESENTAR*<\/em><\/u><\/strong><\/p>\n<p><em><strong><u>(<\/u><\/strong>*En todos los casos, la autoridad firmante deber\u00e1 ser la m\u00e1xima autoridad de la instituci\u00f3n.\u00a0Caso contrario, quien firme deber\u00e1 contar con la firma delegada de la m\u00e1xima autoridad de<\/em><\/p>\n<p style=\"font-weight: 400;\"><em>la instituci\u00f3n.)<\/em><\/p>\n<p><strong><u><em>INSTITUCI\u00d3N BENEFICIARIA<\/em><\/u><\/strong><\/p>\n<p style=\"font-weight: 400;\"><em>Instrumento de designaci\u00f3n de la autoridad firmante.<br \/>\n<u><strong>UNIDAD DE VINCULACI\u00d3N TECNOL\u00d3GICA<\/strong><\/u><br \/>\nNota suscripta por el representante legal aceptando administrar los fondos en caso de\u00a0resultar adjudicado el proyecto, junto con el poder o acta de designaci\u00f3n de autoridades que<br \/>\nacredite su personer\u00eda.<\/em><\/p>\n<p style=\"font-weight: 400;\"><em><u><strong>GRUPO DE TRABAJO<\/strong><\/u><br \/>\nCVs resumido de los participantes del proyecto (m\u00e1x. 5 hojas, antecedentes relevantes para el\u00a0proyecto), firmados en todas sus hojas.<br \/>\n<u><strong>ADOPTANTE<\/strong><\/u><br \/>\n1. Copia de los instrumentos que acrediten su constituci\u00f3n.<br \/>\n2. Copia del instrumento que acredite la personer\u00eda y las facultades de quien suscribe el<br \/>\nformulario.<br \/>\n3. Copia de la constancia de inscripci\u00f3n en la ARCA.<br \/>\n4. Copia de la constancia de inscripci\u00f3n en Registro ActiBA.<br \/>\n5. Certificado de inscripci\u00f3n al R\u00e9gimen de Promoci\u00f3n de la Econom\u00eda del Conocimiento<br \/>\nperteneciente al Ministerio de Econom\u00eda de la Naci\u00f3n (para el caso de empresas de bio y<br \/>\nnano), de corresponder.<br \/>\n6. Certificado MiPyME (para el caso de personas individuales).<\/em><\/p>\n<p><em><b>ANEXO II<\/b><strong><u>\u00a0DESAF\u00cdOS PROVINCIALES -DOCUMENTACI\u00d3N A PRESENTAR*<\/u><\/strong><\/em><\/p>\n<p><em><strong><u>(<\/u><\/strong>*En todos los casos, la autoridad firmante deber\u00e1 ser la m\u00e1xima autoridad de la instituci\u00f3n.\u00a0Caso contrario, quien firme deber\u00e1 contar con la firma delegada de la m\u00e1xima autoridad de<\/em><\/p>\n<p><em>la instituci\u00f3n.)<\/em><\/p>\n<p><strong><u><em>INSTITUCI\u00d3N BENEFICIARIA<\/em><\/u><\/strong><\/p>\n<p style=\"font-weight: 400;\"><em>Instrumento de designaci\u00f3n de la autoridad firmante.<br \/>\n<strong><u>UNIDAD DE VINCULACI\u00d3N TECNOL\u00d3GICA<\/u><\/strong><br \/>\nNota suscripta por el representante legal aceptando administrar los fondos en caso de\u00a0resultar adjudicado el proyecto, junto con el poder o acta de designaci\u00f3n de autoridades que<br \/>\nacredite su personer\u00eda.\u00a0<\/em><\/p>\n<p style=\"font-weight: 400;\"><em><strong><u>GRUPO DE TRABAJO<\/u><\/strong><br \/>\nCVs resumido de los participantes del proyecto (m\u00e1x. 5 hojas, antecedentes relevantes para el\u00a0proyecto), firmados en todas sus hojas.<br \/>\n<strong><u>ADOPTANTE<\/u><\/strong><br \/>\n1. Copia de los instrumentos que acrediten su constituci\u00f3n.<br \/>\n2. Copia del instrumento que acredite la personer\u00eda y las facultades de quien suscribe el\u00a0formulario.<br \/>\n3. Copia de la constancia de inscripci\u00f3n en la ARCA.<\/em><\/p>\n<p style=\"font-weight: 400;\"><em><b>ANEXO III<\/b><strong><u>\u00a0GOBIERNOS\u00a0LOCALES-DOCUMENTACI\u00d3N A PRESENTAR*<\/u><\/strong><\/em><\/p>\n<p><em><strong><u>(<\/u><\/strong>*En todos los casos, la autoridad firmante deber\u00e1 ser la m\u00e1xima autoridad de la instituci\u00f3n.\u00a0Caso contrario, quien firme deber\u00e1 contar con la firma delegada de la m\u00e1xima autoridad de<\/em><\/p>\n<p><em>la instituci\u00f3n.)<\/em><\/p>\n<p style=\"font-weight: 400;\"><em><strong><u>INSTITUCI\u00d3N BENEFICIARIA<\/u><\/strong><br \/>\nInstrumento de designaci\u00f3n de la autoridad firmante.<br \/>\n<u><strong>UNIDAD DE VINCULACI\u00d3N TECNOL\u00d3GICA<\/strong><\/u><br \/>\nNota suscripta por el representante legal aceptando administrar los fondos en caso de\u00a0resultar adjudicado el proyecto, junto con el poder o acta de designaci\u00f3n de autoridades que<br \/>\nacredite su personer\u00eda.<br \/>\n<strong><u>GRUPO DE TRABAJO<\/u><\/strong><br \/>\nCVs resumido de los participantes del proyecto (m\u00e1x. 5 hojas, antecedentes relevantes para el\u00a0proyecto), firmados en todas sus hojas.<br \/>\n<strong><u>ADOPTANTE<\/u><\/strong><br \/>\n1. Copia de los instrumentos que acrediten su constituci\u00f3n.<br \/>\n2. Copia del instrumento que acredite la personer\u00eda y las facultades de quien suscribe el\u00a0formulario.<br \/>\n3. Copia de la constancia de inscripci\u00f3n en la ARCA<\/em><\/p>\n<p><strong><u><em>A SABER:<\/em><\/u><\/strong><\/p>\n<p><em>-<strong><u>Nota\u00a0UVT<\/u><\/strong>\u00a0una vez que se env\u00ede toda la documentaci\u00f3n se confecciona la nota por cada proyecto y se presenta a la firma del rector conjuntamente con toda la documentaci\u00f3n en caso de que corresponda.\u00a0<\/em><\/p>\n<p><em><strong><u>-Documentaci\u00f3n IB<\/u><\/strong>\u00a0en caso de que sea la universidad no se necesita, desde la subsecretar\u00eda de VyT la presentamos.<\/em><\/p>\n<p><em><strong><u>-% Monto asignado a la\u00a0UVT<\/u><\/strong>\u00a0se est\u00e1 manejando un\u00a05%.\u00a0(De acuerdo a las bases y condiciones\u00a0FONICS punto 13. Gastos Elegibles - Gastos de administraci\u00f3n por parte de una Unidad de Vinculaci\u00f3n\u00a0Tecnol\u00f3gica hasta un\u00a05% del total del ANR solicitado).\u00a0<\/em><\/p>\n<p><em><strong><u>-VIDEO:<\/u>\u00a0<\/strong>opcional menor a dos minutos (capacidad 12 mb)\u00a0\u00a0<\/em><\/p>\n<p><em>-<strong><u>Planilla complementaria de presupuesto<\/u><\/strong>\u00a0(Anexo IV) debe presentarse en formato excel<\/em><\/p>\n<p><em><b><u>-ANEXO I,II, III\u00a0\u00a0<\/u><\/b>Seg\u00fan corresponda\u00a0deber\u00e1 presentarse firmado por la instituci\u00f3n adoptante en formato PDF. Respecto a la firma de Instituci\u00f3n beneficiaria y UVT tramitamos la firma del Sr. Rector desde la subsecretar\u00eda de VyT .\u00a0<\/em><\/p>\n<p><em><strong><u>-Grupo de Trabajo\u00a0 - CVs<\/u><\/strong>\u00a0\u00a0resumido de los participantes del proyecto (m\u00e1x.\u00a05\u00a0hojas, antecedentes relevantes para el proyecto), firmados en todas sus hojas.\u00a0<strong>Adjuntar cada cv individualmente.\u00a0<\/strong><\/em><\/p>\n<p><em>Informes<br \/>\nVinculaci\u00f3n y Transferencia<br \/>\nTel. 4385600 interno 1518<br \/>\nMail:\u00a0<a href=\"mailto:vinculacion@secat.unicen.edu.ar\">vinculacion@secat.unicen.edu.ar<\/a><\/em><\/p>\n<p>&nbsp;<\/p>\n<p>&nbsp;<\/p>\n<\/div>\n<\/div><\/div><\/div><\/div><\/div>","protected":false},"excerpt":{"rendered":"<p>En este espacio difundiremos las convocatorias vigentes. Mapeo de Convenios de colaboraci\u00f3n UNICEN (clic aqu\u00ed)<span class=\"more-link\"><a href=\"https:\/\/www.arte.unicen.edu.ar\/investigacionyposgrado\/becas-de-investigacion\/proximas-convocatorias\/\">M\u00e1s informaci\u00f3n<\/a><\/span><\/p>\n","protected":false},"author":2,"featured_media":0,"parent":2018,"menu_order":0,"comment_status":"closed","ping_status":"closed","template":"","meta":{"footnotes":""},"class_list":["entry","author-cdelgado","post-2348","page","type-page","status-publish"],"_links":{"self":[{"href":"https:\/\/www.arte.unicen.edu.ar\/investigacionyposgrado\/wp-json\/wp\/v2\/pages\/2348","targetHints":{"allow":["GET"]}}],"collection":[{"href":"https:\/\/www.arte.unicen.edu.ar\/investigacionyposgrado\/wp-json\/wp\/v2\/pages"}],"about":[{"href":"https:\/\/www.arte.unicen.edu.ar\/investigacionyposgrado\/wp-json\/wp\/v2\/types\/page"}],"author":[{"embeddable":true,"href":"https:\/\/www.arte.unicen.edu.ar\/investigacionyposgrado\/wp-json\/wp\/v2\/users\/2"}],"replies":[{"embeddable":true,"href":"https:\/\/www.arte.unicen.edu.ar\/investigacionyposgrado\/wp-json\/wp\/v2\/comments?post=2348"}],"version-history":[{"count":2,"href":"https:\/\/www.arte.unicen.edu.ar\/investigacionyposgrado\/wp-json\/wp\/v2\/pages\/2348\/revisions"}],"predecessor-version":[{"id":2673,"href":"https:\/\/www.arte.unicen.edu.ar\/investigacionyposgrado\/wp-json\/wp\/v2\/pages\/2348\/revisions\/2673"}],"up":[{"embeddable":true,"href":"https:\/\/www.arte.unicen.edu.ar\/investigacionyposgrado\/wp-json\/wp\/v2\/pages\/2018"}],"wp:attachment":[{"href":"https:\/\/www.arte.unicen.edu.ar\/investigacionyposgrado\/wp-json\/wp\/v2\/media?parent=2348"}],"curies":[{"name":"wp","href":"https:\/\/api.w.org\/{rel}","templated":true}]}}