{"id":2309,"date":"2026-05-04T09:50:34","date_gmt":"2026-05-04T12:50:34","guid":{"rendered":"https:\/\/www.arte.unicen.edu.ar\/investigacionyposgrado\/?page_id=2309"},"modified":"2026-08-26T08:52:48","modified_gmt":"2026-08-26T11:52:48","slug":"cronograma-2026","status":"publish","type":"page","link":"https:\/\/www.arte.unicen.edu.ar\/investigacionyposgrado\/maestria-en-artes-audiovisuales\/cronograma-2026\/","title":{"rendered":"Cronograma 2026"},"content":{"rendered":"<div id=\"pl-2309\"  class=\"panel-layout\" ><div id=\"pg-2309-0\"  class=\"panel-grid panel-no-style\" ><div id=\"pgc-2309-0-0\"  class=\"panel-grid-cell\" ><div id=\"panel-2309-0-0-0\" class=\"so-panel widget widget_sow-editor panel-first-child panel-last-child\" data-index=\"0\" ><div\n\t\t\t\n\t\t\tclass=\"so-widget-sow-editor so-widget-sow-editor-base\"\n\t\t\t\n\t\t>\n<div class=\"siteorigin-widget-tinymce textwidget\">\n\t<table style=\"height: 328px; width: 104.146%; border-color: #ffffff;\" border=\"2\" cellspacing=\"1\" cellpadding=\"1\">\n<tbody>\n<tr style=\"height: 16px;\">\n<td style=\"width: 99.2791%; height: 16px; background-color: #742f5b; text-align: center;\" colspan=\"2\"><strong><span style=\"color: #ffffff; font-family: tahoma, arial, helvetica, sans-serif;\">CRONOGRAMA 2026<\/span><\/strong><\/td>\n<\/tr>\n<tr style=\"height: 10px;\">\n<td style=\"width: 50.6694%; height: 10px; background-color: #742f5b; text-align: center;\"><strong><span style=\"color: #ffffff; font-family: tahoma, arial, helvetica, sans-serif;\">SEMINARIO<\/span><\/strong><\/td>\n<td style=\"width: 48.6097%; height: 10px; background-color: #742f5b; text-align: center;\"><strong><span style=\"color: #ffffff; font-family: tahoma, arial, helvetica, sans-serif;\">FECHAS<\/span><\/strong><\/td>\n<\/tr>\n<tr style=\"height: 34px;\">\n<td style=\"width: 50.6694%; height: 34px; background-color: #e8c5db;\"><strong><span style=\"font-family: tahoma, arial, helvetica, sans-serif;\">Trayecto Complementario - Taller de introducci\u00f3n a la investigaci\u00f3n en artes<br \/>\n<\/span><\/strong><span style=\"font-size: 14px;\"><em><span style=\"font-family: tahoma, arial, helvetica, sans-serif;\">Solo para quienes fueron notificadxs que deben cursarlo<\/span><\/em><\/span><strong><span style=\"font-family: tahoma, arial, helvetica, sans-serif;\"><br \/>\n<\/span><\/strong><span style=\"font-family: tahoma, arial, helvetica, sans-serif;\"><span style=\"text-decoration: underline;\">Docente:<\/span> Mar\u00eda Guadalupe Suasn\u00e1bar<\/span><span style=\"font-family: tahoma, arial, helvetica, sans-serif;\"><br \/>\n<\/span><\/td>\n<td style=\"width: 48.6097%; height: 34px; background-color: #e8c5db;\"><span style=\"font-family: tahoma, arial, helvetica, sans-serif;\">Abril (virtual asincr\u00f3nico)<\/span><\/td>\n<\/tr>\n<tr style=\"height: 60px;\">\n<td style=\"width: 50.6694%; height: 60px; background-color: #e8c5db;\"><span style=\"font-family: tahoma, arial, helvetica, sans-serif;\"><strong>Formaci\u00f3n virtual<br \/>\n<\/strong><span style=\"text-decoration: underline;\">Docente:<\/span> Mar\u00eda Isabel Miraglia<br \/>\n<\/span><\/td>\n<td style=\"width: 48.6097%; height: 60px; background-color: #e8c5db;\"><span style=\"font-family: tahoma, arial, helvetica, sans-serif;\">Abril (virtual asincr\u00f3nico)<\/span><\/td>\n<\/tr>\n<tr style=\"height: 18px;\">\n<td style=\"width: 50.6694%; height: 18px; background-color: #e8c5db;\"><span style=\"font-family: tahoma, arial, helvetica, sans-serif;\"><strong>Taller de escritura art\u00edstica<\/strong><\/span><br \/>\n<span style=\"font-family: tahoma, arial, helvetica, sans-serif;\"><span style=\"text-decoration: underline;\">Docente:<\/span> Mat\u00edas Moscardi<\/span><\/td>\n<td style=\"width: 48.6097%; height: 18px; background-color: #e8c5db;\"><span style=\"font-family: tahoma, arial, helvetica, sans-serif;\">Inicia: 2 de mayo, de 14 a 18hs (presencial \/ h\u00edbrido*)<\/span><br \/>\n<span style=\"font-family: tahoma, arial, helvetica, sans-serif;\">Continua: 8, 22 y 29 de mayo, de 15 a 17hs (encuentros virtuales) <\/span><br \/>\n<span style=\"font-family: tahoma, arial, helvetica, sans-serif;\">Encuentro final: s\u00e1bado 27 de junio de 14 a 19hs (PRESENCIAL).<br \/>\n<em><span style=\"font-size: 14px;\">*Presencial para residentes en la ciudad de Tandil<\/span><\/em>\u00a0<\/span><\/td>\n<\/tr>\n<tr style=\"height: 34px;\">\n<td style=\"width: 50.6694%; height: 34px; background-color: #e8c5db;\"><strong><span style=\"font-family: tahoma, arial, helvetica, sans-serif;\">Po\u00e9ticas de las artes audiovisuales<\/span><\/strong><br \/>\n<span style=\"font-family: tahoma, arial, helvetica, sans-serif;\"><span style=\"text-decoration: underline;\">Docente:<\/span> Hern\u00e1n Khourian<\/span><\/td>\n<td style=\"width: 48.6097%; height: 34px; background-color: #e8c5db;\"><span style=\"font-family: tahoma, arial, helvetica, sans-serif;\">Inicia: 4 y 5 de junio, de 18 a 21hs (virtual)<\/span><br \/>\n<span style=\"font-family: tahoma, arial, helvetica, sans-serif;\">Continua: 16 y 17 de julio, de 18 a 21hs (virtual) <\/span><br \/>\n<span style=\"font-family: tahoma, arial, helvetica, sans-serif;\">Clases finales de cierre (presenciales): viernes 14 de agosto, de 17 a 22hs \/ y s\u00e1bado 15 de agosto, de 10 a 13hs.<br \/>\n<\/span><\/td>\n<\/tr>\n<tr style=\"height: 34px;\">\n<td style=\"width: 50.6694%; height: 34px; background-color: #e8c5db;\"><strong><span style=\"font-family: tahoma, arial, helvetica, sans-serif;\">Espacialidades<br \/>\n<\/span><\/strong><span style=\"text-decoration: underline;\"><span style=\"font-family: tahoma, arial, helvetica, sans-serif;\">Docentes:<\/span><\/span> <span style=\"font-family: tahoma, arial, helvetica, sans-serif;\">Ian Garret y Vanesa Kelly<br \/>\n<\/span><\/td>\n<td style=\"width: 48.6097%; height: 34px; background-color: #e8c5db;\"><span style=\"font-family: tahoma, arial, helvetica, sans-serif;\">Del lunes 8 al s\u00e1bado 13 de junio<br \/>\nModalidad presencial.<br \/>\nHorarios:<br \/>\nLunes 8\/06 de 10:00 a 13:00 y de 15:00 a 18:00<br \/>\nMartes 9\/06 de 10:00 a 13:00 y de 15:00 a 18:00<br \/>\nMi\u00e9rcoles 10 \/06 de 10:00 a 13:00 y de 15:00 a 18:00<br \/>\nJueves 11\/06 de 9:30 a 13:00 y de 15:00 a 18:00<br \/>\nViernes 12\/06 9:30 a 13:00 y de 15:00 a 18:00<br \/>\nS\u00e1bado 13\/06 10:00 a 13:00 y de 15:00 a 18:00<br \/>\n<\/span><\/td>\n<\/tr>\n<tr style=\"height: 34px;\">\n<td style=\"width: 50.6694%; height: 34px; background-color: #e8c5db;\"><strong><span style=\"font-family: tahoma, arial, helvetica, sans-serif;\">Abordajes te\u00f3rico-cr\u00edtico de las narrativas audiovisuales<br \/>\n<\/span><\/strong><span style=\"font-family: tahoma, arial, helvetica, sans-serif;\"><strong>\"Ver, mirar, leer, escribir y otras imaginaciones\"<\/strong><br \/>\nDocente: Luciana Sastre<\/span><\/p>\n<p>&nbsp;<\/p>\n<\/td>\n<td style=\"width: 48.6097%; height: 34px; background-color: #e8c5db;\"><span style=\"font-family: tahoma, arial, helvetica, sans-serif;\">Modalidad h\u00edbrida, presencial para residentes en Tandil.<br \/>\nAgosto:<br \/>\nViernes 14\/08 \u2013 10 a 13hs<br \/>\nMartes 25\/08 \u2013 17 a 20hs<br \/>\nLunes 31\/08 \u2013 17 a 20 hs<\/span><\/p>\n<p>Septiembre:<br \/>\nLunes 07\/09 \u2013 17 a 20 hs<br \/>\nLunes 14\/09 \u2013 17 hs (asincr\u00f3nico)<br \/>\nLunes 28\/09 \u2013 17 a 20 hs<\/p>\n<p>Octubre:<br \/>\nLunes 05\/10 \u2013 17 a 20 hs<br \/>\nLunes 19\/10 \u2013 17 a 20 hs<br \/>\nLunes 26\/10 \u2013 17 hs (asincr\u00f3nico)<\/p>\n<p>Noviembre:<br \/>\nS\u00e1bado 21\/11 \u2013 Muestra conversatorio (horario a confirmar)<\/p>\n<\/td>\n<\/tr>\n<tr style=\"height: 34px;\">\n<td style=\"width: 50.6694%; height: 34px; background-color: #e8c5db;\"><strong><span style=\"font-family: tahoma, arial, helvetica, sans-serif;\">Puesta en escena<br \/>\n\"La puesta en escena en el lenguaje audiovisual: intuici\u00f3n, herramientas y exploraci\u00f3n de una gram\u00e1tica propia\"<br \/>\n<\/span><\/strong><span style=\"text-decoration: underline;\"><span style=\"font-family: tahoma, arial, helvetica, sans-serif;\">Docentes:<\/span><\/span> <span style=\"font-family: tahoma, arial, helvetica, sans-serif;\"><span style=\"font-family: tahoma, arial, helvetica, sans-serif;\"><span style=\"font-family: tahoma, arial, helvetica, sans-serif;\">Pablo Giorgelli y Mar\u00eda Astraukas<br \/>\n<\/span><\/span><br \/>\n<\/span><\/td>\n<td style=\"width: 48.6097%; height: 34px; background-color: #e8c5db;\"><span style=\"font-family: tahoma, arial, helvetica, sans-serif;\">24 y 25\/8 clases presenciales; Horarios: lunes 24 de 17 a 21h.; martes 25 de 9 a 13hs.<\/span><br \/>\n<span style=\"font-family: tahoma, arial, helvetica, sans-serif;\">2, 9, 16 y 23\/9 clases virtuales de 18:30 a 21:30 hs.<\/span><br \/>\n<span style=\"font-family: tahoma, arial, helvetica, sans-serif;\">15 y 16\/10 clases presenciales (h<\/span>orario a definir).<\/td>\n<\/tr>\n<tr style=\"height: 34px;\">\n<td style=\"width: 50.6694%; height: 34px; background-color: #e8c5db;\"><strong><span style=\"font-family: tahoma, arial, helvetica, sans-serif;\">Proceso creativo y dise\u00f1o<br \/>\n<\/span><\/strong><span style=\"text-decoration: underline;\"><span style=\"font-family: tahoma, arial, helvetica, sans-serif;\">Docentes:<\/span><\/span> <span style=\"font-family: tahoma, arial, helvetica, sans-serif;\">Lucrecia Etchecoin y Yanina Jensen<\/span><\/td>\n<td style=\"width: 48.6097%; height: 34px; background-color: #e8c5db;\">Fechas: mi\u00e9rcoles 7, 14, 21, 28 de octubre y, 4, 11 de noviembre.<br \/>\nHorario: de 18 a 20hs.<br \/>\nModalidad: clases presenciales y clases virtuales sincr\u00f3nicas.<\/td>\n<\/tr>\n<tr style=\"height: 34px;\">\n<td style=\"width: 50.6694%; height: 34px; background-color: #e8c5db;\"><strong><span style=\"font-family: tahoma, arial, helvetica, sans-serif;\">Laboratorio de escritura I<br \/>\n<\/span><\/strong><span style=\"text-decoration: underline;\"><span style=\"font-family: tahoma, arial, helvetica, sans-serif;\">Docente:<\/span><\/span> <span style=\"font-family: tahoma, arial, helvetica, sans-serif;\">Roque Larraquy<\/span><\/td>\n<td style=\"width: 48.6097%; height: 34px; background-color: #e8c5db;\">Fechas a definir.<\/td>\n<\/tr>\n<\/tbody>\n<\/table>\n<p>&nbsp;<\/p>\n<\/div>\n<\/div><\/div><\/div><\/div><\/div>","protected":false},"excerpt":{"rendered":"<p>CRONOGRAMA 2026 SEMINARIO FECHAS Trayecto Complementario &#8211; Taller de introducci\u00f3n a la investigaci\u00f3n en artes<span class=\"more-link\"><a href=\"https:\/\/www.arte.unicen.edu.ar\/investigacionyposgrado\/maestria-en-artes-audiovisuales\/cronograma-2026\/\">M\u00e1s informaci\u00f3n<\/a><\/span><\/p>\n","protected":false},"author":2,"featured_media":0,"parent":2159,"menu_order":0,"comment_status":"closed","ping_status":"closed","template":"","meta":{"footnotes":""},"class_list":["entry","author-cdelgado","post-2309","page","type-page","status-publish"],"_links":{"self":[{"href":"https:\/\/www.arte.unicen.edu.ar\/investigacionyposgrado\/wp-json\/wp\/v2\/pages\/2309","targetHints":{"allow":["GET"]}}],"collection":[{"href":"https:\/\/www.arte.unicen.edu.ar\/investigacionyposgrado\/wp-json\/wp\/v2\/pages"}],"about":[{"href":"https:\/\/www.arte.unicen.edu.ar\/investigacionyposgrado\/wp-json\/wp\/v2\/types\/page"}],"author":[{"embeddable":true,"href":"https:\/\/www.arte.unicen.edu.ar\/investigacionyposgrado\/wp-json\/wp\/v2\/users\/2"}],"replies":[{"embeddable":true,"href":"https:\/\/www.arte.unicen.edu.ar\/investigacionyposgrado\/wp-json\/wp\/v2\/comments?post=2309"}],"version-history":[{"count":2,"href":"https:\/\/www.arte.unicen.edu.ar\/investigacionyposgrado\/wp-json\/wp\/v2\/pages\/2309\/revisions"}],"predecessor-version":[{"id":2685,"href":"https:\/\/www.arte.unicen.edu.ar\/investigacionyposgrado\/wp-json\/wp\/v2\/pages\/2309\/revisions\/2685"}],"up":[{"embeddable":true,"href":"https:\/\/www.arte.unicen.edu.ar\/investigacionyposgrado\/wp-json\/wp\/v2\/pages\/2159"}],"wp:attachment":[{"href":"https:\/\/www.arte.unicen.edu.ar\/investigacionyposgrado\/wp-json\/wp\/v2\/media?parent=2309"}],"curies":[{"name":"wp","href":"https:\/\/api.w.org\/{rel}","templated":true}]}}