{"id":2306,"date":"2026-05-04T09:40:19","date_gmt":"2026-05-04T12:40:19","guid":{"rendered":"https:\/\/www.arte.unicen.edu.ar\/investigacionyposgrado\/?page_id=2306"},"modified":"2026-08-20T11:42:53","modified_gmt":"2026-08-20T14:42:53","slug":"cronograma-2026","status":"publish","type":"page","link":"https:\/\/www.arte.unicen.edu.ar\/investigacionyposgrado\/maestria-en-arte-y-sociedad-en-latinoamerica\/cronograma-2026\/","title":{"rendered":"Cronograma 2026"},"content":{"rendered":"<div id=\"pl-2306\"  class=\"panel-layout\" ><div id=\"pg-2306-0\"  class=\"panel-grid panel-no-style\" ><div id=\"pgc-2306-0-0\"  class=\"panel-grid-cell\" ><div id=\"panel-2306-0-0-0\" class=\"so-panel widget widget_sow-editor panel-first-child panel-last-child\" data-index=\"0\" ><div\n\t\t\t\n\t\t\tclass=\"so-widget-sow-editor so-widget-sow-editor-base\"\n\t\t\t\n\t\t>\n<div class=\"siteorigin-widget-tinymce textwidget\">\n\t<p>&nbsp;<\/p>\n<p>&nbsp;<\/p>\n<table style=\"height: 328px; width: 971px; border-color: #ffffff;\" border=\"2\" cellspacing=\"1\" cellpadding=\"1\">\n<tbody>\n<tr style=\"height: 16px;\">\n<td style=\"width: 933px; height: 16px; background-color: #742f5b; text-align: center;\" colspan=\"3\"><span style=\"color: #ffffff; font-family: tahoma, arial, helvetica, sans-serif;\"><strong>PRIMER CUATRIMESTRE:<\/strong><\/span><\/td>\n<\/tr>\n<tr style=\"height: 10px;\">\n<td style=\"width: 106.922px; height: 10px; background-color: #742f5b; text-align: center;\"><strong><span style=\"color: #ffffff; font-family: tahoma, arial, helvetica, sans-serif;\">A\u00d1O<\/span><\/strong><\/td>\n<td style=\"width: 421.078px; height: 10px; background-color: #742f5b; text-align: center;\"><strong><span style=\"color: #ffffff; font-family: tahoma, arial, helvetica, sans-serif;\">SEMINARIO<\/span><\/strong><\/td>\n<td style=\"width: 405px; height: 10px; background-color: #742f5b; text-align: center;\"><strong><span style=\"color: #ffffff; font-family: tahoma, arial, helvetica, sans-serif;\">FECHAS<\/span><\/strong><\/td>\n<\/tr>\n<tr style=\"height: 34px;\">\n<td style=\"width: 106.922px; height: 34px; background-color: #742f5b; text-align: center;\"><strong><span style=\"color: #ffffff; font-family: tahoma, arial, helvetica, sans-serif;\">1\u00ba<\/span><\/strong><\/td>\n<td style=\"width: 421.078px; height: 34px; background-color: #e8c5db;\"><span style=\"font-family: tahoma, arial, helvetica, sans-serif;\"><strong>Historia Social Latinoamericana<\/strong><\/span><br \/>\n<span style=\"font-family: tahoma, arial, helvetica, sans-serif;\"><span style=\"text-decoration: underline;\">Docente:<\/span> Dr. Luciano Barandiar\u00e1n<\/span><br \/>\n<span style=\"font-family: tahoma, arial, helvetica, sans-serif;\"><span style=\"text-decoration: underline;\">Modalidad de dictado:<\/span> virtual asincr\u00f3nica<\/span><\/td>\n<td style=\"width: 405px; height: 34px; background-color: #e8c5db;\"><span style=\"font-family: tahoma, arial, helvetica, sans-serif;\">Del 30 de marzo al 1 de mayo<\/span><\/td>\n<\/tr>\n<tr style=\"height: 34px;\">\n<td style=\"width: 106.922px; height: 34px; background-color: #742f5b; text-align: center;\"><strong><span style=\"color: #ffffff; font-family: tahoma, arial, helvetica, sans-serif;\">2\u00ba<\/span><\/strong><\/td>\n<td style=\"width: 421.078px; height: 34px; background-color: #e8c5db;\"><span style=\"font-family: tahoma, arial, helvetica, sans-serif;\"><strong>Arte y Sociedad en Latinoam\u00e9rica II<\/strong><\/span><br \/>\n<span style=\"font-family: tahoma, arial, helvetica, sans-serif;\"><span style=\"text-decoration: underline;\">Docente:<\/span> Dra. Manuela Calvo<\/span><br \/>\n<span style=\"font-family: tahoma, arial, helvetica, sans-serif;\"><span style=\"text-decoration: underline;\">Modalidad de dictado:<\/span> virtual asincr\u00f3nica<\/span><\/td>\n<td style=\"width: 405px; height: 34px; background-color: #e8c5db;\"><span style=\"font-family: tahoma, arial, helvetica, sans-serif;\">Del 6 de abril al 8 de mayo <\/span><\/td>\n<\/tr>\n<tr style=\"height: 34.4341px;\">\n<td style=\"width: 106.922px; height: 34.4341px; background-color: #742f5b; text-align: center;\"><strong><span style=\"color: #ffffff; font-family: tahoma, arial, helvetica, sans-serif;\">1\u00ba<\/span><\/strong><\/td>\n<td style=\"width: 421.078px; height: 34.4341px; background-color: #e8c5db;\"><span style=\"font-family: tahoma, arial, helvetica, sans-serif;\"><strong>Arte y Sociedad en Latinoam\u00e9rica I<\/strong><\/span><br \/>\n<span style=\"font-family: tahoma, arial, helvetica, sans-serif;\"><span style=\"text-decoration: underline;\">Docente:<\/span> Dr. Lucas Andr\u00e9s Masan<\/span><br \/>\n<span style=\"font-family: tahoma, arial, helvetica, sans-serif;\"><span style=\"text-decoration: underline;\">Modalidad de dictado:<\/span> virtual asincr\u00f3nica<\/span><\/td>\n<td style=\"width: 405px; height: 34.4341px; background-color: #e8c5db;\"><span style=\"font-family: tahoma, arial, helvetica, sans-serif;\">Del 11 de mayo al 12 de junio<\/span><\/td>\n<\/tr>\n<tr style=\"height: 34px;\">\n<td style=\"width: 106.922px; height: 34px; background-color: #742f5b; text-align: center;\"><strong><span style=\"font-family: tahoma, arial, helvetica, sans-serif;\"><span style=\"color: #ffffff;\">2\u00ba<\/span><\/span><\/strong><\/td>\n<td style=\"width: 421.078px; height: 34px; background-color: #e8c5db;\"><span style=\"font-family: tahoma, arial, helvetica, sans-serif;\"><strong>Filosof\u00eda y Est\u00e9tica<\/strong><\/span><br \/>\n<span style=\"font-family: tahoma, arial, helvetica, sans-serif;\"><span style=\"text-decoration: underline;\">Docente:<\/span> Dr. Javier Campo<\/span><br \/>\n<span style=\"font-family: tahoma, arial, helvetica, sans-serif;\"><span style=\"text-decoration: underline;\">Modalidad de dictado:<\/span> virtual asincr\u00f3nica<\/span><\/td>\n<td style=\"width: 405px; height: 34px; background-color: #e8c5db;\"><span style=\"font-family: tahoma, arial, helvetica, sans-serif;\">Del 11 de mayo al 12 de junio<\/span><\/td>\n<\/tr>\n<tr style=\"height: 34px;\">\n<td style=\"width: 106.922px; height: 34px; background-color: #742f5b; text-align: center;\"><strong><span style=\"font-family: tahoma, arial, helvetica, sans-serif;\"><span style=\"color: #ffffff;\">1\u00ba\/2\u00ba<\/span><\/span><\/strong><\/td>\n<td style=\"width: 421.078px; height: 34px; background-color: #e8c5db;\"><span style=\"font-family: tahoma, arial, helvetica, sans-serif;\"><strong>Seminario optativo: La imagen sin contenido. Apuntes para una genealog\u00eda visual de la (des)identidad argentina.\u00a0<\/strong><\/span><br \/>\n<span style=\"font-family: tahoma, arial, helvetica, sans-serif;\"><span style=\"text-decoration: underline;\">Docente:<\/span> Dr. Diego Ezequiel Litvinoff\u00a0<\/span><br \/>\n<span style=\"font-family: tahoma, arial, helvetica, sans-serif;\"><span style=\"text-decoration: underline;\">Modalidad de dictado:<\/span> virtual sincr\u00f3nica<\/span><\/p>\n<p>&nbsp;<\/p>\n<\/td>\n<td style=\"width: 405px; height: 34px; background-color: #e8c5db;\"><span style=\"font-family: tahoma, arial, helvetica, sans-serif;\">Del 15 de junio al 17 de julio<\/span><\/p>\n<p><span style=\"font-family: tahoma, arial, helvetica, sans-serif;\">Clases sincr\u00f3nicas: 16\/06, 23\/06, 30\/6, 7\/7 y 14\/7<br \/>\nHorario de clases sincr\u00f3nicas: de 10 a 13 hs.<\/span><\/p>\n<\/td>\n<\/tr>\n<tr style=\"height: 34px;\">\n<td style=\"width: 106.922px; height: 34px; background-color: #742f5b; text-align: center;\"><strong><span style=\"font-family: tahoma, arial, helvetica, sans-serif;\"><span style=\"color: #ffffff;\">1\u00ba\/2\u00ba<\/span><\/span><\/strong><\/td>\n<td style=\"width: 421.078px; height: 34px; background-color: #e8c5db;\"><span style=\"font-family: tahoma, arial, helvetica, sans-serif;\"><strong>Seminario optativo: Investigaci\u00f3n-Creaci\u00f3n Audiovisual: la mediaci\u00f3n tecnol\u00f3gica en las po\u00e9ticas de lo real.<\/strong><\/span><br \/>\n<span style=\"font-family: tahoma, arial, helvetica, sans-serif;\"><span style=\"text-decoration: underline;\">Docente:<\/span> Mgs. Alexis Trigo <\/span><br \/>\n<span style=\"font-family: tahoma, arial, helvetica, sans-serif;\"><span style=\"text-decoration: underline;\">Modalidad de dictado:<\/span> virtual sincr\u00f3nica<\/span><\/p>\n<p>&nbsp;<\/p>\n<\/td>\n<td style=\"width: 405px; height: 34px; background-color: #e8c5db;\"><span style=\"font-family: tahoma, arial, helvetica, sans-serif;\">Del 15 de junio al 17 de julio<\/span><\/p>\n<p><span style=\"font-family: tahoma, arial, helvetica, sans-serif;\">Clases sincr\u00f3nicas: 17\/6, 24\/6, 1\/7, 8\/7 y 15\/7<br \/>\nHorario clases sincr\u00f3nicas: de 18 a 21 hs.<\/span><\/p>\n<\/td>\n<\/tr>\n<\/tbody>\n<\/table>\n<p>&nbsp;<\/p>\n<p>&nbsp;<\/p>\n<p>&nbsp;<\/p>\n<table style=\"height: 328px; width: 971px; border-color: #ffffff;\" border=\"2\" cellspacing=\"1\" cellpadding=\"1\">\n<tbody>\n<tr style=\"height: 16px;\">\n<td style=\"width: 933px; height: 16px; background-color: #742f5b; text-align: center;\" colspan=\"3\"><span style=\"color: #ffffff; font-family: tahoma, arial, helvetica, sans-serif;\"><strong>SEGUNDO CUATRIMESTRE:<\/strong><\/span><\/td>\n<\/tr>\n<tr style=\"height: 10px;\">\n<td style=\"width: 106.922px; height: 10px; background-color: #742f5b; text-align: center;\"><span style=\"font-family: tahoma, arial, helvetica, sans-serif;\"><strong><span style=\"color: #ffffff;\">A\u00d1O<\/span><\/strong><\/span><\/td>\n<td style=\"width: 421.078px; height: 10px; background-color: #742f5b; text-align: center;\"><span style=\"font-family: tahoma, arial, helvetica, sans-serif;\"><strong><span style=\"color: #ffffff;\">SEMINARIO<\/span><\/strong><\/span><\/td>\n<td style=\"width: 405px; height: 10px; background-color: #742f5b; text-align: center;\"><span style=\"font-family: tahoma, arial, helvetica, sans-serif;\"><strong><span style=\"color: #ffffff;\">FECHAS<\/span><\/strong><\/span><\/td>\n<\/tr>\n<tr style=\"height: 34px;\">\n<td style=\"width: 106.922px; height: 34px; background-color: #742f5b; text-align: center;\"><span style=\"font-family: tahoma, arial, helvetica, sans-serif;\"><strong><span style=\"color: #ffffff;\">1\u00ba<\/span><\/strong><\/span><\/td>\n<td style=\"width: 421.078px; height: 34px; background-color: #e8c5db;\"><strong><span style=\"font-family: tahoma, arial, helvetica, sans-serif;\">Seminario de Tesis I - Teor\u00eda y Metodolog\u00eda de la Investigaci\u00f3n Social y Art\u00edstica<\/span><\/strong><br \/>\n<span style=\"font-family: tahoma, arial, helvetica, sans-serif;\"><span style=\"text-decoration: underline;\">Docente:<\/span> Dra. Milena Bracciale<\/span><br \/>\n<span style=\"font-family: tahoma, arial, helvetica, sans-serif;\"><span style=\"text-decoration: underline;\">Modalidad de dictado:<\/span> virtual mixta (encuentros sincr\u00f3nicos y asincr\u00f3nicos).\u00a0 \u00a0<\/span><\/td>\n<td style=\"width: 405px; height: 34px; background-color: #e8c5db;\"><span style=\"font-family: tahoma, arial, helvetica, sans-serif;\">Del 10 de agosto al 11 de septiembre<\/span><\/p>\n<p><span style=\"font-family: tahoma, arial, helvetica, sans-serif;\">Encuentros sincr\u00f3nicos: los siguientes d\u00edas jueves: 13\/08; 20\/08; 27\/08; 03\/09 y 10\/09 de 17 a 20hs.<\/span><\/p>\n<\/td>\n<\/tr>\n<tr style=\"height: 34px;\">\n<td style=\"width: 106.922px; height: 34px; background-color: #742f5b; text-align: center;\"><span style=\"font-family: tahoma, arial, helvetica, sans-serif;\"><strong><span style=\"color: #ffffff;\">2\u00ba<\/span><\/strong><\/span><\/td>\n<td style=\"width: 421.078px; height: 34px; background-color: #e8c5db;\"><strong><span style=\"font-family: tahoma, arial, helvetica, sans-serif;\">Debates Culturales en Latinoam\u00e9rica<\/span><\/strong><br \/>\n<span style=\"font-family: tahoma, arial, helvetica, sans-serif;\">Docente: Lic. Eduardo Molinari<\/span><br \/>\n<span style=\"font-family: tahoma, arial, helvetica, sans-serif;\"><span style=\"text-decoration: underline;\">Modalidad de dictado:<\/span> virtual mixta (encuentros sincr\u00f3nicos y asincr\u00f3nicos).\u00a0<\/span><\/td>\n<td style=\"width: 405px; height: 34px; background-color: #e8c5db;\"><span style=\"font-family: tahoma, arial, helvetica, sans-serif;\">Del 24 de agosto al 25 de septiembre<\/span><\/p>\n<p><span style=\"font-family: tahoma, arial, helvetica, sans-serif;\">Encuentros sincr\u00f3nicos obligatorios: los siguientes d\u00edas viernes: 28\/08; 04\/09; 11\/09, de 17 a 20hs.<\/span><\/p>\n<p>Encuentros sincr\u00f3nicos h\u00edbridos: viernes 18 y 25 de septiembre, de 17 a 20hs.<\/p>\n<\/td>\n<\/tr>\n<tr style=\"height: 34.4341px;\">\n<td style=\"width: 106.922px; height: 34.4341px; background-color: #742f5b; text-align: center;\"><span style=\"font-family: tahoma, arial, helvetica, sans-serif;\"><strong><span style=\"color: #ffffff;\">1\u00ba<\/span><\/strong><\/span><\/td>\n<td style=\"width: 421.078px; height: 34.4341px; background-color: #e8c5db;\"><strong><span style=\"font-family: tahoma, arial, helvetica, sans-serif;\">Problem\u00e1ticas Art\u00edsticas y Sociales Contempor\u00e1neas <\/span><\/strong><br \/>\n<span style=\"font-family: tahoma, arial, helvetica, sans-serif;\"><span style=\"text-decoration: underline;\">Docente:<\/span> Mg. Anabela Bres<\/span><br \/>\n<span style=\"font-family: tahoma, arial, helvetica, sans-serif;\"><span style=\"text-decoration: underline;\">Modalidad de dictado:<\/span> virtual asincr\u00f3nica<\/span><\/td>\n<td style=\"width: 405px; height: 34.4341px; background-color: #e8c5db;\"><span style=\"font-family: tahoma, arial, helvetica, sans-serif;\">Del 28 de septiembre al 30 de octubre<\/span><\/td>\n<\/tr>\n<tr style=\"height: 34px;\">\n<td style=\"width: 106.922px; height: 34px; background-color: #742f5b; text-align: center;\"><span style=\"font-family: tahoma, arial, helvetica, sans-serif;\"><strong><span style=\"color: #ffffff;\">2\u00ba<\/span><\/strong><\/span><\/td>\n<td style=\"width: 421.078px; height: 34px; background-color: #e8c5db;\"><strong><span style=\"font-family: tahoma, arial, helvetica, sans-serif;\">Seminario de Tesis II - Taller de Elaboraci\u00f3n de Tesis <\/span><\/strong><br \/>\n<span style=\"font-family: tahoma, arial, helvetica, sans-serif;\"><span style=\"text-decoration: underline;\">Docente:<\/span> Dr. Jorge Tripiana<\/span><br \/>\n<span style=\"font-family: tahoma, arial, helvetica, sans-serif;\"><span style=\"text-decoration: underline;\">Modalidad de dictado:<\/span><br \/>\nmixta, virtual sincr\u00f3nica y asincr\u00f3nica.<\/span><\/td>\n<td style=\"width: 405px; height: 34px; background-color: #e8c5db;\"><span style=\"font-family: tahoma, arial, helvetica, sans-serif;\">Encuentros sincr\u00f3nicos (de 9 a 13hs):<br \/>\n- 5 y 6 de octubre<br \/>\n- 2, 3 y 30 de noviembre<br \/>\n- 1 de diciembre<\/span><\/td>\n<\/tr>\n<tr style=\"height: 34.4341px;\">\n<td style=\"width: 106.922px; height: 34.4341px; background-color: #742f5b; text-align: center;\"><span style=\"font-family: tahoma, arial, helvetica, sans-serif;\"><strong><span style=\"color: #ffffff;\">1\u00ba\/2\u00ba<\/span><\/strong><\/span><\/td>\n<td style=\"width: 421.078px; height: 34.4341px; background-color: #e8c5db;\"><strong><span style=\"font-family: tahoma, arial, helvetica, sans-serif;\">Seminario Optativo: Lecturas, di\u00e1logos y derivas sobre las artes y la cultura en el primer peronismo<\/span><\/strong><br \/>\n<span style=\"font-family: tahoma, arial, helvetica, sans-serif;\"><span style=\"text-decoration: underline;\">Docente:<\/span> Dra. Mar\u00eda Guadalupe Suasn\u00e1bar<\/span><br \/>\n<span style=\"font-family: tahoma, arial, helvetica, sans-serif;\"><span style=\"text-decoration: underline;\">Modalidad de dictado:<\/span> virtual mixta (encuentros sincr\u00f3nicos y asincr\u00f3nicos)<\/span><\/td>\n<td style=\"width: 405px; height: 34.4341px; background-color: #e8c5db;\"><span style=\"font-family: tahoma, arial, helvetica, sans-serif;\">Del 2 de noviembre al 4 de diciembre<\/span><\/p>\n<p><span style=\"font-family: tahoma, arial, helvetica, sans-serif;\">Encuentros sincr\u00f3nicos:<br \/>\nLunes 9\/11 de 19 a 21 hs<br \/>\nLunes 16\/11 de 19 a 21 hs<br \/>\nMartes 24\/11 de 19 a 21hs<br \/>\nMartes 1\/12 de 19 a 21 hs<\/span><\/p>\n<\/td>\n<\/tr>\n<tr style=\"height: 34px;\">\n<td style=\"width: 106.922px; height: 34px; background-color: #742f5b; text-align: center;\"><span style=\"font-family: tahoma, arial, helvetica, sans-serif;\"><strong><span style=\"color: #ffffff;\">1\u00ba\/2\u00ba<\/span><\/strong><\/span><\/td>\n<td style=\"width: 421.078px; height: 34px; background-color: #e8c5db;\"><strong><span style=\"font-family: tahoma, arial, helvetica, sans-serif;\">Seminario Optativo: Im\u00e1genes mutiladas. La construcci\u00f3n imaginaria de la otredad en el cine y la literatura argentina<\/span><\/strong><br \/>\n<span style=\"font-family: tahoma, arial, helvetica, sans-serif;\"><span style=\"text-decoration: underline;\">Docente:<\/span> Mg. Agustina Bertone<\/span><br \/>\n<span style=\"font-family: tahoma, arial, helvetica, sans-serif;\"><span style=\"text-decoration: underline;\">Modalidad de dictado:<\/span> virtual mixta (encuentros sincr\u00f3nicos y asincr\u00f3nicos)<\/span><\/td>\n<td style=\"width: 405px; height: 34px; background-color: #e8c5db;\"><span style=\"font-family: tahoma, arial, helvetica, sans-serif;\">Del 2 de noviembre al 4 de diciembre<\/span><\/p>\n<p><span style=\"font-family: tahoma, arial, helvetica, sans-serif;\">Encuentros sincr\u00f3nicos: los siguientes d\u00edas jueves 5, 12, 26 de noviembre y 3 de diciembre, en el horario de 17 a 20 hs.\u00a0<\/span><\/p>\n<p>&nbsp;<\/p>\n<\/td>\n<\/tr>\n<\/tbody>\n<\/table>\n<\/div>\n<\/div><\/div><\/div><\/div><\/div>","protected":false},"excerpt":{"rendered":"<p>&nbsp; &nbsp; PRIMER CUATRIMESTRE: A\u00d1O SEMINARIO FECHAS 1\u00ba Historia Social Latinoamericana Docente: Dr. Luciano Barandiar\u00e1n<span class=\"more-link\"><a href=\"https:\/\/www.arte.unicen.edu.ar\/investigacionyposgrado\/maestria-en-arte-y-sociedad-en-latinoamerica\/cronograma-2026\/\">M\u00e1s informaci\u00f3n<\/a><\/span><\/p>\n","protected":false},"author":2,"featured_media":0,"parent":2092,"menu_order":0,"comment_status":"closed","ping_status":"closed","template":"","meta":{"footnotes":""},"class_list":["entry","author-cdelgado","post-2306","page","type-page","status-publish"],"_links":{"self":[{"href":"https:\/\/www.arte.unicen.edu.ar\/investigacionyposgrado\/wp-json\/wp\/v2\/pages\/2306","targetHints":{"allow":["GET"]}}],"collection":[{"href":"https:\/\/www.arte.unicen.edu.ar\/investigacionyposgrado\/wp-json\/wp\/v2\/pages"}],"about":[{"href":"https:\/\/www.arte.unicen.edu.ar\/investigacionyposgrado\/wp-json\/wp\/v2\/types\/page"}],"author":[{"embeddable":true,"href":"https:\/\/www.arte.unicen.edu.ar\/investigacionyposgrado\/wp-json\/wp\/v2\/users\/2"}],"replies":[{"embeddable":true,"href":"https:\/\/www.arte.unicen.edu.ar\/investigacionyposgrado\/wp-json\/wp\/v2\/comments?post=2306"}],"version-history":[{"count":3,"href":"https:\/\/www.arte.unicen.edu.ar\/investigacionyposgrado\/wp-json\/wp\/v2\/pages\/2306\/revisions"}],"predecessor-version":[{"id":2682,"href":"https:\/\/www.arte.unicen.edu.ar\/investigacionyposgrado\/wp-json\/wp\/v2\/pages\/2306\/revisions\/2682"}],"up":[{"embeddable":true,"href":"https:\/\/www.arte.unicen.edu.ar\/investigacionyposgrado\/wp-json\/wp\/v2\/pages\/2092"}],"wp:attachment":[{"href":"https:\/\/www.arte.unicen.edu.ar\/investigacionyposgrado\/wp-json\/wp\/v2\/media?parent=2306"}],"curies":[{"name":"wp","href":"https:\/\/api.w.org\/{rel}","templated":true}]}}