{"id":2304,"date":"2026-05-04T09:37:08","date_gmt":"2026-05-04T12:37:08","guid":{"rendered":"https:\/\/www.arte.unicen.edu.ar\/investigacionyposgrado\/?page_id=2304"},"modified":"2026-08-26T08:54:26","modified_gmt":"2026-08-26T11:54:26","slug":"cronograma-2026","status":"publish","type":"page","link":"https:\/\/www.arte.unicen.edu.ar\/investigacionyposgrado\/maestria-en-teatro\/cronograma-2026\/","title":{"rendered":"Cronograma 2026"},"content":{"rendered":"<div id=\"pl-2304\"  class=\"panel-layout\" ><div id=\"pg-2304-0\"  class=\"panel-grid panel-no-style\" ><div id=\"pgc-2304-0-0\"  class=\"panel-grid-cell\" ><div id=\"panel-2304-0-0-0\" class=\"so-panel widget widget_sow-editor panel-first-child panel-last-child\" data-index=\"0\" ><div\n\t\t\t\n\t\t\tclass=\"so-widget-sow-editor so-widget-sow-editor-base\"\n\t\t\t\n\t\t>\n<div class=\"siteorigin-widget-tinymce textwidget\">\n\t<p>&nbsp;<\/p>\n<table style=\"height: 328px; width: 970px; border-color: #ffffff;\" border=\"2\" cellspacing=\"1\" cellpadding=\"1\">\n<tbody>\n<tr style=\"height: 16px;\">\n<td style=\"width: 932px; height: 16px; background-color: #742f5b; text-align: center;\" colspan=\"3\"><span style=\"color: #ffffff; font-family: tahoma, arial, helvetica, sans-serif;\"><strong>PRIMER CUATRIMESTRE<\/strong><\/span><\/td>\n<\/tr>\n<tr style=\"height: 10px;\">\n<td style=\"width: 106px; height: 10px; background-color: #742f5b; text-align: center;\"><span style=\"font-family: tahoma, arial, helvetica, sans-serif;\"><strong><span style=\"color: #ffffff;\">MES<\/span><\/strong><\/span><\/td>\n<td style=\"width: 421.611px; height: 10px; background-color: #742f5b; text-align: center;\"><span style=\"font-family: tahoma, arial, helvetica, sans-serif;\"><strong><span style=\"color: #ffffff;\">SEMINARIO<\/span><\/strong><\/span><\/td>\n<td style=\"width: 404.389px; height: 10px; background-color: #742f5b; text-align: center;\"><span style=\"font-family: tahoma, arial, helvetica, sans-serif;\"><strong><span style=\"color: #ffffff;\">SEMINARIO<\/span><\/strong><\/span><\/td>\n<\/tr>\n<tr style=\"height: 34px;\">\n<td style=\"width: 106px; height: 34px; background-color: #742f5b; text-align: center;\"><span style=\"font-family: tahoma, arial, helvetica, sans-serif;\"><strong><span style=\"color: #ffffff;\">MARZO<\/span><\/strong><\/span><\/td>\n<td style=\"width: 421.611px; height: 34px; background-color: #e8c5db;\"><strong><span style=\"font-family: tahoma, arial, helvetica, sans-serif;\">Teor\u00eda y Metodolog\u00eda de la Investigaci\u00f3n Art\u00edstica<\/span><\/strong><br \/>\n<span style=\"font-family: tahoma, arial, helvetica, sans-serif;\"><span style=\"text-decoration: underline;\">Docente:<\/span> Dr. Mauricio Tossi<\/span><br \/>\n<span style=\"font-family: tahoma, arial, helvetica, sans-serif;\"><span style=\"text-decoration: underline;\">Encuentros:<\/span> 13, 20 y 27 de 17 a 20hs.<\/span><br \/>\n<span style=\"font-family: tahoma, arial, helvetica, sans-serif;\">Modalidad VIRTUAL<\/span><\/td>\n<td style=\"width: 404.389px; height: 34px; background-color: #e8c5db;\"><\/td>\n<\/tr>\n<tr style=\"height: 34px;\">\n<td style=\"width: 106px; height: 34px; background-color: #742f5b; text-align: center;\"><span style=\"font-family: tahoma, arial, helvetica, sans-serif;\"><strong><span style=\"color: #ffffff;\">ABRIL<\/span><\/strong><\/span><\/td>\n<td style=\"width: 421.611px; height: 34px; background-color: #e8c5db;\"><strong><span style=\"font-family: tahoma, arial, helvetica, sans-serif;\">Seminario Dise\u00f1o esc\u00e9nico: Hist\u00f3ria, Pol\u00edtica e Visualidade na Cena: Perspectivas \u00c9picas, Pedag\u00f3gicas e Afro-Diasp\u00f3ricas<\/span><\/strong><br \/>\n<span style=\"font-family: tahoma, arial, helvetica, sans-serif;\"><span style=\"text-decoration: underline;\">Docentes:<\/span> Dra. M\u00f4nica de \u00c1vila Todaro; Dr. Cl\u00e1udio Guilarduci; Dr. Berilo Luigi Deir\u00f3 Nosella; Dra. Carina Maria Guimar\u00e3es Moreira<\/span><br \/>\n<span style=\"text-decoration: underline;\"><span style=\"font-family: tahoma, arial, helvetica, sans-serif;\">Encuentros:<\/span><\/span><br \/>\n<span style=\"font-family: tahoma, arial, helvetica, sans-serif;\">-Lunes 13 y martes 14 de abril -modalidad presencial-<\/span><br \/>\n<span style=\"font-family: tahoma, arial, helvetica, sans-serif;\">-Lunes 20 y martes 21 de abril -modalidad h\u00edbrida- (*)<\/span><br \/>\n<span style=\"font-family: tahoma, arial, helvetica, sans-serif;\">Horarios: d\u00edas lunes de 9 a 17hs - martes de 9 a 15hs<br \/>\n<\/span><\/td>\n<td style=\"width: 404.389px; height: 34px; background-color: #e8c5db;\"><\/td>\n<\/tr>\n<tr style=\"height: 34px;\">\n<td style=\"width: 106px; height: 34px; background-color: #742f5b; text-align: center;\"><span style=\"font-family: tahoma, arial, helvetica, sans-serif;\"><strong><span style=\"color: #ffffff;\">MAYO<\/span><\/strong><\/span><\/td>\n<td style=\"width: 421.611px; height: 34px; background-color: #e8c5db;\"><strong><span style=\"font-family: tahoma, arial, helvetica, sans-serif;\">Seminario Actuaci\u00f3n: Devenir vocal y estados corporales. Espacio de pr\u00e1ctica y reflexi\u00f3n<\/span><\/strong><br \/>\n<span style=\"font-family: tahoma, arial, helvetica, sans-serif;\"><span style=\"text-decoration: underline;\">Docente:<\/span> Dr. Marcelo Comand\u00fa<\/span><br \/>\n<span style=\"font-family: tahoma, arial, helvetica, sans-serif;\"><span style=\"text-decoration: underline;\">Encuentros:<\/span> del lunes 4 al viernes 8<\/span><br \/>\n<span style=\"font-family: tahoma, arial, helvetica, sans-serif;\">Modalidad PRESENCIAL<\/span><span style=\"font-family: tahoma, arial, helvetica, sans-serif;\">Horarios y aulas:<\/span><br \/>\n<span style=\"font-family: tahoma, arial, helvetica, sans-serif;\">Lunes de 9 a 13hs (Aula 2)<\/span><br \/>\n<span style=\"font-family: tahoma, arial, helvetica, sans-serif;\">Martes de 9 a 12hs (Aula 2) y de 16 a 17.30hs (Aula 1)<\/span><br \/>\n<span style=\"font-family: tahoma, arial, helvetica, sans-serif;\">Mi\u00e9rcoles de 9 a 12hs y de 13 a 15hs (Aula 2)<\/span><br \/>\n<span style=\"font-family: tahoma, arial, helvetica, sans-serif;\">Jueves de 9 a 14hs (Aula 2)<\/span><br \/>\n<span style=\"font-family: tahoma, arial, helvetica, sans-serif;\">Viernes de 9 a 15hs (Aula 2)<\/span><\/td>\n<td style=\"width: 404.389px; height: 34px; background-color: #e8c5db;\"><strong><span style=\"font-family: tahoma, arial, helvetica, sans-serif;\">Teor\u00eda y Metodolog\u00eda de la Investigaci\u00f3n Art\u00edstica<\/span><\/strong><br \/>\n<span style=\"font-family: tahoma, arial, helvetica, sans-serif;\"><span style=\"text-decoration: underline;\">Docente:<\/span> Dr. Mauricio Tossi<\/span><br \/>\n<span style=\"font-family: tahoma, arial, helvetica, sans-serif;\"><span style=\"text-decoration: underline;\">Encuentros:<\/span> 11 y 18 de 17 a 20hs.<\/span><br \/>\n<span style=\"font-family: tahoma, arial, helvetica, sans-serif;\">Modalidad VIRTUAL<\/span><\/td>\n<\/tr>\n<tr style=\"height: 34px;\">\n<td style=\"width: 106px; height: 34px; background-color: #742f5b; text-align: center;\"><span style=\"font-family: tahoma, arial, helvetica, sans-serif;\"><strong><span style=\"color: #ffffff;\">JUNIO \/ JULIO<\/span><\/strong><\/span><\/td>\n<td style=\"width: 421.611px; height: 34px; background-color: #e8c5db;\"><strong><span style=\"font-family: tahoma, arial, helvetica, sans-serif;\">Teor\u00eda de la Comunicaci\u00f3n Art\u00edstica<\/span><\/strong><br \/>\n<span style=\"font-family: tahoma, arial, helvetica, sans-serif;\"><span style=\"text-decoration: underline;\">Docente:<\/span> Dra. Luciana Sastre<\/span><br \/>\n<span style=\"font-family: tahoma, arial, helvetica, sans-serif;\"><span style=\"text-decoration: underline;\">Encuentros:<\/span> d\u00edas lunes 1, 8, 22 y 29 de junio. Ultima clase lunes 6 de julio.<br \/>\nHorarios: de 17 a 20hs<\/span><br \/>\n<span style=\"font-family: tahoma, arial, helvetica, sans-serif;\">Modalidad H\u00cdBRIDA*<\/span><\/td>\n<td style=\"width: 404.389px; height: 34px; background-color: #e8c5db;\"><strong>Seminario optativo: EcoEscenograf\u00eda y Sensorium expandido<\/strong><br \/>\nDocentes: Ian Garret y Vanesa Kelly<br \/>\nDel 8 al 13 de junio.<br \/>\nModalidad presencial.<br \/>\nHorarios:<br \/>\nLunes 8\/06 de 10:00 a 13:00 y de 15:00 a 18:00<br \/>\nMartes 9\/06 de 10:00 a 13:00 y de 15:00 a 18:00<br \/>\nMi\u00e9rcoles 10 \/06 de 10:00 a 13:00 y de 15:00 a 18:00<br \/>\nJueves 11\/06 de 9:30 a 13:00 y de 15:00 a 18:00<br \/>\nViernes 12\/06 9:30 a 13:00 y de 15:00 a 18:00<br \/>\nS\u00e1bado 13\/06 10:00 a 13:00 y de 15:00 a 18:00<\/td>\n<\/tr>\n<tr style=\"height: 34px;\">\n<td style=\"width: 106px; height: 34px; background-color: #742f5b; text-align: center;\"><span style=\"font-family: tahoma, arial, helvetica, sans-serif;\"><strong><span style=\"color: #ffffff;\">JULIO<\/span><\/strong><\/span><\/td>\n<td style=\"width: 421.611px; height: 34px; background-color: #e8c5db;\"><strong><span style=\"font-family: tahoma, arial, helvetica, sans-serif;\">Seminario Optativo: Texto material y actuaci\u00f3n en el teatro perform\u00e1tico<\/span><\/strong><br \/>\n<span style=\"font-family: tahoma, arial, helvetica, sans-serif;\"><span style=\"text-decoration: underline;\">Docente:<\/span> Dra. Denise Cobello<\/span><br \/>\n<span style=\"text-decoration: underline;\"><span style=\"font-family: tahoma, arial, helvetica, sans-serif;\">Encuentros:<\/span><\/span><br \/>\n<span style=\"font-family: tahoma, arial, helvetica, sans-serif;\">-martes 7 y mi\u00e9rcoles 8, de 17 a 20hs. Modalidad VIRTUAL,\u00a0<\/span><br \/>\n<span style=\"font-family: tahoma, arial, helvetica, sans-serif;\">-jueves 16, viernes 17 y s\u00e1bado 18. Modalidad PRESENCIAL<br \/>\nHorarios presenciales:<br \/>\nJueves de 9 a 14hs.<br \/>\nViernes de 9 a 15hs.<br \/>\nS\u00e1bado de 9 a 15hs.<\/span><\/td>\n<td style=\"width: 404.389px; height: 34px; background-color: #e8c5db;\"><\/td>\n<\/tr>\n<\/tbody>\n<\/table>\n<p><em><span style=\"font-family: tahoma, arial, helvetica, sans-serif;\">(*) Todas las clases que se dicten bajo esta modalidad podr\u00e1n ser tomadas de manera presencial o de manera virtual sincr\u00f3nica, debiendo solicitarlo previamente a la Secretar\u00eda<\/span><\/em><\/p>\n<p>&nbsp;<\/p>\n<table style=\"height: 328px; width: 970px; border-color: #ffffff;\" border=\"2\" cellspacing=\"1\" cellpadding=\"1\">\n<tbody>\n<tr style=\"height: 16px;\">\n<td style=\"width: 932px; height: 16px; background-color: #742f5b; text-align: center;\" colspan=\"3\"><span style=\"color: #ffffff; font-family: tahoma, arial, helvetica, sans-serif;\"><strong>SEGUNDO CUATRIMESTRE<\/strong><\/span><\/td>\n<\/tr>\n<tr style=\"height: 10px;\">\n<td style=\"width: 106px; height: 10px; background-color: #742f5b; text-align: center;\"><span style=\"font-family: tahoma, arial, helvetica, sans-serif;\"><strong><span style=\"color: #ffffff;\">MES<\/span><\/strong><\/span><\/td>\n<td style=\"width: 421.611px; height: 10px; background-color: #742f5b; text-align: center;\"><span style=\"font-family: tahoma, arial, helvetica, sans-serif;\"><strong><span style=\"color: #ffffff;\">SEMINARIO<\/span><\/strong><\/span><\/td>\n<td style=\"width: 404.389px; height: 10px; background-color: #742f5b; text-align: center;\"><span style=\"font-family: tahoma, arial, helvetica, sans-serif;\"><strong><span style=\"color: #ffffff;\">SEMINARIO<\/span><\/strong><\/span><\/td>\n<\/tr>\n<tr style=\"height: 34px;\">\n<td style=\"width: 106px; height: 34px; background-color: #742f5b; text-align: center;\"><span style=\"font-family: tahoma, arial, helvetica, sans-serif;\"><strong><span style=\"color: #ffffff;\">AGOSTO<\/span><\/strong><\/span><\/td>\n<td style=\"width: 421.611px; height: 34px; background-color: #e8c5db;\"><strong><span style=\"font-family: tahoma, arial, helvetica, sans-serif;\">Seminario Transversal: Elaboraci\u00f3n de Tesis<\/span><\/strong><br \/>\n<span style=\"font-family: tahoma, arial, helvetica, sans-serif;\"><span style=\"text-decoration: underline;\">Docente:<\/span> Dra. Lorena Verzero<\/span><br \/>\n<span style=\"font-family: tahoma, arial, helvetica, sans-serif;\"><span style=\"text-decoration: underline;\">Encuentros:<\/span> lunes 31<br \/>\n<span style=\"text-decoration: underline;\">Horario:<\/span> de 17 a 20hs.<\/span><br \/>\n<span style=\"font-family: tahoma, arial, helvetica, sans-serif;\">Modalidad VIRTUAL<\/span><\/td>\n<td style=\"width: 404.389px; height: 34px; background-color: #e8c5db;\"><strong><span style=\"font-family: tahoma, arial, helvetica, sans-serif;\">Seminario direcci\u00f3n esc\u00e9nica \u201cEscuchar un paisaje: pr\u00e1cticas de la escena\u201d<br \/>\n<\/span><\/strong><em><span style=\"font-family: tahoma, arial, helvetica, sans-serif;\">(se acreditar\u00e1 como Seminario-taller de producci\u00f3n y montaje teatral I o II, seg\u00fan corresponda)<\/span><\/em><strong><span style=\"font-family: tahoma, arial, helvetica, sans-serif;\"><br \/>\n<\/span><\/strong><span style=\"font-family: tahoma, arial, helvetica, sans-serif;\"><span style=\"text-decoration: underline;\">Docente:<\/span> Dra. Beatriz Catani<\/span><br \/>\n<span style=\"text-decoration: underline;\"><span style=\"font-family: tahoma, arial, helvetica, sans-serif;\">Encuentros virtuales sincr\u00f3nicos:<br \/>\n<\/span><\/span><span style=\"font-family: tahoma, arial, helvetica, sans-serif;\">-Lunes 24, de 19h a 21hs. Modalidad VIRTUAL<br \/>\n-Martes 25, 11hs.<br \/>\n-Mi\u00e9rcoles 26, de 19 a 21hs. Modalidad VIRTUAL<br \/>\n<\/span><span style=\"font-family: tahoma, arial, helvetica, sans-serif;\">-Viernes 28, de 19 a 21hs. Modalidad VIRTUAL<\/span><\/td>\n<\/tr>\n<tr style=\"height: 34px;\">\n<td style=\"width: 106px; height: 34px; background-color: #742f5b; text-align: center;\"><span style=\"color: #ffffff; font-family: tahoma, arial, helvetica, sans-serif;\"><b>SEPTIEMBRE<\/b><\/span><\/td>\n<td style=\"width: 421.611px; height: 34px; background-color: #e8c5db;\"><strong><span style=\"font-family: tahoma, arial, helvetica, sans-serif;\">Seminario Transversal: Elaboraci\u00f3n de Tesis<\/span><\/strong><br \/>\n<span style=\"font-family: tahoma, arial, helvetica, sans-serif;\"><span style=\"text-decoration: underline;\">Docente:<\/span> Dra. Lorena Verzero<\/span><br \/>\n<span style=\"font-family: tahoma, arial, helvetica, sans-serif;\"><span style=\"text-decoration: underline;\">Encuentros:<\/span> lunes 7, 14, 21 y 28<br \/>\n<span style=\"text-decoration: underline;\">Horario:<\/span> de 17 a 20hs.<\/span><br \/>\n<span style=\"font-family: tahoma, arial, helvetica, sans-serif;\">Modalidad VIRTUAL<\/span><\/td>\n<td style=\"width: 404.389px; height: 34px; background-color: #e8c5db;\"><\/td>\n<\/tr>\n<tr style=\"height: 34px;\">\n<td style=\"width: 106px; height: 34px; background-color: #742f5b; text-align: center;\"><span style=\"font-family: tahoma, arial, helvetica, sans-serif;\"><strong><span style=\"color: #ffffff;\">OCTUBRE<\/span><\/strong><\/span><\/td>\n<td style=\"width: 421.611px; height: 34px; background-color: #e8c5db;\"><strong><span style=\"font-family: tahoma, arial, helvetica, sans-serif;\">Seminario Transversal: Elaboraci\u00f3n de Tesis<\/span><\/strong><br \/>\n<span style=\"font-family: tahoma, arial, helvetica, sans-serif;\"><span style=\"text-decoration: underline;\">Docente:<\/span> Dra. Lorena Verzero<\/span><br \/>\n<span style=\"font-family: tahoma, arial, helvetica, sans-serif;\"><span style=\"text-decoration: underline;\">Encuentros:<\/span> lunes 5 de 17 a 20hs.<br \/>\n<span style=\"text-decoration: underline;\">Horario:<\/span> de 17 a 20hs.<\/span><br \/>\n<span style=\"font-family: tahoma, arial, helvetica, sans-serif;\">Modalidad VIRTUAL<\/span><\/td>\n<td style=\"width: 404.389px; height: 34px; background-color: #e8c5db;\"><strong><span style=\"font-family: tahoma, arial, helvetica, sans-serif;\">Seminario \"Actuaci\u00f3n h\u00edbrida. La relaci\u00f3n entre la escena y la imagen\".<br \/>\n<\/span><\/strong><span style=\"font-family: tahoma, arial, helvetica, sans-serif;\"><em>(se acreditar\u00e1 como Seminario-taller: T\u00e9cnicas y estudios sobre el cuerpo del actor)<\/em><\/span><br \/>\n<span style=\"font-family: tahoma, arial, helvetica, sans-serif;\"><span style=\"text-decoration: underline;\">Docente:<\/span> Mg. Agustina G\u00f3mez<\/span><br \/>\n<span style=\"font-family: tahoma, arial, helvetica, sans-serif;\"><span style=\"text-decoration: underline;\">Encuentros:<\/span> martes 13 al s\u00e1bado 17.<br \/>\n<\/span>Horarios:<br \/>\n13\/10 de 9 a 12hs<br \/>\n14\/10 de 11 a 13 y de 14 a 17hs<br \/>\n15\/10 de 9 a 14hs<br \/>\n16\/10 de 11 a 13 y de 14 a 17hs<br \/>\n17\/10 de 10 a 13 y de 16 a 18hs<br \/>\n<span style=\"font-family: tahoma, arial, helvetica, sans-serif;\">Modalidad PRESENCIAL<\/span><\/td>\n<\/tr>\n<tr style=\"height: 34px;\">\n<td style=\"width: 106px; height: 34px; background-color: #742f5b; text-align: center;\"><span style=\"color: #ffffff; font-family: tahoma, arial, helvetica, sans-serif;\"><b>NOVIEMBRE<\/b><\/span><\/td>\n<td style=\"width: 421.611px; height: 34px; background-color: #e8c5db;\"><strong><span style=\"font-family: tahoma, arial, helvetica, sans-serif;\">Teor\u00edas Esc\u00e9nicas<\/span><\/strong><br \/>\n<span style=\"font-family: tahoma, arial, helvetica, sans-serif;\"><span style=\"text-decoration: underline;\">Docente:<\/span> Dr. Joseph Danan<\/span><br \/>\n<span style=\"font-family: tahoma, arial, helvetica, sans-serif;\"><span style=\"text-decoration: underline;\">Encuentros:<\/span> del lunes 23 al viernes 27 de noviembre (horario a definir). Modalidad PRESENCIAL.\u00a0<\/span><\/td>\n<td style=\"width: 404.389px; height: 34px; background-color: #e8c5db;\"><strong><span style=\"font-family: tahoma, arial, helvetica, sans-serif;\">Seminario direcci\u00f3n esc\u00e9nica \u201cEscuchar un paisaje: pr\u00e1cticas de la escena\u201d<\/span><\/strong><br \/>\n<span style=\"font-family: tahoma, arial, helvetica, sans-serif;\"><span style=\"text-decoration: underline;\">Docente:<\/span> Dra. Beatriz Catani<\/span><br \/>\n<span style=\"text-decoration: underline;\"><span style=\"font-family: tahoma, arial, helvetica, sans-serif;\">Encuentros<\/span><\/span><span style=\"font-family: tahoma, arial, helvetica, sans-serif;\">: <\/span><span style=\"font-family: tahoma, arial, helvetica, sans-serif;\">del mi\u00e9rcoles 4 al viernes 6 (horario a definir). Modalidad PRESENCIAL<\/span><\/td>\n<\/tr>\n<\/tbody>\n<\/table>\n<p>&nbsp;<\/p>\n<\/div>\n<\/div><\/div><\/div><\/div><\/div>","protected":false},"excerpt":{"rendered":"<p>&nbsp; PRIMER CUATRIMESTRE MES SEMINARIO SEMINARIO MARZO Teor\u00eda y Metodolog\u00eda de la Investigaci\u00f3n Art\u00edstica Docente:<span class=\"more-link\"><a href=\"https:\/\/www.arte.unicen.edu.ar\/investigacionyposgrado\/maestria-en-teatro\/cronograma-2026\/\">M\u00e1s informaci\u00f3n<\/a><\/span><\/p>\n","protected":false},"author":2,"featured_media":0,"parent":2030,"menu_order":0,"comment_status":"closed","ping_status":"closed","template":"","meta":{"footnotes":""},"class_list":["entry","author-cdelgado","post-2304","page","type-page","status-publish"],"_links":{"self":[{"href":"https:\/\/www.arte.unicen.edu.ar\/investigacionyposgrado\/wp-json\/wp\/v2\/pages\/2304","targetHints":{"allow":["GET"]}}],"collection":[{"href":"https:\/\/www.arte.unicen.edu.ar\/investigacionyposgrado\/wp-json\/wp\/v2\/pages"}],"about":[{"href":"https:\/\/www.arte.unicen.edu.ar\/investigacionyposgrado\/wp-json\/wp\/v2\/types\/page"}],"author":[{"embeddable":true,"href":"https:\/\/www.arte.unicen.edu.ar\/investigacionyposgrado\/wp-json\/wp\/v2\/users\/2"}],"replies":[{"embeddable":true,"href":"https:\/\/www.arte.unicen.edu.ar\/investigacionyposgrado\/wp-json\/wp\/v2\/comments?post=2304"}],"version-history":[{"count":3,"href":"https:\/\/www.arte.unicen.edu.ar\/investigacionyposgrado\/wp-json\/wp\/v2\/pages\/2304\/revisions"}],"predecessor-version":[{"id":2686,"href":"https:\/\/www.arte.unicen.edu.ar\/investigacionyposgrado\/wp-json\/wp\/v2\/pages\/2304\/revisions\/2686"}],"up":[{"embeddable":true,"href":"https:\/\/www.arte.unicen.edu.ar\/investigacionyposgrado\/wp-json\/wp\/v2\/pages\/2030"}],"wp:attachment":[{"href":"https:\/\/www.arte.unicen.edu.ar\/investigacionyposgrado\/wp-json\/wp\/v2\/media?parent=2304"}],"curies":[{"name":"wp","href":"https:\/\/api.w.org\/{rel}","templated":true}]}}