{"id":2188,"date":"2026-04-29T10:25:13","date_gmt":"2026-04-29T13:25:13","guid":{"rendered":"https:\/\/www.arte.unicen.edu.ar\/investigacionyposgrado\/?page_id=2188"},"modified":"2026-04-30T09:42:51","modified_gmt":"2026-04-30T12:42:51","slug":"diplomatura-en-esteticas-contemporaneas","status":"publish","type":"page","link":"https:\/\/www.arte.unicen.edu.ar\/investigacionyposgrado\/diplomatura-en-esteticas-contemporaneas\/","title":{"rendered":"Diplomatura en Est\u00e9ticas Contempor\u00e1neas"},"content":{"rendered":"<div id=\"pl-2188\"  class=\"panel-layout\" ><div id=\"pg-2188-0\"  class=\"panel-grid panel-no-style\" ><div id=\"pgc-2188-0-0\"  class=\"panel-grid-cell panel-grid-cell-empty\" ><\/div><div id=\"pgc-2188-0-1\"  class=\"panel-grid-cell panel-grid-cell-mobile-last\" ><div id=\"panel-2188-0-1-0\" class=\"so-panel widget widget_sow-editor panel-first-child panel-last-child\" data-index=\"0\" ><div\n\t\t\t\n\t\t\tclass=\"so-widget-sow-editor so-widget-sow-editor-base\"\n\t\t\t\n\t\t>\n<div class=\"siteorigin-widget-tinymce textwidget\">\n\t<p style=\"text-align: center;\"><strong><span style=\"font-size: 20px; color: #800080;\">Modalidad de dictado<\/span><\/strong><strong><span style=\"font-family: tahoma, arial, helvetica, sans-serif; color: #800080; font-size: 20px;\">:<\/span> <span style=\"font-size: 20px;\">a distancia<\/span><\/strong><\/p>\n<p style=\"text-align: center;\"><strong><span style=\"font-size: 20px; color: #800080;\">Inicio de cursada<\/span><\/strong><span style=\"font-size: 20px;\"><span style=\"color: #800080; font-family: georgia, palatino, serif;\"><strong>:<\/strong><\/span> <strong>abril 2025<br \/>\n<\/strong><\/span><em>Aprobada por el Consejo Superior de la UNICEN \u2013 Resoluci\u00f3n N.\u00b0 7940\/21<\/em><\/p>\n<\/div>\n<\/div><\/div><\/div><div id=\"pgc-2188-0-2\"  class=\"panel-grid-cell panel-grid-cell-empty\" ><\/div><\/div><div id=\"pg-2188-1\"  class=\"panel-grid panel-no-style\" ><div id=\"pgc-2188-1-0\"  class=\"panel-grid-cell\" ><div id=\"panel-2188-1-0-0\" class=\"so-panel widget widget_sow-editor panel-first-child panel-last-child\" data-index=\"1\" ><div\n\t\t\t\n\t\t\tclass=\"so-widget-sow-editor so-widget-sow-editor-base\"\n\t\t\t\n\t\t>\n<div class=\"siteorigin-widget-tinymce textwidget\">\n\t<p style=\"text-align: left;\"><span style=\"font-size: 15px;\">La <strong><span style=\"color: #800080;\">Diplomatura Universitaria en Est\u00e9ticas Contempor\u00e1neas (DEC)<\/span><\/strong> se cre\u00f3 en el a\u00f1o 2021 ante la necesidad de contar con un espacio federal de formaci\u00f3n y reflexi\u00f3n en torno a las singularidades que adquieren las pr\u00e1cticas art\u00edsticas contempor\u00e1neas, a partir de reconocer su car\u00e1cter inespec\u00edfico, interdisciplinar y situado. Mediante ocho seminarios, enteramente dise\u00f1ados y dictados bajo la modalidad virtual, la DEC se propone trabajar a partir de los desplazamientos que las artes contempor\u00e1neas operaron en las formas de producci\u00f3n, investigaci\u00f3n y ense\u00f1anza art\u00edstica. Se trata de un programa de formaci\u00f3n continua que plantea, a trav\u00e9s del di\u00e1logo entre perspectivas y saberes disciplinares heterog\u00e9neos, la adquisici\u00f3n de herramientas te\u00f3ricas, pr\u00e1cticas y metodol\u00f3gicas para el desarrollo de experiencias cr\u00edticas capaces de actuar e incidir en la esfera del arte contempor\u00e1neo. Estas perspectivas y discusiones enriquecer\u00e1n la formaci\u00f3n de quienes llevan a cabo la ense\u00f1anza del arte en distintos contextos de intervenci\u00f3n<\/span><\/p>\n<\/div>\n<\/div><\/div><\/div><div id=\"pgc-2188-1-1\"  class=\"panel-grid-cell\" ><div id=\"panel-2188-1-1-0\" class=\"so-panel widget widget_sow-image panel-first-child panel-last-child\" data-index=\"2\" ><div\n\t\t\t\n\t\t\tclass=\"so-widget-sow-image so-widget-sow-image-default-8b5b6f678277-2188\"\n\t\t\t\n\t\t>\n<div class=\"sow-image-container\">\n\t\t<img \n\tsrc=\"https:\/\/www.arte.unicen.edu.ar\/investigacionyposgrado\/wp-content\/uploads\/2026\/04\/Diplomatura-ESTETICAS-CONTEM-2024-OK.png\" width=\"1242\" height=\"1242\" srcset=\"https:\/\/www.arte.unicen.edu.ar\/investigacionyposgrado\/wp-content\/uploads\/2026\/04\/Diplomatura-ESTETICAS-CONTEM-2024-OK.png 1242w, https:\/\/www.arte.unicen.edu.ar\/investigacionyposgrado\/wp-content\/uploads\/2026\/04\/Diplomatura-ESTETICAS-CONTEM-2024-OK-300x300.png 300w, https:\/\/www.arte.unicen.edu.ar\/investigacionyposgrado\/wp-content\/uploads\/2026\/04\/Diplomatura-ESTETICAS-CONTEM-2024-OK-1024x1024.png 1024w, https:\/\/www.arte.unicen.edu.ar\/investigacionyposgrado\/wp-content\/uploads\/2026\/04\/Diplomatura-ESTETICAS-CONTEM-2024-OK-150x150.png 150w, https:\/\/www.arte.unicen.edu.ar\/investigacionyposgrado\/wp-content\/uploads\/2026\/04\/Diplomatura-ESTETICAS-CONTEM-2024-OK-768x768.png 768w, https:\/\/www.arte.unicen.edu.ar\/investigacionyposgrado\/wp-content\/uploads\/2026\/04\/Diplomatura-ESTETICAS-CONTEM-2024-OK-465x465.png 465w, https:\/\/www.arte.unicen.edu.ar\/investigacionyposgrado\/wp-content\/uploads\/2026\/04\/Diplomatura-ESTETICAS-CONTEM-2024-OK-500x500.png 500w\" sizes=\"(max-width: 1242px) 100vw, 1242px\" alt=\"\" \t\tclass=\"so-widget-image\"\/>\n\t<\/div>\n\n<\/div><\/div><\/div><\/div><div id=\"pg-2188-2\"  class=\"panel-grid panel-no-style\" ><div id=\"pgc-2188-2-0\"  class=\"panel-grid-cell\" ><div id=\"panel-2188-2-0-0\" class=\"so-panel widget widget_sow-editor panel-first-child panel-last-child\" data-index=\"3\" ><div\n\t\t\t\n\t\t\tclass=\"so-widget-sow-editor so-widget-sow-editor-base\"\n\t\t\t\n\t\t>\n<div class=\"siteorigin-widget-tinymce textwidget\">\n\t<p style=\"text-align: justify;\"><strong><span style=\"font-size: 15px; color: #800080;\">Destinarixs<\/span><\/strong><b><\/b><br \/>\nArtistas, profesorxs y docentes de todos los niveles de educaci\u00f3n art\u00edstica, estudiantes de nivel superior, graduadxs y profesorxs de la UNICEN. Trabajadoxs de diversos espacios art\u00edsticos y culturales vinculados a la producci\u00f3n, investigaci\u00f3n, gesti\u00f3n y ense\u00f1anza de las pr\u00e1cticas art\u00edsticas contempor\u00e1neas. Interesadxs provenientes de diversos oficios y disciplinas cient\u00edficas que les interese situar y desarrollar su pr\u00e1ctica y reflexionar en el marco de los debates y problemas propios de la escena art\u00edstica contempor\u00e1nea.<\/p>\n<p style=\"text-align: justify;\"><strong><span style=\"font-size: 15px; color: #800080;\">Modalidad de cursada<br \/>\n<\/span><\/strong>La modalidad de dictado de la Diplomatura Universitaria en Est\u00e9ticas Contempor\u00e1neas es a distancia (EaD) en el entorno virtual de ense\u00f1anza y aprendizaje Moodle UNIPEDIA- Facultad de Arte. Esta modalidad educativa se funda en concepciones espec\u00edficas sobre los procesos de ense\u00f1anza y aprendizaje, sobre los sujetos que aprenden y sobre el rol de lxs docentes y tutorxs en la construcci\u00f3n colectiva del conocimiento.<br \/>\nPara llevar adelante esta propuesta formativa se apuesta, adem\u00e1s, al uso de otros espacios posibles y complementarios de comunicaci\u00f3n y producci\u00f3n (por ej., redes sociales), que pueden adecuarse a las necesidades pedag\u00f3gico-did\u00e1cticas. El trayecto formativo previsto se desarrollar\u00e1 durante nueve meses bajo la modalidad de cursada virtual, contemplando actividades sincr\u00f3nicas y asincr\u00f3nicas.<\/p>\n<\/div>\n<\/div><\/div><\/div><\/div><div id=\"pg-2188-3\"  class=\"panel-grid panel-no-style\" ><div id=\"pgc-2188-3-0\"  class=\"panel-grid-cell\" ><div id=\"panel-2188-3-0-0\" class=\"so-panel widget widget_text panel-first-child panel-last-child\" data-index=\"4\" >\t\t\t<div class=\"textwidget\"><table style=\"width: 100%; max-width: 750px; border-collapse: collapse; font-family: 'Segoe UI', Arial, sans-serif; border: 1px solid #7f3364; color: #333;\">\n<thead>\n<tr>\n<th style=\"padding: 10px; text-align: center; color: #7f3364; font-size: 24px; border-bottom: 3px solid #7f3364;\" colspan=\"2\">PLAN DE ESTUDIOS<\/th>\n<\/tr>\n<tr style=\"background: linear-gradient(to bottom, #7f3364, #d23a47);\">\n<th style=\"width: 5%;\"><\/th>\n<th style=\"padding: 10px; color: white; text-align: center; text-transform: uppercase; letter-spacing: 2px; font-size: 14px;\">Seminario<\/th>\n<\/tr>\n<\/thead>\n<tbody>\n<tr>\n<td style=\"background-color: rgba(127, 51, 100, 0.15); color: #7f3364; text-align: center; font-weight: bold; border: 1px solid #7f3364; padding: 15px; font-size: 14px;\" rowspan=\"4\">PRIMER<br \/>\nCUATRIMESTRE<\/td>\n<td style=\"padding: 10px; border-bottom: 1px solid rgba(127, 51, 100, 0.2);\">Estudiar en la virtualidad <i style=\"color: #7f3364; font-size: 0.85em; opacity: 0.8;\">(30hs)<\/i><\/td>\n<\/tr>\n<tr>\n<td style=\"padding: 10px; border-bottom: 1px solid rgba(127, 51, 100, 0.2);\">Debates art\u00edsticos contempor\u00e1neos <i style=\"color: #7f3364; font-size: 0.85em; opacity: 0.8;\">(36hs)<\/i><\/td>\n<\/tr>\n<tr>\n<td style=\"padding: 10px; border-bottom: 1px solid rgba(127, 51, 100, 0.2);\">Territorio, memorias y cartograf\u00edas <i style=\"color: #7f3364; font-size: 0.85em; opacity: 0.8;\">(36hs)<\/i><\/td>\n<\/tr>\n<tr>\n<td style=\"padding: 10px; border-bottom: 1px solid #7f3364;\">T\u00e9cnicas, soportes y materialidades del arte contempor\u00e1neo <i style=\"color: #7f3364; font-size: 0.85em; opacity: 0.8;\">(36hs)<\/i><\/td>\n<\/tr>\n<tr>\n<td style=\"background-color: rgba(127, 51, 100, 0.15); color: #7f3364; text-align: center; font-weight: bold; border: 1px solid #7f3364; padding: 15px; font-size: 14px;\" rowspan=\"3\">SEGUNDO<br \/>\nCUATRIMESTRE<\/td>\n<td style=\"padding: 10px; border-bottom: 1px solid rgba(127, 51, 100, 0.2);\">Perspectivas cr\u00edticas orientadas a la producci\u00f3n, formaci\u00f3n y ense\u00f1anza cr\u00edtica <i style=\"color: #7f3364; font-size: 0.85em; opacity: 0.8;\">(36hs)<\/i><\/td>\n<\/tr>\n<tr>\n<td style=\"padding: 10px; border-bottom: 1px solid rgba(127, 51, 100, 0.2);\">Aportes y transformaciones del arte contempor\u00e1neo en el sistema educativo argentino <i style=\"color: #7f3364; font-size: 0.85em; opacity: 0.8;\">(36hs)<\/i><\/td>\n<\/tr>\n<tr>\n<td style=\"padding: 10px; border-bottom: 1px solid #7f3364;\">Metodolog\u00edas de la investigaci\u00f3n en artes contempor\u00e1neas <i style=\"color: #7f3364; font-size: 0.85em; opacity: 0.8;\">(36hs)<\/i><\/td>\n<\/tr>\n<tr style=\"background-color: rgba(127, 51, 100, 0.05);\">\n<td style=\"padding: 10px; text-align: center; font-weight: bold; color: #7f3364;\" colspan=\"2\">Espacio de acompa\u00f1amiento<br \/>\n<span style=\"font-weight: normal; font-style: italic; font-size: 0.9em; color: #666;\">(60hs &#8211; taller de duraci\u00f3n anual)<\/span><\/td>\n<\/tr>\n<\/tbody>\n<\/table>\n<\/div>\n\t\t<\/div><\/div><div id=\"pgc-2188-3-1\"  class=\"panel-grid-cell\" ><div id=\"panel-2188-3-1-0\" class=\"so-panel widget widget_sow-editor panel-first-child panel-last-child\" data-index=\"5\" ><div\n\t\t\t\n\t\t\tclass=\"so-widget-sow-editor so-widget-sow-editor-base\"\n\t\t\t\n\t\t>\n<div class=\"siteorigin-widget-tinymce textwidget\">\n\t<p style=\"text-align: justify;\"><strong><span style=\"font-size: 20px; color: #800080;\">Requisitos de admisi\u00f3n<br \/>\n<\/span><\/strong>-T\u00edtulo secundario<br \/>\n-Acreditar experiencia, antecedentes profesionales y\/o acad\u00e9micos<br \/>\nLa gesti\u00f3n general de la Diplomatura est\u00e1 a cargo de un Comit\u00e9 de Gesti\u00f3n y Admisi\u00f3n. Dicho Comit\u00e9 evaluar\u00e1 las postulaciones y resolver\u00e1 sobre las admisiones de lxs inscriptxs, pudiendo solicitar la realizaci\u00f3n de entrevistas personales con lxs postulantes.<\/p>\n<p style=\"text-align: justify;\"><strong><span style=\"font-size: 20px; color: #800080;\">Espacios que acompa\u00f1an y avalan la DEC<br \/>\n<\/span><\/strong>La iniciativa de articular saberes y experiencias con espacios e instituciones (art\u00edsticas, culturales, educativas, de exhibici\u00f3n y gesti\u00f3n, etc.) del \u00e1rea de influencia de la UNICEN, permitir\u00e1 generar una red de di\u00e1logo e intercambio, para el desarrollo y circulaci\u00f3n de proyectos y producciones. Entendemos que esta articulaci\u00f3n posibilitar\u00e1 asimismo optimizar recursos (humanos, financieros, materiales, etc.) y fomentar nuevas investigaciones en torno a las producciones art\u00edsticas y culturales desarrolladas en la regi\u00f3n.<br \/>\n\u2022 Escuela de Bellas Artes N\u00ba 2 \u201cLuciano Fortabat\u201d, Azul<br \/>\n\u2022 Escuela de Artes Visuales Miguel Galgano, Olavarr\u00eda<br \/>\n\u2022 Revista Malas Artes, Tandil<br \/>\n\u2022 Museo de Arte L\u00f3pez Claro, Azul<br \/>\n\u2022 MUMBAT, Museo Municipal de Bellas Artes de Tandil<br \/>\n\u2022 Biblioteca Barrio Puerto, Necochea<br \/>\n\u2022 Escuela de Arte \u201cAstor Piazzolla\u201d, Balcarce<br \/>\n\u2022 Escuela de Arte Carlos Torrallardona, Pehuaj\u00f3<br \/>\n\u2022 Centro Universitario de Innovaci\u00f3n Ciudadana (CUIC) \u2013 UNICEN<br \/>\n\u2022 Conservatorio de M\u00fasica \u201cErnesto Mogavero\u201d, Olavarr\u00eda<\/p>\n<\/div>\n<\/div><\/div><\/div><\/div><div id=\"pg-2188-4\"  class=\"panel-grid panel-has-style\" ><div class=\"panel-row-style panel-row-style-for-2188-4\" ><div id=\"pgc-2188-4-0\"  class=\"panel-grid-cell panel-grid-cell-empty\" ><\/div><div id=\"pgc-2188-4-1\"  class=\"panel-grid-cell panel-grid-cell-mobile-last\" ><div id=\"panel-2188-4-1-0\" class=\"so-panel widget widget_sow-editor panel-first-child panel-last-child\" data-index=\"6\" ><div\n\t\t\t\n\t\t\tclass=\"so-widget-sow-editor so-widget-sow-editor-base\"\n\t\t\t\n\t\t>\n<div class=\"siteorigin-widget-tinymce textwidget\">\n\t<ul style=\"text-align: justify;\">\n<li>Link de acceso a preinscripci\u00f3n: <a href=\"https:\/\/guarani.unicen.edu.ar\/preinscripcion\/arte\/\" target=\"_blank\" rel=\"noopener\">https:\/\/guarani.unicen.edu.ar\/preinscripcion\/arte\/<\/a><br \/>\n<strong>\u2013 PREINSCRIPCIONES ABIERTAS (hasta el 15\/03\/2025) \u2013<\/strong><\/li>\n<li><a href=\"http:\/\/www.arte.unicen.edu.ar\/wp-content\/uploads\/2022\/12\/C\u00d3MO-UTILIZAR-SIU-GUARAN\u00cd-WEB-PREINSCRIPCI\u00d3N-DEC.pdf\" target=\"_blank\" rel=\"noopener noreferrer\">Instructivo para utilizar SIU GUARAN\u00cd WEB \u2013 PREINSCRIPCI\u00d3N<\/a><\/li>\n<li><a href=\"https:\/\/www.arte.unicen.edu.ar\/wp-content\/uploads\/2021\/07\/Info.-m\u00f3dulos.pdf\" target=\"_blank\" rel=\"noopener\">M\u00f3dulos - Contenidos m\u00ednimos<\/a><\/li>\n<li><a href=\"https:\/\/www.arte.unicen.edu.ar\/wp-content\/uploads\/2025\/05\/Cuerpo-docente-con-bios-DEC-2025-final.pdf\" target=\"_blank\" rel=\"noopener\">Equipo docente 2025<\/a><\/li>\n<li>Cronograma 2025 - <strong>PROXIMAMENTE<\/strong><\/li>\n<li><a href=\"http:\/\/www.arte.unicen.edu.ar\/secretarias\/investigacion-posgrado\/diplomatura-universitaria-en-esteticas-contemporaneas\/preguntas-frecuentes-dec\/\" target=\"_blank\" rel=\"noopener noreferrer\">Preguntas frecuentes<\/a><\/li>\n<\/ul>\n<\/div>\n<\/div><\/div><\/div><div id=\"pgc-2188-4-2\"  class=\"panel-grid-cell panel-grid-cell-empty\" ><\/div><\/div><\/div><div id=\"pg-2188-5\"  class=\"panel-grid panel-no-style\" ><div id=\"pgc-2188-5-0\"  class=\"panel-grid-cell\" ><div id=\"panel-2188-5-0-0\" class=\"so-panel widget widget_sow-editor panel-first-child panel-last-child\" data-index=\"7\" ><div\n\t\t\t\n\t\t\tclass=\"so-widget-sow-editor so-widget-sow-editor-base\"\n\t\t\t\n\t\t>\n<div class=\"siteorigin-widget-tinymce textwidget\">\n\t<p style=\"text-align: center;\">Para consultas o mayor informaci\u00f3n: diplomaturas@arte.unicen.edu.ar<\/p>\n<\/div>\n<\/div><\/div><\/div><\/div><\/div>","protected":false},"excerpt":{"rendered":"<p>Modalidad de dictado: a distancia Inicio de cursada: abril 2025 Aprobada por el Consejo Superior<span class=\"more-link\"><a href=\"https:\/\/www.arte.unicen.edu.ar\/investigacionyposgrado\/diplomatura-en-esteticas-contemporaneas\/\">M\u00e1s informaci\u00f3n<\/a><\/span><\/p>\n","protected":false},"author":2,"featured_media":0,"parent":0,"menu_order":0,"comment_status":"closed","ping_status":"closed","template":"","meta":{"footnotes":""},"class_list":["entry","author-cdelgado","post-2188","page","type-page","status-publish"],"_links":{"self":[{"href":"https:\/\/www.arte.unicen.edu.ar\/investigacionyposgrado\/wp-json\/wp\/v2\/pages\/2188","targetHints":{"allow":["GET"]}}],"collection":[{"href":"https:\/\/www.arte.unicen.edu.ar\/investigacionyposgrado\/wp-json\/wp\/v2\/pages"}],"about":[{"href":"https:\/\/www.arte.unicen.edu.ar\/investigacionyposgrado\/wp-json\/wp\/v2\/types\/page"}],"author":[{"embeddable":true,"href":"https:\/\/www.arte.unicen.edu.ar\/investigacionyposgrado\/wp-json\/wp\/v2\/users\/2"}],"replies":[{"embeddable":true,"href":"https:\/\/www.arte.unicen.edu.ar\/investigacionyposgrado\/wp-json\/wp\/v2\/comments?post=2188"}],"version-history":[{"count":3,"href":"https:\/\/www.arte.unicen.edu.ar\/investigacionyposgrado\/wp-json\/wp\/v2\/pages\/2188\/revisions"}],"predecessor-version":[{"id":2262,"href":"https:\/\/www.arte.unicen.edu.ar\/investigacionyposgrado\/wp-json\/wp\/v2\/pages\/2188\/revisions\/2262"}],"wp:attachment":[{"href":"https:\/\/www.arte.unicen.edu.ar\/investigacionyposgrado\/wp-json\/wp\/v2\/media?parent=2188"}],"curies":[{"name":"wp","href":"https:\/\/api.w.org\/{rel}","templated":true}]}}