{"id":2159,"date":"2026-04-29T09:03:29","date_gmt":"2026-04-29T12:03:29","guid":{"rendered":"https:\/\/www.arte.unicen.edu.ar\/investigacionyposgrado\/?page_id=2159"},"modified":"2026-04-30T11:07:13","modified_gmt":"2026-04-30T14:07:13","slug":"maestria-en-artes-audiovisuales","status":"publish","type":"page","link":"https:\/\/www.arte.unicen.edu.ar\/investigacionyposgrado\/maestria-en-artes-audiovisuales\/","title":{"rendered":"Artes Audiovisuales"},"content":{"rendered":"<div id=\"pl-2159\"  class=\"panel-layout\" ><div id=\"pg-2159-0\"  class=\"panel-grid panel-no-style\" ><div id=\"pgc-2159-0-0\"  class=\"panel-grid-cell\" ><div id=\"panel-2159-0-0-0\" class=\"so-panel widget widget_sow-image panel-first-child\" data-index=\"0\" ><div\n\t\t\t\n\t\t\tclass=\"so-widget-sow-image so-widget-sow-image-default-8b5b6f678277-2159\"\n\t\t\t\n\t\t>\n<div class=\"sow-image-container\">\n\t\t<img \n\tsrc=\"https:\/\/www.arte.unicen.edu.ar\/investigacionyposgrado\/wp-content\/uploads\/2026\/04\/parte1-maearteaudio_final.jpg\" width=\"1500\" height=\"496\" srcset=\"https:\/\/www.arte.unicen.edu.ar\/investigacionyposgrado\/wp-content\/uploads\/2026\/04\/parte1-maearteaudio_final.jpg 1500w, https:\/\/www.arte.unicen.edu.ar\/investigacionyposgrado\/wp-content\/uploads\/2026\/04\/parte1-maearteaudio_final-300x99.jpg 300w, https:\/\/www.arte.unicen.edu.ar\/investigacionyposgrado\/wp-content\/uploads\/2026\/04\/parte1-maearteaudio_final-1024x339.jpg 1024w, https:\/\/www.arte.unicen.edu.ar\/investigacionyposgrado\/wp-content\/uploads\/2026\/04\/parte1-maearteaudio_final-768x254.jpg 768w, https:\/\/www.arte.unicen.edu.ar\/investigacionyposgrado\/wp-content\/uploads\/2026\/04\/parte1-maearteaudio_final-465x154.jpg 465w, https:\/\/www.arte.unicen.edu.ar\/investigacionyposgrado\/wp-content\/uploads\/2026\/04\/parte1-maearteaudio_final-695x230.jpg 695w\" sizes=\"(max-width: 1500px) 100vw, 1500px\" alt=\"\" \t\tclass=\"so-widget-image\"\/>\n\t<\/div>\n\n<\/div><\/div><div id=\"panel-2159-0-0-1\" class=\"so-panel widget widget_sow-image panel-last-child\" data-index=\"1\" ><div\n\t\t\t\n\t\t\tclass=\"so-widget-sow-image so-widget-sow-image-default-8b5b6f678277-2159\"\n\t\t\t\n\t\t>\n<div class=\"sow-image-container\">\n\t\t<img \n\tsrc=\"https:\/\/www.arte.unicen.edu.ar\/investigacionyposgrado\/wp-content\/uploads\/2026\/04\/maestriaartesaudio.png\" width=\"1151\" height=\"209\" srcset=\"https:\/\/www.arte.unicen.edu.ar\/investigacionyposgrado\/wp-content\/uploads\/2026\/04\/maestriaartesaudio.png 1151w, https:\/\/www.arte.unicen.edu.ar\/investigacionyposgrado\/wp-content\/uploads\/2026\/04\/maestriaartesaudio-300x54.png 300w, https:\/\/www.arte.unicen.edu.ar\/investigacionyposgrado\/wp-content\/uploads\/2026\/04\/maestriaartesaudio-1024x186.png 1024w, https:\/\/www.arte.unicen.edu.ar\/investigacionyposgrado\/wp-content\/uploads\/2026\/04\/maestriaartesaudio-768x139.png 768w, https:\/\/www.arte.unicen.edu.ar\/investigacionyposgrado\/wp-content\/uploads\/2026\/04\/maestriaartesaudio-465x84.png 465w, https:\/\/www.arte.unicen.edu.ar\/investigacionyposgrado\/wp-content\/uploads\/2026\/04\/maestriaartesaudio-695x126.png 695w\" sizes=\"(max-width: 1151px) 100vw, 1151px\" alt=\"\" \t\tclass=\"so-widget-image\"\/>\n\t<\/div>\n\n<\/div><\/div><\/div><\/div><div id=\"pg-2159-1\"  class=\"panel-grid panel-no-style\" ><div id=\"pgc-2159-1-0\"  class=\"panel-grid-cell\" ><div id=\"panel-2159-1-0-0\" class=\"so-panel widget widget_sow-image panel-first-child panel-last-child\" data-index=\"2\" ><div\n\t\t\t\n\t\t\tclass=\"so-widget-sow-image so-widget-sow-image-default-8b5b6f678277-2159\"\n\t\t\t\n\t\t>\n<div class=\"sow-image-container\">\n\t\t<img \n\tsrc=\"https:\/\/www.arte.unicen.edu.ar\/investigacionyposgrado\/wp-content\/uploads\/2026\/04\/liston2.jpg\" width=\"386\" height=\"714\" srcset=\"https:\/\/www.arte.unicen.edu.ar\/investigacionyposgrado\/wp-content\/uploads\/2026\/04\/liston2.jpg 386w, https:\/\/www.arte.unicen.edu.ar\/investigacionyposgrado\/wp-content\/uploads\/2026\/04\/liston2-162x300.jpg 162w, https:\/\/www.arte.unicen.edu.ar\/investigacionyposgrado\/wp-content\/uploads\/2026\/04\/liston2-297x550.jpg 297w, https:\/\/www.arte.unicen.edu.ar\/investigacionyposgrado\/wp-content\/uploads\/2026\/04\/liston2-270x500.jpg 270w\" sizes=\"(max-width: 386px) 100vw, 386px\" alt=\"\" \t\tclass=\"so-widget-image\"\/>\n\t<\/div>\n\n<\/div><\/div><\/div><div id=\"pgc-2159-1-1\"  class=\"panel-grid-cell\" ><div id=\"panel-2159-1-1-0\" class=\"so-panel widget widget_sow-editor panel-first-child\" data-index=\"3\" ><div\n\t\t\t\n\t\t\tclass=\"so-widget-sow-editor so-widget-sow-editor-base\"\n\t\t\t\n\t\t>\n<div class=\"siteorigin-widget-tinymce textwidget\">\n\t<p style=\"text-align: justify;\"><strong data-start=\"257\" data-end=\"331\">La Facultad de Arte presenta su nueva\u00a0<\/strong><strong>Maestr\u00eda en Artes Audiovisuales<\/strong>, una nueva propuesta de formaci\u00f3n de posgrado que iniciar\u00e1 su cursada en el primer cuatrimestre de 2026. <strong>Con una duraci\u00f3n de 2 a\u00f1os y cursada presencial\u00a0 la maestr\u00eda ofrece tres menciones: Direcci\u00f3n Audiovisual, Direcci\u00f3n de Arte y Narrativas Audiovisuales. <\/strong>El t\u00edtulo a otorgar ser\u00e1 <em>Mag\u00edster en Artes Audiovisuales<\/em>, con especificaci\u00f3n de una sola menci\u00f3n.<\/p>\n<p>La formaci\u00f3n es arancelada y <strong>la preinscripci\u00f3n permanecer\u00e1 abierta<\/strong>\u00a0mediante formulario Google: <a href=\"https:\/\/forms.gle\/8HpF5mLRLtu1Utdp6\" target=\"_blank\" rel=\"noopener\">https:\/\/forms.gle\/8HpF5mLRLtu1Utdp6<\/a><\/p>\n<\/div>\n<\/div><\/div><div id=\"panel-2159-1-1-1\" class=\"so-panel widget widget_sow-image\" data-index=\"4\" ><div\n\t\t\t\n\t\t\tclass=\"so-widget-sow-image so-widget-sow-image-default-8b5b6f678277-2159\"\n\t\t\t\n\t\t>\n<div class=\"sow-image-container\">\n\t\t<img \n\tsrc=\"https:\/\/www.arte.unicen.edu.ar\/investigacionyposgrado\/wp-content\/uploads\/2026\/04\/maestriaartesaudio1.jpg\" width=\"950\" height=\"190\" srcset=\"https:\/\/www.arte.unicen.edu.ar\/investigacionyposgrado\/wp-content\/uploads\/2026\/04\/maestriaartesaudio1.jpg 950w, https:\/\/www.arte.unicen.edu.ar\/investigacionyposgrado\/wp-content\/uploads\/2026\/04\/maestriaartesaudio1-300x60.jpg 300w, https:\/\/www.arte.unicen.edu.ar\/investigacionyposgrado\/wp-content\/uploads\/2026\/04\/maestriaartesaudio1-768x154.jpg 768w, https:\/\/www.arte.unicen.edu.ar\/investigacionyposgrado\/wp-content\/uploads\/2026\/04\/maestriaartesaudio1-465x93.jpg 465w, https:\/\/www.arte.unicen.edu.ar\/investigacionyposgrado\/wp-content\/uploads\/2026\/04\/maestriaartesaudio1-695x139.jpg 695w\" sizes=\"(max-width: 950px) 100vw, 950px\" alt=\"\" \t\tclass=\"so-widget-image\"\/>\n\t<\/div>\n\n<\/div><\/div><div id=\"panel-2159-1-1-2\" class=\"so-panel widget widget_sow-image panel-last-child\" data-index=\"5\" ><div\n\t\t\t\n\t\t\tclass=\"so-widget-sow-image so-widget-sow-image-default-8b5b6f678277-2159\"\n\t\t\t\n\t\t>\n<div class=\"sow-image-container\">\n\t\t<img \n\tsrc=\"https:\/\/www.arte.unicen.edu.ar\/investigacionyposgrado\/wp-content\/uploads\/2026\/04\/maestriaartesaudio2.jpg\" width=\"950\" height=\"190\" srcset=\"https:\/\/www.arte.unicen.edu.ar\/investigacionyposgrado\/wp-content\/uploads\/2026\/04\/maestriaartesaudio2.jpg 950w, https:\/\/www.arte.unicen.edu.ar\/investigacionyposgrado\/wp-content\/uploads\/2026\/04\/maestriaartesaudio2-300x60.jpg 300w, https:\/\/www.arte.unicen.edu.ar\/investigacionyposgrado\/wp-content\/uploads\/2026\/04\/maestriaartesaudio2-768x154.jpg 768w, https:\/\/www.arte.unicen.edu.ar\/investigacionyposgrado\/wp-content\/uploads\/2026\/04\/maestriaartesaudio2-465x93.jpg 465w, https:\/\/www.arte.unicen.edu.ar\/investigacionyposgrado\/wp-content\/uploads\/2026\/04\/maestriaartesaudio2-695x139.jpg 695w\" sizes=\"(max-width: 950px) 100vw, 950px\" alt=\"\" \t\tclass=\"so-widget-image\"\/>\n\t<\/div>\n\n<\/div><\/div><\/div><\/div><div id=\"pg-2159-2\"  class=\"panel-grid panel-has-style\" ><div class=\"panel-row-style panel-row-style-for-2159-2\" ><div id=\"pgc-2159-2-0\"  class=\"panel-grid-cell\" ><div id=\"panel-2159-2-0-0\" class=\"so-panel widget widget_sow-image panel-first-child panel-last-child\" data-index=\"6\" ><div\n\t\t\t\n\t\t\tclass=\"so-widget-sow-image so-widget-sow-image-default-8b5b6f678277-2159\"\n\t\t\t\n\t\t>\n<div class=\"sow-image-container\">\n\t\t<img \n\tsrc=\"https:\/\/www.arte.unicen.edu.ar\/investigacionyposgrado\/wp-content\/uploads\/2026\/04\/rayitas-hacia-abajo3.png\" width=\"346\" height=\"514\" srcset=\"https:\/\/www.arte.unicen.edu.ar\/investigacionyposgrado\/wp-content\/uploads\/2026\/04\/rayitas-hacia-abajo3.png 346w, https:\/\/www.arte.unicen.edu.ar\/investigacionyposgrado\/wp-content\/uploads\/2026\/04\/rayitas-hacia-abajo3-202x300.png 202w, https:\/\/www.arte.unicen.edu.ar\/investigacionyposgrado\/wp-content\/uploads\/2026\/04\/rayitas-hacia-abajo3-337x500.png 337w\" sizes=\"(max-width: 346px) 100vw, 346px\" alt=\"\" \t\tclass=\"so-widget-image\"\/>\n\t<\/div>\n\n<\/div><\/div><\/div><div id=\"pgc-2159-2-1\"  class=\"panel-grid-cell\" ><div id=\"panel-2159-2-1-0\" class=\"so-panel widget widget_sow-editor panel-first-child panel-last-child\" data-index=\"7\" ><div\n\t\t\t\n\t\t\tclass=\"so-widget-sow-editor so-widget-sow-editor-base\"\n\t\t\t\n\t\t>\n<div class=\"siteorigin-widget-tinymce textwidget\">\n\t<p>&nbsp;<\/p>\n<p><strong>La Maestr\u00eda en Artes Audiovisuales es una respuesta a las crecientes demandas de actualizaci\u00f3n, formaci\u00f3n y reflexi\u00f3n en el campo de las artes audiovisuales.<\/strong> Propone un enfoque epistemol\u00f3gico y metodol\u00f3gico que recupera la pr\u00e1ctica art\u00edstica como fuente de conocimiento cr\u00edtico. Es una propuesta acad\u00e9mica encuadrada en un paradigma de investigaci\u00f3n a trav\u00e9s de la experiencia art\u00edstica, sus procesos, sus dispositivos, y sus materialidades creativas. Se priorizan tres grandes \u00e1reas de inter\u00e9s que dan sustento a las tres menciones:<em> Narrativas audiovisuales, Direcci\u00f3n audiovisual y Direcci\u00f3n de Arte.<\/em><\/p>\n<\/div>\n<\/div><\/div><\/div><div id=\"pgc-2159-2-2\"  class=\"panel-grid-cell\" ><div id=\"panel-2159-2-2-0\" class=\"so-panel widget widget_sow-image panel-first-child panel-last-child\" data-index=\"8\" ><div\n\t\t\t\n\t\t\tclass=\"so-widget-sow-image so-widget-sow-image-default-8b5b6f678277-2159\"\n\t\t\t\n\t\t>\n<div class=\"sow-image-container\">\n\t\t<img \n\tsrc=\"https:\/\/www.arte.unicen.edu.ar\/investigacionyposgrado\/wp-content\/uploads\/2026\/04\/rayitas-hacia-abajo4.png\" width=\"346\" height=\"514\" srcset=\"https:\/\/www.arte.unicen.edu.ar\/investigacionyposgrado\/wp-content\/uploads\/2026\/04\/rayitas-hacia-abajo4.png 346w, https:\/\/www.arte.unicen.edu.ar\/investigacionyposgrado\/wp-content\/uploads\/2026\/04\/rayitas-hacia-abajo4-202x300.png 202w, https:\/\/www.arte.unicen.edu.ar\/investigacionyposgrado\/wp-content\/uploads\/2026\/04\/rayitas-hacia-abajo4-337x500.png 337w\" sizes=\"(max-width: 346px) 100vw, 346px\" alt=\"\" \t\tclass=\"so-widget-image\"\/>\n\t<\/div>\n\n<\/div><\/div><\/div><\/div><\/div><div id=\"pg-2159-3\"  class=\"panel-grid panel-has-style\" ><div class=\"panel-row-style panel-row-style-for-2159-3\" ><div id=\"pgc-2159-3-0\"  class=\"panel-grid-cell panel-grid-cell-empty\" ><\/div><div id=\"pgc-2159-3-1\"  class=\"panel-grid-cell panel-grid-cell-mobile-last\" ><div id=\"panel-2159-3-1-0\" class=\"so-panel widget widget_sow-editor panel-first-child panel-last-child\" data-index=\"9\" ><div\n\t\t\t\n\t\t\tclass=\"so-widget-sow-editor so-widget-sow-editor-base\"\n\t\t\t\n\t\t>\n<div class=\"siteorigin-widget-tinymce textwidget\">\n\t<p style=\"text-align: justify;\">Su <strong>objetivo general <\/strong>es contribuir a la formaci\u00f3n de posgrado en las artes audiovisuales, permitiendo la construcci\u00f3n de marcos te\u00f3ricos y metodol\u00f3gicos diversos que potencien las reflexiones y las pr\u00e1cticas art\u00edsticas que los\/as profesionales puedan desarrollar con compromiso cr\u00edtico en los m\u00faltiples \u00e1mbitos del campo de incumbencia.<\/p>\n<p style=\"text-align: justify;\"><strong>Dentro de sus objetivos espec\u00edficos, se propone:\u00a0<\/strong><\/p>\n<ul>\n<li style=\"text-align: justify;\">Generar \u00e1mbitos de discusi\u00f3n, intercambio y problematizaci\u00f3n para la construcci\u00f3n de dispositivos pr\u00e1cticos y te\u00f3ricos que permitan procesos de creaci\u00f3n e investigaci\u00f3n propios de las artes audiovisuales contempor\u00e1neas.<\/li>\n<li style=\"text-align: justify;\">Promover trayectos formativos alternativos y novedosos para hacedores\/as de las artes audiovisuales desde el conocimiento situado para el desarrollo sostenible de las artes y la cultura.<\/li>\n<li style=\"text-align: justify;\">Difundir pr\u00e1cticas alternativas y\/o disidentes de la producci\u00f3n, distribuci\u00f3n y consumo de las artes audiovisuales.<\/li>\n<\/ul>\n<\/div>\n<\/div><\/div><\/div><div id=\"pgc-2159-3-2\"  class=\"panel-grid-cell panel-grid-cell-empty\" ><\/div><\/div><\/div><div id=\"pg-2159-4\"  class=\"panel-grid panel-no-style\" ><div id=\"pgc-2159-4-0\"  class=\"panel-grid-cell\" ><div id=\"panel-2159-4-0-0\" class=\"so-panel widget widget_sow-image panel-first-child panel-last-child\" data-index=\"10\" ><div\n\t\t\t\n\t\t\tclass=\"so-widget-sow-image so-widget-sow-image-default-8b5b6f678277-2159\"\n\t\t\t\n\t\t>\n<div class=\"sow-image-container\">\n\t\t<img \n\tsrc=\"https:\/\/www.arte.unicen.edu.ar\/investigacionyposgrado\/wp-content\/uploads\/2026\/04\/MAESTRIA-ARTE4-1024x35-clarito.jpg\" width=\"1024\" height=\"35\" srcset=\"https:\/\/www.arte.unicen.edu.ar\/investigacionyposgrado\/wp-content\/uploads\/2026\/04\/MAESTRIA-ARTE4-1024x35-clarito.jpg 1024w, https:\/\/www.arte.unicen.edu.ar\/investigacionyposgrado\/wp-content\/uploads\/2026\/04\/MAESTRIA-ARTE4-1024x35-clarito-300x10.jpg 300w, https:\/\/www.arte.unicen.edu.ar\/investigacionyposgrado\/wp-content\/uploads\/2026\/04\/MAESTRIA-ARTE4-1024x35-clarito-768x26.jpg 768w, https:\/\/www.arte.unicen.edu.ar\/investigacionyposgrado\/wp-content\/uploads\/2026\/04\/MAESTRIA-ARTE4-1024x35-clarito-465x16.jpg 465w, https:\/\/www.arte.unicen.edu.ar\/investigacionyposgrado\/wp-content\/uploads\/2026\/04\/MAESTRIA-ARTE4-1024x35-clarito-695x24.jpg 695w\" sizes=\"(max-width: 1024px) 100vw, 1024px\" title=\"MAESTRIA-ARTE4-1024&#215;35-clarito\" alt=\"\" \t\tclass=\"so-widget-image\"\/>\n\t<\/div>\n\n<\/div><\/div><\/div><\/div><div id=\"pg-2159-5\"  class=\"panel-grid panel-no-style\" ><div id=\"pgc-2159-5-0\"  class=\"panel-grid-cell panel-grid-cell-empty\" ><\/div><div id=\"pgc-2159-5-1\"  class=\"panel-grid-cell panel-grid-cell-mobile-last\" ><div id=\"panel-2159-5-1-0\" class=\"so-panel widget widget_sow-editor panel-first-child panel-last-child\" data-index=\"11\" ><div\n\t\t\t\n\t\t\tclass=\"so-widget-sow-editor so-widget-sow-editor-base\"\n\t\t\t\n\t\t>\n<div class=\"siteorigin-widget-tinymce textwidget\">\n\t<p style=\"text-align: justify;\">Podr\u00e1n acceder a la Maestr\u00eda todos aquellos\/as graduados\/as de carreras vinculadas a la producci\u00f3n, realizaci\u00f3n y teor\u00eda en artes audiovisuales, con una duraci\u00f3n m\u00ednima de 4 (cuatro) a\u00f1os, que cuenten con t\u00edtulos de validez nacional y\/o provincial de instituciones superiores p\u00fablicas o privadas, tanto del pa\u00eds como del extranjero.<br \/>\nTambi\u00e9n podr\u00e1n ser admitidos\/as profesionales del \u00e1rea, con titulaciones afines o experiencia suficiente en el campo de las artes audiovisuales, las letras, el dise\u00f1o, la comunicaci\u00f3n, la fotograf\u00eda, el sonido, la m\u00fasica, entre otros.<\/p>\n<p>Carrera acreditada por CONEAU IF-2025-127638819-APN-CONEAU#MCH<\/p>\n<\/div>\n<\/div><\/div><\/div><div id=\"pgc-2159-5-2\"  class=\"panel-grid-cell panel-grid-cell-empty\" ><\/div><\/div><div id=\"pg-2159-6\"  class=\"panel-grid panel-has-style\" ><div class=\"panel-row-style panel-row-style-for-2159-6\" ><div id=\"pgc-2159-6-0\"  class=\"panel-grid-cell panel-grid-cell-empty\" ><\/div><div id=\"pgc-2159-6-1\"  class=\"panel-grid-cell panel-grid-cell-mobile-last\" ><div id=\"panel-2159-6-1-0\" class=\"so-panel widget widget_sow-editor panel-first-child\" data-index=\"12\" ><div\n\t\t\t\n\t\t\tclass=\"so-widget-sow-editor so-widget-sow-editor-base\"\n\t\t\t\n\t\t>\n<div class=\"siteorigin-widget-tinymce textwidget\">\n\t<\/div>\n<\/div><\/div><div id=\"panel-2159-6-1-1\" class=\"so-panel widget widget_sow-editor\" data-index=\"13\" ><div\n\t\t\t\n\t\t\tclass=\"so-widget-sow-editor so-widget-sow-editor-base\"\n\t\t\t\n\t\t>\n<div class=\"siteorigin-widget-tinymce textwidget\">\n\t<ul>\n<li><a href=\"https:\/\/www.arte.unicen.edu.ar\/carreras\/posgrado\/maestria-en-artes-audiovisuales\/cronograma-2026\/\" target=\"_blank\" rel=\"noopener\">Cronograma 2026 -primer cuatrimestre-<\/a><\/li>\n<li><a href=\"https:\/\/www.arte.unicen.edu.ar\/wp-content\/uploads\/2026\/03\/Aranceles-2026-primera-parte.pdf\" target=\"_blank\" rel=\"noopener\">Cuadro de aranceles 2026 -vigente-<\/a><\/li>\n<li><a href=\"https:\/\/www.arte.unicen.edu.ar\/wp-content\/uploads\/2026\/03\/Plan-de-estudio-M.A.R.A.-abreviado.pdf\" target=\"_blank\" rel=\"noopener\">Plan de Estudios -abreviado-<\/a><\/li>\n<li><a href=\"https:\/\/www.arte.unicen.edu.ar\/wp-content\/uploads\/2026\/04\/034-Aval-modif-Reglamento-de-la-Maestria-en-Artes-Audiovisuales.pdf\" target=\"_blank\" rel=\"noopener\">Reglamento<\/a><\/li>\n<li><a href=\"https:\/\/www.arte.unicen.edu.ar\/wp-content\/uploads\/2026\/04\/035-Aval-modif-Reglamento-de-Tesis-de-la-Maestria-en-Artes-Audiovisuales.pdf\" target=\"_blank\" rel=\"noopener\">Reglamento de Tesis<\/a><\/li>\n<li><a href=\"https:\/\/www.arte.unicen.edu.ar\/wp-content\/uploads\/2026\/03\/024-Reglamento-DEFENSA-DE-TESIS-DE-POSGRADO-NO-PRESENCIAL.pdf\" target=\"_blank\" rel=\"noopener\">Reglamento de Presentaci\u00f3n y Defensa de Tesis de posgrados de la Facultad de Arte<\/a><\/li>\n<li>M\u00e1s informaci\u00f3n: <a href=\"mailto:maestriaaudiovisuales@arte.unicen.edu.ar\" target=\"_blank\" rel=\"noopener\">maestriaaudiovisuales@arte.unicen.edu.ar\u00a0<\/a><\/li>\n<\/ul>\n<\/div>\n<\/div><\/div><div id=\"panel-2159-6-1-2\" class=\"so-panel widget widget_sow-editor panel-last-child\" data-index=\"14\" ><div\n\t\t\t\n\t\t\tclass=\"so-widget-sow-editor so-widget-sow-editor-base\"\n\t\t\t\n\t\t>\n<div class=\"siteorigin-widget-tinymce textwidget\">\n\t<\/div>\n<\/div><\/div><\/div><div id=\"pgc-2159-6-2\"  class=\"panel-grid-cell panel-grid-cell-empty\" ><\/div><\/div><\/div><div id=\"pg-2159-7\"  class=\"panel-grid panel-no-style\" ><div id=\"pgc-2159-7-0\"  class=\"panel-grid-cell panel-grid-cell-empty\" ><\/div><div id=\"pgc-2159-7-1\"  class=\"panel-grid-cell panel-grid-cell-mobile-last\" ><div id=\"panel-2159-7-1-0\" class=\"so-panel widget widget_sow-editor panel-first-child panel-last-child\" data-index=\"15\" ><div\n\t\t\t\n\t\t\tclass=\"so-widget-sow-editor so-widget-sow-editor-base\"\n\t\t\t\n\t\t>\n<div class=\"siteorigin-widget-tinymce textwidget\">\n\t<p style=\"text-align: justify;\"><strong>Plan de Estudio:\u00a0<\/strong><\/p>\n<ul>\n<li style=\"text-align: justify;\">Formaci\u00f3n b\u00e1sica<\/li>\n<li style=\"text-align: justify;\">Taller de escritura art\u00edstica<\/li>\n<li style=\"text-align: justify;\">Po\u00e9ticas de las artes audiovisuales<\/li>\n<li style=\"text-align: justify;\">Pol\u00edticas p\u00fablicas y econom\u00eda del sector audiovisual<\/li>\n<li style=\"text-align: justify;\">Taller de desarrollo de proyectos art\u00edsticos y culturales<\/li>\n<li style=\"text-align: justify;\">Metodolog\u00eda de la investigaci\u00f3n en artes audiovisuales<\/li>\n<li style=\"text-align: justify;\">Seminario transversal de Tesis<\/li>\n<\/ul>\n<\/div>\n<\/div><\/div><\/div><div id=\"pgc-2159-7-2\"  class=\"panel-grid-cell panel-grid-cell-empty\" ><\/div><\/div><div id=\"pg-2159-8\"  class=\"panel-grid panel-has-style\" ><div class=\"panel-row-style panel-row-style-for-2159-8\" ><div id=\"pgc-2159-8-0\"  class=\"panel-grid-cell\" ><div id=\"panel-2159-8-0-0\" class=\"so-panel widget widget_sow-editor panel-first-child panel-last-child\" data-index=\"16\" ><div\n\t\t\t\n\t\t\tclass=\"so-widget-sow-editor so-widget-sow-editor-base\"\n\t\t\t\n\t\t>\n<div class=\"siteorigin-widget-tinymce textwidget\">\n\t<p style=\"text-align: center;\"><span style=\"font-size: 20px;\"><strong>Menciones<\/strong><\/span><\/p>\n<\/div>\n<\/div><\/div><\/div><\/div><\/div><div id=\"pg-2159-9\"  class=\"panel-grid panel-no-style\" ><div id=\"pgc-2159-9-0\"  class=\"panel-grid-cell\" ><div id=\"panel-2159-9-0-0\" class=\"so-panel widget widget_sow-editor panel-first-child panel-last-child\" data-index=\"17\" ><div\n\t\t\t\n\t\t\tclass=\"so-widget-sow-editor so-widget-sow-editor-base\"\n\t\t\t\n\t\t>\n<div class=\"siteorigin-widget-tinymce textwidget\">\n\t<p style=\"text-align: justify;\"><strong><em>Direcci\u00f3n Audiovisual<\/em><\/strong><\/p>\n<ul>\n<li style=\"text-align: justify;\">Seminario I: Puesta en escena<\/li>\n<li style=\"text-align: justify;\">Seminario II: Puesta en cuadro<\/li>\n<li style=\"text-align: justify;\">Seminario III: Puesta en serie<\/li>\n<\/ul>\n<\/div>\n<\/div><\/div><\/div><div id=\"pgc-2159-9-1\"  class=\"panel-grid-cell\" ><div id=\"panel-2159-9-1-0\" class=\"so-panel widget widget_sow-editor panel-first-child panel-last-child\" data-index=\"18\" ><div\n\t\t\t\n\t\t\tclass=\"so-widget-sow-editor so-widget-sow-editor-base\"\n\t\t\t\n\t\t>\n<div class=\"siteorigin-widget-tinymce textwidget\">\n\t<p><strong><em>Direcci\u00f3n de Arte<\/em><\/strong><\/p>\n<ul>\n<li style=\"text-align: justify;\">Seminario I: Proceso creativo y dise\u00f1o<\/li>\n<li style=\"text-align: justify;\">Seminario II: Espacialidades<\/li>\n<li style=\"text-align: justify;\">Seminario III: Interferencias entre el campo visual y el campo sonoro.<\/li>\n<\/ul>\n<\/div>\n<\/div><\/div><\/div><div id=\"pgc-2159-9-2\"  class=\"panel-grid-cell\" ><div id=\"panel-2159-9-2-0\" class=\"so-panel widget widget_sow-editor panel-first-child panel-last-child\" data-index=\"19\" ><div\n\t\t\t\n\t\t\tclass=\"so-widget-sow-editor so-widget-sow-editor-base\"\n\t\t\t\n\t\t>\n<div class=\"siteorigin-widget-tinymce textwidget\">\n\t<p style=\"text-align: justify;\"><strong><em>Narrativas audiovisuales<\/em><\/strong><\/p>\n<ul>\n<li style=\"text-align: justify;\">Seminario I: Abordajes te\u00f3rico-critico de las narrativas audiovisuales<\/li>\n<li style=\"text-align: justify;\">Seminario II: Laboratorio de escritura I<\/li>\n<li style=\"text-align: justify;\">Seminario III: Laboratorio de escritura II<\/li>\n<\/ul>\n<\/div>\n<\/div><\/div><\/div><\/div><div id=\"pg-2159-10\"  class=\"panel-grid panel-has-style\" ><div class=\"panel-row-style panel-row-style-for-2159-10\" ><div id=\"pgc-2159-10-0\"  class=\"panel-grid-cell panel-grid-cell-empty\" ><\/div><div id=\"pgc-2159-10-1\"  class=\"panel-grid-cell\" ><div id=\"panel-2159-10-1-0\" class=\"so-panel widget widget_sow-editor panel-first-child panel-last-child\" data-index=\"20\" ><div class=\"panel-widget-style panel-widget-style-for-2159-10-1-0\" ><div\n\t\t\t\n\t\t\tclass=\"so-widget-sow-editor so-widget-sow-editor-base\"\n\t\t\t\n\t\t>\n<div class=\"siteorigin-widget-tinymce textwidget\">\n\t<p style=\"text-align: justify;\"><strong>Seminarios optativos<\/strong><\/p>\n<ul>\n<li style=\"text-align: justify;\">Seminario optativo I<\/li>\n<li style=\"text-align: justify;\">Seminario optativo II<\/li>\n<\/ul>\n<\/div>\n<\/div><\/div><\/div><\/div><div id=\"pgc-2159-10-2\"  class=\"panel-grid-cell panel-grid-cell-mobile-last\" ><div id=\"panel-2159-10-2-0\" class=\"so-panel widget widget_sow-editor panel-first-child panel-last-child\" data-index=\"21\" ><div class=\"panel-widget-style panel-widget-style-for-2159-10-2-0\" ><div\n\t\t\t\n\t\t\tclass=\"so-widget-sow-editor so-widget-sow-editor-base\"\n\t\t\t\n\t\t>\n<div class=\"siteorigin-widget-tinymce textwidget\">\n\t<p style=\"text-align: justify;\"><strong>Tesis. <\/strong>Trabajo final en un campo interdisciplinar, individual y escrito en formato de tesis tradicional o formato de producci\u00f3n de un proyecto de realizaci\u00f3n, producci\u00f3n o posproducci\u00f3n de obra o hecho art\u00edstico, que deber\u00e1 demostrar la destreza en el manejo conceptual y metodol\u00f3gico propio del tema elegido.<br \/>\nEl plazo para la presentaci\u00f3n de la tesis es de 2 a\u00f1os a partir de la aprobaci\u00f3n del proyecto.<\/p>\n<\/div>\n<\/div><\/div><\/div><\/div><div id=\"pgc-2159-10-3\"  class=\"panel-grid-cell panel-grid-cell-empty\" ><\/div><\/div><\/div><div id=\"pg-2159-11\"  class=\"panel-grid panel-no-style\" ><div id=\"pgc-2159-11-0\"  class=\"panel-grid-cell panel-grid-cell-empty\" ><\/div><div id=\"pgc-2159-11-1\"  class=\"panel-grid-cell panel-grid-cell-mobile-last\" ><div id=\"panel-2159-11-1-0\" class=\"so-panel widget widget_sow-editor panel-first-child\" data-index=\"22\" ><div\n\t\t\t\n\t\t\tclass=\"so-widget-sow-editor so-widget-sow-editor-base\"\n\t\t\t\n\t\t>\n<div class=\"siteorigin-widget-tinymce textwidget\">\n\t<table class=\"aligncenter\" style=\"width: 541px; border-color: #cccccc;\" border=\"1\">\n<tbody>\n<tr style=\"height: 24px;\">\n<td style=\"width: 548px; height: 24px; background-color: #d23a48; text-align: center;\" colspan=\"2\"><span style=\"color: #ffffff;\"><strong>AUTORIDADES DE LA MAESTR\u00cdA<\/strong><\/span><\/td>\n<\/tr>\n<tr style=\"height: 24px;\">\n<td style=\"width: 264.41px; height: 24px; text-align: left;\"><strong>Directora:<\/strong><\/td>\n<td style=\"width: 283.59px; height: 24px; text-align: left;\">Dra. Mar\u00eda Emilia Zarini<\/td>\n<\/tr>\n<tr style=\"height: 24px;\">\n<td style=\"width: 548px; height: 24px; text-align: left;\" colspan=\"2\"><strong>Comisi\u00f3n Acad\u00e9mica de Posgrado (CAP):<\/strong><\/td>\n<\/tr>\n<tr style=\"height: 24px;\">\n<td style=\"width: 264.41px; height: 58.7535px; text-align: left;\" rowspan=\"3\"><strong>Titulares:<\/strong><\/td>\n<td style=\"width: 283.59px; height: 24px; text-align: left;\">Dra. SUASN\u00c1BAR. Mar\u00eda Guadalupe<\/td>\n<\/tr>\n<tr style=\"height: 10.7535px;\">\n<td style=\"width: 283.59px; height: 10.7535px; text-align: left;\">Mg. TRIGO, Alexis \u00c1ngel<\/td>\n<\/tr>\n<tr style=\"height: 24px;\">\n<td style=\"width: 283.59px; height: 24px; text-align: left;\">Dra. VERZERO, Lorena<\/td>\n<\/tr>\n<tr style=\"height: 24px;\">\n<td style=\"width: 264.41px; height: 72px; text-align: left;\" rowspan=\"3\"><strong>Suplentes:<\/strong><\/td>\n<td style=\"width: 283.59px; height: 24px; text-align: left;\">Dra. SASTRE, Irena Luciana<\/td>\n<\/tr>\n<tr style=\"height: 24px;\">\n<td style=\"width: 283.59px; height: 24px; text-align: left;\">Prof. Esp. PETRINI, Mat\u00edas Andr\u00e9s<\/td>\n<\/tr>\n<tr style=\"height: 24px;\">\n<td style=\"width: 283.59px; height: 24px; text-align: left;\">Dr. GUTI\u00c9RREZ, Mauricio Claudio<\/td>\n<\/tr>\n<\/tbody>\n<\/table>\n<\/div>\n<\/div><\/div><div id=\"panel-2159-11-1-1\" class=\"so-panel widget widget_sow-image panel-last-child\" data-index=\"23\" ><div\n\t\t\t\n\t\t\tclass=\"so-widget-sow-image so-widget-sow-image-default-8b5b6f678277-2159\"\n\t\t\t\n\t\t>\n<div class=\"sow-image-container\">\n\t\t<img \n\tsrc=\"https:\/\/www.arte.unicen.edu.ar\/investigacionyposgrado\/wp-content\/uploads\/2026\/04\/pieteatro.png\" width=\"1200\" height=\"119\" srcset=\"https:\/\/www.arte.unicen.edu.ar\/investigacionyposgrado\/wp-content\/uploads\/2026\/04\/pieteatro.png 1200w, https:\/\/www.arte.unicen.edu.ar\/investigacionyposgrado\/wp-content\/uploads\/2026\/04\/pieteatro-300x30.png 300w, https:\/\/www.arte.unicen.edu.ar\/investigacionyposgrado\/wp-content\/uploads\/2026\/04\/pieteatro-1024x102.png 1024w, https:\/\/www.arte.unicen.edu.ar\/investigacionyposgrado\/wp-content\/uploads\/2026\/04\/pieteatro-768x76.png 768w, https:\/\/www.arte.unicen.edu.ar\/investigacionyposgrado\/wp-content\/uploads\/2026\/04\/pieteatro-465x46.png 465w, https:\/\/www.arte.unicen.edu.ar\/investigacionyposgrado\/wp-content\/uploads\/2026\/04\/pieteatro-695x69.png 695w\" sizes=\"(max-width: 1200px) 100vw, 1200px\" alt=\"\" \t\tclass=\"so-widget-image\"\/>\n\t<\/div>\n\n<\/div><\/div><\/div><div id=\"pgc-2159-11-2\"  class=\"panel-grid-cell panel-grid-cell-empty\" ><\/div><\/div><\/div>","protected":false},"excerpt":{"rendered":"<p>La Facultad de Arte presenta su nueva\u00a0Maestr\u00eda en Artes Audiovisuales, una nueva propuesta de formaci\u00f3n<span class=\"more-link\"><a href=\"https:\/\/www.arte.unicen.edu.ar\/investigacionyposgrado\/maestria-en-artes-audiovisuales\/\">M\u00e1s informaci\u00f3n<\/a><\/span><\/p>\n","protected":false},"author":2,"featured_media":0,"parent":0,"menu_order":0,"comment_status":"closed","ping_status":"closed","template":"","meta":{"footnotes":""},"class_list":["entry","author-cdelgado","post-2159","page","type-page","status-publish"],"_links":{"self":[{"href":"https:\/\/www.arte.unicen.edu.ar\/investigacionyposgrado\/wp-json\/wp\/v2\/pages\/2159","targetHints":{"allow":["GET"]}}],"collection":[{"href":"https:\/\/www.arte.unicen.edu.ar\/investigacionyposgrado\/wp-json\/wp\/v2\/pages"}],"about":[{"href":"https:\/\/www.arte.unicen.edu.ar\/investigacionyposgrado\/wp-json\/wp\/v2\/types\/page"}],"author":[{"embeddable":true,"href":"https:\/\/www.arte.unicen.edu.ar\/investigacionyposgrado\/wp-json\/wp\/v2\/users\/2"}],"replies":[{"embeddable":true,"href":"https:\/\/www.arte.unicen.edu.ar\/investigacionyposgrado\/wp-json\/wp\/v2\/comments?post=2159"}],"version-history":[{"count":2,"href":"https:\/\/www.arte.unicen.edu.ar\/investigacionyposgrado\/wp-json\/wp\/v2\/pages\/2159\/revisions"}],"predecessor-version":[{"id":2284,"href":"https:\/\/www.arte.unicen.edu.ar\/investigacionyposgrado\/wp-json\/wp\/v2\/pages\/2159\/revisions\/2284"}],"wp:attachment":[{"href":"https:\/\/www.arte.unicen.edu.ar\/investigacionyposgrado\/wp-json\/wp\/v2\/media?parent=2159"}],"curies":[{"name":"wp","href":"https:\/\/api.w.org\/{rel}","templated":true}]}}