{"id":9731,"date":"2024-08-23T10:01:53","date_gmt":"2024-08-23T13:01:53","guid":{"rendered":"https:\/\/www.arte.unicen.edu.ar\/entodas\/?post_type=tribe_events&#038;p=9731"},"modified":"2024-08-23T10:01:53","modified_gmt":"2024-08-23T13:01:53","slug":"operacion-garrido-teatro-3","status":"publish","type":"tribe_events","link":"https:\/\/www.arte.unicen.edu.ar\/entodas\/?tribe_events=operacion-garrido-teatro-3","title":{"rendered":"OPERACI\u00d3N GARRIDO &#8211; Teatro"},"content":{"rendered":"<p><img loading=\"lazy\" decoding=\"async\" class=\"size-medium wp-image-9711 aligncenter\" src=\"https:\/\/www.arte.unicen.edu.ar\/entodas\/wp-content\/uploads\/2024\/08\/WhatsApp-Image-2024-08-23-at-08.31.01-300x300.jpeg\" alt=\"\" width=\"300\" height=\"300\" srcset=\"https:\/\/www.arte.unicen.edu.ar\/entodas\/wp-content\/uploads\/2024\/08\/WhatsApp-Image-2024-08-23-at-08.31.01-300x300.jpeg 300w, https:\/\/www.arte.unicen.edu.ar\/entodas\/wp-content\/uploads\/2024\/08\/WhatsApp-Image-2024-08-23-at-08.31.01-800x800.jpeg 800w, https:\/\/www.arte.unicen.edu.ar\/entodas\/wp-content\/uploads\/2024\/08\/WhatsApp-Image-2024-08-23-at-08.31.01-768x768.jpeg 768w, https:\/\/www.arte.unicen.edu.ar\/entodas\/wp-content\/uploads\/2024\/08\/WhatsApp-Image-2024-08-23-at-08.31.01.jpeg 1080w\" sizes=\"(max-width: 300px) 100vw, 300px\" \/><\/p>\n<p>\ud83c\udfe0\u201cOPERACI\u00d3N GARRIDO\u201d\ud83c\udfda\ufe0f De Marcos Casanova \ud83d\udd25<\/p>\n<p>\ud83c\udfad se presentar\u00e1 en el CLUB DE TEATRO\u00a0 (Roca 901)<\/p>\n<p>\ud83d\udd25 FUNCIONES \ud83d\udd25<\/p>\n<p>\ud83d\udc49SABADO 24\/8 \u2013 21 hs.<br \/>\n\ud83d\udc49DOMINGO 25\/8 \u2013 20 hs.<\/p>\n<p>\ud83c\udf1fLas entradas se adquieren en boleter\u00eda del teatro (Roca 901)<br \/>\n\ud83d\udc49 de Lunes a Jueves<br \/>\n\ud83d\udc49de 18 a 21hs.<br \/>\n\ud83d\udc49 o por Wathsapp al 249 4681001<\/p>\n<p>\ud83d\ude09Act\u00faan: Marcos Casanova \u2013 Claudia Gayo \u2013 M. In\u00e9s Odriozola \u2013 Luciano Enr\u00edquez \u2013<br \/>\n\ud83d\ude09Direcci\u00f3n: David Beratz \u2013 Edit Rondinone<\/p>\n<p>Sinopsis:<br \/>\nCuatro desconocidos en una sala de espera,\ud83c\udfe1 aguardando que los reciba el Se\u00f1or Garrido. \ud83d\udd70\ufe0fPasa el tiempo, nadie los atiende y surgen los primeros interrogantes\ud83e\ude9f.<br \/>\n\ud83e\ude9eDescubren que es imposible salir de ese lugar, y la desesperaci\u00f3n \ud83d\udecb\ufe0f gana terreno mientras el tiempo transcurre sin respuestas; los estados de \u00e1nimo se caldean, la m\u00e1scara social desaparece, todo parece derrumbarse, surgen las miserias, los miedos y las culpas.<br \/>\n\ud83e\udde9\u00bfQui\u00e9n es Garrido? \u00bfPor qu\u00e9 est\u00e1n ah\u00ed? \u00bfQui\u00e9n los llev\u00f3 a ese lugar? \u00bfPor qu\u00e9 nadie los rescata? \u00bfNadie oye sus gritos ni golpes? Habr\u00e1 esperanzas?<br \/>\n\ud83d\udca1La salida puede estar a la vista\u2026 tan a la vista que no la ven \ud83e\ude9f<\/p>\n","protected":false},"excerpt":{"rendered":"<p>\ud83c\udfe0\u201cOPERACI\u00d3N GARRIDO\u201d\ud83c\udfda\ufe0f De Marcos Casanova \ud83d\udd25 \ud83c\udfad se presentar\u00e1 en el CLUB DE TEATRO\u00a0 (Roca 901) \ud83d\udd25 FUNCIONES \ud83d\udd25 \ud83d\udc49SABADO 24\/8 \u2013 21 hs. \ud83d\udc49DOMINGO 25\/8 \u2013 20 hs. \ud83c\udf1fLas entradas se adquieren en boleter\u00eda del teatro (Roca 901) \ud83d\udc49 de Lunes a Jueves \ud83d\udc49de 18 a 21hs. \ud83d\udc49 o por Wathsapp al 249 4681001 \ud83d\ude09Act\u00faan: Marcos Casanova \u2013 Claudia Gayo \u2013 M. In\u00e9s Odriozola \u2013 Luciano Enr\u00edquez \u2013 \ud83d\ude09Direcci\u00f3n: David Beratz \u2013 Edit Rondinone Sinopsis: Cuatro desconocidos en una sala de espera,\ud83c\udfe1 aguardando que los reciba el Se\u00f1or Garrido. \ud83d\udd70\ufe0fPasa el tiempo, nadie los atiende y surgen los primeros interrogantes\ud83e\ude9f. \ud83e\ude9eDescubren que es imposible salir de ese lugar, y la desesperaci\u00f3n \ud83d\udecb\ufe0f gana terreno mientras el tiempo transcurre sin respuestas; los estados de \u00e1nimo se caldean, la m\u00e1scara social desaparece, todo parece derrumbarse, surgen las miserias, los miedos y las culpas. \ud83e\udde9\u00bfQui\u00e9n es Garrido? \u00bfPor qu\u00e9 est\u00e1n ah\u00ed? \u00bfQui\u00e9n&hellip;<\/p>\n<p> <a class=\"more-link\" href=\"https:\/\/www.arte.unicen.edu.ar\/entodas\/?tribe_events=operacion-garrido-teatro-3\">Read more<\/a><\/p>\n","protected":false},"author":5,"featured_media":9711,"comment_status":"closed","ping_status":"closed","template":"","meta":{"_tribe_events_status":"","_tribe_events_status_reason":""},"tags":[],"tribe_events_cat":[],"_links":{"self":[{"href":"https:\/\/www.arte.unicen.edu.ar\/entodas\/index.php?rest_route=\/wp\/v2\/tribe_events\/9731"}],"collection":[{"href":"https:\/\/www.arte.unicen.edu.ar\/entodas\/index.php?rest_route=\/wp\/v2\/tribe_events"}],"about":[{"href":"https:\/\/www.arte.unicen.edu.ar\/entodas\/index.php?rest_route=\/wp\/v2\/types\/tribe_events"}],"author":[{"embeddable":true,"href":"https:\/\/www.arte.unicen.edu.ar\/entodas\/index.php?rest_route=\/wp\/v2\/users\/5"}],"replies":[{"embeddable":true,"href":"https:\/\/www.arte.unicen.edu.ar\/entodas\/index.php?rest_route=%2Fwp%2Fv2%2Fcomments&post=9731"}],"version-history":[{"count":1,"href":"https:\/\/www.arte.unicen.edu.ar\/entodas\/index.php?rest_route=\/wp\/v2\/tribe_events\/9731\/revisions"}],"predecessor-version":[{"id":9732,"href":"https:\/\/www.arte.unicen.edu.ar\/entodas\/index.php?rest_route=\/wp\/v2\/tribe_events\/9731\/revisions\/9732"}],"wp:featuredmedia":[{"embeddable":true,"href":"https:\/\/www.arte.unicen.edu.ar\/entodas\/index.php?rest_route=\/wp\/v2\/media\/9711"}],"wp:attachment":[{"href":"https:\/\/www.arte.unicen.edu.ar\/entodas\/index.php?rest_route=%2Fwp%2Fv2%2Fmedia&parent=9731"}],"wp:term":[{"taxonomy":"post_tag","embeddable":true,"href":"https:\/\/www.arte.unicen.edu.ar\/entodas\/index.php?rest_route=%2Fwp%2Fv2%2Ftags&post=9731"},{"taxonomy":"tribe_events_cat","embeddable":true,"href":"https:\/\/www.arte.unicen.edu.ar\/entodas\/index.php?rest_route=%2Fwp%2Fv2%2Ftribe_events_cat&post=9731"}],"curies":[{"name":"wp","href":"https:\/\/api.w.org\/{rel}","templated":true}]}}