{"id":9671,"date":"2024-08-16T10:45:52","date_gmt":"2024-08-16T13:45:52","guid":{"rendered":"https:\/\/www.arte.unicen.edu.ar\/entodas\/?post_type=tribe_events&#038;p=9671"},"modified":"2024-08-16T10:45:52","modified_gmt":"2024-08-16T13:45:52","slug":"historias-para-muchos-teatro","status":"publish","type":"tribe_events","link":"https:\/\/www.arte.unicen.edu.ar\/entodas\/?tribe_events=historias-para-muchos-teatro","title":{"rendered":"HISTORIAS PARA MUCHOS &#8211; Teatro"},"content":{"rendered":"<p><img loading=\"lazy\" decoding=\"async\" class=\"size-medium wp-image-9634 aligncenter\" src=\"https:\/\/www.arte.unicen.edu.ar\/entodas\/wp-content\/uploads\/2024\/08\/nueve90-_-\ud83e\udd70-Este-sabado-17-de-agosto-continua-este-ciclo-pensado-para-las-infancias-_La-Payana-Cultural_.-\u2728-15hs-TALLER-DE-MASCARAS-Y-MONSTRUOS.-Un.-_-Instagram_page-0001-298x300.jpg\" alt=\"\" width=\"298\" height=\"300\" srcset=\"https:\/\/www.arte.unicen.edu.ar\/entodas\/wp-content\/uploads\/2024\/08\/nueve90-_-\ud83e\udd70-Este-sabado-17-de-agosto-continua-este-ciclo-pensado-para-las-infancias-_La-Payana-Cultural_.-\u2728-15hs-TALLER-DE-MASCARAS-Y-MONSTRUOS.-Un.-_-Instagram_page-0001-298x300.jpg 298w, https:\/\/www.arte.unicen.edu.ar\/entodas\/wp-content\/uploads\/2024\/08\/nueve90-_-\ud83e\udd70-Este-sabado-17-de-agosto-continua-este-ciclo-pensado-para-las-infancias-_La-Payana-Cultural_.-\u2728-15hs-TALLER-DE-MASCARAS-Y-MONSTRUOS.-Un.-_-Instagram_page-0001-796x800.jpg 796w, https:\/\/www.arte.unicen.edu.ar\/entodas\/wp-content\/uploads\/2024\/08\/nueve90-_-\ud83e\udd70-Este-sabado-17-de-agosto-continua-este-ciclo-pensado-para-las-infancias-_La-Payana-Cultural_.-\u2728-15hs-TALLER-DE-MASCARAS-Y-MONSTRUOS.-Un.-_-Instagram_page-0001-768x772.jpg 768w, https:\/\/www.arte.unicen.edu.ar\/entodas\/wp-content\/uploads\/2024\/08\/nueve90-_-\ud83e\udd70-Este-sabado-17-de-agosto-continua-este-ciclo-pensado-para-las-infancias-_La-Payana-Cultural_.-\u2728-15hs-TALLER-DE-MASCARAS-Y-MONSTRUOS.-Un.-_-Instagram_page-0001.jpg 915w\" sizes=\"(max-width: 298px) 100vw, 298px\" \/><\/p>\n<div class=\"_a9zs\"><\/div>\n<div class=\"x9f619 xjbqb8w x78zum5 x168nmei x13lgxp2 x5pf9jr xo71vjh x1xmf6yo x12nagc x1n2onr6 x1plvlek xryxfnj x1c4vz4f x2lah0s xdt5ytf xqjyukv x1qjc9v5 x1oa3qoh x1nhvcw1\">\n<p>Este s\u00e1bado 17 de agosto continua este ciclo pensado para las infancias, &#8220;La Payana Cultural&#8221;.<\/p>\n<p>\u2728 15hs TALLER DE MASCARAS Y MONSTRUOS.<br \/>\nUn espacio para amigarnos con los miedos, dar vida y crear las propias criaturas fant\u00e1sticas, de la mano de los profes de Arte Federico y Marina.<\/p>\n<p>\u2728 17hs FUNCI\u00d3N HISTORIAS PARA MUCHOS.<br \/>\nUna aventura payasa que narra las dificultades de Yico para recuperar la llave de su coraz\u00f3n.<br \/>\nUna obra para personas y personitas de 3 a 150 a\u00f1os.<\/p>\n<p>Act\u00faa: Francisco Spaccarotella<\/p>\n<p>\ud83d\udc8c Todas las propuestas son al sobre y con cupos limitados.<\/p>\n<p>Pueden reservarnos al 2494309248<\/p>\n<p>\ud83d\ude4c\ud83c\udfff Lxs esperamos en Irigoyen 990.<\/p>\n<p>@julisbratrue<br \/>\n@joseequiza<br \/>\n@juli_rabitti<br \/>\n@panchospaccarotella<br \/>\n@federicosuhurt<\/p>\n<\/div>\n","protected":false},"excerpt":{"rendered":"<p>Este s\u00e1bado 17 de agosto continua este ciclo pensado para las infancias, &#8220;La Payana Cultural&#8221;. \u2728 15hs TALLER DE MASCARAS Y MONSTRUOS. Un espacio para amigarnos con los miedos, dar vida y crear las propias criaturas fant\u00e1sticas, de la mano de los profes de Arte Federico y Marina. \u2728 17hs FUNCI\u00d3N HISTORIAS PARA MUCHOS. Una aventura payasa que narra las dificultades de Yico para recuperar la llave de su coraz\u00f3n. Una obra para personas y personitas de 3 a 150 a\u00f1os. Act\u00faa: Francisco Spaccarotella \ud83d\udc8c Todas las propuestas son al sobre y con cupos limitados. Pueden reservarnos al 2494309248 \ud83d\ude4c\ud83c\udfff Lxs esperamos en Irigoyen 990. @julisbratrue @joseequiza @juli_rabitti @panchospaccarotella @federicosuhurt<\/p>\n","protected":false},"author":5,"featured_media":9634,"comment_status":"closed","ping_status":"closed","template":"","meta":{"_tribe_events_status":"","_tribe_events_status_reason":""},"tags":[],"tribe_events_cat":[],"_links":{"self":[{"href":"https:\/\/www.arte.unicen.edu.ar\/entodas\/index.php?rest_route=\/wp\/v2\/tribe_events\/9671"}],"collection":[{"href":"https:\/\/www.arte.unicen.edu.ar\/entodas\/index.php?rest_route=\/wp\/v2\/tribe_events"}],"about":[{"href":"https:\/\/www.arte.unicen.edu.ar\/entodas\/index.php?rest_route=\/wp\/v2\/types\/tribe_events"}],"author":[{"embeddable":true,"href":"https:\/\/www.arte.unicen.edu.ar\/entodas\/index.php?rest_route=\/wp\/v2\/users\/5"}],"replies":[{"embeddable":true,"href":"https:\/\/www.arte.unicen.edu.ar\/entodas\/index.php?rest_route=%2Fwp%2Fv2%2Fcomments&post=9671"}],"version-history":[{"count":1,"href":"https:\/\/www.arte.unicen.edu.ar\/entodas\/index.php?rest_route=\/wp\/v2\/tribe_events\/9671\/revisions"}],"predecessor-version":[{"id":9673,"href":"https:\/\/www.arte.unicen.edu.ar\/entodas\/index.php?rest_route=\/wp\/v2\/tribe_events\/9671\/revisions\/9673"}],"wp:featuredmedia":[{"embeddable":true,"href":"https:\/\/www.arte.unicen.edu.ar\/entodas\/index.php?rest_route=\/wp\/v2\/media\/9634"}],"wp:attachment":[{"href":"https:\/\/www.arte.unicen.edu.ar\/entodas\/index.php?rest_route=%2Fwp%2Fv2%2Fmedia&parent=9671"}],"wp:term":[{"taxonomy":"post_tag","embeddable":true,"href":"https:\/\/www.arte.unicen.edu.ar\/entodas\/index.php?rest_route=%2Fwp%2Fv2%2Ftags&post=9671"},{"taxonomy":"tribe_events_cat","embeddable":true,"href":"https:\/\/www.arte.unicen.edu.ar\/entodas\/index.php?rest_route=%2Fwp%2Fv2%2Ftribe_events_cat&post=9671"}],"curies":[{"name":"wp","href":"https:\/\/api.w.org\/{rel}","templated":true}]}}