{"id":7599,"date":"2022-12-14T08:57:06","date_gmt":"2022-12-14T11:57:06","guid":{"rendered":"http:\/\/www.arte.unicen.edu.ar\/semanarte\/?post_type=tribe_events&#038;p=7599"},"modified":"2022-12-14T08:57:06","modified_gmt":"2022-12-14T11:57:06","slug":"el-hall-se-muestra-entrelazarte","status":"publish","type":"tribe_events","link":"https:\/\/www.arte.unicen.edu.ar\/entodas\/?tribe_events=el-hall-se-muestra-entrelazarte","title":{"rendered":"El Hall se Muestra \u201cEntrelazarte\u201d"},"content":{"rendered":"<p><img loading=\"lazy\" decoding=\"async\" class=\"alignnone wp-image-7600\" src=\"http:\/\/www.arte.unicen.edu.ar\/semanarte\/wp-content\/uploads\/2022\/12\/ESCUELA-CLAUDINA-2022-3-724x1024-212x300.jpg\" alt=\"\" width=\"450\" height=\"636\" \/><\/p>\n<p>El Hall se Muestra \u201cEntrelazarte\u201d<\/p>\n<ul>\n<li style=\"text-align: justify\"><strong>Inauguraci\u00f3n:<\/strong>\u00a0jueves 15 de diciembre, 20hs. Hall de la Facultad de Arte, 9 de julio 430. Entrada libre y gratuita.<\/li>\n<\/ul>\n<p style=\"text-align: justify\">El jueves 15 de diciembre se presentar\u00e1 la \u00faltima muestra del a\u00f1o en\u00a0<strong>El Hall se Muestra<\/strong>, proyecto de la Secretar\u00eda de Extensi\u00f3n de la Facultad de Arte.\u00a0<em>\u00a0\u201cEntrelazarte\u201d, lazos que se conjugan con un mismo fin el expresarse mediante el arte<\/em>\u00a0estar\u00e1 a cargo de Claudina Art\u00edstica, se trata de una exposici\u00f3n de obras de arte realizadas por alumnxs con diferentes t\u00e9cnicas y en soportes diversos.<\/p>\n<p style=\"text-align: justify\">En esta oportunidad, se expondr\u00e1n trabajos dos talleres: el taller de la profesora Marina Barbero, que fue parte de Claudina Art\u00edstica durante 12 a\u00f1os y de lxs alumnxs de Claudina Art\u00edstica, con variadas t\u00e9cnicas utilizadas: acuarela, \u00f2leo, l\u00e1piz, acr\u00eclico,\u00a0 vidrio (falso vitreaux, entre otras)<\/p>\n<p style=\"text-align: justify\">El d\u00eda de la inauguraci\u00f3n podr\u00e1n apreciarse piezas de cer\u00e1mica realizadas tambi\u00e9n en el taller de Claudina Art\u00edstica, la edad de lxs alumnxs est\u00e1 comprendida entre 5 a 90 a\u00f1os, contar\u00e1 con un \u00e1gape y presentaci\u00f3n de un n\u00famero art\u00edstico en vivo.<\/p>\n<p style=\"text-align: justify\">Claudina art\u00edstica transita sus 13 a\u00f1os de existencia y la finalidad de los talleres es expresarse a trav\u00e9s del arte, en espacios de calidez y en donde los sentimientos se transforman en maravillosas obras de arte.<\/p>\n","protected":false},"excerpt":{"rendered":"<p>El Hall se Muestra \u201cEntrelazarte\u201d Inauguraci\u00f3n:\u00a0jueves 15 de diciembre, 20hs. Hall de la Facultad de Arte, 9 de julio 430. Entrada libre y gratuita. El jueves 15 de diciembre se presentar\u00e1 la \u00faltima muestra del a\u00f1o en\u00a0El Hall se Muestra, proyecto de la Secretar\u00eda de Extensi\u00f3n de la Facultad de Arte.\u00a0\u00a0\u201cEntrelazarte\u201d, lazos que se conjugan con un mismo fin el expresarse mediante el arte\u00a0estar\u00e1 a cargo de Claudina Art\u00edstica, se trata de una exposici\u00f3n de obras de arte realizadas por alumnxs con diferentes t\u00e9cnicas y en soportes diversos. En esta oportunidad, se expondr\u00e1n trabajos dos talleres: el taller de la profesora Marina Barbero, que fue parte de Claudina Art\u00edstica durante 12 a\u00f1os y de lxs alumnxs de Claudina Art\u00edstica, con variadas t\u00e9cnicas utilizadas: acuarela, \u00f2leo, l\u00e1piz, acr\u00eclico,\u00a0 vidrio (falso vitreaux, entre otras) El d\u00eda de la inauguraci\u00f3n podr\u00e1n apreciarse piezas de cer\u00e1mica realizadas tambi\u00e9n en el taller de Claudina Art\u00edstica,&hellip;<\/p>\n<p> <a class=\"more-link\" href=\"https:\/\/www.arte.unicen.edu.ar\/entodas\/?tribe_events=el-hall-se-muestra-entrelazarte\">Read more<\/a><\/p>\n","protected":false},"author":4,"featured_media":0,"comment_status":"closed","ping_status":"closed","template":"","meta":{"_tribe_events_status":"","_tribe_events_status_reason":""},"tags":[],"tribe_events_cat":[],"_links":{"self":[{"href":"https:\/\/www.arte.unicen.edu.ar\/entodas\/index.php?rest_route=\/wp\/v2\/tribe_events\/7599"}],"collection":[{"href":"https:\/\/www.arte.unicen.edu.ar\/entodas\/index.php?rest_route=\/wp\/v2\/tribe_events"}],"about":[{"href":"https:\/\/www.arte.unicen.edu.ar\/entodas\/index.php?rest_route=\/wp\/v2\/types\/tribe_events"}],"author":[{"embeddable":true,"href":"https:\/\/www.arte.unicen.edu.ar\/entodas\/index.php?rest_route=\/wp\/v2\/users\/4"}],"replies":[{"embeddable":true,"href":"https:\/\/www.arte.unicen.edu.ar\/entodas\/index.php?rest_route=%2Fwp%2Fv2%2Fcomments&post=7599"}],"version-history":[{"count":2,"href":"https:\/\/www.arte.unicen.edu.ar\/entodas\/index.php?rest_route=\/wp\/v2\/tribe_events\/7599\/revisions"}],"predecessor-version":[{"id":7602,"href":"https:\/\/www.arte.unicen.edu.ar\/entodas\/index.php?rest_route=\/wp\/v2\/tribe_events\/7599\/revisions\/7602"}],"wp:attachment":[{"href":"https:\/\/www.arte.unicen.edu.ar\/entodas\/index.php?rest_route=%2Fwp%2Fv2%2Fmedia&parent=7599"}],"wp:term":[{"taxonomy":"post_tag","embeddable":true,"href":"https:\/\/www.arte.unicen.edu.ar\/entodas\/index.php?rest_route=%2Fwp%2Fv2%2Ftags&post=7599"},{"taxonomy":"tribe_events_cat","embeddable":true,"href":"https:\/\/www.arte.unicen.edu.ar\/entodas\/index.php?rest_route=%2Fwp%2Fv2%2Ftribe_events_cat&post=7599"}],"curies":[{"name":"wp","href":"https:\/\/api.w.org\/{rel}","templated":true}]}}