{"id":7482,"date":"2022-11-23T12:59:40","date_gmt":"2022-11-23T15:59:40","guid":{"rendered":"http:\/\/www.arte.unicen.edu.ar\/semanarte\/?post_type=tribe_events&#038;p=7482"},"modified":"2022-11-23T13:03:48","modified_gmt":"2022-11-23T16:03:48","slug":"no-te-pasa","status":"publish","type":"tribe_events","link":"https:\/\/www.arte.unicen.edu.ar\/entodas\/?tribe_events=no-te-pasa","title":{"rendered":"NO TE PASA?"},"content":{"rendered":"<p><img loading=\"lazy\" decoding=\"async\" class=\"alignnone wp-image-7483\" src=\"http:\/\/www.arte.unicen.edu.ar\/semanarte\/wp-content\/uploads\/2022\/11\/316267006_563479042452565_5002386493278266250_n-300x300.jpg\" alt=\"\" width=\"450\" height=\"450\" \/><\/p>\n<div class=\"x11i5rnm xat24cr x1mh8g0r x1vvkbs xtlvy1s x126k92a\">\n<div dir=\"auto\">NO TE PASA?<\/div>\n<div dir=\"auto\">Mitos, leyendas, sue\u00f1os, pesadillas, oscuridad, frustaci\u00f3n, delirio, encuentro, amor, felicidad&#8230;<\/div>\n<\/div>\n<div class=\"x11i5rnm xat24cr x1mh8g0r x1vvkbs xtlvy1s x126k92a\">\n<div dir=\"auto\">No te pasa que a veces te perdes? No te pasa que a veces no confias? Qu\u00e9 son los sue\u00f1os, qu\u00e9 pasa cuando nos dormimos? \u00bfA d\u00f3nde vamos cuando nos dormimos?<\/div>\n<\/div>\n<div class=\"x11i5rnm xat24cr x1mh8g0r x1vvkbs xtlvy1s x126k92a\">\n<div dir=\"auto\">A mi me pasa, a vos te pasa?<\/div>\n<\/div>\n<div class=\"x11i5rnm xat24cr x1mh8g0r x1vvkbs xtlvy1s x126k92a\">\n<div dir=\"auto\">Gran estreno <span class=\"x3nfvp2 x1j61x8r x1fcty0u xdj266r xhhsvwb xat24cr xgzva0m xxymvpz xlup9mm x1kky2od\"><img loading=\"lazy\" decoding=\"async\" src=\"https:\/\/static.xx.fbcdn.net\/images\/emoji.php\/v9\/t8d\/1\/16\/1f449_1f3fc.png\" alt=\"????????\" width=\"16\" height=\"16\" \/><\/span> Grupo de Adolescentes I con la direcci\u00f3n de Ma. In\u00e9s Odriozola.<\/div>\n<\/div>\n<div class=\"x11i5rnm xat24cr x1mh8g0r x1vvkbs xtlvy1s x126k92a\">\n<div dir=\"auto\"><span class=\"x3nfvp2 x1j61x8r x1fcty0u xdj266r xhhsvwb xat24cr xgzva0m xxymvpz xlup9mm x1kky2od\"><img loading=\"lazy\" decoding=\"async\" src=\"https:\/\/static.xx.fbcdn.net\/images\/emoji.php\/v9\/td7\/1\/16\/303d.png\" alt=\"\u303d\ufe0f\" width=\"16\" height=\"16\" \/><\/span> 24,25,26 de Noviembre ~ 20HS.<\/div>\n<\/div>\n<div class=\"x11i5rnm xat24cr x1mh8g0r x1vvkbs xtlvy1s x126k92a\">\n<div dir=\"auto\"><span class=\"x3nfvp2 x1j61x8r x1fcty0u xdj266r xhhsvwb xat24cr xgzva0m xxymvpz xlup9mm x1kky2od\"><img loading=\"lazy\" decoding=\"async\" src=\"https:\/\/static.xx.fbcdn.net\/images\/emoji.php\/v9\/t77\/1\/16\/203c.png\" alt=\"\u203c\ufe0f\" width=\"16\" height=\"16\" \/><\/span>Producciones 2022<\/div>\n<\/div>\n","protected":false},"excerpt":{"rendered":"<p>NO TE PASA? Mitos, leyendas, sue\u00f1os, pesadillas, oscuridad, frustaci\u00f3n, delirio, encuentro, amor, felicidad&#8230; No te pasa que a veces te perdes? No te pasa que a veces no confias? Qu\u00e9 son los sue\u00f1os, qu\u00e9 pasa cuando nos dormimos? \u00bfA d\u00f3nde vamos cuando nos dormimos? A mi me pasa, a vos te pasa? Gran estreno Grupo de Adolescentes I con la direcci\u00f3n de Ma. In\u00e9s Odriozola. 24,25,26 de Noviembre ~ 20HS. Producciones 2022<\/p>\n","protected":false},"author":4,"featured_media":0,"comment_status":"closed","ping_status":"closed","template":"","meta":{"_tribe_events_status":"","_tribe_events_status_reason":""},"tags":[],"tribe_events_cat":[],"_links":{"self":[{"href":"https:\/\/www.arte.unicen.edu.ar\/entodas\/index.php?rest_route=\/wp\/v2\/tribe_events\/7482"}],"collection":[{"href":"https:\/\/www.arte.unicen.edu.ar\/entodas\/index.php?rest_route=\/wp\/v2\/tribe_events"}],"about":[{"href":"https:\/\/www.arte.unicen.edu.ar\/entodas\/index.php?rest_route=\/wp\/v2\/types\/tribe_events"}],"author":[{"embeddable":true,"href":"https:\/\/www.arte.unicen.edu.ar\/entodas\/index.php?rest_route=\/wp\/v2\/users\/4"}],"replies":[{"embeddable":true,"href":"https:\/\/www.arte.unicen.edu.ar\/entodas\/index.php?rest_route=%2Fwp%2Fv2%2Fcomments&post=7482"}],"version-history":[{"count":1,"href":"https:\/\/www.arte.unicen.edu.ar\/entodas\/index.php?rest_route=\/wp\/v2\/tribe_events\/7482\/revisions"}],"predecessor-version":[{"id":7484,"href":"https:\/\/www.arte.unicen.edu.ar\/entodas\/index.php?rest_route=\/wp\/v2\/tribe_events\/7482\/revisions\/7484"}],"wp:attachment":[{"href":"https:\/\/www.arte.unicen.edu.ar\/entodas\/index.php?rest_route=%2Fwp%2Fv2%2Fmedia&parent=7482"}],"wp:term":[{"taxonomy":"post_tag","embeddable":true,"href":"https:\/\/www.arte.unicen.edu.ar\/entodas\/index.php?rest_route=%2Fwp%2Fv2%2Ftags&post=7482"},{"taxonomy":"tribe_events_cat","embeddable":true,"href":"https:\/\/www.arte.unicen.edu.ar\/entodas\/index.php?rest_route=%2Fwp%2Fv2%2Ftribe_events_cat&post=7482"}],"curies":[{"name":"wp","href":"https:\/\/api.w.org\/{rel}","templated":true}]}}