{"id":3666,"date":"2019-03-28T11:40:45","date_gmt":"2019-03-28T14:40:45","guid":{"rendered":"http:\/\/www.arte.unicen.edu.ar\/semanarte\/?post_type=tribe_events&#038;p=3666"},"modified":"2019-03-28T13:00:52","modified_gmt":"2019-03-28T16:00:52","slug":"jornada-de-arqueologia-en-el-museo-del-fuerte","status":"publish","type":"tribe_events","link":"https:\/\/www.arte.unicen.edu.ar\/entodas\/?tribe_events=jornada-de-arqueologia-en-el-museo-del-fuerte","title":{"rendered":"Jornada de Arqueolog\u00eda en el Museo del Fuerte"},"content":{"rendered":"<pre class=\"western\" lang=\"es-ES\"><span style=\"font-family: Arial, sans-serif;\"><span style=\"font-size: small;\">Una vez m\u00e1s, el Museo Hist\u00f3rico Fuerte Independencia abre sus puertas en una tarde especial para compartir su patrimonio con toda la comunidad. <\/span><\/span>\r\n<span style=\"color: #000000;\"><span style=\"font-family: Arial, sans-serif;\"><span style=\"font-size: small;\">Con entrada libre y gratuita, este domingo 31 de marzo se invita a recorrer todas las salas y a introducirse en la colecci\u00f3n arqueol\u00f3gica del museo, con una muestra especial de los avances en el trabajo de catalogaci\u00f3n y registro que se viene desarrollando en el museo. <\/span><\/span><\/span>\r\n<span style=\"color: #000000;\"><span style=\"font-family: Arial, sans-serif;\"><span style=\"font-size: small;\">A las 16:00 hs.\u00a0se podr\u00e1 participar de una visita guiada\u00a0tem\u00e1tica por la colecci\u00f3n de arqueolog\u00eda, a cargo de un antrop\u00f3logo de la Universidad de La Plata. <\/span><\/span><\/span>\r\n<span style=\"font-family: Arial, sans-serif;\"><span style=\"font-size: small;\">Adem\u00e1s\u00a0habr\u00e1\u00a0charlas de especialistas, demostraci\u00f3n de talla,\u00a0entre otras sorpresas\u00a0que tendr\u00e1n lugar a lo largo de la tarde.\u00a0Si el\u00a0clima acompa\u00f1a habr\u00e1 en el patio del museo\u00a0actividades interactivas\u00a0para disfrutar en familia.<\/span><\/span>\r\n<span style=\"color: #000000;\"><span style=\"font-family: Arial, sans-serif;\"><span style=\"font-size: small;\">El cierre estar\u00e1 a cargo del Dr.\u00a0Julio Merlo, arque\u00f3logo a cargo de\u00a0las excavaciones recientes (2018) en la zona del Fuerte Independencia, que nos deleitar\u00e1 con una charla y la presentaci\u00f3n de algunas de las piezas halladas en las excavaciones, que formar\u00e1n luego el parte patrimonio del museo.\u00a0<\/span><\/span><\/span>\r\n<span style=\"color: #000000;\"><span style=\"font-family: Arial, sans-serif;\"><span style=\"font-size: small;\">Con la coordinaci\u00f3n del arque\u00f3logo Fabi\u00e1n de Haro, esta Jornada Abierta de Arqueolog\u00eda es organizada por el MUHFIT\u00a0como parte de sus actividades de difusi\u00f3n patrimonial. <\/span><\/span><\/span><\/pre>\n<ul>\n<li>\n<pre><span style=\"font-family: Arial, sans-serif;\"><span style=\"font-size: small;\"><strong>CRONOGRAMA<\/strong>\r\n16:00 hs Visita guiada \u201cHaciendo hablar al registro arqueol\u00f3gico.\u201d Lic. Piero Bucci. UNLP<\/span><\/span><\/pre>\n<\/li>\n<li>\n<pre><span style=\"font-family: Arial, sans-serif;\"><span style=\"font-size: small;\">16:30 hs \u201c\u00bfC\u00f3mo encontramos sitios arqueol\u00f3gicos? Una mirada desde la arqueolog\u00eda espacial.\u201d Lic. Fabi\u00e1n de Haro - FACSO-UNCPBA<\/span><\/span><\/pre>\n<\/li>\n<li>\n<pre><span style=\"font-family: Calibri, sans-serif;\"><span style=\"font-size: small;\"><span style=\"font-family: Arial, sans-serif;\">17:00 hs Actividades: T\u00e9cnicas de pintura rupestre - Talla de punta de proyectil - Cuadr\u00edcula experimental<\/span><\/span><\/span><\/pre>\n<\/li>\n<li>\n<pre><span style=\"font-family: Calibri, sans-serif;\"><span style=\"font-size: small;\"><span style=\"font-family: Arial, sans-serif;\">17:45 hs \u201cDibujos del pasado: un recorrido por el arte rupestre argentino.\u201d - Dr. Francisco Guich\u00f3n \u2013 CONICET- Instituto Nacional de Antropolog\u00eda y Pensamiento Latinoamericano.<\/span><\/span><\/span><\/pre>\n<\/li>\n<li>\n<pre><span style=\"font-family: Arial, sans-serif;\"><span style=\"font-size: small;\">18:15 hs \u201cEstrategia de caza del guanaco en el pasado de la regi\u00f3n Pampeana.\u201d Dr. Cristian Kauffman - INCUAPA-CONICET.<\/span><\/span><\/pre>\n<\/li>\n<li>\n<pre><span style=\"font-family: Calibri, sans-serif;\"><span style=\"font-size: small;\"><span style=\"font-family: Arial, sans-serif;\">18:45 \u201c12 a\u00f1os de investigaciones. 12.000 a\u00f1os de historia.\u201d <\/span><span style=\"font-family: Arial, sans-serif;\"><span lang=\"en-GB\">Lic. Selene Arislur - IGEHCS. UNCPBA. <\/span><\/span><span style=\"font-family: Arial, sans-serif;\">\u00c1rea de Arqueolog\u00eda y Antropolog\u00eda de la Municipalidad de Necochea. <\/span><\/span><\/span><\/pre>\n<\/li>\n<li>\n<pre><span style=\"font-family: Calibri, sans-serif;\"><span style=\"font-size: small;\"><span style=\"font-family: Arial, sans-serif;\">19:15 hs \u201cLas relaciones inter\u00e9tnicas, mediante las evidencias de piezas arqueol\u00f3gicas halladas en la zona del Fuerte Independencia.\u201d Dr. Julio Merlo - INCUAPA- CONICET -UNCPBA<\/span><\/span><\/span><\/pre>\n<\/li>\n<\/ul>\n","protected":false},"excerpt":{"rendered":"<p>Una vez m\u00e1s, el Museo Hist\u00f3rico Fuerte Independencia abre sus puertas en una tarde especial para compartir su patrimonio con toda la comunidad. Con entrada libre y gratuita, este domingo 31 de marzo se invita a recorrer todas las salas y a introducirse en la colecci\u00f3n arqueol\u00f3gica del museo, con una muestra especial de los avances en el trabajo de catalogaci\u00f3n y registro que se viene desarrollando en el museo. A las 16:00 hs.\u00a0se podr\u00e1 participar de una visita guiada\u00a0tem\u00e1tica por la colecci\u00f3n de arqueolog\u00eda, a cargo de un antrop\u00f3logo de la Universidad de La Plata. Adem\u00e1s\u00a0habr\u00e1\u00a0charlas de especialistas, demostraci\u00f3n de talla,\u00a0entre otras sorpresas\u00a0que tendr\u00e1n lugar a lo largo de la tarde.\u00a0Si el\u00a0clima acompa\u00f1a habr\u00e1 en el patio del museo\u00a0actividades interactivas\u00a0para disfrutar en familia. El cierre estar\u00e1 a cargo del Dr.\u00a0Julio Merlo, arque\u00f3logo a cargo de\u00a0las excavaciones recientes (2018) en la zona del Fuerte Independencia, que nos deleitar\u00e1 con una&hellip;<\/p>\n<p> <a class=\"more-link\" href=\"https:\/\/www.arte.unicen.edu.ar\/entodas\/?tribe_events=jornada-de-arqueologia-en-el-museo-del-fuerte\">Read more<\/a><\/p>\n","protected":false},"author":1,"featured_media":0,"comment_status":"closed","ping_status":"closed","template":"","meta":{"_tribe_events_status":"","_tribe_events_status_reason":""},"tags":[],"tribe_events_cat":[],"_links":{"self":[{"href":"https:\/\/www.arte.unicen.edu.ar\/entodas\/index.php?rest_route=\/wp\/v2\/tribe_events\/3666"}],"collection":[{"href":"https:\/\/www.arte.unicen.edu.ar\/entodas\/index.php?rest_route=\/wp\/v2\/tribe_events"}],"about":[{"href":"https:\/\/www.arte.unicen.edu.ar\/entodas\/index.php?rest_route=\/wp\/v2\/types\/tribe_events"}],"author":[{"embeddable":true,"href":"https:\/\/www.arte.unicen.edu.ar\/entodas\/index.php?rest_route=\/wp\/v2\/users\/1"}],"replies":[{"embeddable":true,"href":"https:\/\/www.arte.unicen.edu.ar\/entodas\/index.php?rest_route=%2Fwp%2Fv2%2Fcomments&post=3666"}],"version-history":[{"count":2,"href":"https:\/\/www.arte.unicen.edu.ar\/entodas\/index.php?rest_route=\/wp\/v2\/tribe_events\/3666\/revisions"}],"predecessor-version":[{"id":3671,"href":"https:\/\/www.arte.unicen.edu.ar\/entodas\/index.php?rest_route=\/wp\/v2\/tribe_events\/3666\/revisions\/3671"}],"wp:attachment":[{"href":"https:\/\/www.arte.unicen.edu.ar\/entodas\/index.php?rest_route=%2Fwp%2Fv2%2Fmedia&parent=3666"}],"wp:term":[{"taxonomy":"post_tag","embeddable":true,"href":"https:\/\/www.arte.unicen.edu.ar\/entodas\/index.php?rest_route=%2Fwp%2Fv2%2Ftags&post=3666"},{"taxonomy":"tribe_events_cat","embeddable":true,"href":"https:\/\/www.arte.unicen.edu.ar\/entodas\/index.php?rest_route=%2Fwp%2Fv2%2Ftribe_events_cat&post=3666"}],"curies":[{"name":"wp","href":"https:\/\/api.w.org\/{rel}","templated":true}]}}