{"id":12697,"date":"2025-11-20T16:24:44","date_gmt":"2025-11-20T19:24:44","guid":{"rendered":"https:\/\/www.arte.unicen.edu.ar\/entodas\/?post_type=tribe_events&#038;p=12697"},"modified":"2025-11-20T16:24:44","modified_gmt":"2025-11-20T19:24:44","slug":"lo-deseado-cine-espacio-incaa","status":"publish","type":"tribe_events","link":"https:\/\/www.arte.unicen.edu.ar\/entodas\/?tribe_events=lo-deseado-cine-espacio-incaa","title":{"rendered":"LO DESEADO &#8211; Cine espacio INCAA"},"content":{"rendered":"<p><img loading=\"lazy\" decoding=\"async\" class=\"size-medium wp-image-12688 aligncenter\" src=\"https:\/\/www.arte.unicen.edu.ar\/entodas\/wp-content\/uploads\/2025\/11\/WhatsApp-Image-2025-11-19-at-21.58.35-224x300.jpeg\" alt=\"\" width=\"224\" height=\"300\" srcset=\"https:\/\/www.arte.unicen.edu.ar\/entodas\/wp-content\/uploads\/2025\/11\/WhatsApp-Image-2025-11-19-at-21.58.35-224x300.jpeg 224w, https:\/\/www.arte.unicen.edu.ar\/entodas\/wp-content\/uploads\/2025\/11\/WhatsApp-Image-2025-11-19-at-21.58.35-596x800.jpeg 596w, https:\/\/www.arte.unicen.edu.ar\/entodas\/wp-content\/uploads\/2025\/11\/WhatsApp-Image-2025-11-19-at-21.58.35-768x1030.jpeg 768w, https:\/\/www.arte.unicen.edu.ar\/entodas\/wp-content\/uploads\/2025\/11\/WhatsApp-Image-2025-11-19-at-21.58.35.jpeg 805w\" sizes=\"(max-width: 224px) 100vw, 224px\" \/><\/p>\n<div class=\"x14z9mp xat24cr x1lziwak x1vvkbs xtlvy1s x126k92a\">\n<div dir=\"auto\">Lo deseado<\/div>\n<div dir=\"auto\">Dir: Dar\u00edo Mascambroni<\/div>\n<div dir=\"auto\">Drama, Fantastico &#8211; SAM13 &#8211; 75min<\/div>\n<div dir=\"auto\">Con: Eva Bianco, Pedro de Tavira, V\u00edctor Laplace, Liz Correa y Beto Bernuez<\/div>\n<div dir=\"auto\">S\u00e1bado 22 nov 20:30h<\/div>\n<div dir=\"auto\">Domingo 23 nov 20:30h<\/div>\n<div dir=\"auto\">Martes 25 nov 20:30h<\/div>\n<div dir=\"auto\">Entrada Gral: $3000 &#8211; Est., jub: $1500<\/div>\n<div dir=\"auto\">Funci\u00f3n Espacios INCAA<\/div>\n<div dir=\"auto\">Emma y su padre pasan unos d\u00edas en un aislado conjunto de caba\u00f1as en las monta\u00f1as argentinas. All\u00ed conocen a Elda, una figura solitaria, que les guiar\u00e1 por el mundo de las creencias paganas y las leyendas locales.<\/div>\n<\/div>\n<div class=\"x14z9mp xat24cr x1lziwak x1vvkbs xtlvy1s x126k92a\">\n<div dir=\"auto\">Las entradas pueden adquirirse en la boleter\u00eda de la sala desde el pr\u00f3ximo s\u00e1bado en los siguientes horarios. S\u00e1bado 22\/11 y domingo 23\/11 de 15 a 20:30h, martes 25\/11 de 17:30 a 20:30h.<\/div>\n<div dir=\"auto\">Lunes 24\/11 sin funciones feriado nacional<\/div>\n<\/div>\n<div class=\"x14z9mp xat24cr x1lziwak x1vvkbs xtlvy1s x126k92a\">\n<div dir=\"auto\">Se acepta pago con d\u00e9bito o Qr.<\/div>\n<div dir=\"auto\">El Espacio INCAA UNICEN depende del \u00c1rea de Cultura de la UNCPBA y funciona en el Auditorium del Centro Cultural Universitario (Yrigoyen 662\/Tandil).<\/div>\n<\/div>\n<div class=\"x14z9mp xat24cr x1lziwak x1vvkbs xtlvy1s x126k92a\">\n<div dir=\"auto\">\u00a1El Cine de la Universidad!<\/div>\n<\/div>\n","protected":false},"excerpt":{"rendered":"<p>Lo deseado Dir: Dar\u00edo Mascambroni Drama, Fantastico &#8211; SAM13 &#8211; 75min Con: Eva Bianco, Pedro de Tavira, V\u00edctor Laplace, Liz Correa y Beto Bernuez S\u00e1bado 22 nov 20:30h Domingo 23 nov 20:30h Martes 25 nov 20:30h Entrada Gral: $3000 &#8211; Est., jub: $1500 Funci\u00f3n Espacios INCAA Emma y su padre pasan unos d\u00edas en un aislado conjunto de caba\u00f1as en las monta\u00f1as argentinas. All\u00ed conocen a Elda, una figura solitaria, que les guiar\u00e1 por el mundo de las creencias paganas y las leyendas locales. Las entradas pueden adquirirse en la boleter\u00eda de la sala desde el pr\u00f3ximo s\u00e1bado en los siguientes horarios. S\u00e1bado 22\/11 y domingo 23\/11 de 15 a 20:30h, martes 25\/11 de 17:30 a 20:30h. Lunes 24\/11 sin funciones feriado nacional Se acepta pago con d\u00e9bito o Qr. El Espacio INCAA UNICEN depende del \u00c1rea de Cultura de la UNCPBA y funciona en el Auditorium del Centro Cultural&hellip;<\/p>\n<p> <a class=\"more-link\" href=\"https:\/\/www.arte.unicen.edu.ar\/entodas\/?tribe_events=lo-deseado-cine-espacio-incaa\">Read more<\/a><\/p>\n","protected":false},"author":5,"featured_media":12688,"comment_status":"closed","ping_status":"closed","template":"","meta":{"_tribe_events_status":"","_tribe_events_status_reason":""},"tags":[],"tribe_events_cat":[],"_links":{"self":[{"href":"https:\/\/www.arte.unicen.edu.ar\/entodas\/index.php?rest_route=\/wp\/v2\/tribe_events\/12697"}],"collection":[{"href":"https:\/\/www.arte.unicen.edu.ar\/entodas\/index.php?rest_route=\/wp\/v2\/tribe_events"}],"about":[{"href":"https:\/\/www.arte.unicen.edu.ar\/entodas\/index.php?rest_route=\/wp\/v2\/types\/tribe_events"}],"author":[{"embeddable":true,"href":"https:\/\/www.arte.unicen.edu.ar\/entodas\/index.php?rest_route=\/wp\/v2\/users\/5"}],"replies":[{"embeddable":true,"href":"https:\/\/www.arte.unicen.edu.ar\/entodas\/index.php?rest_route=%2Fwp%2Fv2%2Fcomments&post=12697"}],"version-history":[{"count":1,"href":"https:\/\/www.arte.unicen.edu.ar\/entodas\/index.php?rest_route=\/wp\/v2\/tribe_events\/12697\/revisions"}],"predecessor-version":[{"id":12698,"href":"https:\/\/www.arte.unicen.edu.ar\/entodas\/index.php?rest_route=\/wp\/v2\/tribe_events\/12697\/revisions\/12698"}],"wp:featuredmedia":[{"embeddable":true,"href":"https:\/\/www.arte.unicen.edu.ar\/entodas\/index.php?rest_route=\/wp\/v2\/media\/12688"}],"wp:attachment":[{"href":"https:\/\/www.arte.unicen.edu.ar\/entodas\/index.php?rest_route=%2Fwp%2Fv2%2Fmedia&parent=12697"}],"wp:term":[{"taxonomy":"post_tag","embeddable":true,"href":"https:\/\/www.arte.unicen.edu.ar\/entodas\/index.php?rest_route=%2Fwp%2Fv2%2Ftags&post=12697"},{"taxonomy":"tribe_events_cat","embeddable":true,"href":"https:\/\/www.arte.unicen.edu.ar\/entodas\/index.php?rest_route=%2Fwp%2Fv2%2Ftribe_events_cat&post=12697"}],"curies":[{"name":"wp","href":"https:\/\/api.w.org\/{rel}","templated":true}]}}