{"id":11693,"date":"2025-07-18T11:23:56","date_gmt":"2025-07-18T14:23:56","guid":{"rendered":"https:\/\/www.arte.unicen.edu.ar\/entodas\/?post_type=tribe_events&#038;p=11693"},"modified":"2025-07-18T11:24:07","modified_gmt":"2025-07-18T14:24:07","slug":"un-elefante-ocupa-mucho-espacio-espectaculo-infantil","status":"publish","type":"tribe_events","link":"https:\/\/www.arte.unicen.edu.ar\/entodas\/?tribe_events=un-elefante-ocupa-mucho-espacio-espectaculo-infantil","title":{"rendered":"UN ELEFANTE OCUPA MUCHO ESPACIO &#8211; Espect\u00e1culo infantil"},"content":{"rendered":"<p><img loading=\"lazy\" decoding=\"async\" class=\"size-medium wp-image-11684 aligncenter\" src=\"https:\/\/www.arte.unicen.edu.ar\/entodas\/wp-content\/uploads\/2025\/07\/WhatsApp-Image-2025-07-18-at-11.09.19-300x287.jpeg\" alt=\"\" width=\"300\" height=\"287\" srcset=\"https:\/\/www.arte.unicen.edu.ar\/entodas\/wp-content\/uploads\/2025\/07\/WhatsApp-Image-2025-07-18-at-11.09.19-300x287.jpeg 300w, https:\/\/www.arte.unicen.edu.ar\/entodas\/wp-content\/uploads\/2025\/07\/WhatsApp-Image-2025-07-18-at-11.09.19-800x766.jpeg 800w, https:\/\/www.arte.unicen.edu.ar\/entodas\/wp-content\/uploads\/2025\/07\/WhatsApp-Image-2025-07-18-at-11.09.19-768x735.jpeg 768w, https:\/\/www.arte.unicen.edu.ar\/entodas\/wp-content\/uploads\/2025\/07\/WhatsApp-Image-2025-07-18-at-11.09.19.jpeg 1080w\" sizes=\"(max-width: 300px) 100vw, 300px\" \/><\/p>\n<div class=\"x14z9mp xat24cr x1lziwak x1vvkbs xtlvy1s x126k92a\">\n<div dir=\"auto\">Relev\u00e9 presenta un nuevo espect\u00e1culo musical infantil:<\/div>\n<\/div>\n<div class=\"x14z9mp xat24cr x1lziwak x1vvkbs xtlvy1s x126k92a\">\n<div dir=\"auto\">&#8220;Un elefante ocupa mucho espacio&#8221;<\/div>\n<\/div>\n<div class=\"x14z9mp xat24cr x1lziwak x1vvkbs xtlvy1s x126k92a\">\n<div dir=\"auto\">\u2022 Adaptaci\u00f3n teatral del cuento inolvidable de Elsa Bornemann<\/div>\n<div dir=\"auto\">\u2022 M\u00fasica original de \u00c1ngel Mahler<\/div>\n<\/div>\n<div class=\"x14z9mp xat24cr x1lziwak x1vvkbs xtlvy1s x126k92a\">\n<div dir=\"auto\">\u00bfQuieres ser uno de los primeros en verlo?<\/div>\n<div dir=\"auto\">Las entradas anticipadas con descuento limitado est\u00e1n disponibles!<\/div>\n<div dir=\"auto\">19 y 20 de julio | Sal\u00f3n Dan\u00e9s Tandil Rodr\u00edguez 282 | 16 hs.<\/div>\n<div dir=\"auto\">Compra tus entradas ahora: entradaweb<\/div>\n<div dir=\"auto\">Te esperamos!<\/div>\n<\/div>\n<p>&nbsp;<\/p>\n","protected":false},"excerpt":{"rendered":"<p>Relev\u00e9 presenta un nuevo espect\u00e1culo musical infantil: &#8220;Un elefante ocupa mucho espacio&#8221; \u2022 Adaptaci\u00f3n teatral del cuento inolvidable de Elsa Bornemann \u2022 M\u00fasica original de \u00c1ngel Mahler \u00bfQuieres ser uno de los primeros en verlo? Las entradas anticipadas con descuento limitado est\u00e1n disponibles! 19 y 20 de julio | Sal\u00f3n Dan\u00e9s Tandil Rodr\u00edguez 282 | 16 hs. Compra tus entradas ahora: entradaweb Te esperamos! &nbsp;<\/p>\n","protected":false},"author":5,"featured_media":11684,"comment_status":"closed","ping_status":"closed","template":"","meta":{"_tribe_events_status":"","_tribe_events_status_reason":""},"tags":[],"tribe_events_cat":[],"_links":{"self":[{"href":"https:\/\/www.arte.unicen.edu.ar\/entodas\/index.php?rest_route=\/wp\/v2\/tribe_events\/11693"}],"collection":[{"href":"https:\/\/www.arte.unicen.edu.ar\/entodas\/index.php?rest_route=\/wp\/v2\/tribe_events"}],"about":[{"href":"https:\/\/www.arte.unicen.edu.ar\/entodas\/index.php?rest_route=\/wp\/v2\/types\/tribe_events"}],"author":[{"embeddable":true,"href":"https:\/\/www.arte.unicen.edu.ar\/entodas\/index.php?rest_route=\/wp\/v2\/users\/5"}],"replies":[{"embeddable":true,"href":"https:\/\/www.arte.unicen.edu.ar\/entodas\/index.php?rest_route=%2Fwp%2Fv2%2Fcomments&post=11693"}],"version-history":[{"count":1,"href":"https:\/\/www.arte.unicen.edu.ar\/entodas\/index.php?rest_route=\/wp\/v2\/tribe_events\/11693\/revisions"}],"predecessor-version":[{"id":11694,"href":"https:\/\/www.arte.unicen.edu.ar\/entodas\/index.php?rest_route=\/wp\/v2\/tribe_events\/11693\/revisions\/11694"}],"wp:featuredmedia":[{"embeddable":true,"href":"https:\/\/www.arte.unicen.edu.ar\/entodas\/index.php?rest_route=\/wp\/v2\/media\/11684"}],"wp:attachment":[{"href":"https:\/\/www.arte.unicen.edu.ar\/entodas\/index.php?rest_route=%2Fwp%2Fv2%2Fmedia&parent=11693"}],"wp:term":[{"taxonomy":"post_tag","embeddable":true,"href":"https:\/\/www.arte.unicen.edu.ar\/entodas\/index.php?rest_route=%2Fwp%2Fv2%2Ftags&post=11693"},{"taxonomy":"tribe_events_cat","embeddable":true,"href":"https:\/\/www.arte.unicen.edu.ar\/entodas\/index.php?rest_route=%2Fwp%2Fv2%2Ftribe_events_cat&post=11693"}],"curies":[{"name":"wp","href":"https:\/\/api.w.org\/{rel}","templated":true}]}}