{"id":11681,"date":"2025-07-15T12:45:23","date_gmt":"2025-07-15T15:45:23","guid":{"rendered":"https:\/\/www.arte.unicen.edu.ar\/entodas\/?post_type=tribe_events&#038;p=11681"},"modified":"2025-07-15T12:45:23","modified_gmt":"2025-07-15T15:45:23","slug":"principe-y-principe-teatro-infantil-4","status":"publish","type":"tribe_events","link":"https:\/\/www.arte.unicen.edu.ar\/entodas\/?tribe_events=principe-y-principe-teatro-infantil-4","title":{"rendered":"PRINCIPE Y PRINCIPE &#8211; Teatro Infantil"},"content":{"rendered":"<p><img loading=\"lazy\" decoding=\"async\" class=\"size-medium wp-image-11663 aligncenter\" src=\"https:\/\/www.arte.unicen.edu.ar\/entodas\/wp-content\/uploads\/2025\/07\/WhatsApp-Image-2025-07-15-at-10.25.48-240x300.jpeg\" alt=\"\" width=\"240\" height=\"300\" srcset=\"https:\/\/www.arte.unicen.edu.ar\/entodas\/wp-content\/uploads\/2025\/07\/WhatsApp-Image-2025-07-15-at-10.25.48-240x300.jpeg 240w, https:\/\/www.arte.unicen.edu.ar\/entodas\/wp-content\/uploads\/2025\/07\/WhatsApp-Image-2025-07-15-at-10.25.48-640x800.jpeg 640w, https:\/\/www.arte.unicen.edu.ar\/entodas\/wp-content\/uploads\/2025\/07\/WhatsApp-Image-2025-07-15-at-10.25.48.jpeg 718w\" sizes=\"(max-width: 240px) 100vw, 240px\" \/><\/p>\n<p>Estas vacaciones de invierno son en el Teatro La F\u00e1brica y para toda la familia \ud83d\udc96<br \/>\nVenite al \u00a1Festival Que Fresquete!<\/p>\n<p>\u2728 \u00danica funci\u00f3n de &#8220;Pr\u00edncipe y Pr\u00edncipe&#8221; de Perla Szuchmacher el lunes 21\/07 a las 17hs<\/p>\n<p>\ud83c\udf9f\ufe0fConsegu\u00ed tu entrada escribiendo al 2944664667<\/p>\n<p>\ud83d\udc49\ud83c\udffb Sobre la obra \ud83d\udc48\ud83c\udffb<\/p>\n<p>La reina Victoria est\u00e1 cansada de sus compromisos reales: tantos banquetes, reuniones y festejos la dejan agotada. Lleg\u00f3 el momento de jubilarse. \ud83d\udc51<br \/>\nPara eso es necesario que su hijo, el pr\u00edncipe Tadeo, se case y se haga cargo del reino. Es algo sencillo. Hay que encontrar una princesa, organizar una fiesta y ya est\u00e1. Pero\u2026 \u00bfSer\u00e1 tan r\u00e1pido como se imagina?<\/p>\n<p>Pr\u00edncipe y Pr\u00edncipe es una obra para todas las edades que invita a aceptar lo diverso de los v\u00ednculos y propone ampliar la manera en que vemos la familia y el amor.<\/p>\n<p>\u26a1\ufe0fActuaci\u00f3n:<br \/>\nJulita Esquibel<br \/>\nGast\u00f3n Dubini<br \/>\nWinny Ferraro<br \/>\nEsteban Argonz<br \/>\nClara Giorgetti<br \/>\n\u26a1\ufe0f Realizaci\u00f3n de vestuario: Alfon Mart\u00ednez<br \/>\n\u26a1\ufe0f Realizaci\u00f3n escenogr\u00e1fica: Pablo Garc\u00eda Navarro.<br \/>\n\u26a1\ufe0fFotos: Manu Posse<br \/>\n\u26a1\ufe0f Direcci\u00f3n: Marianela Vallazza<\/p>\n<p>&nbsp;<\/p>\n","protected":false},"excerpt":{"rendered":"<p>Estas vacaciones de invierno son en el Teatro La F\u00e1brica y para toda la familia \ud83d\udc96 Venite al \u00a1Festival Que Fresquete! \u2728 \u00danica funci\u00f3n de &#8220;Pr\u00edncipe y Pr\u00edncipe&#8221; de Perla Szuchmacher el lunes 21\/07 a las 17hs \ud83c\udf9f\ufe0fConsegu\u00ed tu entrada escribiendo al 2944664667 \ud83d\udc49\ud83c\udffb Sobre la obra \ud83d\udc48\ud83c\udffb La reina Victoria est\u00e1 cansada de sus compromisos reales: tantos banquetes, reuniones y festejos la dejan agotada. Lleg\u00f3 el momento de jubilarse. \ud83d\udc51 Para eso es necesario que su hijo, el pr\u00edncipe Tadeo, se case y se haga cargo del reino. Es algo sencillo. Hay que encontrar una princesa, organizar una fiesta y ya est\u00e1. Pero\u2026 \u00bfSer\u00e1 tan r\u00e1pido como se imagina? Pr\u00edncipe y Pr\u00edncipe es una obra para todas las edades que invita a aceptar lo diverso de los v\u00ednculos y propone ampliar la manera en que vemos la familia y el amor. \u26a1\ufe0fActuaci\u00f3n: Julita Esquibel Gast\u00f3n Dubini Winny Ferraro Esteban&hellip;<\/p>\n<p> <a class=\"more-link\" href=\"https:\/\/www.arte.unicen.edu.ar\/entodas\/?tribe_events=principe-y-principe-teatro-infantil-4\">Read more<\/a><\/p>\n","protected":false},"author":5,"featured_media":11663,"comment_status":"closed","ping_status":"closed","template":"","meta":{"_tribe_events_status":"","_tribe_events_status_reason":""},"tags":[],"tribe_events_cat":[],"_links":{"self":[{"href":"https:\/\/www.arte.unicen.edu.ar\/entodas\/index.php?rest_route=\/wp\/v2\/tribe_events\/11681"}],"collection":[{"href":"https:\/\/www.arte.unicen.edu.ar\/entodas\/index.php?rest_route=\/wp\/v2\/tribe_events"}],"about":[{"href":"https:\/\/www.arte.unicen.edu.ar\/entodas\/index.php?rest_route=\/wp\/v2\/types\/tribe_events"}],"author":[{"embeddable":true,"href":"https:\/\/www.arte.unicen.edu.ar\/entodas\/index.php?rest_route=\/wp\/v2\/users\/5"}],"replies":[{"embeddable":true,"href":"https:\/\/www.arte.unicen.edu.ar\/entodas\/index.php?rest_route=%2Fwp%2Fv2%2Fcomments&post=11681"}],"version-history":[{"count":1,"href":"https:\/\/www.arte.unicen.edu.ar\/entodas\/index.php?rest_route=\/wp\/v2\/tribe_events\/11681\/revisions"}],"predecessor-version":[{"id":11682,"href":"https:\/\/www.arte.unicen.edu.ar\/entodas\/index.php?rest_route=\/wp\/v2\/tribe_events\/11681\/revisions\/11682"}],"wp:featuredmedia":[{"embeddable":true,"href":"https:\/\/www.arte.unicen.edu.ar\/entodas\/index.php?rest_route=\/wp\/v2\/media\/11663"}],"wp:attachment":[{"href":"https:\/\/www.arte.unicen.edu.ar\/entodas\/index.php?rest_route=%2Fwp%2Fv2%2Fmedia&parent=11681"}],"wp:term":[{"taxonomy":"post_tag","embeddable":true,"href":"https:\/\/www.arte.unicen.edu.ar\/entodas\/index.php?rest_route=%2Fwp%2Fv2%2Ftags&post=11681"},{"taxonomy":"tribe_events_cat","embeddable":true,"href":"https:\/\/www.arte.unicen.edu.ar\/entodas\/index.php?rest_route=%2Fwp%2Fv2%2Ftribe_events_cat&post=11681"}],"curies":[{"name":"wp","href":"https:\/\/api.w.org\/{rel}","templated":true}]}}