{"id":11493,"date":"2025-06-19T14:07:26","date_gmt":"2025-06-19T17:07:26","guid":{"rendered":"https:\/\/www.arte.unicen.edu.ar\/entodas\/?post_type=tribe_events&#038;p=11493"},"modified":"2025-06-19T14:08:24","modified_gmt":"2025-06-19T17:08:24","slug":"etiquetas-teatro-y-danza","status":"publish","type":"tribe_events","link":"https:\/\/www.arte.unicen.edu.ar\/entodas\/?tribe_events=etiquetas-teatro-y-danza","title":{"rendered":"ETIQUETAS -Teatro y danza"},"content":{"rendered":"<p><img loading=\"lazy\" decoding=\"async\" class=\"size-medium wp-image-11496 aligncenter\" src=\"https:\/\/www.arte.unicen.edu.ar\/entodas\/wp-content\/uploads\/2025\/06\/WhatsApp-Image-2025-06-19-at-13.22.38-244x300.jpeg\" alt=\"\" width=\"244\" height=\"300\" srcset=\"https:\/\/www.arte.unicen.edu.ar\/entodas\/wp-content\/uploads\/2025\/06\/WhatsApp-Image-2025-06-19-at-13.22.38-244x300.jpeg 244w, https:\/\/www.arte.unicen.edu.ar\/entodas\/wp-content\/uploads\/2025\/06\/WhatsApp-Image-2025-06-19-at-13.22.38-650x800.jpeg 650w, https:\/\/www.arte.unicen.edu.ar\/entodas\/wp-content\/uploads\/2025\/06\/WhatsApp-Image-2025-06-19-at-13.22.38-768x945.jpeg 768w, https:\/\/www.arte.unicen.edu.ar\/entodas\/wp-content\/uploads\/2025\/06\/WhatsApp-Image-2025-06-19-at-13.22.38.jpeg 1080w\" sizes=\"(max-width: 244px) 100vw, 244px\" \/><\/p>\n<p>Compa\u00f1\u00eda VER.SUS presenta:<\/p>\n<p>*ETIQUETAS*<br \/>\nUna obra que busca visibilizar y nos invita a reflexionar sobre Bullying y las etiquetas sociales, a trav\u00e9s del Arte en Movimiento. Mucha Danza y teatro en escena, para entretener, comunicar, conmover y reflexionar.<\/p>\n<p>\ud83d\udc49 Funciones:<br \/>\n&#8211; S\u00e1bado 21\/6 &#8211; 21hs<br \/>\n&#8211; Domingo 22\/6 &#8211; 20hs<br \/>\n\ud83d\udc49Teatro La F\u00e1brica @teatrofabricala<br \/>\n(Pinto 359 &#8211; Tandil) \ud83c\udfad<br \/>\n\ud83d\udc49 Entradas anticipadas con descuento por mensaje a @ver.sus_arte.en.movimiento o a miembros del elenco \ud83c\udf9f\ufe0f\ud83c\udfab<\/p>\n<p>Los esperamos en el ESTRENO!<br \/>\nCelebramos la danza, el arte, como forma de comunicar! \ud83d\ude4c<\/p>\n<p>\ud83d\udc83Int\u00e9rpretes:<br \/>\n@agurodriguez22<br \/>\n@martinez.alfon<br \/>\n@antto_barillaro<br \/>\n@braji_marquesz<br \/>\n@camilaniguez<br \/>\n@carolinafrogley<br \/>\n@julibulnes1<br \/>\n@luugomba<br \/>\n@nadi.falagan<\/p>\n<p>\ud83d\udc83Idea, coreograf\u00edas textos y direcci\u00f3n: @natalia.landa.arte \u2764\ufe0f<\/p>\n<p>\u2728Con el apoyo de:<br \/>\n&#8211; @enelaire.estudio \ud83d\udc9c alojando desinteresadamente nuestros extensos ensayos \ud83d\ude4c<br \/>\n&#8211; @carpinteria_moderna_tandil en realizaci\u00f3n y donaci\u00f3n de utiler\u00eda \ud83d\ude4c<br \/>\n&#8211; Sal\u00f3n Multicultural de la subsecretar\u00eda de Cultura y Educaci\u00f3n de Tandil para ensayos.<br \/>\nVestuarios a cargo de Alfon Mart\u00ednez<\/p>\n","protected":false},"excerpt":{"rendered":"<p>Compa\u00f1\u00eda VER.SUS presenta: *ETIQUETAS* Una obra que busca visibilizar y nos invita a reflexionar sobre Bullying y las etiquetas sociales, a trav\u00e9s del Arte en Movimiento. Mucha Danza y teatro en escena, para entretener, comunicar, conmover y reflexionar. \ud83d\udc49 Funciones: &#8211; S\u00e1bado 21\/6 &#8211; 21hs &#8211; Domingo 22\/6 &#8211; 20hs \ud83d\udc49Teatro La F\u00e1brica @teatrofabricala (Pinto 359 &#8211; Tandil) \ud83c\udfad \ud83d\udc49 Entradas anticipadas con descuento por mensaje a @ver.sus_arte.en.movimiento o a miembros del elenco \ud83c\udf9f\ufe0f\ud83c\udfab Los esperamos en el ESTRENO! Celebramos la danza, el arte, como forma de comunicar! \ud83d\ude4c \ud83d\udc83Int\u00e9rpretes: @agurodriguez22 @martinez.alfon @antto_barillaro @braji_marquesz @camilaniguez @carolinafrogley @julibulnes1 @luugomba @nadi.falagan \ud83d\udc83Idea, coreograf\u00edas textos y direcci\u00f3n: @natalia.landa.arte \u2764\ufe0f \u2728Con el apoyo de: &#8211; @enelaire.estudio \ud83d\udc9c alojando desinteresadamente nuestros extensos ensayos \ud83d\ude4c &#8211; @carpinteria_moderna_tandil en realizaci\u00f3n y donaci\u00f3n de utiler\u00eda \ud83d\ude4c &#8211; Sal\u00f3n Multicultural de la subsecretar\u00eda de Cultura y Educaci\u00f3n de Tandil para ensayos. Vestuarios a cargo de Alfon Mart\u00ednez<\/p>\n","protected":false},"author":5,"featured_media":11496,"comment_status":"closed","ping_status":"closed","template":"","meta":{"_tribe_events_status":"","_tribe_events_status_reason":""},"tags":[],"tribe_events_cat":[],"_links":{"self":[{"href":"https:\/\/www.arte.unicen.edu.ar\/entodas\/index.php?rest_route=\/wp\/v2\/tribe_events\/11493"}],"collection":[{"href":"https:\/\/www.arte.unicen.edu.ar\/entodas\/index.php?rest_route=\/wp\/v2\/tribe_events"}],"about":[{"href":"https:\/\/www.arte.unicen.edu.ar\/entodas\/index.php?rest_route=\/wp\/v2\/types\/tribe_events"}],"author":[{"embeddable":true,"href":"https:\/\/www.arte.unicen.edu.ar\/entodas\/index.php?rest_route=\/wp\/v2\/users\/5"}],"replies":[{"embeddable":true,"href":"https:\/\/www.arte.unicen.edu.ar\/entodas\/index.php?rest_route=%2Fwp%2Fv2%2Fcomments&post=11493"}],"version-history":[{"count":1,"href":"https:\/\/www.arte.unicen.edu.ar\/entodas\/index.php?rest_route=\/wp\/v2\/tribe_events\/11493\/revisions"}],"predecessor-version":[{"id":11497,"href":"https:\/\/www.arte.unicen.edu.ar\/entodas\/index.php?rest_route=\/wp\/v2\/tribe_events\/11493\/revisions\/11497"}],"wp:featuredmedia":[{"embeddable":true,"href":"https:\/\/www.arte.unicen.edu.ar\/entodas\/index.php?rest_route=\/wp\/v2\/media\/11496"}],"wp:attachment":[{"href":"https:\/\/www.arte.unicen.edu.ar\/entodas\/index.php?rest_route=%2Fwp%2Fv2%2Fmedia&parent=11493"}],"wp:term":[{"taxonomy":"post_tag","embeddable":true,"href":"https:\/\/www.arte.unicen.edu.ar\/entodas\/index.php?rest_route=%2Fwp%2Fv2%2Ftags&post=11493"},{"taxonomy":"tribe_events_cat","embeddable":true,"href":"https:\/\/www.arte.unicen.edu.ar\/entodas\/index.php?rest_route=%2Fwp%2Fv2%2Ftribe_events_cat&post=11493"}],"curies":[{"name":"wp","href":"https:\/\/api.w.org\/{rel}","templated":true}]}}