{"id":1985,"date":"2026-03-06T09:43:58","date_gmt":"2026-03-06T12:43:58","guid":{"rendered":"https:\/\/www.arte.unicen.edu.ar\/academica\/?page_id=1985"},"modified":"2026-03-10T11:35:19","modified_gmt":"2026-03-10T14:35:19","slug":"docentes-riaa","status":"publish","type":"page","link":"https:\/\/www.arte.unicen.edu.ar\/academica\/docentes\/catedras\/docentes-riaa\/","title":{"rendered":"Docentes RIAA"},"content":{"rendered":"<div id=\"pl-1985\"  class=\"panel-layout\" ><div id=\"pg-1985-0\"  class=\"panel-grid panel-no-style\" ><div id=\"pgc-1985-0-0\"  class=\"panel-grid-cell\" ><div id=\"panel-1985-0-0-0\" class=\"so-panel widget widget_sow-editor panel-first-child panel-last-child\" data-index=\"0\" ><div\n\t\t\t\n\t\t\tclass=\"so-widget-sow-editor so-widget-sow-editor-base\"\n\t\t\t\n\t\t>\n<div class=\"siteorigin-widget-tinymce textwidget\">\n\t<table id=\"docentes\" style=\"border-color: #dbdbdb; height: 2371px;\" border=\"1\" width=\"1010\">\n<tbody>\n<tr style=\"height: 24px;\">\n<th style=\"height: 24px; background-color: #163a6e; width: 363.422px;\"><span style=\"color: #ffffff;\">Materia<\/span><\/th>\n<th style=\"height: 24px; background-color: #163a6e; width: 304.75px;\"><span style=\"color: #ffffff;\">Composici\u00f3n c\u00e1tedra<\/span><\/th>\n<th style=\"height: 24px; background-color: #163a6e; width: 128.828px;\"><span style=\"color: #ffffff;\">Cargo<\/span><\/th>\n<\/tr>\n<tr style=\"height: 24px;\">\n<th style=\"height: 24px; width: 801px; text-align: left;\" colspan=\"3\">Primer A\u00f1o<\/th>\n<\/tr>\n<tr style=\"height: 24px;\">\n<td style=\"height: 66px; width: 363.422px;\" rowspan=\"3\"><a href=\"https:\/\/www.arte.unicen.edu.ar\/alumnosinformacion\/catedras\/realizacion-integral-en-artes-audiovisuales-plan-2012\/realizacion-1\/\"><strong>Realizaci\u00f3n 1<\/strong><\/a><\/td>\n<td style=\"height: 24px; width: 304.75px;\"><a href=\"mailto:fgodfrid@arte.unicen.edu.ar\">GODFRID, FEDERICO<\/a><\/td>\n<td style=\"text-align: center; height: 24px; width: 128.828px;\">Titular<\/td>\n<\/tr>\n<tr style=\"height: 38px;\">\n<td style=\"height: 38px; width: 304.75px; vertical-align: middle;\"><a href=\"mailto:mmariano@arte.unicen.edu.ar\">MARIANO, MAGALI<\/a><\/td>\n<td style=\"text-align: center; height: 38px; width: 128.828px;\">JTP<\/td>\n<\/tr>\n<tr style=\"height: 4px;\">\n<td style=\"height: 4px; width: 304.75px;\"><a href=\"mailto:mpetrini@arte.unicen.edu.ar\">PETRINI, MAT\u00cdAS<\/a><\/td>\n<td style=\"text-align: center; height: 4px; width: 128.828px;\">Ayudante<\/td>\n<\/tr>\n<tr style=\"height: 24px;\">\n<td style=\"height: 48px; width: 363.422px;\" rowspan=\"2\"><a href=\"https:\/\/www.arte.unicen.edu.ar\/alumnosinformacion\/catedras\/realizacion-integral-en-artes-audiovisuales-plan-2012\/iluminacion-y-camara-1\/\"><strong>Iluminaci\u00f3n y C\u00e1mara 1<\/strong><\/a><\/td>\n<td style=\"height: 24px; width: 304.75px;\"><a href=\"miramaria.creativa@gmail.com\">CHRISTENSEN, MARIA C.<\/a><\/td>\n<td style=\"text-align: center; height: 24px; width: 128.828px;\">\u00a0Adjunta<\/td>\n<\/tr>\n<tr style=\"height: 24px;\">\n<td style=\"height: 24px; width: 304.75px;\"><a href=\"elio.caprin@uns.edu.ar\">CAPRIN DAL SASSO, ELIO<\/a><\/td>\n<td style=\"text-align: center; height: 24px; width: 128.828px;\">Ayudante<\/td>\n<\/tr>\n<tr style=\"height: 24px;\">\n<td style=\"height: 72px; width: 363.422px;\" rowspan=\"3\"><a href=\"https:\/\/www.arte.unicen.edu.ar\/alumnosinformacion\/catedras\/realizacion-integral-en-artes-audiovisuales-plan-2012\/pensamiento-proyectual\/\"><strong>Pensamiento Proyectual<\/strong><\/a><\/td>\n<td style=\"height: 24px; width: 304.75px;\"><a href=\"mailto:mschettino@arte.unicen.edu.ar\">SCHETTINO, MARIANO<\/a><\/td>\n<td style=\"text-align: center; height: 24px; width: 128.828px;\">Adjunto<\/td>\n<\/tr>\n<tr style=\"height: 24px;\">\n<td style=\"height: 24px; width: 304.75px;\"><a href=\"mailto:csperanza@arte.unicen.edu.ar\">SPERANZA, CLAUDIA CONSTANZA<\/a><\/td>\n<td style=\"text-align: center; height: 24px; width: 128.828px;\">Adjunta<\/td>\n<\/tr>\n<tr style=\"height: 24px;\">\n<td style=\"height: 24px; width: 304.75px;\"><a href=\"mailto:mmariano@arte.unicen.edu.ar\">MARIANO, MAGALI<\/a><\/td>\n<td style=\"text-align: center; height: 24px; width: 128.828px;\">JTP<\/td>\n<\/tr>\n<tr style=\"height: 24px;\">\n<td style=\"height: 72px; width: 363.422px;\" rowspan=\"3\"><a href=\"https:\/\/www.arte.unicen.edu.ar\/alumnosinformacion\/catedras\/realizacion-integral-en-artes-audiovisuales-plan-2012\/guion-1\/\"><strong>Gui\u00f3n 1<\/strong><\/a><\/td>\n<td style=\"height: 24px; width: 304.75px;\"><a href=\"mailto:vmorazzo@arte.unicen.edu.ar\">MORAZZO, VIRGINIA<\/a><\/td>\n<td style=\"text-align: center; height: 24px; width: 128.828px;\">Asociada<\/td>\n<\/tr>\n<tr style=\"height: 24px;\">\n<td style=\"height: 24px; width: 304.75px;\"><a href=\"mailto:gpedro@arte.unicen.edu.ar\">PEDRO, GABRIELA<\/a><\/td>\n<td style=\"text-align: center; height: 24px; width: 128.828px;\">Ayudante (licencia)<\/td>\n<\/tr>\n<tr style=\"height: 24px;\">\n<td style=\"height: 24px; width: 304.75px;\"><a href=\"mailto:cwulff@arte.unicen.edu.ar\">WULFF, CECILIA<\/a><\/td>\n<td style=\"text-align: center; height: 24px; width: 128.828px;\">JTP<\/td>\n<\/tr>\n<tr style=\"height: 12px;\">\n<td style=\"height: 12px; width: 363.422px;\"><a href=\"https:\/\/www.arte.unicen.edu.ar\/alumnosinformacion\/catedras\/realizacion-integral-en-artes-audiovisuales-plan-2012\/fisica\/\"><strong>F\u00edsica<\/strong><\/a><\/td>\n<td style=\"height: 12px; width: 304.75px;\"><a href=\"mailto:mgarcimuno@arte.unicen.edu.ar\">GARCIMU\u00d1O, MAYRA<\/a><\/td>\n<td style=\"text-align: center; height: 12px; width: 128.828px;\">\u00a0Adjunta<\/td>\n<\/tr>\n<tr style=\"height: 24px;\">\n<td style=\"height: 72px; width: 363.422px;\" rowspan=\"3\"><a href=\"https:\/\/www.arte.unicen.edu.ar\/alumnosinformacion\/catedras\/realizacion-integral-en-artes-audiovisuales-plan-2012\/edicion-digital-de-video\/\"><strong>Edici\u00f3n Digital de Video<\/strong><\/a><\/td>\n<td style=\"height: 24px; width: 304.75px;\"><a href=\"mailto:cmartinez@arte.unicen.edu.ar\">MARTINEZ, CARLA<\/a><\/td>\n<td style=\"text-align: center; height: 24px; width: 128.828px;\">Asociada<\/td>\n<\/tr>\n<tr style=\"height: 24px;\">\n<td style=\"height: 24px; width: 304.75px;\"><a href=\"mailto:snietofarias@arte.unicen.edu.ar\">NIETO, SEBASTIAN<\/a><\/td>\n<td style=\"text-align: center; height: 24px; width: 128.828px;\">JTP<\/td>\n<\/tr>\n<tr style=\"height: 24px;\">\n<td style=\"height: 24px; width: 304.75px;\"><a href=\"nconte@arte.unicen.edu.ar\">CONTE, NICOL\u00c1S<\/a><\/td>\n<td style=\"text-align: center; height: 24px; width: 128.828px;\">Ayudante<\/td>\n<\/tr>\n<tr style=\"height: 24px;\">\n<td style=\"height: 48px; width: 363.422px;\" rowspan=\"2\"><a href=\"https:\/\/www.arte.unicen.edu.ar\/alumnosinformacion\/catedras\/realizacion-integral-en-artes-audiovisuales-plan-2012\/semiotica\/\"><strong>Semi\u00f3tica<\/strong><\/a><\/td>\n<td style=\"height: 24px; width: 304.75px;\">\u00a0<a href=\"mailto:cwulff@arte.unicen.edu.ar\">WULFF, CECILIA<\/a><\/td>\n<td style=\"text-align: center; height: 24px; width: 128.828px;\">\u00a0Adjunta<\/td>\n<\/tr>\n<tr style=\"height: 24px;\">\n<td style=\"height: 24px; width: 304.75px;\"><a href=\"mailto:abertone@arte.unicen.edu.ar\">BERTONE, AGUSTINA<\/a><\/td>\n<td style=\"text-align: center; height: 24px; width: 128.828px;\">Ayudante<\/td>\n<\/tr>\n<tr style=\"height: 24px;\">\n<td style=\"height: 48px; width: 363.422px;\" rowspan=\"2\"><a href=\"https:\/\/www.arte.unicen.edu.ar\/alumnosinformacion\/catedras\/realizacion-integral-en-artes-audiovisuales-plan-2012\/historia-del-arte\/\"><strong>Historia del Arte<\/strong><\/a><\/td>\n<td style=\"height: 24px; width: 304.75px;\"><a href=\"mailto:aminucci@arte.unicen.edu.ar\">MINNUCCI, ANIBAL<\/a><\/td>\n<td style=\"text-align: center; height: 24px; width: 128.828px;\">Adjunto<\/td>\n<\/tr>\n<tr style=\"height: 24px;\">\n<td style=\"height: 24px; width: 304.75px;\"><a href=\"mailto:msuasnabar@arte.unicen.edu.ar\">SUASNABAR, GUADALUPE<\/a><\/td>\n<td style=\"text-align: center; height: 24px; width: 128.828px;\">Adjunta<\/td>\n<\/tr>\n<tr style=\"height: 24px;\">\n<td style=\"height: 48px; width: 363.422px;\" rowspan=\"2\"><a href=\"https:\/\/www.arte.unicen.edu.ar\/alumnosinformacion\/catedras\/realizacion-integral-en-artes-audiovisuales-plan-2012\/literatura-universal\/\"><strong>Literatura Universal<\/strong><\/a><\/td>\n<td style=\"height: 24px; width: 304.75px;\"><a href=\"mailto:varias@arte.unicen.edu.ar\">ARIAS, VALERIA<\/a><\/td>\n<td style=\"text-align: center; height: 24px; width: 128.828px;\">Adjunta<\/td>\n<\/tr>\n<tr style=\"height: 24px;\">\n<td style=\"height: 24px; width: 304.75px;\"><a href=\"mailto:vmorazzo@arte.unicen.edu.ar\">MORAZZO, VIRGINIA<\/a><\/td>\n<td style=\"text-align: center; height: 24px; width: 128.828px;\">Asociada<\/td>\n<\/tr>\n<tr style=\"height: 24px;\">\n<td style=\"height: 72px; width: 363.422px;\" rowspan=\"3\"><a href=\"https:\/\/www.arte.unicen.edu.ar\/alumnosinformacion\/catedras\/realizacion-integral-en-artes-audiovisuales-plan-2012\/sonido\/\"><strong>Sonido<\/strong><\/a><\/td>\n<td style=\"height: 24px; width: 304.75px;\"><a href=\"mailto:rruiz@arte.unicen.edu.ar\">RUIZ, RODRIGO<\/a><\/td>\n<td style=\"text-align: center; height: 24px; width: 128.828px;\">Titular<\/td>\n<\/tr>\n<tr style=\"height: 24px;\">\n<td style=\"height: 24px; width: 304.75px;\"><a href=\"mailto:jcastillo@arte.unicen.edu.ar\">CASTILLO, JAVIER<\/a><\/td>\n<td style=\"text-align: center; height: 24px; width: 128.828px;\">Asociado<\/td>\n<\/tr>\n<tr style=\"height: 24px;\">\n<td style=\"height: 24px; width: 304.75px;\"><a href=\"mailto:perez_lucia@hotmail.com\">PEREZ, LUCIA<\/a><\/td>\n<td style=\"text-align: center; height: 24px; width: 128.828px;\">Ayudante<\/td>\n<\/tr>\n<tr style=\"height: 24px;\">\n<th style=\"height: 24px; width: 801px; text-align: left;\" colspan=\"3\">Segundo A\u00f1o<\/th>\n<\/tr>\n<tr style=\"height: 24px;\">\n<td style=\"height: 48px; width: 363.422px;\" rowspan=\"2\"><a href=\"https:\/\/www.arte.unicen.edu.ar\/alumnosinformacion\/catedras\/realizacion-integral-en-artes-audiovisuales-plan-2012\/realizacion-2\/\"><strong>Realizaci\u00f3n 2<\/strong><\/a><\/td>\n<td style=\"height: 24px; width: 304.75px;\"><a href=\"mailto:mcchristensen@arte.unicen.edu.ar\">CHRISTENSEN, MARIA C.<\/a><\/td>\n<td style=\"text-align: center; height: 24px; width: 128.828px;\">Adjunta<\/td>\n<\/tr>\n<tr style=\"height: 24px;\">\n<td style=\"height: 24px; width: 304.75px;\"><a href=\"mailto:ccesario@arte.unicen.edu.ar\">CESARIO, MAR\u00cdA CAROLINA<\/a><\/td>\n<td style=\"height: 24px; text-align: center; width: 128.828px;\">\u00a0Adjunta<\/td>\n<\/tr>\n<tr style=\"height: 24px;\">\n<td style=\"height: 48px; width: 363.422px;\" rowspan=\"2\"><a href=\"https:\/\/www.arte.unicen.edu.ar\/alumnosinformacion\/catedras\/realizacion-integral-en-artes-audiovisuales-plan-2012\/iluminacion-y-camara-2\/\"><strong>Iluminaci\u00f3n y C\u00e1mara 2<\/strong><\/a><\/td>\n<td style=\"height: 24px; width: 304.75px;\"><a href=\"mailto:storres@arte.unicen.edu.ar\">TORRES, SILVIO<\/a><\/td>\n<td style=\"text-align: center; height: 24px; width: 128.828px;\">Asociado<\/td>\n<\/tr>\n<tr style=\"height: 24px;\">\n<td style=\"height: 24px; width: 304.75px;\"><a href=\"mailto:jcastillo@arte.unicen.edu.ar\">CASTILLO, JAVIER<\/a><\/td>\n<td style=\"text-align: center; height: 24px; width: 128.828px;\">Asociado<\/td>\n<\/tr>\n<tr style=\"height: 24px;\">\n<td style=\"height: 48px; width: 363.422px;\" rowspan=\"2\"><a href=\"https:\/\/www.arte.unicen.edu.ar\/alumnosinformacion\/catedras\/realizacion-integral-en-artes-audiovisuales-plan-2012\/diseno-y-pos-produccion-de-sonido\/\"><strong>Dise\u00f1o y Pos-Producci\u00f3n de Sonido<\/strong><\/a><\/td>\n<td style=\"height: 24px; width: 304.75px;\"><a href=\"mailto:rruiz@arte.unicen.edu.ar\">RUIZ, RODRIGO<\/a><\/td>\n<td style=\"text-align: center; height: 24px; width: 128.828px;\">Titular<\/td>\n<\/tr>\n<tr style=\"height: 24px;\">\n<td style=\"height: 24px; width: 304.75px;\"><a href=\"mailto:jcastillo@arte.unicen.edu.ar\">CASTILLO, JAVIER<\/a><\/td>\n<td style=\"text-align: center; height: 24px; width: 128.828px;\">Asociado<\/td>\n<\/tr>\n<tr style=\"height: 24px;\">\n<td style=\"height: 48px; width: 363.422px;\" rowspan=\"2\"><a href=\"https:\/\/www.arte.unicen.edu.ar\/alumnosinformacion\/catedras\/realizacion-integral-en-artes-audiovisuales-plan-2012\/produccion-y-comercializacion\/\"><strong>Producci\u00f3n y Comercializaci\u00f3n<\/strong><\/a><\/td>\n<td style=\"height: 24px; width: 304.75px;\"><a href=\"mailto:pratto@arte.unicen.edu.ar\">RATTO, PABLO<\/a><\/td>\n<td style=\"text-align: center; height: 24px; width: 128.828px;\">Adjunto<\/td>\n<\/tr>\n<tr style=\"height: 24px;\">\n<td style=\"height: 24px; width: 304.75px;\"><a href=\"mailto:cbrown@arte.unicen.edu.ar\">BROWN, CARLOS<\/a><\/td>\n<td style=\"text-align: center; height: 24px; width: 128.828px;\">Ayudante<\/td>\n<\/tr>\n<tr style=\"height: 24px;\">\n<td style=\"height: 48px; width: 363.422px;\" rowspan=\"2\"><a href=\"https:\/\/www.arte.unicen.edu.ar\/alumnosinformacion\/catedras\/realizacion-integral-en-artes-audiovisuales-plan-2012\/historia-del-cine-1\/\"><strong>Historia del Cine 1<\/strong><\/a><\/td>\n<td style=\"height: 24px; width: 304.75px;\"><a href=\"mailto:mgutierrez@arte.unicen.edu.ar\">GUTIERREZ, MAURICIO<\/a><\/td>\n<td style=\"text-align: center; height: 24px; width: 128.828px;\">Titular<\/td>\n<\/tr>\n<tr style=\"height: 24px;\">\n<td style=\"height: 24px; width: 304.75px;\"><a href=\"mailto:lbarandiaran@arte.unicen.edu.ar\">BARANDIARAN, LUCIANO<\/a><\/td>\n<td style=\"text-align: center; height: 24px; width: 128.828px;\">Adjunto<\/td>\n<\/tr>\n<tr style=\"height: 24px;\">\n<td style=\"height: 48px; width: 363.422px;\" rowspan=\"2\"><a href=\"https:\/\/www.arte.unicen.edu.ar\/alumnosinformacion\/catedras\/realizacion-integral-en-artes-audiovisuales-plan-2012\/guion-2\/\"><strong>Gui\u00f3n 2<\/strong><\/a><\/td>\n<td style=\"height: 24px; width: 304.75px;\"><a href=\"mailto:vmorazzo@arte.unicen.edu.ar\">MORAZZO, VIRGINIA<\/a><\/td>\n<td style=\"text-align: center; height: 24px; width: 128.828px;\">Asociada<\/td>\n<\/tr>\n<tr style=\"height: 24px;\">\n<td style=\"height: 24px; width: 304.75px;\"><a href=\"mailto:cwulff@arte.unicen.edu.ar\">WULFF, CECILIA<\/a><\/td>\n<td style=\"text-align: center; height: 24px; width: 128.828px;\">JTP<\/td>\n<\/tr>\n<tr style=\"height: 24px;\">\n<td style=\"height: 48px; width: 363.422px;\" rowspan=\"2\"><a href=\"https:\/\/www.arte.unicen.edu.ar\/alumnosinformacion\/catedras\/realizacion-integral-en-artes-audiovisuales-plan-2012\/direccion-de-actores\/\"><strong>Direcci\u00f3n de Actores<\/strong><\/a><\/td>\n<td style=\"height: 24px; width: 304.75px;\"><a href=\"mailto:fgodfrid@arte.unicen.edu.ar\">GODFRID, FEDERICO<\/a><\/td>\n<td style=\"text-align: center; height: 24px; width: 128.828px;\">Titular<\/td>\n<\/tr>\n<tr style=\"height: 24px;\">\n<td style=\"height: 24px; width: 304.75px;\"><a href=\"mailto:ccesario@arte.unicen.edu.ar\">CESARIO, MARIA CAROLINA<\/a><\/td>\n<td style=\"text-align: center; height: 24px; width: 128.828px;\">Adjunta<\/td>\n<\/tr>\n<tr style=\"height: 24px;\">\n<th style=\"height: 24px; width: 801px; text-align: left;\" colspan=\"3\">Tercer A\u00f1o<\/th>\n<\/tr>\n<tr style=\"height: 24px;\">\n<td style=\"height: 48px; width: 363.422px;\" rowspan=\"2\"><a href=\"https:\/\/www.arte.unicen.edu.ar\/alumnosinformacion\/catedras\/realizacion-integral-en-artes-audiovisuales-plan-2012\/realizacion-3\/\"><strong>Realizaci\u00f3n 3<\/strong><\/a><\/td>\n<td style=\"height: 24px; width: 304.75px;\"><a href=\"mailto:rruiz@arte.unicen.edu.ar\">RUIZ, RODRIGO<\/a><\/td>\n<td style=\"height: 24px; text-align: center; width: 128.828px;\">\u00a0Titular<\/td>\n<\/tr>\n<tr style=\"height: 24px;\">\n<td style=\"height: 24px; width: 304.75px;\"><a href=\"mailto:jcastillo@arte.unicen.edu.ar\">CASTILLO, JAVIER<\/a><\/td>\n<td style=\"text-align: center; height: 24px; width: 128.828px;\">Asociado<\/td>\n<\/tr>\n<tr style=\"height: 24px;\">\n<td style=\"height: 72px; width: 363.422px;\" rowspan=\"3\"><a href=\"https:\/\/www.arte.unicen.edu.ar\/alumnosinformacion\/catedras\/realizacion-integral-en-artes-audiovisuales-plan-2012\/literatura-latinoamericana\/\"><strong>Literatura Latinoamericana<\/strong><\/a><\/td>\n<td style=\"height: 24px; width: 304.75px;\"><a href=\"mailto:vfuentes@arte.unicen.edu.ar\">FUENTES, TERESITA MARIA VICTORIA<\/a><\/td>\n<td style=\"text-align: center; height: 24px; width: 128.828px;\">Titular<\/td>\n<\/tr>\n<tr style=\"height: 24px;\">\n<td style=\"height: 24px; width: 304.75px;\"><a href=\"mailto:magarcia@arte.unicen.edu.ar\">GARCIA, MARIA AMELIA<\/a><\/td>\n<td style=\"text-align: center; height: 24px; width: 128.828px;\">JTP<\/td>\n<\/tr>\n<tr style=\"height: 24px;\">\n<td style=\"height: 24px; width: 304.75px;\"><a href=\"mailto:abertone@arte.unicen.edu.ar\">BERTONE, AGUSTINA<\/a><\/td>\n<td style=\"text-align: center; height: 24px; width: 128.828px;\">Ayudante<\/td>\n<\/tr>\n<tr style=\"height: 24px;\">\n<td style=\"height: 48px; width: 363.422px;\" rowspan=\"2\"><a href=\"https:\/\/www.arte.unicen.edu.ar\/alumnosinformacion\/catedras\/realizacion-integral-en-artes-audiovisuales-plan-2012\/montaje\/\"><strong>Montaje<\/strong><\/a><\/td>\n<td style=\"height: 24px; width: 304.75px;\"><a href=\"mailto:asanchez@arte.unicen.edu.ar\">SANCHEZ, ANGEL<\/a><\/td>\n<td style=\"text-align: center; height: 24px; width: 128.828px;\">Adjunto<\/td>\n<\/tr>\n<tr style=\"height: 24px;\">\n<td style=\"height: 24px; width: 304.75px;\"><a href=\"mailto:mzarini@arte.unicen.edu.ar\">ZARINI, MAR\u00cdA EMILIA<\/a><\/td>\n<td style=\"text-align: center; height: 24px; width: 128.828px;\">JTP<\/td>\n<\/tr>\n<tr style=\"height: 24px;\">\n<td style=\"height: 48px; width: 363.422px;\" rowspan=\"2\"><a href=\"https:\/\/www.arte.unicen.edu.ar\/alumnosinformacion\/catedras\/realizacion-integral-en-artes-audiovisuales-plan-2012\/produccion-ejecutiva\/\"><strong>Producci\u00f3n Ejecutiva<\/strong><\/a><\/td>\n<td style=\"height: 24px; width: 304.75px;\"><a href=\"mailto:atrigo@arte.unicen.edu.ar\">TRIGO, ALEXIS<\/a><\/td>\n<td style=\"text-align: center; height: 24px; width: 128.828px;\">Titular<\/td>\n<\/tr>\n<tr style=\"height: 24px;\">\n<td style=\"height: 24px; width: 304.75px;\"><a href=\"mailto:ccesario@arte.unicen.edu.ar\">CESARIO, MARIA CAROLINA<\/a><\/td>\n<td style=\"text-align: center; height: 24px; width: 128.828px;\">Adjunta<\/td>\n<\/tr>\n<tr style=\"height: 24px;\">\n<td style=\"height: 48px; width: 363.422px;\" rowspan=\"2\"><a href=\"https:\/\/www.arte.unicen.edu.ar\/alumnosinformacion\/catedras\/realizacion-integral-en-artes-audiovisuales-plan-2012\/direccion-de-arte\/\"><strong>Direcci\u00f3n de Arte<\/strong><\/a><\/td>\n<td style=\"height: 24px; width: 304.75px;\"><a href=\"yjensen@arte.unicen.edu.ar\">JENSEN, YANINA<\/a><\/td>\n<td style=\"text-align: center; height: 24px; width: 128.828px;\">\u00a0Adjunta<\/td>\n<\/tr>\n<tr style=\"height: 24px;\">\n<td style=\"height: 24px; width: 304.75px;\"><a href=\"mailto:sramirez@arte.unicen.edu.ar\">RAMIREZ, SARA<\/a><\/td>\n<td style=\"text-align: center; height: 24px; width: 128.828px;\">Ayudante<\/td>\n<\/tr>\n<tr style=\"height: 24px;\">\n<td style=\"height: 48px; width: 363.422px;\" rowspan=\"2\"><a href=\"https:\/\/www.arte.unicen.edu.ar\/alumnosinformacion\/catedras\/realizacion-integral-en-artes-audiovisuales-plan-2012\/direccion-de-fotografia\/\"><strong>Direcci\u00f3n de Fotograf\u00eda<\/strong><\/a><\/td>\n<td style=\"height: 24px; width: 304.75px;\"><a href=\"mailto:gsilvatici@arte.unicen.edu.ar\">SILVATICI, GERARDO<\/a><\/td>\n<td style=\"text-align: center; height: 24px; width: 128.828px;\">Adjunto (licencia)<\/td>\n<\/tr>\n<tr style=\"height: 24px;\">\n<td style=\"height: 24px; width: 304.75px;\"><a href=\"mailto:fflores@arte.unicen.edu.ar\">FLORES, FABIAN<\/a><\/td>\n<td style=\"text-align: center; height: 24px; width: 128.828px;\">Adjunto<\/td>\n<\/tr>\n<tr style=\"height: 24px;\">\n<td style=\"height: 72px; width: 363.422px;\" rowspan=\"3\"><a href=\"https:\/\/www.arte.unicen.edu.ar\/alumnosinformacion\/catedras\/realizacion-integral-en-artes-audiovisuales-plan-2012\/historia-del-cine-2\/\"><strong>Historia del Cine 2<\/strong><\/a><\/td>\n<td style=\"height: 24px; width: 304.75px;\"><a href=\"mailto:mgutierrez@arte.unicen.edu.ar\">GUTIERREZ, MAURICIO<\/a><\/td>\n<td style=\"text-align: center; height: 24px; width: 128.828px;\">Titular<\/td>\n<\/tr>\n<tr style=\"height: 24px;\">\n<td style=\"height: 24px; width: 304.75px;\"><a href=\"mailto:dgiacomelli@arte.unicen.edu.ar\">GIACOMELLI, DANIEL<\/a><\/td>\n<td style=\"text-align: center; height: 24px; width: 128.828px;\">Ayudante (licencia)<\/td>\n<\/tr>\n<tr style=\"height: 24px;\">\n<td style=\"height: 24px; width: 304.75px;\"><a href=\"mailto:jmpadron@arte.unicen.edu.ar\">PADRON, JUAN MANUEL<\/a><\/td>\n<td style=\"text-align: center; height: 24px; width: 128.828px;\">Adjunto<\/td>\n<\/tr>\n<tr style=\"height: 24px;\">\n<th style=\"height: 24px; width: 801px; text-align: left;\" colspan=\"3\">Cuarto A\u00f1o<\/th>\n<\/tr>\n<tr style=\"height: 24px;\">\n<td style=\"height: 48px; width: 363.422px;\" rowspan=\"2\"><a href=\"https:\/\/www.arte.unicen.edu.ar\/alumnosinformacion\/catedras\/realizacion-integral-en-artes-audiovisuales-plan-2012\/realizacion-iv\/\"><strong>Realizaci\u00f3n 4<\/strong><\/a><\/td>\n<td style=\"height: 24px; width: 304.75px;\"><a href=\"mailto:pratto@arte.unicen.edu.ar\">RATTO, PABLO<\/a><\/td>\n<td style=\"text-align: center; height: 24px; width: 128.828px;\">Adjunto<\/td>\n<\/tr>\n<tr style=\"height: 24px;\">\n<td style=\"height: 24px; width: 304.75px;\"><a href=\"mailto:csperanza@arte.unicen.edu.ar\">SPERANZA, CLAUDIA CONSTANZA<\/a><\/td>\n<td style=\"text-align: center; height: 24px; width: 128.828px;\">Adjunta<\/td>\n<\/tr>\n<tr style=\"height: 24px;\">\n<td style=\"height: 72px; width: 363.422px;\" rowspan=\"3\"><a href=\"https:\/\/www.arte.unicen.edu.ar\/alumnosinformacion\/catedras\/realizacion-integral-en-artes-audiovisuales-plan-2012\/composicion-digital\/\"><strong>Composici\u00f3n Digital<\/strong><\/a><\/td>\n<td style=\"height: 24px; width: 304.75px;\"><a href=\"mailto:cmartinez@arte.unicen.edu.ar\">MARTINEZ, CARLA<\/a><\/td>\n<td style=\"text-align: center; height: 24px; width: 128.828px;\">Asociada<\/td>\n<\/tr>\n<tr style=\"height: 24px;\">\n<td style=\"height: 24px; width: 304.75px;\"><a href=\"mailto:snietofarias@arte.unicen.edu.ar\">NIETO, SEBASTIAN<\/a><\/td>\n<td style=\"text-align: center; height: 24px; width: 128.828px;\">JTP<\/td>\n<\/tr>\n<tr style=\"height: 24px;\">\n<td style=\"height: 24px; width: 304.75px;\"><a href=\"nconte@arte.unicen.edu.ar\">CONTE, NICOL\u00c1S<\/a><\/td>\n<td style=\"text-align: center; height: 24px; width: 128.828px;\">Ayudante<\/td>\n<\/tr>\n<tr style=\"height: 24px;\">\n<td style=\"height: 48px; width: 363.422px;\" rowspan=\"2\"><a href=\"https:\/\/www.arte.unicen.edu.ar\/alumnosinformacion\/catedras\/realizacion-integral-en-artes-audiovisuales-plan-2012\/coordinacion-de-post-produccion\/\"><strong>Coordinaci\u00f3n de Post-Producci\u00f3n<\/strong><\/a><\/td>\n<td style=\"height: 24px; width: 304.75px;\"><a href=\"mailto:fflores@arte.unicen.edu.ar\">FLORES, FABIAN<\/a><\/td>\n<td style=\"height: 24px; text-align: center; width: 128.828px;\">Adjunto<\/td>\n<\/tr>\n<tr style=\"height: 24px;\">\n<td style=\"height: 24px; width: 304.75px;\"><a href=\"mailto:snietofarias@arte.unicen.edu.ar\">NIETO, SEBASTIAN<\/a><\/td>\n<td style=\"height: 24px; text-align: center; width: 128.828px;\">JTP<\/td>\n<\/tr>\n<tr style=\"height: 24px;\">\n<td style=\"height: 48px; width: 363.422px;\" rowspan=\"2\"><a href=\"https:\/\/www.arte.unicen.edu.ar\/alumnosinformacion\/catedras\/realizacion-integral-en-artes-audiovisuales-plan-2012\/legislacion\/\"><strong>Legislaci\u00f3n<\/strong><\/a><\/td>\n<td style=\"height: 24px; width: 304.75px;\"><a href=\"mailto:aechevarria@arte.unicen.edu.ar\">ECHEVARRIA, AGUSTIN<\/a><\/td>\n<td style=\"text-align: center; height: 24px; width: 128.828px;\">Adjunto<\/td>\n<\/tr>\n<tr style=\"height: 24px;\">\n<td style=\"height: 24px; width: 304.75px;\"><a href=\"mailto:gonzalezgirodo@arte.unicen.edu,ar\">GONZALEZ GIRODO, MATIAS<\/a><\/td>\n<td style=\"text-align: center; height: 24px; width: 128.828px;\">JTP<\/td>\n<\/tr>\n<tr style=\"height: 24.875px;\">\n<td style=\"height: 24.875px; width: 363.422px;\"><a href=\"https:\/\/www.arte.unicen.edu.ar\/alumnosinformacion\/catedras\/realizacion-integral-en-artes-audiovisuales-plan-2012\/teoria-de-la-comunicacion-y-la-cultura\/\"><strong>Teor\u00eda de la Comunicaci\u00f3n y la Cultura<\/strong><\/a><\/td>\n<td style=\"height: 24.875px; width: 304.75px;\"><a href=\"mailto:asilva@arte.unicen.edu.ar\">SILVA, ANA<\/a><\/td>\n<td style=\"text-align: center; height: 24.875px; width: 128.828px;\">\u00a0Titular<\/td>\n<\/tr>\n<tr style=\"height: 24px;\">\n<td style=\"height: 48px; width: 363.422px;\" rowspan=\"2\"><a href=\"https:\/\/www.arte.unicen.edu.ar\/alumnosinformacion\/catedras\/realizacion-integral-en-artes-audiovisuales-plan-2012\/estetica-cinematografica-cuatrimestral\/\"><strong>Est\u00e9tica Cinematogr\u00e1fica<\/strong><\/a><\/td>\n<td style=\"height: 24px; width: 304.75px;\"><a href=\"mailto:jcampo@arte.unicen.edu.ar\">CAMPO, JAVIER<\/a><a href=\"mailto:mzarini@arte.unicen.edu.ar\">\u00a0<\/a><\/td>\n<td style=\"text-align: center; height: 24px; width: 128.828px;\">Adjunto<\/td>\n<\/tr>\n<tr style=\"height: 24px;\">\n<td style=\"height: 24px; width: 304.75px;\"><a href=\"mailto:mzarini@arte.unicen.edu.ar\">ZARINI, MARIA EMILIA<\/a><\/td>\n<td style=\"text-align: center; height: 24px; width: 128.828px;\">Ayudante<\/td>\n<\/tr>\n<tr style=\"height: 24px;\">\n<td style=\"height: 48px; width: 363.422px;\" rowspan=\"2\"><a href=\"https:\/\/www.arte.unicen.edu.ar\/alumnosinformacion\/catedras\/realizacion-integral-en-artes-audiovisuales-plan-2012\/arte-y-pensamiento-contemporaneo\/\"><strong>Arte y Pensamiento Contempor\u00e1neo<\/strong><\/a><\/td>\n<td style=\"height: 24px; width: 304.75px;\"><a href=\"mailto:jtripi@arte.unicen.edu.ar\">TRIPIANA, JORGE<\/a><\/td>\n<td style=\"text-align: center; height: 24px; width: 128.828px;\">Titular<\/td>\n<\/tr>\n<tr style=\"height: 24px;\">\n<td style=\"height: 24px; width: 304.75px;\"><a href=\"mailto:jmpadron@arte.unicen.edu.ar\">PADR\u00d3N, JUAN MANUEL<\/a><\/td>\n<td style=\"text-align: center; height: 24px; width: 128.828px;\">Adjunto<\/td>\n<\/tr>\n<tr style=\"height: 24px;\">\n<td style=\"height: 48px; width: 363.422px;\" rowspan=\"2\"><a href=\"https:\/\/www.arte.unicen.edu.ar\/alumnosinformacion\/catedras\/realizacion-integral-en-artes-audiovisuales-plan-2012\/critica-de-las-artes-mediaticas\/\"><strong>Cr\u00edtica de las Artes Medi\u00e1ticas<\/strong><\/a><\/td>\n<td style=\"height: 24px; width: 304.75px;\"><a href=\"mailto:dgiacomelli@arte.unicen.edu.ar\">GIACOMELLI, DANIEL<\/a><\/td>\n<td style=\"text-align: center; height: 24px; width: 128.828px;\">Ayudante<\/td>\n<\/tr>\n<tr style=\"height: 24px;\">\n<td style=\"height: 24px; width: 304.75px;\"><a href=\"mailto:magarcia@arte.unicen.edu.ar\">GARCIA, MARIA AMELIA<\/a><\/td>\n<td style=\"text-align: center; height: 24px; width: 128.828px;\">Adjunta<\/td>\n<\/tr>\n<\/tbody>\n<\/table>\n<\/div>\n<\/div><\/div><\/div><\/div><\/div>","protected":false},"excerpt":{"rendered":"<p>Materia Composici\u00f3n c\u00e1tedra Cargo Primer A\u00f1o Realizaci\u00f3n 1 GODFRID, FEDERICO Titular MARIANO, MAGALI JTP PETRINI,<span class=\"more-link\"><a href=\"https:\/\/www.arte.unicen.edu.ar\/academica\/docentes\/catedras\/docentes-riaa\/\">M\u00e1s informaci\u00f3n<\/a><\/span><\/p>\n","protected":false},"author":2,"featured_media":0,"parent":1717,"menu_order":0,"comment_status":"closed","ping_status":"closed","template":"","meta":{"footnotes":""},"class_list":["entry","author-cdelgado","post-1985","page","type-page","status-publish"],"_links":{"self":[{"href":"https:\/\/www.arte.unicen.edu.ar\/academica\/wp-json\/wp\/v2\/pages\/1985","targetHints":{"allow":["GET"]}}],"collection":[{"href":"https:\/\/www.arte.unicen.edu.ar\/academica\/wp-json\/wp\/v2\/pages"}],"about":[{"href":"https:\/\/www.arte.unicen.edu.ar\/academica\/wp-json\/wp\/v2\/types\/page"}],"author":[{"embeddable":true,"href":"https:\/\/www.arte.unicen.edu.ar\/academica\/wp-json\/wp\/v2\/users\/2"}],"replies":[{"embeddable":true,"href":"https:\/\/www.arte.unicen.edu.ar\/academica\/wp-json\/wp\/v2\/comments?post=1985"}],"version-history":[{"count":2,"href":"https:\/\/www.arte.unicen.edu.ar\/academica\/wp-json\/wp\/v2\/pages\/1985\/revisions"}],"predecessor-version":[{"id":2013,"href":"https:\/\/www.arte.unicen.edu.ar\/academica\/wp-json\/wp\/v2\/pages\/1985\/revisions\/2013"}],"up":[{"embeddable":true,"href":"https:\/\/www.arte.unicen.edu.ar\/academica\/wp-json\/wp\/v2\/pages\/1717"}],"wp:attachment":[{"href":"https:\/\/www.arte.unicen.edu.ar\/academica\/wp-json\/wp\/v2\/media?parent=1985"}],"curies":[{"name":"wp","href":"https:\/\/api.w.org\/{rel}","templated":true}]}}