{"id":1963,"date":"2026-03-06T09:07:20","date_gmt":"2026-03-06T12:07:20","guid":{"rendered":"https:\/\/www.arte.unicen.edu.ar\/academica\/?page_id=1963"},"modified":"2026-03-10T11:34:28","modified_gmt":"2026-03-10T14:34:28","slug":"docentes-teatro","status":"publish","type":"page","link":"https:\/\/www.arte.unicen.edu.ar\/academica\/docentes\/catedras\/docentes-teatro\/","title":{"rendered":"Docentes Teatro"},"content":{"rendered":"<div id=\"pl-1963\"  class=\"panel-layout\" ><div id=\"pg-1963-0\"  class=\"panel-grid panel-no-style\" ><div id=\"pgc-1963-0-0\"  class=\"panel-grid-cell\" ><div id=\"panel-1963-0-0-0\" class=\"so-panel widget widget_sow-editor panel-first-child panel-last-child\" data-index=\"0\" ><div\n\t\t\t\n\t\t\tclass=\"so-widget-sow-editor so-widget-sow-editor-base\"\n\t\t\t\n\t\t>\n<div class=\"siteorigin-widget-tinymce textwidget\">\n\t<table id=\"docentes\" style=\"height: 76px; border-color: #dbdbdb; width: 1010px;\" border=\"1\">\n<tbody>\n<tr style=\"height: 34px;\">\n<th style=\"height: 34px; width: 358.953px; background-color: #163a6e;\"><span style=\"color: #ffffff;\">Materia<\/span><\/th>\n<th style=\"height: 34px; width: 227.281px; background-color: #163a6e;\"><span style=\"color: #ffffff;\">Composici\u00f3n c\u00e1tedra<\/span><\/th>\n<th style=\"height: 34px; width: 212.766px; background-color: #163a6e; text-align: center;\"><span style=\"color: #ffffff;\">Cargo<\/span><\/th>\n<\/tr>\n<tr style=\"height: 27px;\">\n<th style=\"height: 27px; width: 811px; text-align: left;\" colspan=\"3\">Primer A\u00f1o<\/th>\n<\/tr>\n<\/tbody>\n<\/table>\n<table id=\"docentes\" style=\"height: 3226px; border-color: #dbdbdb; width: 1010px;\" border=\"1\">\n<tbody>\n<tr style=\"height: 24px;\">\n<td style=\"width: 356px; height: 96px; text-align: left;\" rowspan=\"4\">\u00a0<a href=\"https:\/\/www.arte.unicen.edu.ar\/alumnosinformacion\/catedras\/catedras-de-teatro\/interpretacion-i\/\"><strong>Interpretaci\u00f3n I<\/strong><\/a><\/td>\n<td style=\"width: 228.438px; height: 24px; text-align: left;\"><a href=\"mailto:dferrari@arte.unicen.edu.ar\">FERRARI, DANIELA ALICIA<\/a><\/td>\n<td style=\"width: 212.562px; height: 24px; text-align: center;\">\u00a0Asociada<\/td>\n<\/tr>\n<tr style=\"height: 24px;\">\n<td style=\"width: 228.438px; height: 24px; text-align: left;\"><a href=\"mailto:psanzano@arte.unicen.edu.ar\">SANZANO, PEDRO<\/a><\/td>\n<td style=\"width: 212.562px; height: 24px; text-align: center;\">JTP (suplente)<\/td>\n<\/tr>\n<tr style=\"height: 24px;\">\n<td style=\"width: 228.438px; height: 24px; text-align: left;\"><a href=\"mailto:mroa@arte.unicen.edu.ar\">ROA, MARTINIANO<\/a><\/td>\n<td style=\"width: 212.562px; height: 24px; text-align: center;\">JTP (licencia)<\/td>\n<\/tr>\n<tr style=\"height: 24px;\">\n<td style=\"width: 228.438px; height: 24px; text-align: left;\"><a href=\"agomez@arte.unicen.edu.ar\">GOMEZ, AGUSTINA<\/a><\/td>\n<td style=\"width: 212.562px; height: 24px; text-align: center;\">Ayudante (licencia)<\/td>\n<\/tr>\n<tr style=\"height: 24px;\">\n<td style=\"width: 356px; height: 72px; text-align: left;\" rowspan=\"3\"><a href=\"https:\/\/www.arte.unicen.edu.ar\/alumnosinformacion\/catedras\/catedras-de-teatro\/expresion-corporal-i\/\"><strong>Expresi\u00f3n Corporal I<\/strong><\/a><\/td>\n<td style=\"width: 228.438px; height: 24px; text-align: left;\"><a href=\"mailto:ggonzalez@arte.unicen.edu.ar\">GONZALEZ, MARIA GABRIELA<\/a><\/td>\n<td style=\"width: 212.562px; height: 24px; text-align: center;\">Titular<\/td>\n<\/tr>\n<tr style=\"height: 24px;\">\n<td style=\"width: 228.438px; height: 24px; text-align: left;\"><a href=\"mailto:berrendasoro@arte.unicen.edu.ar\">ERRENDASORO, BELEN<\/a><\/td>\n<td style=\"width: 212.562px; height: 24px; text-align: center;\">Adjunta<\/td>\n<\/tr>\n<tr style=\"height: 24px;\">\n<td style=\"width: 228.438px; height: 24px; text-align: left;\"><a href=\"vguasone@arte.unicen.edu.ar\">GUASONE, VALERIA<\/a><\/td>\n<td style=\"width: 212.562px; height: 24px; text-align: center;\">JTP<\/td>\n<\/tr>\n<tr style=\"height: 24px;\">\n<td style=\"width: 356px; height: 72px; text-align: left;\" rowspan=\"3\"><a href=\"https:\/\/www.arte.unicen.edu.ar\/alumnosinformacion\/catedras\/catedras-de-teatro\/educacion-de-la-voz-i\/\"><strong>Educaci\u00f3n de la Voz I<\/strong><\/a><\/td>\n<td style=\"width: 228.438px; height: 24px; text-align: left;\"><a href=\"mailto:rmaidana@arte.unicen.edu.ar\">MAIDANA, RUBEN DARIO<\/a><\/td>\n<td style=\"width: 212.562px; height: 24px; text-align: center;\">Titular<\/td>\n<\/tr>\n<tr style=\"height: 24px;\">\n<td style=\"width: 228.438px; height: 24px; text-align: left;\"><a href=\"mailto:jcico@arte.unicen.edu.ar\">CICOPIEDI, JULIO ALCIDES<\/a><\/td>\n<td style=\"width: 212.562px; height: 24px; text-align: center;\">Adjunto<\/td>\n<\/tr>\n<tr style=\"height: 24px;\">\n<td style=\"width: 228.438px; height: 24px; text-align: left;\"><a href=\"fatimallano.correo@gmail.com\">LLANO, F\u00c1TIMA<\/a><\/td>\n<td style=\"width: 212.562px; height: 24px; text-align: center;\">JTP<\/td>\n<\/tr>\n<tr style=\"height: 37px;\">\n<td style=\"width: 356px; height: 74px; text-align: left;\" rowspan=\"2\"><a href=\"https:\/\/www.arte.unicen.edu.ar\/alumnosinformacion\/catedras\/catedras-de-teatro\/anatomia-funcional\/\"><strong>Anatom\u00eda Funcional<\/strong><\/a><\/td>\n<td style=\"width: 228.438px; height: 37px; text-align: left;\"><a href=\"mailto:mcherjovsky@arte.unicen.edu.ar\">CHERJOVSKY, MARIANA<\/a><\/td>\n<td style=\"width: 212.562px; height: 37px; text-align: center;\">Adjunta<\/td>\n<\/tr>\n<tr style=\"height: 37px;\">\n<td style=\"width: 228.438px; height: 37px; text-align: left;\"><a href=\"mailto:jequiza@arte.unicen.edu.ar\">EQUIZA, MARIA JOSEFINA<\/a><\/td>\n<td style=\"width: 212.562px; height: 37px; text-align: center;\">Ayudante<\/td>\n<\/tr>\n<tr style=\"height: 24px;\">\n<td style=\"width: 356px; height: 48px; text-align: left;\" rowspan=\"2\"><a href=\"https:\/\/www.arte.unicen.edu.ar\/alumnosinformacion\/catedras\/catedras-de-teatro\/ritmica\/\"><strong>R\u00edtmica<\/strong><\/a><\/td>\n<td style=\"width: 228.438px; height: 24px; text-align: left;\"><a href=\"mailto:berrendasoro@arte.unicen.edu.ar\">ERRENDASORO, BELEN<\/a><\/td>\n<td style=\"width: 212.562px; height: 24px; text-align: center;\">Adjunta<\/td>\n<\/tr>\n<tr style=\"height: 24px;\">\n<td style=\"width: 228.438px; height: 24px; text-align: left;\"><a href=\"rochyta_19@hotmail.com\">FERREYRO, ROCIO<\/a><\/td>\n<td style=\"width: 212.562px; height: 24px; text-align: center;\">Ayudante<\/td>\n<\/tr>\n<tr style=\"height: 24px;\">\n<td style=\"width: 356px; height: 72px; text-align: left;\" rowspan=\"3\"><a href=\"https:\/\/www.arte.unicen.edu.ar\/alumnosinformacion\/catedras\/catedras-de-teatro\/introduccion-a-la-educacion\/\"><strong>Introducci\u00f3n a la Educaci\u00f3n<\/strong><\/a><\/td>\n<td style=\"width: 228.438px; height: 24px; text-align: left;\"><a href=\"mailto:cdimatte@arte.unicen.edu.ar\">DIMATTEO, MARIA CRISTINA<\/a><\/td>\n<td style=\"width: 212.562px; height: 24px; text-align: center;\">Titular<\/td>\n<\/tr>\n<tr style=\"height: 24px;\">\n<td style=\"width: 228.438px; height: 24px; text-align: left;\"><a href=\"mailto:mgervasoni@arte.unicen.edu.ar\">GERVASONI, MARIANELA<\/a><\/td>\n<td style=\"width: 212.562px; height: 24px; text-align: center;\">Ayudante<\/td>\n<\/tr>\n<tr style=\"height: 24px;\">\n<td style=\"width: 228.438px; height: 24px; text-align: left;\"><a href=\"mailto:adevanna@arte.unicen.edu.ar\">DE VANNA, ARACELI<\/a><\/td>\n<td style=\"width: 212.562px; height: 24px; text-align: center;\">Adjunta<\/td>\n<\/tr>\n<tr style=\"height: 24px;\">\n<td style=\"width: 356px; height: 96px; text-align: left;\" rowspan=\"4\"><a href=\"https:\/\/www.arte.unicen.edu.ar\/alumnosinformacion\/catedras\/catedras-de-teatro\/historia-de-las-estructuras-teatrales-i\/\"><strong>Historia de las Estructuras Teatrales I<\/strong><\/a><\/td>\n<td style=\"width: 228.438px; height: 24px; text-align: left;\"><a href=\"mailto:dbarreyra@arte.unicen.edu.ar\">BARREIRA, DIANA<\/a><\/td>\n<td style=\"width: 212.562px; height: 24px; text-align: center;\">Adjunta<\/td>\n<\/tr>\n<tr style=\"height: 24px;\">\n<td style=\"width: 228.438px; height: 24px; text-align: left;\"><a href=\"mailto:vaerodriguez@arte.unicen.edu.ar\">RODRIGUEZ, VER\u00d3NICA ANA EVA<\/a><\/td>\n<td style=\"width: 212.562px; height: 24px; text-align: center;\">Ayudante<\/td>\n<\/tr>\n<tr style=\"height: 24px;\">\n<td style=\"width: 228.438px; height: 24px; text-align: left;\"><a href=\"mailto:abertone@arte.unicen.edu.ar\">BERTONE, AGUSTINA<\/a><\/td>\n<td style=\"width: 212.562px; height: 24px; text-align: center;\">Ayudante (licencia)<\/td>\n<\/tr>\n<tr style=\"height: 24px;\">\n<td style=\"width: 228.438px; height: 24px; text-align: left;\"><a href=\"mailto:lsastre@arte.unicen.edu.ar\">SASTRE, LUCIANA<\/a><\/td>\n<td style=\"width: 212.562px; height: 24px; text-align: center;\">Ayudante<\/td>\n<\/tr>\n<tr style=\"height: 24px;\">\n<td style=\"width: 356px; height: 48px; text-align: left;\" rowspan=\"2\"><a href=\"https:\/\/www.arte.unicen.edu.ar\/alumnosinformacion\/catedras\/catedras-de-teatro\/psicologia-evolutiva-y-de-la-creatividad\/\"><strong>Psicolog\u00eda Evolutiva y de la Creatividad<\/strong><\/a><\/td>\n<td style=\"width: 228.438px; height: 24px; text-align: left;\"><a href=\"mailto:gdillon@arte.unicen.edu.ar\">DILLON, GUILLERMO ALEJANDRO<\/a><\/td>\n<td style=\"width: 212.562px; height: 24px; text-align: center;\">Titular<\/td>\n<\/tr>\n<tr style=\"height: 24px;\">\n<td style=\"width: 228.438px; height: 24px; text-align: left;\"><a href=\"mailto:ylopez@arte.unicen.edu.ar\">LOPEZ, YANINA<\/a><\/td>\n<td style=\"width: 212.562px; height: 24px; text-align: center;\">Adjunta<\/td>\n<\/tr>\n<tr style=\"height: 24px;\">\n<th style=\"width: 797px; height: 24px; vertical-align: middle; text-align: left;\" colspan=\"3\">Segundo A\u00f1o<\/th>\n<\/tr>\n<tr style=\"height: 24px;\">\n<td style=\"width: 356px; height: 72px; text-align: left;\" rowspan=\"3\"><a href=\"https:\/\/www.arte.unicen.edu.ar\/alumnosinformacion\/catedras\/catedras-de-teatro\/interpretacion-ii\/\"><strong>Interpretaci\u00f3n II<\/strong><\/a><\/td>\n<td style=\"width: 228.438px; height: 24px; text-align: left;\"><a href=\"mailto:jlavate@arte.unicen.edu.ar\">LAVATELLI, JULIA<\/a><\/td>\n<td style=\"width: 212.562px; height: 24px; text-align: center;\">\u00a0Titular<\/td>\n<\/tr>\n<tr style=\"height: 24px;\">\n<td style=\"width: 228.438px; height: 24px; text-align: left;\"><a href=\"mailto:storres@arte.unicen.edu.ar\">TORRES, SILVIO MANUEL<\/a><\/td>\n<td style=\"width: 212.562px; height: 24px; text-align: center;\">Asociado<\/td>\n<\/tr>\n<tr style=\"height: 24px;\">\n<td style=\"width: 228.438px; height: 24px; text-align: left;\"><a href=\"mailto:mjuarez@arte.unicen.edu.ar\">JUAREZ, MARCELA<\/a><\/td>\n<td style=\"width: 212.562px; height: 24px; text-align: center;\">Adjunta<\/td>\n<\/tr>\n<tr style=\"height: 24px;\">\n<td style=\"width: 356px; height: 72px; text-align: left;\" rowspan=\"3\"><a href=\"https:\/\/www.arte.unicen.edu.ar\/alumnosinformacion\/catedras\/catedras-de-teatro\/expresion-corporal-ii\/\"><strong>Expresi\u00f3n Corporal II<\/strong><\/a><\/td>\n<td style=\"width: 228.438px; height: 24px; text-align: left;\"><a href=\"mailto:gperez@arte.unicen.edu.ar\">PEREZ CUBAS, GABRIELA ROZANA<\/a><\/td>\n<td style=\"width: 212.562px; height: 24px; text-align: center;\">Titular<\/td>\n<\/tr>\n<tr style=\"height: 24px;\">\n<td style=\"width: 228.438px; height: 24px; text-align: left;\"><a href=\"mailto:fllano@arte.unicen.edu.ar\">LLANO, FATIMA<\/a><\/td>\n<td style=\"width: 212.562px; height: 24px; text-align: center;\">Ayudante<\/td>\n<\/tr>\n<tr style=\"height: 24px;\">\n<td style=\"width: 228.438px; height: 24px; text-align: left;\"><a href=\"mailto:lmaximo@arte.unicen.edu.ar\">MAXIMO, LUCAS<\/a><\/td>\n<td style=\"width: 212.562px; height: 24px; text-align: center;\">JTP<\/td>\n<\/tr>\n<tr style=\"height: 24px;\">\n<td style=\"width: 356px; height: 48px; text-align: left;\" rowspan=\"2\"><a href=\"https:\/\/www.arte.unicen.edu.ar\/alumnosinformacion\/catedras\/catedras-de-teatro\/educacion-de-la-voz-ii\/\"><strong>Educaci\u00f3n de la Voz II<\/strong><\/a><\/td>\n<td style=\"width: 228.438px; height: 24px; text-align: left;\"><a href=\"cmvazquez@arte.unicen.edu.ar\">VAZQUEZ, CINTIA<\/a><\/td>\n<td style=\"width: 212.562px; height: 24px; text-align: center;\">Adjunta<\/td>\n<\/tr>\n<tr style=\"height: 24px;\">\n<td style=\"width: 228.438px; height: 24px; text-align: left;\"><a href=\"mailto:lmaximo@arte.unicen.edu.ar\">MAXIMO, LUCAS<\/a><\/td>\n<td style=\"width: 212.562px; height: 24px; text-align: center;\">JTP<\/td>\n<\/tr>\n<tr style=\"height: 17px;\">\n<td style=\"width: 356px; height: 24px; text-align: left;\" rowspan=\"2\"><a href=\"https:\/\/www.arte.unicen.edu.ar\/alumnosinformacion\/catedras\/catedras-de-teatro\/didactica-general-y-especial-del-juego-dramatico\/\"><strong>Did\u00e1ctica General y Especial del Juego Dram\u00e1tico<\/strong><\/a><\/td>\n<td style=\"width: 228.438px; height: 17px; text-align: left;\"><a href=\"http:\/\/mbertol@arte.unicen.edu.ar\">BERTOLDI, MAR\u00cdA MARCELA<\/a><\/td>\n<td style=\"width: 212.562px; height: 17px; text-align: center;\">Adjunta<\/td>\n<\/tr>\n<tr style=\"height: 7px;\">\n<td style=\"width: 228.438px; height: 7px; text-align: left;\"><a href=\"http:\/\/jesicalu_montagna@hotmail.com&gt;;\">MONTAGNA JESICA<\/a><\/td>\n<td style=\"width: 212.562px; height: 7px; text-align: center;\">Ayudante<\/td>\n<\/tr>\n<tr style=\"height: 24px;\">\n<td style=\"width: 356px; height: 72px; text-align: left;\" rowspan=\"3\"><a href=\"https:\/\/www.arte.unicen.edu.ar\/alumnosinformacion\/catedras\/catedras-de-teatro\/dinamica-de-grupos\/\"><strong>Din\u00e1mica de Grupos<\/strong><\/a><\/td>\n<td style=\"width: 228.438px; height: 24px; text-align: left;\"><a href=\"mailto:cmarano@arte.unicen.edu.ar\">MARANO, CARLOS ALBERTO<\/a><\/td>\n<td style=\"width: 212.562px; height: 24px; text-align: center;\">Asociado<\/td>\n<\/tr>\n<tr style=\"height: 24px;\">\n<td style=\"width: 228.438px; height: 24px; text-align: left;\"><a href=\"mailto:mrodri@arte.unicen.edu.ar\">RODRIGUEZ, MARISA\u00a0<\/a><\/td>\n<td style=\"width: 212.562px; height: 24px; text-align: center;\">Adjunta<\/td>\n<\/tr>\n<tr style=\"height: 24px;\">\n<td style=\"width: 228.438px; height: 24px; text-align: left;\"><a href=\"mailto:evidal@arte.unicen.edu.ar\">VIDAL, ERIKA<\/a><\/td>\n<td style=\"width: 212.562px; height: 24px; text-align: center;\">Ayudante<\/td>\n<\/tr>\n<tr style=\"height: 24px;\">\n<td style=\"width: 356px; height: 48px; text-align: left;\" rowspan=\"2\"><a href=\"https:\/\/www.arte.unicen.edu.ar\/alumnosinformacion\/catedras\/catedras-de-teatro\/historia-de-las-estructuras-teatrales-ii\/\"><strong>Historia de las Estructuras Teatrales II<\/strong><\/a><\/td>\n<td style=\"width: 228.438px; height: 24px; text-align: left;\"><a href=\"mailto:vfuentes@arte.unicen.edu.ar\">FUENTES, TERESITA MARIA VICTORIA<\/a><\/td>\n<td style=\"width: 212.562px; height: 24px; text-align: center;\">Titular<\/td>\n<\/tr>\n<tr style=\"height: 24px;\">\n<td style=\"width: 228.438px; height: 24px; text-align: left;\"><a href=\"mailto:dbarreyra@arte.unicen.edu.ar\">BARREYRA, DIANA<\/a><\/td>\n<td style=\"width: 212.562px; height: 24px; text-align: center;\">JTP<\/td>\n<\/tr>\n<tr style=\"height: 24px;\">\n<td style=\"width: 356px; height: 48px; text-align: left;\" rowspan=\"2\"><a href=\"https:\/\/www.arte.unicen.edu.ar\/alumnosinformacion\/catedras\/catedras-de-teatro\/psicologia-del-aprendizaje\/\"><strong>Psicolog\u00eda del Aprendizaje<\/strong><\/a><\/td>\n<td style=\"width: 228.438px; height: 24px; text-align: left;\"><a href=\"mailto:judigo@arte.unicen.edu.ar\">GO\u00d1I, MARTHA JUDITH<\/a><\/td>\n<td style=\"width: 212.562px; height: 24px; text-align: center;\">Titular<\/td>\n<\/tr>\n<tr style=\"height: 24px;\">\n<td style=\"width: 228.438px; height: 24px; text-align: left;\"><a href=\"http:\/\/mgervasoni@arte.unicen.edu.ar&gt;;\">GERVASONI, MARIANELA<\/a><\/td>\n<td style=\"width: 212.562px; height: 24px; text-align: center;\">Ayudante<\/td>\n<\/tr>\n<tr style=\"height: 24px;\">\n<td style=\"width: 356px; height: 48px; text-align: left;\" rowspan=\"2\"><a href=\"https:\/\/www.arte.unicen.edu.ar\/alumnosinformacion\/catedras\/catedras-de-teatro\/procesos-del-juego-y-la-creacion-dramatica\/\"><strong>Procesos del Juego y la Creaci\u00f3n Dram\u00e1tica<\/strong><\/a><\/td>\n<td style=\"width: 228.438px; height: 24px; text-align: left;\"><a href=\"mailto:ccastro@arte.unicen.edu.ar\">CASTRO, CLAUDIA ANDREA<\/a><\/td>\n<td style=\"width: 212.562px; height: 24px; text-align: center;\">Asociada<\/td>\n<\/tr>\n<tr style=\"height: 24px;\">\n<td style=\"width: 228.438px; height: 24px; text-align: left;\"><a href=\"mailto:vrodriguez@arte.unicen.edu.ar\">RODRIGUEZ, VICTORIA<\/a><\/td>\n<td style=\"width: 212.562px; height: 24px; text-align: center;\">JTP<\/td>\n<\/tr>\n<tr style=\"height: 24px;\">\n<th style=\"width: 797px; height: 24px; text-align: left;\" colspan=\"3\">Tercer A\u00f1o<\/th>\n<\/tr>\n<tr style=\"height: 24px;\">\n<td style=\"width: 356px; height: 48px; text-align: left;\" rowspan=\"2\"><a href=\"https:\/\/www.arte.unicen.edu.ar\/alumnosinformacion\/catedras\/catedras-de-teatro\/interpretacion-iii\/\"><strong>Interpretaci\u00f3n III<\/strong><\/a><\/td>\n<td style=\"width: 228.438px; height: 24px; text-align: left;\"><a href=\"mailto:mvalie@arte.unicen.edu.ar\">VALIENTE, MARIO<\/a><\/td>\n<td style=\"width: 212.562px; height: 24px; text-align: center;\">Adjunto<\/td>\n<\/tr>\n<tr style=\"height: 24px;\">\n<td style=\"width: 228.438px; height: 24px; text-align: left;\"><a href=\"mailto:jlester@arte.unicen.edu.ar\">LESTER, JAVIER<\/a><\/td>\n<td style=\"width: 212.562px; height: 24px; text-align: center;\">JTP<\/td>\n<\/tr>\n<tr style=\"height: 24px;\">\n<td style=\"width: 356px; height: 48px; text-align: left;\" rowspan=\"2\"><a href=\"https:\/\/www.arte.unicen.edu.ar\/alumnosinformacion\/catedras\/catedras-de-teatro\/expresion-corporal-iii\/\"><strong>Expresi\u00f3n Corporal III<\/strong><\/a><\/td>\n<td style=\"width: 228.438px; height: 24px; text-align: left;\"><a href=\"mailto:mrosso@arte.unicen.edu.ar\">ROSSO, MART\u00cdN MIGUEL<\/a><\/td>\n<td style=\"width: 212.562px; height: 24px; text-align: center;\">\u00a0Titular<\/td>\n<\/tr>\n<tr style=\"height: 24px;\">\n<td style=\"width: 228.438px; height: 24px; text-align: left;\"><a href=\"mailto:jruiz@arte.unicen.edu.ar\">RUIZ, JER\u00d3NIMO LUCAS<\/a><\/td>\n<td style=\"width: 212.562px; height: 24px; text-align: center;\">JTP<\/td>\n<\/tr>\n<tr style=\"height: 24px;\">\n<td style=\"width: 356px; height: 48px; text-align: left;\" rowspan=\"2\"><a href=\"https:\/\/www.arte.unicen.edu.ar\/alumnosinformacion\/catedras\/catedras-de-teatro\/educacion-de-la-voz-iii\/\"><strong>Educaci\u00f3n de la Voz III<\/strong><\/a><\/td>\n<td style=\"width: 228.438px; height: 24px; text-align: left;\"><a href=\"mailto:mvalie@arte.unicen.edu.ar\">VALIENTE, MARIO<\/a><\/td>\n<td style=\"width: 212.562px; height: 24px; text-align: center;\">Adjunto<\/td>\n<\/tr>\n<tr style=\"height: 24px;\">\n<td style=\"width: 228.438px; height: 24px; text-align: left;\"><a href=\"mailto:lhojsgaard@arte.unicen.edu.ar\">HOJSGAARD, LUZ<\/a><\/td>\n<td style=\"width: 212.562px; height: 24px; text-align: center;\">JTP<\/td>\n<\/tr>\n<tr style=\"height: 24px;\">\n<td style=\"width: 356px; height: 48px; text-align: left;\" rowspan=\"2\"><a href=\"https:\/\/www.arte.unicen.edu.ar\/alumnosinformacion\/catedras\/catedras-de-teatro\/historia-de-la-cultura\/\"><strong>Historia de la Cultura<\/strong><\/a><\/td>\n<td style=\"width: 228.438px; height: 24px; text-align: left;\"><a href=\"jtripi@arte.unicen.edu.ar\">TRIPIANA, JORGE<\/a><\/td>\n<td style=\"width: 212.562px; height: 24px; text-align: center;\">Titular<\/td>\n<\/tr>\n<tr style=\"height: 24px;\">\n<td style=\"width: 228.438px; height: 24px; text-align: left;\"><a href=\"mailto:apaoletta@arte.unicen.edu.ar\">PAOLETTA, ANABEL<\/a><\/td>\n<td style=\"width: 212.562px; height: 24px; text-align: center;\">Adjunta<\/td>\n<\/tr>\n<tr style=\"height: 24px;\">\n<td style=\"width: 356px; height: 72px; text-align: left;\" rowspan=\"3\"><a href=\"https:\/\/www.arte.unicen.edu.ar\/alumnosinformacion\/catedras\/catedras-de-teatro\/iniciacion-a-la-danza\/\"><strong>Iniciaci\u00f3n a la Danza<\/strong><\/a><\/td>\n<td style=\"width: 228.438px; height: 24px; text-align: left;\"><a href=\"mailto:rromano@arte.unicen.edu.ar\">ROMANO, ROSANA CECILIA<\/a><\/td>\n<td style=\"width: 212.562px; height: 24px; text-align: center;\">Adjunta<\/td>\n<\/tr>\n<tr style=\"height: 24px;\">\n<td style=\"width: 228.438px; height: 24px; text-align: left;\"><a href=\"mailto:lserra@arte.unicen.edu.ar\">SERRA, LORENA LARA<\/a><\/td>\n<td style=\"width: 212.562px; height: 24px; text-align: center;\">JTP<\/td>\n<\/tr>\n<tr style=\"height: 24px;\">\n<td style=\"width: 228.438px; height: 24px; text-align: left;\"><a href=\"mailto:rferreyro@arte.unicen.edu.ar\">FERREYRO, ROCIO<\/a><\/td>\n<td style=\"width: 212.562px; height: 24px; text-align: center;\">Ayudante<\/td>\n<\/tr>\n<tr style=\"height: 24px;\">\n<td style=\"width: 356px; height: 96px; text-align: left;\" rowspan=\"4\"><a href=\"https:\/\/www.arte.unicen.edu.ar\/alumnosinformacion\/catedras\/catedras-de-teatro\/practica-integrada-de-teatro-i\/\"><strong>Pr\u00e1ctica Integrada de\u00a0<\/strong><strong>Teatro I<\/strong><\/a><\/td>\n<td style=\"width: 228.438px; height: 24px; text-align: left;\">\u00a0<a href=\"mailto:jlavate@arte.unicen.edu.ar\">LAVATELLI, JULIA<\/a><\/td>\n<td style=\"width: 212.562px; height: 24px; text-align: center;\">\u00a0Titular<\/td>\n<\/tr>\n<tr style=\"height: 24px;\">\n<td style=\"width: 228.438px; height: 24px; text-align: left;\"><a href=\"mailto:mboggio@arte.unicen.edu.ar\">BOGGIO, MARY ISABEL<\/a><\/td>\n<td style=\"width: 212.562px; height: 24px; text-align: center;\">JTP (licencia)<\/td>\n<\/tr>\n<tr style=\"height: 24px;\">\n<td style=\"width: 228.438px; height: 24px; text-align: left;\"><a href=\"mailto:psanzano@arte.unicen.edu.ar\">SANZANO, PEDRO MART\u00cdN<\/a><\/td>\n<td style=\"width: 212.562px; height: 24px; text-align: center;\">\u00a0Ayudante<\/td>\n<\/tr>\n<tr style=\"height: 24px;\">\n<td style=\"width: 228.438px; height: 24px; text-align: left;\"><a href=\"agomez@arte.unicen.edu.ar\">GOMEZ, AGUSTINA<\/a><\/td>\n<td style=\"width: 212.562px; height: 24px; text-align: center;\">Ayudante (licencia)<\/td>\n<\/tr>\n<tr style=\"height: 24px;\">\n<td style=\"width: 356px; height: 120px; text-align: left;\" rowspan=\"5\"><a href=\"https:\/\/www.arte.unicen.edu.ar\/alumnosinformacion\/catedras\/catedras-de-teatro\/practica-de-la-ensenanza\/\"><strong>Pr\u00e1ctica de la Ense\u00f1anza<\/strong><\/a><\/td>\n<td style=\"width: 228.438px; height: 24px; text-align: left;\"><a href=\"mailto:ccastro@arte.unicen.edu.ar\">CASTRO, CLAUDIA ANDREA<\/a><\/td>\n<td style=\"width: 212.562px; height: 24px; text-align: center;\">Asociada<\/td>\n<\/tr>\n<tr style=\"height: 24px;\">\n<td style=\"width: 228.438px; height: 24px; text-align: left;\"><a href=\"mailto:mbertol@arte.unicen.edu.ar\">BERTOLDI, MARCELA<\/a><\/td>\n<td style=\"width: 212.562px; height: 24px; text-align: center;\">Adjunta<\/td>\n<\/tr>\n<tr style=\"height: 24px;\">\n<td style=\"width: 228.438px; height: 24px; text-align: left;\"><a href=\"mailto:mjuarez@arte.unicen.edu.ar\">JUAREZ, MARCELA<\/a><\/td>\n<td style=\"width: 212.562px; height: 24px; text-align: center;\">Adjunta<\/td>\n<\/tr>\n<tr style=\"height: 24px;\">\n<td style=\"width: 228.438px; height: 24px; text-align: left;\"><a href=\"fberruti@arte.unicen.edu.ar\">BERRUTI, FLORENCIA<\/a><\/td>\n<td style=\"width: 212.562px; height: 24px; text-align: center;\">Ayudante<\/td>\n<\/tr>\n<tr style=\"height: 24px;\">\n<td style=\"width: 228.438px; height: 24px; text-align: left;\"><a href=\"mailto:jurraco@arte.unicen.edu.ar\">URRACO, JUAN MANUEL<\/a><\/td>\n<td style=\"width: 212.562px; height: 24px; text-align: center;\">Asociado<\/td>\n<\/tr>\n<tr style=\"height: 24px;\">\n<th style=\"width: 797px; height: 24px; text-align: left;\" colspan=\"3\">Cuarto A\u00f1o<\/th>\n<\/tr>\n<tr style=\"height: 24px;\">\n<td style=\"width: 356px; height: 48px; text-align: left;\" rowspan=\"2\"><a href=\"https:\/\/www.arte.unicen.edu.ar\/alumnosinformacion\/catedras\/catedras-de-teatro\/direccion-teatral\/\"><strong>Direcci\u00f3n Teatral<\/strong><\/a><\/td>\n<td style=\"width: 228.438px; height: 24px; text-align: left;\"><a href=\"mailto:pfernandez@arte.unicen.edu.ar\">FERNANDEZ, PAULA<\/a><\/td>\n<td style=\"width: 212.562px; height: 24px; text-align: center;\">Titular<\/td>\n<\/tr>\n<tr style=\"height: 24px;\">\n<td style=\"width: 228.438px; height: 24px; text-align: left;\"><a href=\"mailto:ggonzalez@arte.unicen.edu.ar\">GONZALEZ, MARIA GABRIELA<\/a><\/td>\n<td style=\"width: 212.562px; height: 24px; text-align: center;\">Titular<\/td>\n<\/tr>\n<tr style=\"height: 24px;\">\n<td style=\"width: 356px; height: 48px; text-align: left;\" rowspan=\"2\"><a href=\"https:\/\/www.arte.unicen.edu.ar\/alumnosinformacion\/catedras\/catedras-de-teatro\/escenografia\/\"><strong>Escenograf\u00eda<\/strong><\/a><\/td>\n<td style=\"width: 228.438px; height: 24px; text-align: left;\"><a href=\"mailto:letchecoin@arte.unicen.edu.ar\">ETCHECOIN, LUCRECIA<\/a><\/td>\n<td style=\"width: 212.562px; height: 24px; text-align: center;\">Adjunta<\/td>\n<\/tr>\n<tr style=\"height: 24px;\">\n<td style=\"width: 228.438px; height: 24px; text-align: left;\"><a href=\"mailto:pjaureguiberry@arte.unicen.edu.ar\">JAUREGUIBERRY, PILAR<\/a><\/td>\n<td style=\"width: 212.562px; height: 24px; text-align: center;\">JTP<\/td>\n<\/tr>\n<tr style=\"height: 24px;\">\n<td style=\"width: 356px; height: 95px; text-align: left;\" rowspan=\"4\"><a href=\"https:\/\/www.arte.unicen.edu.ar\/alumnosinformacion\/catedras\/catedras-de-teatro\/musica-y-coreografia\/\"><strong>M\u00fasica y Coreograf\u00eda<\/strong><\/a><\/td>\n<td style=\"width: 228.438px; height: 24px; text-align: left;\"><a href=\"mailto:gdillon@arte.unicen.edu.ar\">DILLON, GUILLERMO ALEJANDRO<\/a><\/td>\n<td style=\"width: 212.562px; height: 24px; text-align: center;\">Asociado<\/td>\n<\/tr>\n<tr style=\"height: 23px;\">\n<td style=\"width: 228.438px; height: 23px; text-align: left;\"><a href=\"mailto:rromano@arte.unicen.edu.ar\">ROMANO, ROSANA<\/a><\/td>\n<td style=\"width: 212.562px; height: 23px; text-align: center;\">Adjunta<\/td>\n<\/tr>\n<tr style=\"height: 24px;\">\n<td style=\"width: 228.438px; height: 24px; text-align: left;\"><a href=\"mailto:jcico@arte.unicen.edu.ar\">CICOPIEDI, JULIO ALCIDES<\/a><\/td>\n<td style=\"width: 212.562px; height: 24px; text-align: center;\">Ayudante<\/td>\n<\/tr>\n<tr style=\"height: 24px;\">\n<td style=\"width: 228.438px; height: 24px; text-align: left;\"><a href=\"mailto:lserra@arte.unicen.edu.ar\">SERRA, LORENA LARA<\/a><\/td>\n<td style=\"width: 212.562px; height: 24px; text-align: center;\">Ayudante<\/td>\n<\/tr>\n<tr style=\"height: 24px;\">\n<td style=\"width: 356px; height: 48px; text-align: left;\" rowspan=\"2\"><a href=\"https:\/\/www.arte.unicen.edu.ar\/alumnosinformacion\/catedras\/catedras-de-teatro\/semiotica-i\/\"><strong>Semi\u00f3tica I<\/strong><\/a><\/td>\n<td style=\"width: 228.438px; height: 24px; text-align: left;\"><a href=\"mailto:lhojsgaard@arte.unicen.edu.ar\">HOJSGAARD, LUZ<\/a><\/td>\n<td style=\"width: 212.562px; height: 24px; text-align: center;\">JTP<\/td>\n<\/tr>\n<tr style=\"height: 24px;\">\n<td style=\"width: 228.438px; height: 24px; text-align: left;\"><a href=\"mailto:gpi\u00f1ero@arte.unicen.edu.ar\">PI\u00d1ERO, GABRIELA<\/a><\/td>\n<td style=\"width: 212.562px; height: 24px; text-align: center;\">Adjunta<\/td>\n<\/tr>\n<tr style=\"height: 24px;\">\n<td style=\"width: 356px; height: 48px; text-align: left;\" rowspan=\"2\"><a href=\"https:\/\/www.arte.unicen.edu.ar\/alumnosinformacion\/catedras\/catedras-de-teatro\/historia-del-arte\/\"><strong>Historia del Arte<\/strong><\/a><\/td>\n<td style=\"width: 228.438px; height: 24px; text-align: left;\"><a href=\"mailto:aminucci@arte.unicen.edu.ar\">MINUCCI, ANIBAL ANGEL<\/a><\/td>\n<td style=\"width: 212.562px; height: 24px; text-align: center;\">Adjunto<\/td>\n<\/tr>\n<tr style=\"height: 24px;\">\n<td style=\"width: 228.438px; height: 24px; text-align: left;\"><a href=\"mailto:apaoletta@arte.unicen.edu.ar\">PAOLETTA, ANABEL<\/a><\/td>\n<td style=\"width: 212.562px; height: 24px; text-align: center;\">Adjunta<\/td>\n<\/tr>\n<tr style=\"height: 24px;\">\n<td style=\"width: 356px; height: 72px; text-align: left;\" rowspan=\"3\"><a href=\"https:\/\/www.arte.unicen.edu.ar\/alumnosinformacion\/catedras\/catedras-de-teatro\/practica-integrada-de-teatro-ii\/\"><strong>Pr\u00e1ctica Integrada de Teatro II<\/strong><\/a><\/td>\n<td style=\"width: 228.438px; height: 24px; text-align: left;\"><a href=\"mailto:dferrari@arte.unicen.edu.ar\">FERRARI, DANIELA ALICIA<\/a><\/td>\n<td style=\"width: 212.562px; height: 24px; text-align: center;\">Asociada<\/td>\n<\/tr>\n<tr style=\"height: 24px;\">\n<td style=\"width: 228.438px; height: 24px; text-align: left;\"><a href=\"mailto:shuber@arte.unicen.edu.ar\">HUBER, FERNANDO SEBASTI\u00c1N<\/a><\/td>\n<td style=\"width: 212.562px; height: 24px; text-align: center;\">Adjunto<\/td>\n<\/tr>\n<tr style=\"height: 24px;\">\n<td style=\"width: 228.438px; height: 24px; text-align: left;\"><a href=\"mailto:pjaureguiberry@arte.unicen.edu.ar\">JAUREGUIBERRY, PILAR<\/a><\/td>\n<td style=\"width: 212.562px; height: 24px; text-align: center;\">JTP<\/td>\n<\/tr>\n<tr style=\"height: 24px;\">\n<td style=\"width: 356px; height: 24px; text-align: left;\"><a href=\"https:\/\/www.arte.unicen.edu.ar\/alumnosinformacion\/catedras\/catedras-de-teatro\/metodologia-de-la-investigacion\/\"><strong>Metodolog\u00eda de la Investigaci\u00f3n<\/strong><\/a><\/td>\n<td style=\"width: 228.438px; height: 24px; text-align: left;\"><a href=\"mailto:jmpadron@arte.unicen.edu.ar\">PADR\u00d3N, JUAN MANUEL<\/a><\/td>\n<td style=\"width: 212.562px; height: 24px; text-align: center;\">Adjunto<\/td>\n<\/tr>\n<tr style=\"height: 24px;\">\n<th style=\"width: 797px; height: 24px; text-align: left;\" colspan=\"3\">Quinto A\u00f1o<\/th>\n<\/tr>\n<tr style=\"height: 24px;\">\n<td style=\"width: 356px; height: 47px; text-align: left;\" rowspan=\"2\"><a href=\"https:\/\/www.arte.unicen.edu.ar\/alumnosinformacion\/catedras\/catedras-de-teatro\/semiotica-ii\/\"><strong>Semi\u00f3tica II<\/strong><\/a><\/td>\n<td style=\"width: 228.438px; height: 24px; text-align: left;\"><a href=\"mailto:lhojsgaard@arte.unicen.edu.ar\">HOJSGAARD, LUZ<\/a><\/td>\n<td style=\"width: 212.562px; height: 24px; text-align: center;\">\u00a0JTP<\/td>\n<\/tr>\n<tr style=\"height: 23px;\">\n<td style=\"width: 228.438px; height: 23px; text-align: left;\"><a href=\"mailto:gpi\u00f1ero@arte.unicen.edu.ar\">PI\u00d1ERO, GABRIELA<\/a><\/td>\n<td style=\"width: 212.562px; height: 23px; text-align: center;\">\u00a0Adjunta<\/td>\n<\/tr>\n<tr style=\"height: 24.9375px;\">\n<td style=\"width: 356px; height: 48.9375px; text-align: left;\" rowspan=\"2\"><a href=\"https:\/\/www.arte.unicen.edu.ar\/alumnosinformacion\/catedras\/catedras-de-teatro\/dramaturgia\/\"><strong>Dramaturgia<\/strong><\/a><\/td>\n<td style=\"width: 228.438px; height: 24.9375px; text-align: left;\">\u00a0<a href=\"mailto:mlgarcia@arte.unicen.edu.ar\">GARCIA, MARIA LUZ<\/a><\/td>\n<td style=\"width: 212.562px; height: 24.9375px; text-align: center;\">\u00a0Adjunta<\/td>\n<\/tr>\n<tr style=\"height: 24px;\">\n<td style=\"width: 228.438px; height: 24px; text-align: left;\"><a href=\"shuber@arte.unicen.edu.ar\">HUBER, SEBASTIAN<\/a><\/td>\n<td style=\"width: 212.562px; height: 24px; text-align: center;\">\u00a0Ayudante<\/td>\n<\/tr>\n<tr style=\"height: 24px;\">\n<td style=\"width: 356px; height: 72px; text-align: left;\" rowspan=\"3\"><a href=\"https:\/\/www.arte.unicen.edu.ar\/alumnosinformacion\/catedras\/catedras-de-teatro\/practica-integrada-de-teatro-iii\/\"><strong>Pr\u00e1ctica Integrada de Teatro III<\/strong><\/a><\/td>\n<td style=\"width: 228.438px; height: 24px; text-align: left;\"><a href=\"mailto:jurraco@arte.unicen.edu.ar\">URRACO, JUAN MANUEL<\/a><\/td>\n<td style=\"width: 212.562px; height: 24px; text-align: center;\">\u00a0Asociado<\/td>\n<\/tr>\n<tr style=\"height: 24px;\">\n<td style=\"width: 228.438px; height: 24px; text-align: left;\"><a href=\"mailto:jrosso@arte.unicen.edu.ar\">ROSSO, JUAN MARTIN<\/a><\/td>\n<td style=\"width: 212.562px; height: 24px; text-align: center;\">\u00a0Ayudante<\/td>\n<\/tr>\n<tr style=\"height: 24px;\">\n<td style=\"width: 228.438px; height: 24px; text-align: left;\"><a href=\"idiazdelfino@arte.unicen.edu.ar\">DIAZ DELFINO, IGNACIO<\/a><\/td>\n<td style=\"width: 212.562px; height: 24px; text-align: center;\">Ayudante<\/td>\n<\/tr>\n<tr style=\"height: 24px;\">\n<td style=\"width: 356px; height: 48px; text-align: left;\" rowspan=\"2\"><a href=\"https:\/\/www.arte.unicen.edu.ar\/alumnosinformacion\/catedras\/catedras-de-teatro\/seminario-de-investigacion-e-integracion-teatral\/\"><strong>Seminario de Investigaci\u00f3n e Integraci\u00f3n Teatral<\/strong><\/a><\/td>\n<td style=\"width: 228.438px; height: 24px; text-align: left;\"><a href=\"mailto:vfuentes@arte.unicen.edu.ar\">FUENTES, TERESITA MARIA VICTORIA<\/a><\/td>\n<td style=\"width: 212.562px; height: 24px; text-align: center;\">\u00a0Titular<\/td>\n<\/tr>\n<tr style=\"height: 24px;\">\n<td style=\"width: 228.438px; height: 24px; text-align: left;\"><a href=\"mailto:pfernandez@arte.unicen.edu.ar\">FERNANDEZ, PAULA<\/a><\/td>\n<td style=\"width: 212.562px; height: 24px; text-align: center;\">Titular<\/td>\n<\/tr>\n<tr style=\"height: 24px;\">\n<td style=\"width: 356px; height: 48px; text-align: left;\" rowspan=\"2\"><strong>Did\u00e1ctica Especial y Pr\u00e1ctica de la Ense\u00f1anza de la Actuaci\u00f3n<\/strong><\/td>\n<td style=\"width: 228.438px; height: 24px; text-align: left;\"><a href=\"mailto:letchecoin@arte.unicen.edu.ar\">ETCHECOIN, LUCRECIA<\/a><\/td>\n<td style=\"width: 212.562px; height: 24px; text-align: center;\">\u00a0Adjunta<\/td>\n<\/tr>\n<tr style=\"height: 24px;\">\n<td style=\"width: 228.438px; height: 24px; text-align: left;\"><a href=\"mailto:gperez@arte.unicen.edu.ar\">PEREZ CUBAS, GABRIELA ROZANA<\/a><\/td>\n<td style=\"width: 212.562px; height: 24px; text-align: center;\">\u00a0Titular<\/td>\n<\/tr>\n<tr style=\"height: 23px;\">\n<td style=\"width: 356px; height: 71px; text-align: left;\" rowspan=\"3\"><a href=\"https:\/\/www.arte.unicen.edu.ar\/alumnosinformacion\/catedras\/catedras-de-teatro\/planeamiento-y-conduccion-de-la-educacion-superior\/\"><strong>Planeamiento y Conducci\u00f3n de la Educaci\u00f3n Superior<\/strong><\/a><\/td>\n<td style=\"width: 228.438px; height: 23px; text-align: left;\"><a href=\"mailto:cdimatte@arte.unicen.edu.ar\">DIMATTEO, MARIA CRISTINA<\/a><\/td>\n<td style=\"width: 212.562px; height: 23px; text-align: center;\">\u00a0Titular<\/td>\n<\/tr>\n<tr style=\"height: 24px;\">\n<td style=\"width: 228.438px; height: 24px; text-align: left;\"><a href=\"mailto:adevanna@arte.unicen.edu.ar\">DE VANNA, ARACELI<\/a><\/td>\n<td style=\"width: 212.562px; height: 24px; text-align: center;\">\u00a0Adjunta<\/td>\n<\/tr>\n<tr style=\"height: 24px;\">\n<td style=\"width: 228.438px; height: 24px; text-align: left;\"><a href=\"mailto:mrodri@arte.unicen.edu.ar\">RODRIGUEZ, MARISA\u00a0<\/a><\/td>\n<td style=\"width: 212.562px; height: 24px;\">\u00a0Adjunta<\/td>\n<\/tr>\n<\/tbody>\n<\/table>\n<\/div>\n<\/div><\/div><\/div><\/div><\/div>","protected":false},"excerpt":{"rendered":"<p>Materia Composici\u00f3n c\u00e1tedra Cargo Primer A\u00f1o \u00a0Interpretaci\u00f3n I FERRARI, DANIELA ALICIA \u00a0Asociada SANZANO, PEDRO JTP<span class=\"more-link\"><a href=\"https:\/\/www.arte.unicen.edu.ar\/academica\/docentes\/catedras\/docentes-teatro\/\">M\u00e1s informaci\u00f3n<\/a><\/span><\/p>\n","protected":false},"author":2,"featured_media":0,"parent":1717,"menu_order":0,"comment_status":"closed","ping_status":"closed","template":"","meta":{"footnotes":""},"class_list":["entry","author-cdelgado","post-1963","page","type-page","status-publish"],"_links":{"self":[{"href":"https:\/\/www.arte.unicen.edu.ar\/academica\/wp-json\/wp\/v2\/pages\/1963","targetHints":{"allow":["GET"]}}],"collection":[{"href":"https:\/\/www.arte.unicen.edu.ar\/academica\/wp-json\/wp\/v2\/pages"}],"about":[{"href":"https:\/\/www.arte.unicen.edu.ar\/academica\/wp-json\/wp\/v2\/types\/page"}],"author":[{"embeddable":true,"href":"https:\/\/www.arte.unicen.edu.ar\/academica\/wp-json\/wp\/v2\/users\/2"}],"replies":[{"embeddable":true,"href":"https:\/\/www.arte.unicen.edu.ar\/academica\/wp-json\/wp\/v2\/comments?post=1963"}],"version-history":[{"count":3,"href":"https:\/\/www.arte.unicen.edu.ar\/academica\/wp-json\/wp\/v2\/pages\/1963\/revisions"}],"predecessor-version":[{"id":2012,"href":"https:\/\/www.arte.unicen.edu.ar\/academica\/wp-json\/wp\/v2\/pages\/1963\/revisions\/2012"}],"up":[{"embeddable":true,"href":"https:\/\/www.arte.unicen.edu.ar\/academica\/wp-json\/wp\/v2\/pages\/1717"}],"wp:attachment":[{"href":"https:\/\/www.arte.unicen.edu.ar\/academica\/wp-json\/wp\/v2\/media?parent=1963"}],"curies":[{"name":"wp","href":"https:\/\/api.w.org\/{rel}","templated":true}]}}